{"id":14591,"date":"2019-07-14T22:34:46","date_gmt":"2019-07-14T20:34:46","guid":{"rendered":"http:\/\/visitsubotica.rs\/sta-raditi\/deca\/zooloski-vrt\/"},"modified":"2020-02-09T22:34:11","modified_gmt":"2020-02-09T21:34:11","slug":"zooloski-vrt","status":"publish","type":"za-decu","link":"https:\/\/visitsubotica.rs\/hu\/sta-raditi\/deca\/zooloski-vrt\/","title":{"rendered":"A Palicsi \u00c1llatkert"},"content":{"rendered":"\n<p>A Palicsi \u00c1llatkert int\u00e9zm\u00e9ny\u00e9t 1950.05.31-\u00e9n alap\u00edtott\u00e1k. Az int\u00e9zm\u00e9ny alap\u00edt\u00f3ja Szabadka v\u00e1rosa. Szerbia \u00e9szaki r\u00e9sz\u00e9n tal\u00e1lhat\u00f3, a Palicsi-t\u00f3 k\u00f6zvetlen k\u00f6zel\u00e9ben.<\/p>\n\n\n\n<p>15 hekt\u00e1rnyi ter\u00fcleten fekszik, \u00e9s 10 hekt\u00e1rnyi megm\u0171velt parkter\u00fcletb\u0151l \u00e1ll, amely hozz\u00e1f\u00e9rhet\u0151 a l\u00e1togat\u00f3k sz\u00e1m\u00e1ra, m\u00edg a fennmarad\u00f3 5 hekt\u00e1r mez\u0151gazdas\u00e1gi \u00e9s erd\u00e9szeti f\u00f6ldter\u00fclet.<\/p>\n\n\n\n<p>Az int\u00e9zm\u00e9ny alaptev\u00e9kenys\u00e9ge:<\/p>\n\n\n\n<ul class=\"wp-block-list\"><li>zool\u00f3gia<\/li><li>botanika<\/li><li>oktat\u00e1s \u00e9s kult\u00fara<\/li><li>a vesz\u00e9lyeztett n\u00f6v\u00e9ny- \u00e9s \u00e1llatfajok v\u00e9delme<\/li><li>idegenforgalom \u00e9s sz\u00f3rakoz\u00e1s.<\/li><\/ul>\n\n\n\n<p>T\u00f6bb mint 150 \u00e1llatfajjal rendelkezik, melyek \u00f6tven objektumban  tal\u00e1lhat\u00f3k, valamint az \u00e1llat befogad\u00f3 helyen 800 egyed tal\u00e1lhat\u00f3.<\/p>\n\n\n\n<p>Az \u00e1llatkerten bel\u00fcl egy botanikus kert is megtal\u00e1lhat\u00f3, mely sz\u00e1mos \u0151shonos faj, valamint atipikus lombhullat\u00f3k \u00e9s tobozterm\u0151k, illetve t\u00f6bb t\u00edzezernyi saj\u00e1t termeszt\u00e9s\u0171 szezon\u00e1lis vir\u00e1gos n\u00f6v\u00e9nyek \u00fcletetv\u00e9ny\u00e9nek gy\u0171jtem\u00e9ny\u00e9t k\u00e9pezi. Az \u00c1llatkert k\u00edn\u00e1lat\u00e1t k\u00e9pki\u00e1ll\u00edt\u00e1sok, szobrok, m\u0171helyek, szemin\u00e1riumok, szakmai gy\u0171l\u00e9sek \u00e9s konferenci\u00e1k gazdag\u00edtj\u00e1k. Az \u00c1llatkertet \u00e9vente t\u00f6bb mint 150.000-en l\u00e1togatj\u00e1k meg belf\u00f6ldr\u0151l \u00e9s k\u00fclf\u00f6ldr\u0151l is egyar\u00e1nt. A Palicsi \u00c1llatkert az \u00e9v 365 napj\u00e1n nyitva \u00e1ll. <\/p>\n\n\n\n<p>A m\u00falt sz\u00e1zad 80-as \u00e9veit\u0151l, az \u00c1llatkert egyben pedag\u00f3giai int\u00e9zm\u00e9nyk\u00e9nt is m\u0171k\u00f6dik, ahova a tanul\u00f3k szervezetten \u00e9rkeznek l\u00e1togat\u00f3ba. Az \u00e1ltal\u00e1nos iskol\u00e1sok sz\u00e1m\u00e1ra, oktat\u00e1si m\u0171helyek \u00e9s szakmai.<\/p>\n\n\n\n<figure class=\"wp-block-gallery columns-3 is-cropped wp-block-gallery-1 is-layout-flex wp-block-gallery-is-layout-flex\"><ul class=\"blocks-gallery-grid\"><li class=\"blocks-gallery-item\"><figure><img decoding=\"async\" width=\"1024\" height=\"768\" src=\"http:\/\/visitsubotica.esy.es\/wp-content\/uploads\/2019\/09\/ZOO-Subotica-2-1024x768.jpg\" alt=\"\" data-id=\"4843\" data-link=\"http:\/\/visitsubotica.esy.es\/zoo-subotica-2\/\" class=\"wp-image-4843\" srcset=\"https:\/\/visitsubotica.rs\/wp-content\/uploads\/2019\/09\/ZOO-Subotica-2-1024x768.jpg 1024w, https:\/\/visitsubotica.rs\/wp-content\/uploads\/2019\/09\/ZOO-Subotica-2-300x225.jpg 300w, https:\/\/visitsubotica.rs\/wp-content\/uploads\/2019\/09\/ZOO-Subotica-2-768x576.jpg 768w, https:\/\/visitsubotica.rs\/wp-content\/uploads\/2019\/09\/ZOO-Subotica-2-249x187.jpg 249w, https:\/\/visitsubotica.rs\/wp-content\/uploads\/2019\/09\/ZOO-Subotica-2-1170x878.jpg 1170w, https:\/\/visitsubotica.rs\/wp-content\/uploads\/2019\/09\/ZOO-Subotica-2.jpg 1736w\" sizes=\"(max-width: 1024px) 100vw, 1024px\" \/><\/figure><\/li><li class=\"blocks-gallery-item\"><figure><img decoding=\"async\" width=\"1013\" height=\"674\" src=\"http:\/\/visitsubotica.esy.es\/wp-content\/uploads\/2019\/09\/ZOO-Subotica-3.jpg\" alt=\"\" data-id=\"4844\" data-link=\"http:\/\/visitsubotica.esy.es\/zoo-subotica-3\/\" class=\"wp-image-4844\" srcset=\"https:\/\/visitsubotica.rs\/wp-content\/uploads\/2019\/09\/ZOO-Subotica-3.jpg 1013w, https:\/\/visitsubotica.rs\/wp-content\/uploads\/2019\/09\/ZOO-Subotica-3-300x200.jpg 300w, https:\/\/visitsubotica.rs\/wp-content\/uploads\/2019\/09\/ZOO-Subotica-3-768x511.jpg 768w, https:\/\/visitsubotica.rs\/wp-content\/uploads\/2019\/09\/ZOO-Subotica-3-280x187.jpg 280w\" sizes=\"(max-width: 1013px) 100vw, 1013px\" \/><\/figure><\/li><li class=\"blocks-gallery-item\"><figure><img decoding=\"async\" width=\"1024\" height=\"683\" src=\"http:\/\/visitsubotica.esy.es\/wp-content\/uploads\/2019\/09\/ZOO-Subotica-4-1024x683.jpg\" alt=\"\" data-id=\"4845\" data-link=\"http:\/\/visitsubotica.esy.es\/zoo-subotica-4\/\" class=\"wp-image-4845\" srcset=\"https:\/\/visitsubotica.rs\/wp-content\/uploads\/2019\/09\/ZOO-Subotica-4-1024x683.jpg 1024w, https:\/\/visitsubotica.rs\/wp-content\/uploads\/2019\/09\/ZOO-Subotica-4-300x200.jpg 300w, https:\/\/visitsubotica.rs\/wp-content\/uploads\/2019\/09\/ZOO-Subotica-4-768x512.jpg 768w, https:\/\/visitsubotica.rs\/wp-content\/uploads\/2019\/09\/ZOO-Subotica-4-280x187.jpg 280w, https:\/\/visitsubotica.rs\/wp-content\/uploads\/2019\/09\/ZOO-Subotica-4-1170x780.jpg 1170w, https:\/\/visitsubotica.rs\/wp-content\/uploads\/2019\/09\/ZOO-Subotica-4.jpg 1500w\" sizes=\"(max-width: 1024px) 100vw, 1024px\" \/><\/figure><\/li><li class=\"blocks-gallery-item\"><figure><img decoding=\"async\" width=\"1024\" height=\"683\" src=\"http:\/\/visitsubotica.esy.es\/wp-content\/uploads\/2019\/09\/ZOO-Subotica-5-1024x683.jpg\" alt=\"\" data-id=\"4846\" data-link=\"http:\/\/visitsubotica.esy.es\/zoo-subotica-5\/\" class=\"wp-image-4846\" srcset=\"https:\/\/visitsubotica.rs\/wp-content\/uploads\/2019\/09\/ZOO-Subotica-5-1024x683.jpg 1024w, https:\/\/visitsubotica.rs\/wp-content\/uploads\/2019\/09\/ZOO-Subotica-5-300x200.jpg 300w, https:\/\/visitsubotica.rs\/wp-content\/uploads\/2019\/09\/ZOO-Subotica-5-768x512.jpg 768w, https:\/\/visitsubotica.rs\/wp-content\/uploads\/2019\/09\/ZOO-Subotica-5-280x187.jpg 280w, https:\/\/visitsubotica.rs\/wp-content\/uploads\/2019\/09\/ZOO-Subotica-5-1170x780.jpg 1170w, https:\/\/visitsubotica.rs\/wp-content\/uploads\/2019\/09\/ZOO-Subotica-5.jpg 1500w\" sizes=\"(max-width: 1024px) 100vw, 1024px\" \/><\/figure><\/li><li class=\"blocks-gallery-item\"><figure><img decoding=\"async\" width=\"1024\" height=\"768\" src=\"http:\/\/visitsubotica.esy.es\/wp-content\/uploads\/2019\/09\/ZOO-Subotica-6-1024x768.jpg\" alt=\"\" data-id=\"4847\" data-link=\"http:\/\/visitsubotica.esy.es\/zoo-subotica-6\/\" class=\"wp-image-4847\" srcset=\"https:\/\/visitsubotica.rs\/wp-content\/uploads\/2019\/09\/ZOO-Subotica-6-1024x768.jpg 1024w, https:\/\/visitsubotica.rs\/wp-content\/uploads\/2019\/09\/ZOO-Subotica-6-300x225.jpg 300w, https:\/\/visitsubotica.rs\/wp-content\/uploads\/2019\/09\/ZOO-Subotica-6-768x576.jpg 768w, https:\/\/visitsubotica.rs\/wp-content\/uploads\/2019\/09\/ZOO-Subotica-6-249x187.jpg 249w, https:\/\/visitsubotica.rs\/wp-content\/uploads\/2019\/09\/ZOO-Subotica-6-1170x878.jpg 1170w, https:\/\/visitsubotica.rs\/wp-content\/uploads\/2019\/09\/ZOO-Subotica-6.jpg 1200w\" sizes=\"(max-width: 1024px) 100vw, 1024px\" \/><\/figure><\/li><li class=\"blocks-gallery-item\"><figure><img decoding=\"async\" width=\"1024\" height=\"683\" src=\"http:\/\/visitsubotica.esy.es\/wp-content\/uploads\/2019\/09\/ZOO-Subotica-7-1024x683.jpg\" alt=\"\" data-id=\"4848\" data-link=\"http:\/\/visitsubotica.esy.es\/zoo-subotica-7\/\" class=\"wp-image-4848\" srcset=\"https:\/\/visitsubotica.rs\/wp-content\/uploads\/2019\/09\/ZOO-Subotica-7-1024x683.jpg 1024w, https:\/\/visitsubotica.rs\/wp-content\/uploads\/2019\/09\/ZOO-Subotica-7-300x200.jpg 300w, https:\/\/visitsubotica.rs\/wp-content\/uploads\/2019\/09\/ZOO-Subotica-7-768x512.jpg 768w, https:\/\/visitsubotica.rs\/wp-content\/uploads\/2019\/09\/ZOO-Subotica-7-280x187.jpg 280w, https:\/\/visitsubotica.rs\/wp-content\/uploads\/2019\/09\/ZOO-Subotica-7-1170x780.jpg 1170w, https:\/\/visitsubotica.rs\/wp-content\/uploads\/2019\/09\/ZOO-Subotica-7.jpg 1200w\" sizes=\"(max-width: 1024px) 100vw, 1024px\" \/><\/figure><\/li><li class=\"blocks-gallery-item\"><figure><img decoding=\"async\" width=\"960\" height=\"720\" src=\"http:\/\/visitsubotica.esy.es\/wp-content\/uploads\/2019\/09\/ZOO-Subotica-8.jpg\" alt=\"\" data-id=\"4849\" data-link=\"http:\/\/visitsubotica.esy.es\/zoo-subotica-8\/\" class=\"wp-image-4849\" srcset=\"https:\/\/visitsubotica.rs\/wp-content\/uploads\/2019\/09\/ZOO-Subotica-8.jpg 960w, https:\/\/visitsubotica.rs\/wp-content\/uploads\/2019\/09\/ZOO-Subotica-8-300x225.jpg 300w, https:\/\/visitsubotica.rs\/wp-content\/uploads\/2019\/09\/ZOO-Subotica-8-768x576.jpg 768w, https:\/\/visitsubotica.rs\/wp-content\/uploads\/2019\/09\/ZOO-Subotica-8-249x187.jpg 249w\" sizes=\"(max-width: 960px) 100vw, 960px\" \/><\/figure><\/li><li class=\"blocks-gallery-item\"><figure><img decoding=\"async\" width=\"1024\" height=\"768\" src=\"http:\/\/visitsubotica.esy.es\/wp-content\/uploads\/2019\/09\/ZOO-Subotica-9-1024x768.jpg\" alt=\"\" data-id=\"4850\" data-link=\"http:\/\/visitsubotica.esy.es\/zoo-subotica-9\/\" class=\"wp-image-4850\" srcset=\"https:\/\/visitsubotica.rs\/wp-content\/uploads\/2019\/09\/ZOO-Subotica-9-1024x768.jpg 1024w, https:\/\/visitsubotica.rs\/wp-content\/uploads\/2019\/09\/ZOO-Subotica-9-300x225.jpg 300w, https:\/\/visitsubotica.rs\/wp-content\/uploads\/2019\/09\/ZOO-Subotica-9-768x576.jpg 768w, https:\/\/visitsubotica.rs\/wp-content\/uploads\/2019\/09\/ZOO-Subotica-9-249x187.jpg 249w, https:\/\/visitsubotica.rs\/wp-content\/uploads\/2019\/09\/ZOO-Subotica-9-1170x878.jpg 1170w, https:\/\/visitsubotica.rs\/wp-content\/uploads\/2019\/09\/ZOO-Subotica-9.jpg 1200w\" sizes=\"(max-width: 1024px) 100vw, 1024px\" \/><\/figure><\/li><li class=\"blocks-gallery-item\"><figure><img decoding=\"async\" width=\"1024\" height=\"768\" src=\"http:\/\/visitsubotica.esy.es\/wp-content\/uploads\/2019\/09\/ZOO-Subotica-10-1024x768.jpg\" alt=\"\" data-id=\"4851\" data-link=\"http:\/\/visitsubotica.esy.es\/zoo-subotica-10\/\" class=\"wp-image-4851\" srcset=\"https:\/\/visitsubotica.rs\/wp-content\/uploads\/2019\/09\/ZOO-Subotica-10-1024x768.jpg 1024w, https:\/\/visitsubotica.rs\/wp-content\/uploads\/2019\/09\/ZOO-Subotica-10-300x225.jpg 300w, https:\/\/visitsubotica.rs\/wp-content\/uploads\/2019\/09\/ZOO-Subotica-10-768x576.jpg 768w, https:\/\/visitsubotica.rs\/wp-content\/uploads\/2019\/09\/ZOO-Subotica-10-249x187.jpg 249w, https:\/\/visitsubotica.rs\/wp-content\/uploads\/2019\/09\/ZOO-Subotica-10-1170x878.jpg 1170w, https:\/\/visitsubotica.rs\/wp-content\/uploads\/2019\/09\/ZOO-Subotica-10.jpg 1736w\" sizes=\"(max-width: 1024px) 100vw, 1024px\" \/><\/figure><\/li><li class=\"blocks-gallery-item\"><figure><img decoding=\"async\" width=\"960\" height=\"639\" src=\"http:\/\/visitsubotica.esy.es\/wp-content\/uploads\/2019\/09\/ZOO-Subotica-11.jpg\" alt=\"\" data-id=\"4852\" data-link=\"http:\/\/visitsubotica.esy.es\/zoo-subotica-11\/\" class=\"wp-image-4852\" srcset=\"https:\/\/visitsubotica.rs\/wp-content\/uploads\/2019\/09\/ZOO-Subotica-11.jpg 960w, https:\/\/visitsubotica.rs\/wp-content\/uploads\/2019\/09\/ZOO-Subotica-11-300x200.jpg 300w, https:\/\/visitsubotica.rs\/wp-content\/uploads\/2019\/09\/ZOO-Subotica-11-768x511.jpg 768w, https:\/\/visitsubotica.rs\/wp-content\/uploads\/2019\/09\/ZOO-Subotica-11-280x187.jpg 280w\" sizes=\"(max-width: 960px) 100vw, 960px\" \/><\/figure><\/li><li class=\"blocks-gallery-item\"><figure><img decoding=\"async\" width=\"960\" height=\"759\" src=\"http:\/\/visitsubotica.esy.es\/wp-content\/uploads\/2019\/09\/ZOO-Subotica-13.jpg\" alt=\"\" data-id=\"4854\" data-link=\"http:\/\/visitsubotica.esy.es\/zoo-subotica-13\/\" class=\"wp-image-4854\" srcset=\"https:\/\/visitsubotica.rs\/wp-content\/uploads\/2019\/09\/ZOO-Subotica-13.jpg 960w, https:\/\/visitsubotica.rs\/wp-content\/uploads\/2019\/09\/ZOO-Subotica-13-300x237.jpg 300w, https:\/\/visitsubotica.rs\/wp-content\/uploads\/2019\/09\/ZOO-Subotica-13-768x607.jpg 768w, https:\/\/visitsubotica.rs\/wp-content\/uploads\/2019\/09\/ZOO-Subotica-13-237x187.jpg 237w\" sizes=\"(max-width: 960px) 100vw, 960px\" \/><\/figure><\/li><li class=\"blocks-gallery-item\"><figure><img decoding=\"async\" width=\"789\" height=\"960\" src=\"http:\/\/visitsubotica.esy.es\/wp-content\/uploads\/2019\/09\/ZOO-Subotica-12.jpg\" alt=\"\" data-id=\"4853\" data-link=\"http:\/\/visitsubotica.esy.es\/zoo-subotica-12\/\" class=\"wp-image-4853\" srcset=\"https:\/\/visitsubotica.rs\/wp-content\/uploads\/2019\/09\/ZOO-Subotica-12.jpg 789w, https:\/\/visitsubotica.rs\/wp-content\/uploads\/2019\/09\/ZOO-Subotica-12-247x300.jpg 247w, https:\/\/visitsubotica.rs\/wp-content\/uploads\/2019\/09\/ZOO-Subotica-12-768x934.jpg 768w, https:\/\/visitsubotica.rs\/wp-content\/uploads\/2019\/09\/ZOO-Subotica-12-154x187.jpg 154w\" sizes=\"(max-width: 789px) 100vw, 789px\" \/><\/figure><\/li><li class=\"blocks-gallery-item\"><figure><img decoding=\"async\" width=\"1024\" height=\"576\" src=\"http:\/\/visitsubotica.esy.es\/wp-content\/uploads\/2019\/09\/ZOO-Subotica-14-1024x576.jpg\" alt=\"\" data-id=\"4855\" data-link=\"http:\/\/visitsubotica.esy.es\/zoo-subotica-14\/\" class=\"wp-image-4855\" srcset=\"https:\/\/visitsubotica.rs\/wp-content\/uploads\/2019\/09\/ZOO-Subotica-14-1024x576.jpg 1024w, https:\/\/visitsubotica.rs\/wp-content\/uploads\/2019\/09\/ZOO-Subotica-14-300x169.jpg 300w, https:\/\/visitsubotica.rs\/wp-content\/uploads\/2019\/09\/ZOO-Subotica-14-768x432.jpg 768w, https:\/\/visitsubotica.rs\/wp-content\/uploads\/2019\/09\/ZOO-Subotica-14-280x158.jpg 280w, https:\/\/visitsubotica.rs\/wp-content\/uploads\/2019\/09\/ZOO-Subotica-14-1170x658.jpg 1170w, https:\/\/visitsubotica.rs\/wp-content\/uploads\/2019\/09\/ZOO-Subotica-14.jpg 2000w\" sizes=\"(max-width: 1024px) 100vw, 1024px\" \/><\/figure><\/li><li class=\"blocks-gallery-item\"><figure><img decoding=\"async\" width=\"1024\" height=\"576\" src=\"http:\/\/visitsubotica.esy.es\/wp-content\/uploads\/2019\/09\/ZOO-Subotica-15-1024x576.jpg\" alt=\"\" data-id=\"4856\" data-link=\"http:\/\/visitsubotica.esy.es\/zoo-subotica-15\/\" class=\"wp-image-4856\" srcset=\"https:\/\/visitsubotica.rs\/wp-content\/uploads\/2019\/09\/ZOO-Subotica-15-1024x576.jpg 1024w, https:\/\/visitsubotica.rs\/wp-content\/uploads\/2019\/09\/ZOO-Subotica-15-300x169.jpg 300w, https:\/\/visitsubotica.rs\/wp-content\/uploads\/2019\/09\/ZOO-Subotica-15-768x432.jpg 768w, https:\/\/visitsubotica.rs\/wp-content\/uploads\/2019\/09\/ZOO-Subotica-15-280x158.jpg 280w, https:\/\/visitsubotica.rs\/wp-content\/uploads\/2019\/09\/ZOO-Subotica-15-1170x658.jpg 1170w, https:\/\/visitsubotica.rs\/wp-content\/uploads\/2019\/09\/ZOO-Subotica-15.jpg 2000w\" sizes=\"(max-width: 1024px) 100vw, 1024px\" \/><\/figure><\/li><li class=\"blocks-gallery-item\"><figure><img decoding=\"async\" width=\"960\" height=\"918\" src=\"http:\/\/visitsubotica.esy.es\/wp-content\/uploads\/2019\/09\/ZOO-Subotica-16.jpg\" alt=\"\" data-id=\"4857\" data-link=\"http:\/\/visitsubotica.esy.es\/zoo-subotica-16\/\" class=\"wp-image-4857\" srcset=\"https:\/\/visitsubotica.rs\/wp-content\/uploads\/2019\/09\/ZOO-Subotica-16.jpg 960w, https:\/\/visitsubotica.rs\/wp-content\/uploads\/2019\/09\/ZOO-Subotica-16-300x287.jpg 300w, https:\/\/visitsubotica.rs\/wp-content\/uploads\/2019\/09\/ZOO-Subotica-16-768x734.jpg 768w, https:\/\/visitsubotica.rs\/wp-content\/uploads\/2019\/09\/ZOO-Subotica-16-196x187.jpg 196w\" sizes=\"(max-width: 960px) 100vw, 960px\" \/><\/figure><\/li><li class=\"blocks-gallery-item\"><figure><img decoding=\"async\" width=\"1024\" height=\"576\" src=\"http:\/\/visitsubotica.esy.es\/wp-content\/uploads\/2019\/09\/ZOO-Subotica-17-1024x576.jpg\" alt=\"\" data-id=\"4858\" data-link=\"http:\/\/visitsubotica.esy.es\/zoo-subotica-17\/\" class=\"wp-image-4858\" srcset=\"https:\/\/visitsubotica.rs\/wp-content\/uploads\/2019\/09\/ZOO-Subotica-17-1024x576.jpg 1024w, https:\/\/visitsubotica.rs\/wp-content\/uploads\/2019\/09\/ZOO-Subotica-17-300x169.jpg 300w, https:\/\/visitsubotica.rs\/wp-content\/uploads\/2019\/09\/ZOO-Subotica-17-768x432.jpg 768w, https:\/\/visitsubotica.rs\/wp-content\/uploads\/2019\/09\/ZOO-Subotica-17-280x158.jpg 280w, https:\/\/visitsubotica.rs\/wp-content\/uploads\/2019\/09\/ZOO-Subotica-17-1170x658.jpg 1170w, https:\/\/visitsubotica.rs\/wp-content\/uploads\/2019\/09\/ZOO-Subotica-17.jpg 1280w\" sizes=\"(max-width: 1024px) 100vw, 1024px\" \/><\/figure><\/li><li class=\"blocks-gallery-item\"><figure><img decoding=\"async\" width=\"640\" height=\"501\" src=\"http:\/\/visitsubotica.esy.es\/wp-content\/uploads\/2019\/09\/ZOO-Subotica-18.jpg\" alt=\"\" data-id=\"4859\" data-link=\"http:\/\/visitsubotica.esy.es\/zoo-subotica-18\/\" class=\"wp-image-4859\" srcset=\"https:\/\/visitsubotica.rs\/wp-content\/uploads\/2019\/09\/ZOO-Subotica-18.jpg 640w, https:\/\/visitsubotica.rs\/wp-content\/uploads\/2019\/09\/ZOO-Subotica-18-300x235.jpg 300w, https:\/\/visitsubotica.rs\/wp-content\/uploads\/2019\/09\/ZOO-Subotica-18-239x187.jpg 239w\" sizes=\"(max-width: 640px) 100vw, 640px\" \/><\/figure><\/li><li class=\"blocks-gallery-item\"><figure><img decoding=\"async\" width=\"1024\" height=\"683\" src=\"http:\/\/visitsubotica.esy.es\/wp-content\/uploads\/2019\/09\/ZOO-Subotica-19-1024x683.jpg\" alt=\"\" data-id=\"4860\" data-link=\"http:\/\/visitsubotica.esy.es\/zoo-subotica-19\/\" class=\"wp-image-4860\" srcset=\"https:\/\/visitsubotica.rs\/wp-content\/uploads\/2019\/09\/ZOO-Subotica-19-1024x683.jpg 1024w, https:\/\/visitsubotica.rs\/wp-content\/uploads\/2019\/09\/ZOO-Subotica-19-300x200.jpg 300w, https:\/\/visitsubotica.rs\/wp-content\/uploads\/2019\/09\/ZOO-Subotica-19-768x512.jpg 768w, https:\/\/visitsubotica.rs\/wp-content\/uploads\/2019\/09\/ZOO-Subotica-19-280x187.jpg 280w, https:\/\/visitsubotica.rs\/wp-content\/uploads\/2019\/09\/ZOO-Subotica-19-1170x780.jpg 1170w\" sizes=\"(max-width: 1024px) 100vw, 1024px\" \/><\/figure><\/li><li class=\"blocks-gallery-item\"><figure><img decoding=\"async\" width=\"1024\" height=\"683\" src=\"http:\/\/visitsubotica.esy.es\/wp-content\/uploads\/2019\/09\/ZOO-Subotica-20-1024x683.jpg\" alt=\"\" data-id=\"4861\" data-link=\"http:\/\/visitsubotica.esy.es\/zoo-subotica-20\/\" class=\"wp-image-4861\" srcset=\"https:\/\/visitsubotica.rs\/wp-content\/uploads\/2019\/09\/ZOO-Subotica-20-1024x683.jpg 1024w, https:\/\/visitsubotica.rs\/wp-content\/uploads\/2019\/09\/ZOO-Subotica-20-300x200.jpg 300w, https:\/\/visitsubotica.rs\/wp-content\/uploads\/2019\/09\/ZOO-Subotica-20-768x512.jpg 768w, https:\/\/visitsubotica.rs\/wp-content\/uploads\/2019\/09\/ZOO-Subotica-20-280x187.jpg 280w, https:\/\/visitsubotica.rs\/wp-content\/uploads\/2019\/09\/ZOO-Subotica-20-1170x780.jpg 1170w, https:\/\/visitsubotica.rs\/wp-content\/uploads\/2019\/09\/ZOO-Subotica-20.jpg 1920w\" sizes=\"(max-width: 1024px) 100vw, 1024px\" \/><\/figure><\/li><li class=\"blocks-gallery-item\"><figure><img decoding=\"async\" width=\"1024\" height=\"683\" src=\"http:\/\/visitsubotica.esy.es\/wp-content\/uploads\/2019\/09\/ZOO-Subotica-21-1024x683.jpg\" alt=\"\" data-id=\"4862\" data-link=\"http:\/\/visitsubotica.esy.es\/zoo-subotica-21\/\" class=\"wp-image-4862\" srcset=\"https:\/\/visitsubotica.rs\/wp-content\/uploads\/2019\/09\/ZOO-Subotica-21-1024x683.jpg 1024w, https:\/\/visitsubotica.rs\/wp-content\/uploads\/2019\/09\/ZOO-Subotica-21-300x200.jpg 300w, https:\/\/visitsubotica.rs\/wp-content\/uploads\/2019\/09\/ZOO-Subotica-21-768x512.jpg 768w, https:\/\/visitsubotica.rs\/wp-content\/uploads\/2019\/09\/ZOO-Subotica-21-280x187.jpg 280w, https:\/\/visitsubotica.rs\/wp-content\/uploads\/2019\/09\/ZOO-Subotica-21-1170x780.jpg 1170w, https:\/\/visitsubotica.rs\/wp-content\/uploads\/2019\/09\/ZOO-Subotica-21.jpg 1920w\" sizes=\"(max-width: 1024px) 100vw, 1024px\" \/><\/figure><\/li><li class=\"blocks-gallery-item\"><figure><img decoding=\"async\" width=\"1024\" height=\"683\" src=\"http:\/\/visitsubotica.esy.es\/wp-content\/uploads\/2019\/09\/ZOO-Subotica-22-1024x683.jpg\" alt=\"\" data-id=\"4863\" data-link=\"http:\/\/visitsubotica.esy.es\/zoo-subotica-22\/\" class=\"wp-image-4863\" srcset=\"https:\/\/visitsubotica.rs\/wp-content\/uploads\/2019\/09\/ZOO-Subotica-22-1024x683.jpg 1024w, https:\/\/visitsubotica.rs\/wp-content\/uploads\/2019\/09\/ZOO-Subotica-22-300x200.jpg 300w, https:\/\/visitsubotica.rs\/wp-content\/uploads\/2019\/09\/ZOO-Subotica-22-768x512.jpg 768w, https:\/\/visitsubotica.rs\/wp-content\/uploads\/2019\/09\/ZOO-Subotica-22-280x187.jpg 280w, https:\/\/visitsubotica.rs\/wp-content\/uploads\/2019\/09\/ZOO-Subotica-22-1170x780.jpg 1170w, https:\/\/visitsubotica.rs\/wp-content\/uploads\/2019\/09\/ZOO-Subotica-22.jpg 1920w\" sizes=\"(max-width: 1024px) 100vw, 1024px\" \/><\/figure><\/li><li class=\"blocks-gallery-item\"><figure><img decoding=\"async\" width=\"1024\" height=\"768\" src=\"http:\/\/visitsubotica.esy.es\/wp-content\/uploads\/2019\/09\/ZOO-Subotica-23-1024x768.jpg\" alt=\"\" data-id=\"4864\" data-link=\"http:\/\/visitsubotica.esy.es\/zoo-subotica-23\/\" class=\"wp-image-4864\" srcset=\"https:\/\/visitsubotica.rs\/wp-content\/uploads\/2019\/09\/ZOO-Subotica-23-1024x768.jpg 1024w, https:\/\/visitsubotica.rs\/wp-content\/uploads\/2019\/09\/ZOO-Subotica-23-300x225.jpg 300w, https:\/\/visitsubotica.rs\/wp-content\/uploads\/2019\/09\/ZOO-Subotica-23-768x576.jpg 768w, https:\/\/visitsubotica.rs\/wp-content\/uploads\/2019\/09\/ZOO-Subotica-23-249x187.jpg 249w, https:\/\/visitsubotica.rs\/wp-content\/uploads\/2019\/09\/ZOO-Subotica-23-1170x878.jpg 1170w, https:\/\/visitsubotica.rs\/wp-content\/uploads\/2019\/09\/ZOO-Subotica-23.jpg 1736w\" sizes=\"(max-width: 1024px) 100vw, 1024px\" \/><\/figure><\/li><li class=\"blocks-gallery-item\"><figure><img decoding=\"async\" width=\"1024\" height=\"768\" src=\"http:\/\/visitsubotica.esy.es\/wp-content\/uploads\/2019\/09\/ZOO-Subotica-24-1024x768.jpg\" alt=\"\" data-id=\"4865\" data-link=\"http:\/\/visitsubotica.esy.es\/zoo-subotica-24\/\" class=\"wp-image-4865\" srcset=\"https:\/\/visitsubotica.rs\/wp-content\/uploads\/2019\/09\/ZOO-Subotica-24-1024x768.jpg 1024w, https:\/\/visitsubotica.rs\/wp-content\/uploads\/2019\/09\/ZOO-Subotica-24-300x225.jpg 300w, https:\/\/visitsubotica.rs\/wp-content\/uploads\/2019\/09\/ZOO-Subotica-24-768x576.jpg 768w, https:\/\/visitsubotica.rs\/wp-content\/uploads\/2019\/09\/ZOO-Subotica-24-249x187.jpg 249w, https:\/\/visitsubotica.rs\/wp-content\/uploads\/2019\/09\/ZOO-Subotica-24-1170x878.jpg 1170w, https:\/\/visitsubotica.rs\/wp-content\/uploads\/2019\/09\/ZOO-Subotica-24.jpg 1736w\" sizes=\"(max-width: 1024px) 100vw, 1024px\" \/><\/figure><\/li><li class=\"blocks-gallery-item\"><figure><img decoding=\"async\" width=\"1024\" height=\"768\" src=\"http:\/\/visitsubotica.esy.es\/wp-content\/uploads\/2019\/09\/ZOO-Subotica-25-1024x768.jpg\" alt=\"\" data-id=\"4866\" data-link=\"http:\/\/visitsubotica.esy.es\/zoo-subotica-25\/\" class=\"wp-image-4866\" srcset=\"https:\/\/visitsubotica.rs\/wp-content\/uploads\/2019\/09\/ZOO-Subotica-25-1024x768.jpg 1024w, https:\/\/visitsubotica.rs\/wp-content\/uploads\/2019\/09\/ZOO-Subotica-25-300x225.jpg 300w, https:\/\/visitsubotica.rs\/wp-content\/uploads\/2019\/09\/ZOO-Subotica-25-768x576.jpg 768w, https:\/\/visitsubotica.rs\/wp-content\/uploads\/2019\/09\/ZOO-Subotica-25-249x187.jpg 249w, https:\/\/visitsubotica.rs\/wp-content\/uploads\/2019\/09\/ZOO-Subotica-25-1170x878.jpg 1170w, https:\/\/visitsubotica.rs\/wp-content\/uploads\/2019\/09\/ZOO-Subotica-25.jpg 1736w\" sizes=\"(max-width: 1024px) 100vw, 1024px\" \/><\/figure><\/li><li class=\"blocks-gallery-item\"><figure><img decoding=\"async\" width=\"1024\" height=\"768\" src=\"http:\/\/visitsubotica.esy.es\/wp-content\/uploads\/2019\/09\/ZOO-Subotica-26-1024x768.jpg\" alt=\"\" data-id=\"4867\" data-link=\"http:\/\/visitsubotica.esy.es\/zoo-subotica-26\/\" class=\"wp-image-4867\" srcset=\"https:\/\/visitsubotica.rs\/wp-content\/uploads\/2019\/09\/ZOO-Subotica-26-1024x768.jpg 1024w, https:\/\/visitsubotica.rs\/wp-content\/uploads\/2019\/09\/ZOO-Subotica-26-300x225.jpg 300w, https:\/\/visitsubotica.rs\/wp-content\/uploads\/2019\/09\/ZOO-Subotica-26-768x576.jpg 768w, https:\/\/visitsubotica.rs\/wp-content\/uploads\/2019\/09\/ZOO-Subotica-26-249x187.jpg 249w, https:\/\/visitsubotica.rs\/wp-content\/uploads\/2019\/09\/ZOO-Subotica-26-1170x878.jpg 1170w, https:\/\/visitsubotica.rs\/wp-content\/uploads\/2019\/09\/ZOO-Subotica-26.jpg 1736w\" sizes=\"(max-width: 1024px) 100vw, 1024px\" \/><\/figure><\/li><li class=\"blocks-gallery-item\"><figure><img decoding=\"async\" width=\"1024\" height=\"768\" src=\"http:\/\/visitsubotica.esy.es\/wp-content\/uploads\/2019\/09\/ZOO-Subotica-27-1024x768.jpg\" alt=\"\" data-id=\"4868\" data-link=\"http:\/\/visitsubotica.esy.es\/zoo-subotica-27\/\" class=\"wp-image-4868\" srcset=\"https:\/\/visitsubotica.rs\/wp-content\/uploads\/2019\/09\/ZOO-Subotica-27-1024x768.jpg 1024w, https:\/\/visitsubotica.rs\/wp-content\/uploads\/2019\/09\/ZOO-Subotica-27-300x225.jpg 300w, https:\/\/visitsubotica.rs\/wp-content\/uploads\/2019\/09\/ZOO-Subotica-27-768x576.jpg 768w, https:\/\/visitsubotica.rs\/wp-content\/uploads\/2019\/09\/ZOO-Subotica-27-249x187.jpg 249w, https:\/\/visitsubotica.rs\/wp-content\/uploads\/2019\/09\/ZOO-Subotica-27-1170x878.jpg 1170w, https:\/\/visitsubotica.rs\/wp-content\/uploads\/2019\/09\/ZOO-Subotica-27.jpg 1736w\" sizes=\"(max-width: 1024px) 100vw, 1024px\" \/><\/figure><\/li><\/ul><\/figure>\n","protected":false},"excerpt":{"rendered":"<p>A Palicsi \u00c1llatkert int\u00e9zm\u00e9ny\u00e9t 1950.05.31-\u00e9n alap\u00edtott\u00e1k. Az int\u00e9zm\u00e9ny alap\u00edt\u00f3ja Szabadka v\u00e1rosa. Szerbia \u00e9szaki r\u00e9sz\u00e9n tal\u00e1lhat\u00f3, a Palicsi-t\u00f3 k\u00f6zvetlen k\u00f6zel\u00e9ben. 15 hekt\u00e1rnyi ter\u00fcleten fekszik, \u00e9s 10 hekt\u00e1rnyi megm\u0171velt parkter\u00fcletb\u0151l \u00e1ll, amely hozz\u00e1f\u00e9rhet\u0151 a l\u00e1togat\u00f3k sz\u00e1m\u00e1ra, m\u00edg a fennmarad\u00f3 5 hekt\u00e1r mez\u0151gazdas\u00e1gi \u00e9s erd\u00e9szeti f\u00f6ldter\u00fclet. Az int\u00e9zm\u00e9ny alaptev\u00e9kenys\u00e9ge: zool\u00f3gia botanika oktat\u00e1s \u00e9s kult\u00fara a vesz\u00e9lyeztett n\u00f6v\u00e9ny- \u00e9s<\/p>\n","protected":false},"featured_media":13126,"template":"","meta":{"footnotes":""},"tip_sadrzaja_za_decu":[685],"class_list":["post-14591","za-decu","type-za-decu","status-publish","has-post-thumbnail","hentry"],"yoast_head":"<!-- This site is optimized with the Yoast SEO plugin v27.4 - https:\/\/yoast.com\/product\/yoast-seo-wordpress\/ -->\n<title>A Palicsi \u00c1llatkert - Visit Subotica<\/title>\n<meta name=\"robots\" content=\"index, follow, max-snippet:-1, max-image-preview:large, max-video-preview:-1\" \/>\n<link rel=\"canonical\" href=\"https:\/\/visitsubotica.rs\/hu\/mit-lehet-csinalni\/gyerekek\/zooloski-vrt\/\" \/>\n<meta property=\"og:locale\" content=\"hu_HU\" \/>\n<meta property=\"og:type\" content=\"article\" \/>\n<meta property=\"og:title\" content=\"A Palicsi \u00c1llatkert - Visit Subotica\" \/>\n<meta property=\"og:description\" content=\"A Palicsi \u00c1llatkert int\u00e9zm\u00e9ny\u00e9t 1950.05.31-\u00e9n alap\u00edtott\u00e1k. Az int\u00e9zm\u00e9ny alap\u00edt\u00f3ja Szabadka v\u00e1rosa. Szerbia \u00e9szaki r\u00e9sz\u00e9n tal\u00e1lhat\u00f3, a Palicsi-t\u00f3 k\u00f6zvetlen k\u00f6zel\u00e9ben. 15 hekt\u00e1rnyi ter\u00fcleten fekszik, \u00e9s 10 hekt\u00e1rnyi megm\u0171velt parkter\u00fcletb\u0151l \u00e1ll, amely hozz\u00e1f\u00e9rhet\u0151 a l\u00e1togat\u00f3k sz\u00e1m\u00e1ra, m\u00edg a fennmarad\u00f3 5 hekt\u00e1r mez\u0151gazdas\u00e1gi \u00e9s erd\u00e9szeti f\u00f6ldter\u00fclet. Az int\u00e9zm\u00e9ny alaptev\u00e9kenys\u00e9ge: zool\u00f3gia botanika oktat\u00e1s \u00e9s kult\u00fara a vesz\u00e9lyeztett n\u00f6v\u00e9ny- \u00e9s\" \/>\n<meta property=\"og:url\" content=\"https:\/\/visitsubotica.rs\/hu\/mit-lehet-csinalni\/gyerekek\/zooloski-vrt\/\" \/>\n<meta property=\"og:site_name\" content=\"Visit Subotica\" \/>\n<meta property=\"article:publisher\" content=\"https:\/\/www.facebook.com\/VisitSubotica.rs\/\" \/>\n<meta property=\"article:modified_time\" content=\"2020-02-09T21:34:11+00:00\" \/>\n<meta property=\"og:image\" content=\"https:\/\/visitsubotica.rs\/wp-content\/uploads\/2019\/09\/ZOO-Subotica-1.jpg\" \/>\n\t<meta property=\"og:image:width\" content=\"900\" \/>\n\t<meta property=\"og:image:height\" content=\"600\" \/>\n\t<meta property=\"og:image:type\" content=\"image\/jpeg\" \/>\n<meta name=\"twitter:card\" content=\"summary_large_image\" \/>\n<meta name=\"twitter:site\" content=\"@visitsubotica\" \/>\n<meta name=\"twitter:label1\" content=\"Becs\u00fclt olvas\u00e1si id\u0151\" \/>\n\t<meta name=\"twitter:data1\" content=\"1 perc\" \/>\n<script type=\"application\/ld+json\" class=\"yoast-schema-graph\">{\"@context\":\"https:\\\/\\\/schema.org\",\"@graph\":[{\"@type\":\"WebPage\",\"@id\":\"https:\\\/\\\/visitsubotica.rs\\\/hu\\\/mit-lehet-csinalni\\\/gyerekek\\\/zooloski-vrt\\\/\",\"url\":\"https:\\\/\\\/visitsubotica.rs\\\/hu\\\/mit-lehet-csinalni\\\/gyerekek\\\/zooloski-vrt\\\/\",\"name\":\"A Palicsi \u00c1llatkert - Visit Subotica\",\"isPartOf\":{\"@id\":\"https:\\\/\\\/visitsubotica.rs\\\/#website\"},\"primaryImageOfPage\":{\"@id\":\"https:\\\/\\\/visitsubotica.rs\\\/hu\\\/mit-lehet-csinalni\\\/gyerekek\\\/zooloski-vrt\\\/#primaryimage\"},\"image\":{\"@id\":\"https:\\\/\\\/visitsubotica.rs\\\/hu\\\/mit-lehet-csinalni\\\/gyerekek\\\/zooloski-vrt\\\/#primaryimage\"},\"thumbnailUrl\":\"https:\\\/\\\/visitsubotica.rs\\\/wp-content\\\/uploads\\\/2019\\\/09\\\/ZOO-Subotica-1.jpg\",\"datePublished\":\"2019-07-14T20:34:46+00:00\",\"dateModified\":\"2020-02-09T21:34:11+00:00\",\"breadcrumb\":{\"@id\":\"https:\\\/\\\/visitsubotica.rs\\\/hu\\\/mit-lehet-csinalni\\\/gyerekek\\\/zooloski-vrt\\\/#breadcrumb\"},\"inLanguage\":\"hu\",\"potentialAction\":[{\"@type\":\"ReadAction\",\"target\":[\"https:\\\/\\\/visitsubotica.rs\\\/hu\\\/mit-lehet-csinalni\\\/gyerekek\\\/zooloski-vrt\\\/\"]}]},{\"@type\":\"ImageObject\",\"inLanguage\":\"hu\",\"@id\":\"https:\\\/\\\/visitsubotica.rs\\\/hu\\\/mit-lehet-csinalni\\\/gyerekek\\\/zooloski-vrt\\\/#primaryimage\",\"url\":\"https:\\\/\\\/visitsubotica.rs\\\/wp-content\\\/uploads\\\/2019\\\/09\\\/ZOO-Subotica-1.jpg\",\"contentUrl\":\"https:\\\/\\\/visitsubotica.rs\\\/wp-content\\\/uploads\\\/2019\\\/09\\\/ZOO-Subotica-1.jpg\",\"width\":900,\"height\":600},{\"@type\":\"BreadcrumbList\",\"@id\":\"https:\\\/\\\/visitsubotica.rs\\\/hu\\\/mit-lehet-csinalni\\\/gyerekek\\\/zooloski-vrt\\\/#breadcrumb\",\"itemListElement\":[{\"@type\":\"ListItem\",\"position\":1,\"name\":\"Home\",\"item\":\"https:\\\/\\\/visitsubotica.rs\\\/hu\\\/\"},{\"@type\":\"ListItem\",\"position\":2,\"name\":\"A Palicsi \u00c1llatkert\"}]},{\"@type\":\"WebSite\",\"@id\":\"https:\\\/\\\/visitsubotica.rs\\\/#website\",\"url\":\"https:\\\/\\\/visitsubotica.rs\\\/\",\"name\":\"Visit Subotica\",\"description\":\"Turisti\u010dka organizacija grada Subotice\",\"potentialAction\":[{\"@type\":\"SearchAction\",\"target\":{\"@type\":\"EntryPoint\",\"urlTemplate\":\"https:\\\/\\\/visitsubotica.rs\\\/?s={search_term_string}\"},\"query-input\":{\"@type\":\"PropertyValueSpecification\",\"valueRequired\":true,\"valueName\":\"search_term_string\"}}],\"inLanguage\":\"hu\"}]}<\/script>\n<!-- \/ Yoast SEO plugin. -->","yoast_head_json":{"title":"A Palicsi \u00c1llatkert - Visit Subotica","robots":{"index":"index","follow":"follow","max-snippet":"max-snippet:-1","max-image-preview":"max-image-preview:large","max-video-preview":"max-video-preview:-1"},"canonical":"https:\/\/visitsubotica.rs\/hu\/mit-lehet-csinalni\/gyerekek\/zooloski-vrt\/","og_locale":"hu_HU","og_type":"article","og_title":"A Palicsi \u00c1llatkert - Visit Subotica","og_description":"A Palicsi \u00c1llatkert int\u00e9zm\u00e9ny\u00e9t 1950.05.31-\u00e9n alap\u00edtott\u00e1k. Az int\u00e9zm\u00e9ny alap\u00edt\u00f3ja Szabadka v\u00e1rosa. Szerbia \u00e9szaki r\u00e9sz\u00e9n tal\u00e1lhat\u00f3, a Palicsi-t\u00f3 k\u00f6zvetlen k\u00f6zel\u00e9ben. 15 hekt\u00e1rnyi ter\u00fcleten fekszik, \u00e9s 10 hekt\u00e1rnyi megm\u0171velt parkter\u00fcletb\u0151l \u00e1ll, amely hozz\u00e1f\u00e9rhet\u0151 a l\u00e1togat\u00f3k sz\u00e1m\u00e1ra, m\u00edg a fennmarad\u00f3 5 hekt\u00e1r mez\u0151gazdas\u00e1gi \u00e9s erd\u00e9szeti f\u00f6ldter\u00fclet. Az int\u00e9zm\u00e9ny alaptev\u00e9kenys\u00e9ge: zool\u00f3gia botanika oktat\u00e1s \u00e9s kult\u00fara a vesz\u00e9lyeztett n\u00f6v\u00e9ny- \u00e9s","og_url":"https:\/\/visitsubotica.rs\/hu\/mit-lehet-csinalni\/gyerekek\/zooloski-vrt\/","og_site_name":"Visit Subotica","article_publisher":"https:\/\/www.facebook.com\/VisitSubotica.rs\/","article_modified_time":"2020-02-09T21:34:11+00:00","og_image":[{"width":900,"height":600,"url":"https:\/\/visitsubotica.rs\/wp-content\/uploads\/2019\/09\/ZOO-Subotica-1.jpg","type":"image\/jpeg"}],"twitter_card":"summary_large_image","twitter_site":"@visitsubotica","twitter_misc":{"Becs\u00fclt olvas\u00e1si id\u0151":"1 perc"},"schema":{"@context":"https:\/\/schema.org","@graph":[{"@type":"WebPage","@id":"https:\/\/visitsubotica.rs\/hu\/mit-lehet-csinalni\/gyerekek\/zooloski-vrt\/","url":"https:\/\/visitsubotica.rs\/hu\/mit-lehet-csinalni\/gyerekek\/zooloski-vrt\/","name":"A Palicsi \u00c1llatkert - Visit Subotica","isPartOf":{"@id":"https:\/\/visitsubotica.rs\/#website"},"primaryImageOfPage":{"@id":"https:\/\/visitsubotica.rs\/hu\/mit-lehet-csinalni\/gyerekek\/zooloski-vrt\/#primaryimage"},"image":{"@id":"https:\/\/visitsubotica.rs\/hu\/mit-lehet-csinalni\/gyerekek\/zooloski-vrt\/#primaryimage"},"thumbnailUrl":"https:\/\/visitsubotica.rs\/wp-content\/uploads\/2019\/09\/ZOO-Subotica-1.jpg","datePublished":"2019-07-14T20:34:46+00:00","dateModified":"2020-02-09T21:34:11+00:00","breadcrumb":{"@id":"https:\/\/visitsubotica.rs\/hu\/mit-lehet-csinalni\/gyerekek\/zooloski-vrt\/#breadcrumb"},"inLanguage":"hu","potentialAction":[{"@type":"ReadAction","target":["https:\/\/visitsubotica.rs\/hu\/mit-lehet-csinalni\/gyerekek\/zooloski-vrt\/"]}]},{"@type":"ImageObject","inLanguage":"hu","@id":"https:\/\/visitsubotica.rs\/hu\/mit-lehet-csinalni\/gyerekek\/zooloski-vrt\/#primaryimage","url":"https:\/\/visitsubotica.rs\/wp-content\/uploads\/2019\/09\/ZOO-Subotica-1.jpg","contentUrl":"https:\/\/visitsubotica.rs\/wp-content\/uploads\/2019\/09\/ZOO-Subotica-1.jpg","width":900,"height":600},{"@type":"BreadcrumbList","@id":"https:\/\/visitsubotica.rs\/hu\/mit-lehet-csinalni\/gyerekek\/zooloski-vrt\/#breadcrumb","itemListElement":[{"@type":"ListItem","position":1,"name":"Home","item":"https:\/\/visitsubotica.rs\/hu\/"},{"@type":"ListItem","position":2,"name":"A Palicsi \u00c1llatkert"}]},{"@type":"WebSite","@id":"https:\/\/visitsubotica.rs\/#website","url":"https:\/\/visitsubotica.rs\/","name":"Visit Subotica","description":"Turisti\u010dka organizacija grada Subotice","potentialAction":[{"@type":"SearchAction","target":{"@type":"EntryPoint","urlTemplate":"https:\/\/visitsubotica.rs\/?s={search_term_string}"},"query-input":{"@type":"PropertyValueSpecification","valueRequired":true,"valueName":"search_term_string"}}],"inLanguage":"hu"}]}},"_links":{"self":[{"href":"https:\/\/visitsubotica.rs\/hu\/wp-json\/wp\/v2\/za-decu\/14591","targetHints":{"allow":["GET"]}}],"collection":[{"href":"https:\/\/visitsubotica.rs\/hu\/wp-json\/wp\/v2\/za-decu"}],"about":[{"href":"https:\/\/visitsubotica.rs\/hu\/wp-json\/wp\/v2\/types\/za-decu"}],"version-history":[{"count":0,"href":"https:\/\/visitsubotica.rs\/hu\/wp-json\/wp\/v2\/za-decu\/14591\/revisions"}],"wp:featuredmedia":[{"embeddable":true,"href":"https:\/\/visitsubotica.rs\/hu\/wp-json\/wp\/v2\/media\/13126"}],"wp:attachment":[{"href":"https:\/\/visitsubotica.rs\/hu\/wp-json\/wp\/v2\/media?parent=14591"}],"wp:term":[{"taxonomy":"tip_sadrzaja_za_decu","embeddable":true,"href":"https:\/\/visitsubotica.rs\/hu\/wp-json\/wp\/v2\/tip_sadrzaja_za_decu?post=14591"}],"curies":[{"name":"wp","href":"https:\/\/api.w.org\/{rel}","templated":true}]}}