{"id":14288,"date":"2019-07-14T22:34:46","date_gmt":"2019-07-14T20:34:46","guid":{"rendered":"http:\/\/visitsubotica.rs\/sta-videti\/spomenik\/kapela-sv-roke\/"},"modified":"2020-10-29T11:59:40","modified_gmt":"2020-10-29T10:59:40","slug":"kapela-sv-roke","status":"publish","type":"spomenik","link":"https:\/\/visitsubotica.rs\/hu\/sta-videti\/spomenik\/kapela-sv-roke\/","title":{"rendered":"A SZENT R\u00d3KUS-K\u00c1POLNA"},"content":{"rendered":"\n<p>A Szent R\u00f3kus-k\u00e1polna 1738-ban \u00e9p\u00fclt \u00e9s nagy jelent\u0151s\u00e9g\u0171 kultur\u00e1lis eml\u00e9km\u0171 st\u00e1tuszt \u00e9lvez. A k\u00e1poln\u00e1t Szent R\u00f3kus, a j\u00e1rv\u00e1nyok v\u00e9d\u0151szentj\u00e9nek tisztelet\u00e9re emelt\u00e9k., mivel akkoriban a pestisj\u00e1rv\u00e1ny sz\u00e1mos \u00e9letet k\u00f6vetelt Szabadka ter\u00fclet\u00e9n.<\/p>\n\n\n\n<p>Azon a helyen \u00e9p\u00fclt, ahol a Th\u00f6k\u00f6ly elleni harcokban harminc lakost meg\u00f6ltek. 1753-ban fel\u00faj\u00edtott\u00e1k, 1773-ban pedig a k\u00e1polna el\u0151tet\u0151ket kap, \u00e9s sz\u00e9kesegyh\u00e1zk\u00e9nt \u00fczemel az Avilai Szent Ter\u00e9z r\u00f3mai katolikus templom ki\u00e9p\u00edt\u00e9s\u00e9ig Szabadk\u00e1n.<\/p>\n\n\n\n<p>Az el\u0151z\u0151 k\u00e1polna, amelyet 1738-ban \u00e9p\u00edtettek a v\u00e1ros els\u0151 szakr\u00e1lis \u00e9p\u00fcletei k\u00f6z\u00e9 sorolhat\u00f3.<\/p>\n\n\n\n<p>A k\u00e1polna egyetlen d\u00edsz\u00edt\u00e9sze a f\u00e9lk\u00f6r alak\u00fa orommez\u0151, az alapokt\u00f3l pedig egy n\u00e9gysz\u00f6gletes alapon fekv\u0151 kupol\u00e1val ell\u00e1tott harangtorony emelkedik ki. 1884-ben a k\u00e1poln\u00e1t lebontott\u00e1k \u00e9s a hely\u00e9re egy m\u00e1sik, mai napig fenn\u00e1ll\u00f3 \u00e9p\u00fclt.<\/p>\n","protected":false},"excerpt":{"rendered":"<p>A Szent R\u00f3kus-k\u00e1polna 1738-ban \u00e9p\u00fclt \u00e9s nagy jelent\u0151s\u00e9g\u0171 kultur\u00e1lis eml\u00e9km\u0171 st\u00e1tuszt \u00e9lvez. A k\u00e1poln\u00e1t Szent R\u00f3kus, a j\u00e1rv\u00e1nyok v\u00e9d\u0151szentj\u00e9nek tisztelet\u00e9re emelt\u00e9k., mivel akkoriban a pestisj\u00e1rv\u00e1ny sz\u00e1mos \u00e9letet k\u00f6vetelt Szabadka ter\u00fclet\u00e9n. Azon a helyen \u00e9p\u00fclt, ahol a Th\u00f6k\u00f6ly elleni harcokban harminc lakost meg\u00f6ltek. 1753-ban fel\u00faj\u00edtott\u00e1k, 1773-ban pedig a k\u00e1polna el\u0151tet\u0151ket kap, \u00e9s sz\u00e9kesegyh\u00e1zk\u00e9nt \u00fczemel az Avilai<\/p>\n","protected":false},"featured_media":17219,"template":"","meta":{"footnotes":""},"tip_spomenika":[703],"class_list":["post-14288","spomenik","type-spomenik","status-publish","has-post-thumbnail","hentry"],"yoast_head":"<!-- This site is optimized with the Yoast SEO plugin v27.4 - https:\/\/yoast.com\/product\/yoast-seo-wordpress\/ -->\n<title>A SZENT R\u00d3KUS-K\u00c1POLNA - Visit Subotica<\/title>\n<meta name=\"robots\" content=\"index, follow, max-snippet:-1, max-image-preview:large, max-video-preview:-1\" \/>\n<link rel=\"canonical\" href=\"https:\/\/visitsubotica.rs\/hu\/mit-latogassunk-meg\/kultur\u00e1lis-eml\u00e9k\/kapela-sv-roke\/\" \/>\n<meta property=\"og:locale\" content=\"hu_HU\" \/>\n<meta property=\"og:type\" content=\"article\" \/>\n<meta property=\"og:title\" content=\"A SZENT R\u00d3KUS-K\u00c1POLNA - Visit Subotica\" \/>\n<meta property=\"og:description\" content=\"A Szent R\u00f3kus-k\u00e1polna 1738-ban \u00e9p\u00fclt \u00e9s nagy jelent\u0151s\u00e9g\u0171 kultur\u00e1lis eml\u00e9km\u0171 st\u00e1tuszt \u00e9lvez. A k\u00e1poln\u00e1t Szent R\u00f3kus, a j\u00e1rv\u00e1nyok v\u00e9d\u0151szentj\u00e9nek tisztelet\u00e9re emelt\u00e9k., mivel akkoriban a pestisj\u00e1rv\u00e1ny sz\u00e1mos \u00e9letet k\u00f6vetelt Szabadka ter\u00fclet\u00e9n. Azon a helyen \u00e9p\u00fclt, ahol a Th\u00f6k\u00f6ly elleni harcokban harminc lakost meg\u00f6ltek. 1753-ban fel\u00faj\u00edtott\u00e1k, 1773-ban pedig a k\u00e1polna el\u0151tet\u0151ket kap, \u00e9s sz\u00e9kesegyh\u00e1zk\u00e9nt \u00fczemel az Avilai\" \/>\n<meta property=\"og:url\" content=\"https:\/\/visitsubotica.rs\/hu\/mit-latogassunk-meg\/kultur\u00e1lis-eml\u00e9k\/kapela-sv-roke\/\" \/>\n<meta property=\"og:site_name\" content=\"Visit Subotica\" \/>\n<meta property=\"article:publisher\" content=\"https:\/\/www.facebook.com\/VisitSubotica.rs\/\" \/>\n<meta property=\"article:modified_time\" content=\"2020-10-29T10:59:40+00:00\" \/>\n<meta property=\"og:image\" content=\"https:\/\/visitsubotica.rs\/wp-content\/uploads\/2019\/07\/IMG_3029-scaled.jpg\" \/>\n\t<meta property=\"og:image:width\" content=\"2560\" \/>\n\t<meta property=\"og:image:height\" content=\"1707\" \/>\n\t<meta property=\"og:image:type\" content=\"image\/jpeg\" \/>\n<meta name=\"twitter:card\" content=\"summary_large_image\" \/>\n<meta name=\"twitter:site\" content=\"@visitsubotica\" \/>\n<meta name=\"twitter:label1\" content=\"Becs\u00fclt olvas\u00e1si id\u0151\" \/>\n\t<meta name=\"twitter:data1\" content=\"1 perc\" \/>\n<script type=\"application\/ld+json\" class=\"yoast-schema-graph\">{\"@context\":\"https:\\\/\\\/schema.org\",\"@graph\":[{\"@type\":\"WebPage\",\"@id\":\"https:\\\/\\\/visitsubotica.rs\\\/hu\\\/mit-latogassunk-meg\\\/kultur\u00e1lis-eml\u00e9k\\\/kapela-sv-roke\\\/\",\"url\":\"https:\\\/\\\/visitsubotica.rs\\\/hu\\\/mit-latogassunk-meg\\\/kultur\u00e1lis-eml\u00e9k\\\/kapela-sv-roke\\\/\",\"name\":\"A SZENT R\u00d3KUS-K\u00c1POLNA - Visit Subotica\",\"isPartOf\":{\"@id\":\"https:\\\/\\\/visitsubotica.rs\\\/#website\"},\"primaryImageOfPage\":{\"@id\":\"https:\\\/\\\/visitsubotica.rs\\\/hu\\\/mit-latogassunk-meg\\\/kultur\u00e1lis-eml\u00e9k\\\/kapela-sv-roke\\\/#primaryimage\"},\"image\":{\"@id\":\"https:\\\/\\\/visitsubotica.rs\\\/hu\\\/mit-latogassunk-meg\\\/kultur\u00e1lis-eml\u00e9k\\\/kapela-sv-roke\\\/#primaryimage\"},\"thumbnailUrl\":\"https:\\\/\\\/visitsubotica.rs\\\/wp-content\\\/uploads\\\/2019\\\/07\\\/IMG_3029-scaled.jpg\",\"datePublished\":\"2019-07-14T20:34:46+00:00\",\"dateModified\":\"2020-10-29T10:59:40+00:00\",\"breadcrumb\":{\"@id\":\"https:\\\/\\\/visitsubotica.rs\\\/hu\\\/mit-latogassunk-meg\\\/kultur\u00e1lis-eml\u00e9k\\\/kapela-sv-roke\\\/#breadcrumb\"},\"inLanguage\":\"hu\",\"potentialAction\":[{\"@type\":\"ReadAction\",\"target\":[\"https:\\\/\\\/visitsubotica.rs\\\/hu\\\/mit-latogassunk-meg\\\/kultur\u00e1lis-eml\u00e9k\\\/kapela-sv-roke\\\/\"]}]},{\"@type\":\"ImageObject\",\"inLanguage\":\"hu\",\"@id\":\"https:\\\/\\\/visitsubotica.rs\\\/hu\\\/mit-latogassunk-meg\\\/kultur\u00e1lis-eml\u00e9k\\\/kapela-sv-roke\\\/#primaryimage\",\"url\":\"https:\\\/\\\/visitsubotica.rs\\\/wp-content\\\/uploads\\\/2019\\\/07\\\/IMG_3029-scaled.jpg\",\"contentUrl\":\"https:\\\/\\\/visitsubotica.rs\\\/wp-content\\\/uploads\\\/2019\\\/07\\\/IMG_3029-scaled.jpg\",\"width\":2560,\"height\":1707},{\"@type\":\"BreadcrumbList\",\"@id\":\"https:\\\/\\\/visitsubotica.rs\\\/hu\\\/mit-latogassunk-meg\\\/kultur\u00e1lis-eml\u00e9k\\\/kapela-sv-roke\\\/#breadcrumb\",\"itemListElement\":[{\"@type\":\"ListItem\",\"position\":1,\"name\":\"Home\",\"item\":\"https:\\\/\\\/visitsubotica.rs\\\/hu\\\/\"},{\"@type\":\"ListItem\",\"position\":2,\"name\":\"A SZENT R\u00d3KUS-K\u00c1POLNA\"}]},{\"@type\":\"WebSite\",\"@id\":\"https:\\\/\\\/visitsubotica.rs\\\/#website\",\"url\":\"https:\\\/\\\/visitsubotica.rs\\\/\",\"name\":\"Visit Subotica\",\"description\":\"Turisti\u010dka organizacija grada Subotice\",\"potentialAction\":[{\"@type\":\"SearchAction\",\"target\":{\"@type\":\"EntryPoint\",\"urlTemplate\":\"https:\\\/\\\/visitsubotica.rs\\\/?s={search_term_string}\"},\"query-input\":{\"@type\":\"PropertyValueSpecification\",\"valueRequired\":true,\"valueName\":\"search_term_string\"}}],\"inLanguage\":\"hu\"}]}<\/script>\n<!-- \/ Yoast SEO plugin. -->","yoast_head_json":{"title":"A SZENT R\u00d3KUS-K\u00c1POLNA - Visit Subotica","robots":{"index":"index","follow":"follow","max-snippet":"max-snippet:-1","max-image-preview":"max-image-preview:large","max-video-preview":"max-video-preview:-1"},"canonical":"https:\/\/visitsubotica.rs\/hu\/mit-latogassunk-meg\/kultur\u00e1lis-eml\u00e9k\/kapela-sv-roke\/","og_locale":"hu_HU","og_type":"article","og_title":"A SZENT R\u00d3KUS-K\u00c1POLNA - Visit Subotica","og_description":"A Szent R\u00f3kus-k\u00e1polna 1738-ban \u00e9p\u00fclt \u00e9s nagy jelent\u0151s\u00e9g\u0171 kultur\u00e1lis eml\u00e9km\u0171 st\u00e1tuszt \u00e9lvez. A k\u00e1poln\u00e1t Szent R\u00f3kus, a j\u00e1rv\u00e1nyok v\u00e9d\u0151szentj\u00e9nek tisztelet\u00e9re emelt\u00e9k., mivel akkoriban a pestisj\u00e1rv\u00e1ny sz\u00e1mos \u00e9letet k\u00f6vetelt Szabadka ter\u00fclet\u00e9n. Azon a helyen \u00e9p\u00fclt, ahol a Th\u00f6k\u00f6ly elleni harcokban harminc lakost meg\u00f6ltek. 1753-ban fel\u00faj\u00edtott\u00e1k, 1773-ban pedig a k\u00e1polna el\u0151tet\u0151ket kap, \u00e9s sz\u00e9kesegyh\u00e1zk\u00e9nt \u00fczemel az Avilai","og_url":"https:\/\/visitsubotica.rs\/hu\/mit-latogassunk-meg\/kultur\u00e1lis-eml\u00e9k\/kapela-sv-roke\/","og_site_name":"Visit Subotica","article_publisher":"https:\/\/www.facebook.com\/VisitSubotica.rs\/","article_modified_time":"2020-10-29T10:59:40+00:00","og_image":[{"width":2560,"height":1707,"url":"https:\/\/visitsubotica.rs\/wp-content\/uploads\/2019\/07\/IMG_3029-scaled.jpg","type":"image\/jpeg"}],"twitter_card":"summary_large_image","twitter_site":"@visitsubotica","twitter_misc":{"Becs\u00fclt olvas\u00e1si id\u0151":"1 perc"},"schema":{"@context":"https:\/\/schema.org","@graph":[{"@type":"WebPage","@id":"https:\/\/visitsubotica.rs\/hu\/mit-latogassunk-meg\/kultur\u00e1lis-eml\u00e9k\/kapela-sv-roke\/","url":"https:\/\/visitsubotica.rs\/hu\/mit-latogassunk-meg\/kultur\u00e1lis-eml\u00e9k\/kapela-sv-roke\/","name":"A SZENT R\u00d3KUS-K\u00c1POLNA - Visit Subotica","isPartOf":{"@id":"https:\/\/visitsubotica.rs\/#website"},"primaryImageOfPage":{"@id":"https:\/\/visitsubotica.rs\/hu\/mit-latogassunk-meg\/kultur\u00e1lis-eml\u00e9k\/kapela-sv-roke\/#primaryimage"},"image":{"@id":"https:\/\/visitsubotica.rs\/hu\/mit-latogassunk-meg\/kultur\u00e1lis-eml\u00e9k\/kapela-sv-roke\/#primaryimage"},"thumbnailUrl":"https:\/\/visitsubotica.rs\/wp-content\/uploads\/2019\/07\/IMG_3029-scaled.jpg","datePublished":"2019-07-14T20:34:46+00:00","dateModified":"2020-10-29T10:59:40+00:00","breadcrumb":{"@id":"https:\/\/visitsubotica.rs\/hu\/mit-latogassunk-meg\/kultur\u00e1lis-eml\u00e9k\/kapela-sv-roke\/#breadcrumb"},"inLanguage":"hu","potentialAction":[{"@type":"ReadAction","target":["https:\/\/visitsubotica.rs\/hu\/mit-latogassunk-meg\/kultur\u00e1lis-eml\u00e9k\/kapela-sv-roke\/"]}]},{"@type":"ImageObject","inLanguage":"hu","@id":"https:\/\/visitsubotica.rs\/hu\/mit-latogassunk-meg\/kultur\u00e1lis-eml\u00e9k\/kapela-sv-roke\/#primaryimage","url":"https:\/\/visitsubotica.rs\/wp-content\/uploads\/2019\/07\/IMG_3029-scaled.jpg","contentUrl":"https:\/\/visitsubotica.rs\/wp-content\/uploads\/2019\/07\/IMG_3029-scaled.jpg","width":2560,"height":1707},{"@type":"BreadcrumbList","@id":"https:\/\/visitsubotica.rs\/hu\/mit-latogassunk-meg\/kultur\u00e1lis-eml\u00e9k\/kapela-sv-roke\/#breadcrumb","itemListElement":[{"@type":"ListItem","position":1,"name":"Home","item":"https:\/\/visitsubotica.rs\/hu\/"},{"@type":"ListItem","position":2,"name":"A SZENT R\u00d3KUS-K\u00c1POLNA"}]},{"@type":"WebSite","@id":"https:\/\/visitsubotica.rs\/#website","url":"https:\/\/visitsubotica.rs\/","name":"Visit Subotica","description":"Turisti\u010dka organizacija grada Subotice","potentialAction":[{"@type":"SearchAction","target":{"@type":"EntryPoint","urlTemplate":"https:\/\/visitsubotica.rs\/?s={search_term_string}"},"query-input":{"@type":"PropertyValueSpecification","valueRequired":true,"valueName":"search_term_string"}}],"inLanguage":"hu"}]}},"_links":{"self":[{"href":"https:\/\/visitsubotica.rs\/hu\/wp-json\/wp\/v2\/spomenik\/14288","targetHints":{"allow":["GET"]}}],"collection":[{"href":"https:\/\/visitsubotica.rs\/hu\/wp-json\/wp\/v2\/spomenik"}],"about":[{"href":"https:\/\/visitsubotica.rs\/hu\/wp-json\/wp\/v2\/types\/spomenik"}],"version-history":[{"count":0,"href":"https:\/\/visitsubotica.rs\/hu\/wp-json\/wp\/v2\/spomenik\/14288\/revisions"}],"wp:featuredmedia":[{"embeddable":true,"href":"https:\/\/visitsubotica.rs\/hu\/wp-json\/wp\/v2\/media\/17219"}],"wp:attachment":[{"href":"https:\/\/visitsubotica.rs\/hu\/wp-json\/wp\/v2\/media?parent=14288"}],"wp:term":[{"taxonomy":"tip_spomenika","embeddable":true,"href":"https:\/\/visitsubotica.rs\/hu\/wp-json\/wp\/v2\/tip_spomenika?post=14288"}],"curies":[{"name":"wp","href":"https:\/\/api.w.org\/{rel}","templated":true}]}}