{"id":14286,"date":"2019-07-14T22:34:46","date_gmt":"2019-07-14T20:34:46","guid":{"rendered":"http:\/\/visitsubotica.rs\/sta-videti\/spomenik\/gradska-biblioteka\/"},"modified":"2023-10-25T10:57:53","modified_gmt":"2023-10-25T08:57:53","slug":"gradska-biblioteka","status":"publish","type":"spomenik","link":"https:\/\/visitsubotica.rs\/hu\/sta-videti\/spomenik\/gradska-biblioteka\/","title":{"rendered":"Szabadkai V\u00e1rosi K\u00f6nyvt\u00e1r"},"content":{"rendered":"\n<p><strong>A Szabadka V\u00e1rosi K\u00f6nyvt\u00e1r szervezeti fel\u00e9p\u00edt\u00e9se<\/strong><\/p>\n\n\n\n<p>A Szabadkai V\u00e1rosi K\u00f6nyvt\u00e1r a v\u00e1ros egyik legr\u00e9gebbi kultur\u00e1lis int\u00e9zm\u00e9nye. Ez egy k\u00f6zgy\u0171jtem\u00e9nyi t\u00edpus\u00fa k\u00f6nyvt\u00e1r \u00e9s Szabadka, Topolya \u00e9s Kishegyes k\u00f6zs\u00e9g t\u00f6rzsk\u00f6nyvt\u00e1ra. A k\u00f6nyvt\u00e1r a K\u00f6lcs\u00f6nz\u0151, Gyermek-, Tudom\u00e1nyos \u00e9s Helyismereti Oszt\u00e1lyon, illetve a Szerbiai Amerikai Nagyk\u00f6vets\u00e9g t\u00e1mogat\u00e1s\u00e1val m\u0171k\u00f6d\u0151 Amerikai Kuck\u00f3ban ny\u00fajt szolg\u00e1ltat\u00e1st haszn\u00e1l\u00f3inak. Ezen k\u00edv\u00fcl h\u00e9t akt\u00edv fi\u00f3kk\u00f6nyvt\u00e1ra m\u0171k\u00f6dik Szabadka k\u00fclv\u00e1ros\u00e1ban \u00e9s k\u00f6rny\u00e9k\u00e9n: S\u00e1ndor k\u00fclv\u00e1rosban, Bajmokon, Csantav\u00e9ren, Palicson, \u00dajzsedniken, Nagyf\u00e9nyen \u00e9s Tavank\u00faton.<\/p>\n\n\n\n<p><strong>T\u00f6rt\u00e9nelem &#8211; f\u00e1jdalmas \u00fat a konszolid\u00e1ci\u00f3 fel\u00e9<\/strong><\/p>\n\n\n\n<p>A Szabadkai V\u00e1rosi K\u00f6nyvt\u00e1rat 1892-ben alap\u00edtott\u00e1k Iv\u00e1nyi Istv\u00e1n (1845 &#8211; 1917) kezdem\u00e9nyez\u00e9s\u00e9re, aki a V\u00e1rosi K\u00f6nyvt\u00e1r alap\u00edt\u00f3ja \u00e9s els\u0151 k\u00f6nyvt\u00e1rosa, valamint a &#8221; Szabadka <em>szabad kir\u00e1lyi<\/em> v\u00e1ros <em>t\u00f6rt\u00e9nete<\/em> &#8221; c\u00edm\u0171 nagymonogr\u00e1fia szerz\u0151je. A n\u00e9h\u00e1ny sz\u00e1z k\u00f6nyvb\u0151l \u00e1ll\u00f3 kis gy\u0171jtem\u00e9nyb\u0151l a k\u00f6nyvt\u00e1r 133 \u00e9v alatt mintegy 400 000 monogr\u00e1fi\u00e1t, 6000 \u00e9vnyi id\u0151szaki kiadv\u00e1ny\u00e1t \u00e9s egy\u00e9b k\u00f6nyvt\u00e1ri anyag\u00e1t birtokl\u00f3 k\u00f6nyvt\u00e1rr\u00e1 n\u0151tte ki mag\u00e1t. Fenn\u00e1ll\u00e1s\u00e1nak 133 \u00e9ve alatt a K\u00f6nyvt\u00e1r t\u00f6bb helyre k\u00f6lt\u00f6z\u00f6tt, a b\u00edr\u00f3s\u00e1g \u00e9p\u00fclet\u00e9t\u0151l a Gimn\u00e1ziumon, a Zeneiskol\u00e1n, majd az egykori \u00c1llam- \u00e9s Jogtudom\u00e1nyi Karon (ma K\u00e9miai \u00e9s M\u0171szaki Iskola) \u00e1t a Sokolski domba (ma &#8221; Jadran&#8221;), \u00e9s ism\u00e9t \u00e1thelyezt\u00e9k a Zeneiskol\u00e1ba, ahonnan 1953-ban \u00e1tk\u00f6lt\u00f6ztett\u00e9k a jelenlegi \u00e9p\u00fcletbe, az atlaszokkal ell\u00e1tott sarok\u00e9p\u00fcletbe, a v\u00e1ros sz\u00edv\u00e9be.<\/p>\n\n\n\n<p><strong>K\u00fcl\u00f6ngy\u0171jtem\u00e9nyek &#8211; az \u00f6r\u00f6ks\u00e9g \u0151rei<\/strong><\/p>\n\n\n\n<p>K\u00fcl\u00f6n kiemelend\u0151, hogy a Szabadkai V\u00e1rosi K\u00f6nyvt\u00e1r rendk\u00edv\u00fcl gazdag r\u00e9gi \u00e9s ritka k\u00f6nyvgy\u0171jtem\u00e9nyt tudhat mag\u00e1\u00e9nak, melyek k\u00f6z\u00f6tt 6 \u0151snyomtatv\u00e1nyt &#8211; 15. sz\u00e1zadi k\u00f6nyveket &#8211; \u0151riz, \u00e9s ezek t\u00f6bbs\u00e9ge Dr. Vince bibliofil szem\u00e9lyes k\u00f6nyvt\u00e1r\u00e1b\u00f3l (Dr. Vincze Zomborcsevics (1810 &#8211; 1900) \u00e9s Milk\u00f3 Izidor (1862 &#8211; 1907)), \u00e9s m\u00e1s el\u0151kel\u0151 polg\u00e1rt\u00e1rsak k\u00f6nyvt\u00e1r\u00e1b\u00f3l sz\u00e1rmazik. 166 db 16. sz\u00e1zadi, 222 db 17. sz\u00e1zadi k\u00f6nyvet \u0151riznek itt. A k\u00f6nyvt\u00e1r leggyakrabban haszn\u00e1lt \u00e9s legfontosabb gy\u0171jtem\u00e9nye a Helyismereti gy\u0171jtem\u00e9ny, amelyet r\u00e9szben az Helyismereti oszt\u00e1lyon, r\u00e9szben a Tudom\u00e1nyos Oszt\u00e1lyon \u0151riznek. A t\u00f6rt\u00e9nelem \u00e9s a v\u00e1ros \u00e9let\u00e9nek minden szf\u00e9r\u00e1j\u00e1nak tanulm\u00e1nyoz\u00e1s\u00e1ban megker\u00fclhetetlen c\u00e9lpont &#8211; pontosan &#8211; a Helyismereti Gy\u0171jtem\u00e9ny.<\/p>\n\n\n\n<p><strong>Digitaliz\u00e1l\u00e1s \u2013 l\u00e9p\u00e9sek a j\u00f6v\u0151 fel\u00e9<\/strong><\/p>\n\n\n\n<p>A k\u00f6nyvt\u00e1r az elm\u00falt \u00e9vekben megkezdte a gy\u0171jtem\u00e9ny\u00e9nek digitaliz\u00e1l\u00e1s\u00e1t, kezdve a foly\u00f3iratokkal. A digitaliz\u00e1lt anyagok egy r\u00e9sze el\u00e9rhet\u0151 a <a href=\"https:\/\/digitalna.subiblioteka.rs\">https:\/\/digitalna.subiblioteka.rs<\/a> &nbsp;weboldalon.<\/p>\n\n\n\n<p>A k\u00f6nyvt\u00e1r az elm\u00falt \u00e9vekben b\u0151v\u00fclt, \u00e9s a magyarorsz\u00e1gi Bethlen G\u00e1bor Alap j\u00f3volt\u00e1b\u00f3l a Magyar Korm\u00e1ny Nemzetpolitikai \u00c1llamtitk\u00e1rs\u00e1g\u00e1nak megb\u00edz\u00e1s\u00e1val \u00faj olvas\u00f3termet, egy emeletes udvari \u00e9p\u00fcletet kapott, mely a digitaliz\u00e1lt anyagok felkutat\u00e1s\u00e1ra \u00e9s kutat\u00f3munk\u00e1ra, valamint oktat\u00e1si programokra \u00e9s kultur\u00e1lis rendezv\u00e9nyekre k\u00e9sz funkcion\u00e1lni.<\/p>\n\n\n\n<p><strong>70 \u00e9ve az egykori Nemzeti Kaszin\u00f3 \u00e9p\u00fclet\u00e9ben<\/strong><\/p>\n\n\n\n<p>A K\u00f6nyvt\u00e1r 2023-ban \u00fcnnepli fenn\u00e1ll\u00e1s\u00e1nak 70. \u00e9vfordul\u00f3j\u00e1t, ami\u00f3ta bek\u00f6lt\u00f6z\u00f6tt az 1896-ban \u00e9p\u00fclt, kiemelt kultur\u00e1lis m\u0171eml\u00e9ki min\u0151s\u00edt\u00e9s\u0171 egykori Nemzeti Kaszin\u00f3 \u00e9p\u00fclet\u00e9be. Az \u00e9p\u00fcletbe bek\u00f6lt\u00f6z\u00e9ssel megteremt\u0151dtek a felt\u00e9telek a gy\u0171jtem\u00e9ny rendszerez\u00e9s\u00e9hez, a katalogiz\u00e1l\u00e1s\u00e1hoz, a k\u00f6nyvt\u00e1ri anyag megfelel\u0151 elhelyez\u00e9s\u00e9hez, valamint a k\u00fcl\u00f6nb\u00f6z\u0151 ig\u00e9ny\u0171 \u00e9s kor\u00fa felhaszn\u00e1l\u00f3k kiszolg\u00e1l\u00e1s\u00e1ra kialak\u00edtott oszt\u00e1lyokon. A 70-es \u00e9vekben az \u00e9p\u00fcletet \u00faj ig\u00e9nyekhez igaz\u00edtott\u00e1k, 1973-74-ben megt\u00f6rt\u00e9nt az adapt\u00e1ci\u00f3, gal\u00e9ri\u00e1s terek kialak\u00edt\u00e1sa, \u00edgy egyre t\u00f6bb k\u00f6nyv \u00e9s foly\u00f3irat sz\u00e1m\u00e1ra biztos\u00edtottak helyet.<\/p>\n\n\n\n<p>Az \u00e9p\u00fclet Raichle J. Ferenc (1869 &#8211; 1960) terve alapj\u00e1n \u00e9p\u00fclt. Az eklektika jegy\u00e9ben tervezett sarok\u00e9p\u00fcletet k\u00e9pviseli. A Szabads\u00e1g t\u00e9r fel\u0151li bej\u00e1rat\u00e1n\u00e1l k\u00e9t atlasz alakja l\u00e1that\u00f3, Telcs Ede szobr\u00e1szm\u0171v\u00e9sz alkot\u00e1sa, amelyek az els\u0151 emelet erk\u00e9ly\u00e9t tartj\u00e1k. 2022-ben az els\u0151 homlokzatot fel\u00faj\u00edtott\u00e1k. Az olvas\u00f3terem \u00e9s a hozz\u00e1 vezet\u0151 l\u00e9pcs\u0151h\u00e1z rendk\u00edv\u00fcl f\u00e9ny\u0171z\u0151. A 19. \u00e9s 20. sz\u00e1zad fordul\u00f3j\u00e1n eredetileg a Szabad L\u00edceum \u00e9gisze alatt a Nemzeti Kaszin\u00f3ban \u00f6sszegy\u0171lt szabadkai \u00e9rtelmis\u00e9giek t\u00e1rsas\u00e1gi \u00e9let\u00e9re sz\u00e1nt\u00e1k. Kosztol\u00e1nyi Dezs\u0151 (1885 &#8211; 1936) szabadkai sz\u00fclet\u00e9s\u0171 nagy magyar \u00edr\u00f3, Pacsirta c\u00edm\u0171 reg\u00e9ny\u00e9ben \u00edrja le az \u00e9p\u00fclet t\u00e1rsadalmi \u00e9let\u00e9t \u00e9s hangulat\u00e1t.<\/p>\n\n\n\n<p><\/p>\n","protected":false},"excerpt":{"rendered":"<p>A Szabadka V\u00e1rosi K\u00f6nyvt\u00e1r szervezeti fel\u00e9p\u00edt\u00e9se A Szabadkai V\u00e1rosi K\u00f6nyvt\u00e1r a v\u00e1ros egyik legr\u00e9gebbi kultur\u00e1lis int\u00e9zm\u00e9nye. Ez egy k\u00f6zgy\u0171jtem\u00e9nyi t\u00edpus\u00fa k\u00f6nyvt\u00e1r \u00e9s Szabadka, Topolya \u00e9s Kishegyes k\u00f6zs\u00e9g t\u00f6rzsk\u00f6nyvt\u00e1ra. A k\u00f6nyvt\u00e1r a K\u00f6lcs\u00f6nz\u0151, Gyermek-, Tudom\u00e1nyos \u00e9s Helyismereti Oszt\u00e1lyon, illetve a Szerbiai Amerikai Nagyk\u00f6vets\u00e9g t\u00e1mogat\u00e1s\u00e1val m\u0171k\u00f6d\u0151 Amerikai Kuck\u00f3ban ny\u00fajt szolg\u00e1ltat\u00e1st haszn\u00e1l\u00f3inak. Ezen k\u00edv\u00fcl h\u00e9t akt\u00edv fi\u00f3kk\u00f6nyvt\u00e1ra m\u0171k\u00f6dik<\/p>\n","protected":false},"featured_media":17196,"template":"","meta":{"footnotes":""},"tip_spomenika":[703],"class_list":["post-14286","spomenik","type-spomenik","status-publish","has-post-thumbnail","hentry"],"yoast_head":"<!-- This site is optimized with the Yoast SEO plugin v27.4 - https:\/\/yoast.com\/product\/yoast-seo-wordpress\/ -->\n<title>Szabadkai V\u00e1rosi K\u00f6nyvt\u00e1r - Visit Subotica<\/title>\n<meta name=\"robots\" content=\"index, follow, max-snippet:-1, max-image-preview:large, max-video-preview:-1\" \/>\n<link rel=\"canonical\" href=\"https:\/\/visitsubotica.rs\/hu\/mit-latogassunk-meg\/kultur\u00e1lis-eml\u00e9k\/gradska-biblioteka\/\" \/>\n<meta property=\"og:locale\" content=\"hu_HU\" \/>\n<meta property=\"og:type\" content=\"article\" \/>\n<meta property=\"og:title\" content=\"Szabadkai V\u00e1rosi K\u00f6nyvt\u00e1r - Visit Subotica\" \/>\n<meta property=\"og:description\" content=\"A Szabadka V\u00e1rosi K\u00f6nyvt\u00e1r szervezeti fel\u00e9p\u00edt\u00e9se A Szabadkai V\u00e1rosi K\u00f6nyvt\u00e1r a v\u00e1ros egyik legr\u00e9gebbi kultur\u00e1lis int\u00e9zm\u00e9nye. Ez egy k\u00f6zgy\u0171jtem\u00e9nyi t\u00edpus\u00fa k\u00f6nyvt\u00e1r \u00e9s Szabadka, Topolya \u00e9s Kishegyes k\u00f6zs\u00e9g t\u00f6rzsk\u00f6nyvt\u00e1ra. A k\u00f6nyvt\u00e1r a K\u00f6lcs\u00f6nz\u0151, Gyermek-, Tudom\u00e1nyos \u00e9s Helyismereti Oszt\u00e1lyon, illetve a Szerbiai Amerikai Nagyk\u00f6vets\u00e9g t\u00e1mogat\u00e1s\u00e1val m\u0171k\u00f6d\u0151 Amerikai Kuck\u00f3ban ny\u00fajt szolg\u00e1ltat\u00e1st haszn\u00e1l\u00f3inak. Ezen k\u00edv\u00fcl h\u00e9t akt\u00edv fi\u00f3kk\u00f6nyvt\u00e1ra m\u0171k\u00f6dik\" \/>\n<meta property=\"og:url\" content=\"https:\/\/visitsubotica.rs\/hu\/mit-latogassunk-meg\/kultur\u00e1lis-eml\u00e9k\/gradska-biblioteka\/\" \/>\n<meta property=\"og:site_name\" content=\"Visit Subotica\" \/>\n<meta property=\"article:publisher\" content=\"https:\/\/www.facebook.com\/VisitSubotica.rs\/\" \/>\n<meta property=\"article:modified_time\" content=\"2023-10-25T08:57:53+00:00\" \/>\n<meta property=\"og:image\" content=\"https:\/\/visitsubotica.rs\/wp-content\/uploads\/2019\/07\/IMG_2959-1-scaled.jpg\" \/>\n\t<meta property=\"og:image:width\" content=\"2560\" \/>\n\t<meta property=\"og:image:height\" content=\"1707\" \/>\n\t<meta property=\"og:image:type\" content=\"image\/jpeg\" \/>\n<meta name=\"twitter:card\" content=\"summary_large_image\" \/>\n<meta name=\"twitter:site\" content=\"@visitsubotica\" \/>\n<meta name=\"twitter:label1\" content=\"Becs\u00fclt olvas\u00e1si id\u0151\" \/>\n\t<meta name=\"twitter:data1\" content=\"3 perc\" \/>\n<script type=\"application\/ld+json\" class=\"yoast-schema-graph\">{\"@context\":\"https:\\\/\\\/schema.org\",\"@graph\":[{\"@type\":\"WebPage\",\"@id\":\"https:\\\/\\\/visitsubotica.rs\\\/hu\\\/mit-latogassunk-meg\\\/kultur\u00e1lis-eml\u00e9k\\\/gradska-biblioteka\\\/\",\"url\":\"https:\\\/\\\/visitsubotica.rs\\\/hu\\\/mit-latogassunk-meg\\\/kultur\u00e1lis-eml\u00e9k\\\/gradska-biblioteka\\\/\",\"name\":\"Szabadkai V\u00e1rosi K\u00f6nyvt\u00e1r - Visit Subotica\",\"isPartOf\":{\"@id\":\"https:\\\/\\\/visitsubotica.rs\\\/#website\"},\"primaryImageOfPage\":{\"@id\":\"https:\\\/\\\/visitsubotica.rs\\\/hu\\\/mit-latogassunk-meg\\\/kultur\u00e1lis-eml\u00e9k\\\/gradska-biblioteka\\\/#primaryimage\"},\"image\":{\"@id\":\"https:\\\/\\\/visitsubotica.rs\\\/hu\\\/mit-latogassunk-meg\\\/kultur\u00e1lis-eml\u00e9k\\\/gradska-biblioteka\\\/#primaryimage\"},\"thumbnailUrl\":\"https:\\\/\\\/visitsubotica.rs\\\/wp-content\\\/uploads\\\/2019\\\/07\\\/IMG_2959-1-scaled.jpg\",\"datePublished\":\"2019-07-14T20:34:46+00:00\",\"dateModified\":\"2023-10-25T08:57:53+00:00\",\"breadcrumb\":{\"@id\":\"https:\\\/\\\/visitsubotica.rs\\\/hu\\\/mit-latogassunk-meg\\\/kultur\u00e1lis-eml\u00e9k\\\/gradska-biblioteka\\\/#breadcrumb\"},\"inLanguage\":\"hu\",\"potentialAction\":[{\"@type\":\"ReadAction\",\"target\":[\"https:\\\/\\\/visitsubotica.rs\\\/hu\\\/mit-latogassunk-meg\\\/kultur\u00e1lis-eml\u00e9k\\\/gradska-biblioteka\\\/\"]}]},{\"@type\":\"ImageObject\",\"inLanguage\":\"hu\",\"@id\":\"https:\\\/\\\/visitsubotica.rs\\\/hu\\\/mit-latogassunk-meg\\\/kultur\u00e1lis-eml\u00e9k\\\/gradska-biblioteka\\\/#primaryimage\",\"url\":\"https:\\\/\\\/visitsubotica.rs\\\/wp-content\\\/uploads\\\/2019\\\/07\\\/IMG_2959-1-scaled.jpg\",\"contentUrl\":\"https:\\\/\\\/visitsubotica.rs\\\/wp-content\\\/uploads\\\/2019\\\/07\\\/IMG_2959-1-scaled.jpg\",\"width\":2560,\"height\":1707},{\"@type\":\"BreadcrumbList\",\"@id\":\"https:\\\/\\\/visitsubotica.rs\\\/hu\\\/mit-latogassunk-meg\\\/kultur\u00e1lis-eml\u00e9k\\\/gradska-biblioteka\\\/#breadcrumb\",\"itemListElement\":[{\"@type\":\"ListItem\",\"position\":1,\"name\":\"Home\",\"item\":\"https:\\\/\\\/visitsubotica.rs\\\/hu\\\/\"},{\"@type\":\"ListItem\",\"position\":2,\"name\":\"Szabadkai V\u00e1rosi K\u00f6nyvt\u00e1r\"}]},{\"@type\":\"WebSite\",\"@id\":\"https:\\\/\\\/visitsubotica.rs\\\/#website\",\"url\":\"https:\\\/\\\/visitsubotica.rs\\\/\",\"name\":\"Visit Subotica\",\"description\":\"Turisti\u010dka organizacija grada Subotice\",\"potentialAction\":[{\"@type\":\"SearchAction\",\"target\":{\"@type\":\"EntryPoint\",\"urlTemplate\":\"https:\\\/\\\/visitsubotica.rs\\\/?s={search_term_string}\"},\"query-input\":{\"@type\":\"PropertyValueSpecification\",\"valueRequired\":true,\"valueName\":\"search_term_string\"}}],\"inLanguage\":\"hu\"}]}<\/script>\n<!-- \/ Yoast SEO plugin. -->","yoast_head_json":{"title":"Szabadkai V\u00e1rosi K\u00f6nyvt\u00e1r - Visit Subotica","robots":{"index":"index","follow":"follow","max-snippet":"max-snippet:-1","max-image-preview":"max-image-preview:large","max-video-preview":"max-video-preview:-1"},"canonical":"https:\/\/visitsubotica.rs\/hu\/mit-latogassunk-meg\/kultur\u00e1lis-eml\u00e9k\/gradska-biblioteka\/","og_locale":"hu_HU","og_type":"article","og_title":"Szabadkai V\u00e1rosi K\u00f6nyvt\u00e1r - Visit Subotica","og_description":"A Szabadka V\u00e1rosi K\u00f6nyvt\u00e1r szervezeti fel\u00e9p\u00edt\u00e9se A Szabadkai V\u00e1rosi K\u00f6nyvt\u00e1r a v\u00e1ros egyik legr\u00e9gebbi kultur\u00e1lis int\u00e9zm\u00e9nye. Ez egy k\u00f6zgy\u0171jtem\u00e9nyi t\u00edpus\u00fa k\u00f6nyvt\u00e1r \u00e9s Szabadka, Topolya \u00e9s Kishegyes k\u00f6zs\u00e9g t\u00f6rzsk\u00f6nyvt\u00e1ra. A k\u00f6nyvt\u00e1r a K\u00f6lcs\u00f6nz\u0151, Gyermek-, Tudom\u00e1nyos \u00e9s Helyismereti Oszt\u00e1lyon, illetve a Szerbiai Amerikai Nagyk\u00f6vets\u00e9g t\u00e1mogat\u00e1s\u00e1val m\u0171k\u00f6d\u0151 Amerikai Kuck\u00f3ban ny\u00fajt szolg\u00e1ltat\u00e1st haszn\u00e1l\u00f3inak. Ezen k\u00edv\u00fcl h\u00e9t akt\u00edv fi\u00f3kk\u00f6nyvt\u00e1ra m\u0171k\u00f6dik","og_url":"https:\/\/visitsubotica.rs\/hu\/mit-latogassunk-meg\/kultur\u00e1lis-eml\u00e9k\/gradska-biblioteka\/","og_site_name":"Visit Subotica","article_publisher":"https:\/\/www.facebook.com\/VisitSubotica.rs\/","article_modified_time":"2023-10-25T08:57:53+00:00","og_image":[{"width":2560,"height":1707,"url":"https:\/\/visitsubotica.rs\/wp-content\/uploads\/2019\/07\/IMG_2959-1-scaled.jpg","type":"image\/jpeg"}],"twitter_card":"summary_large_image","twitter_site":"@visitsubotica","twitter_misc":{"Becs\u00fclt olvas\u00e1si id\u0151":"3 perc"},"schema":{"@context":"https:\/\/schema.org","@graph":[{"@type":"WebPage","@id":"https:\/\/visitsubotica.rs\/hu\/mit-latogassunk-meg\/kultur\u00e1lis-eml\u00e9k\/gradska-biblioteka\/","url":"https:\/\/visitsubotica.rs\/hu\/mit-latogassunk-meg\/kultur\u00e1lis-eml\u00e9k\/gradska-biblioteka\/","name":"Szabadkai V\u00e1rosi K\u00f6nyvt\u00e1r - Visit Subotica","isPartOf":{"@id":"https:\/\/visitsubotica.rs\/#website"},"primaryImageOfPage":{"@id":"https:\/\/visitsubotica.rs\/hu\/mit-latogassunk-meg\/kultur\u00e1lis-eml\u00e9k\/gradska-biblioteka\/#primaryimage"},"image":{"@id":"https:\/\/visitsubotica.rs\/hu\/mit-latogassunk-meg\/kultur\u00e1lis-eml\u00e9k\/gradska-biblioteka\/#primaryimage"},"thumbnailUrl":"https:\/\/visitsubotica.rs\/wp-content\/uploads\/2019\/07\/IMG_2959-1-scaled.jpg","datePublished":"2019-07-14T20:34:46+00:00","dateModified":"2023-10-25T08:57:53+00:00","breadcrumb":{"@id":"https:\/\/visitsubotica.rs\/hu\/mit-latogassunk-meg\/kultur\u00e1lis-eml\u00e9k\/gradska-biblioteka\/#breadcrumb"},"inLanguage":"hu","potentialAction":[{"@type":"ReadAction","target":["https:\/\/visitsubotica.rs\/hu\/mit-latogassunk-meg\/kultur\u00e1lis-eml\u00e9k\/gradska-biblioteka\/"]}]},{"@type":"ImageObject","inLanguage":"hu","@id":"https:\/\/visitsubotica.rs\/hu\/mit-latogassunk-meg\/kultur\u00e1lis-eml\u00e9k\/gradska-biblioteka\/#primaryimage","url":"https:\/\/visitsubotica.rs\/wp-content\/uploads\/2019\/07\/IMG_2959-1-scaled.jpg","contentUrl":"https:\/\/visitsubotica.rs\/wp-content\/uploads\/2019\/07\/IMG_2959-1-scaled.jpg","width":2560,"height":1707},{"@type":"BreadcrumbList","@id":"https:\/\/visitsubotica.rs\/hu\/mit-latogassunk-meg\/kultur\u00e1lis-eml\u00e9k\/gradska-biblioteka\/#breadcrumb","itemListElement":[{"@type":"ListItem","position":1,"name":"Home","item":"https:\/\/visitsubotica.rs\/hu\/"},{"@type":"ListItem","position":2,"name":"Szabadkai V\u00e1rosi K\u00f6nyvt\u00e1r"}]},{"@type":"WebSite","@id":"https:\/\/visitsubotica.rs\/#website","url":"https:\/\/visitsubotica.rs\/","name":"Visit Subotica","description":"Turisti\u010dka organizacija grada Subotice","potentialAction":[{"@type":"SearchAction","target":{"@type":"EntryPoint","urlTemplate":"https:\/\/visitsubotica.rs\/?s={search_term_string}"},"query-input":{"@type":"PropertyValueSpecification","valueRequired":true,"valueName":"search_term_string"}}],"inLanguage":"hu"}]}},"_links":{"self":[{"href":"https:\/\/visitsubotica.rs\/hu\/wp-json\/wp\/v2\/spomenik\/14286","targetHints":{"allow":["GET"]}}],"collection":[{"href":"https:\/\/visitsubotica.rs\/hu\/wp-json\/wp\/v2\/spomenik"}],"about":[{"href":"https:\/\/visitsubotica.rs\/hu\/wp-json\/wp\/v2\/types\/spomenik"}],"version-history":[{"count":0,"href":"https:\/\/visitsubotica.rs\/hu\/wp-json\/wp\/v2\/spomenik\/14286\/revisions"}],"wp:featuredmedia":[{"embeddable":true,"href":"https:\/\/visitsubotica.rs\/hu\/wp-json\/wp\/v2\/media\/17196"}],"wp:attachment":[{"href":"https:\/\/visitsubotica.rs\/hu\/wp-json\/wp\/v2\/media?parent=14286"}],"wp:term":[{"taxonomy":"tip_spomenika","embeddable":true,"href":"https:\/\/visitsubotica.rs\/hu\/wp-json\/wp\/v2\/tip_spomenika?post=14286"}],"curies":[{"name":"wp","href":"https:\/\/api.w.org\/{rel}","templated":true}]}}