{"id":14276,"date":"2019-07-14T22:34:46","date_gmt":"2019-07-14T20:34:46","guid":{"rendered":"http:\/\/visitsubotica.rs\/sta-videti\/spomenik\/spomenik-svetog-trojstva\/"},"modified":"2020-02-09T11:50:12","modified_gmt":"2020-02-09T10:50:12","slug":"spomenik-svetog-trojstva","status":"publish","type":"spomenik","link":"https:\/\/visitsubotica.rs\/hu\/sta-videti\/spomenik\/spomenik-svetog-trojstva\/","title":{"rendered":"A SZENTH\u00c1ROMS\u00c1G-SZOBOR"},"content":{"rendered":"\n<p>A Szenth\u00e1roms\u00e1g-szobor Karl Salzer m\u0171ve, \u00e9s 1815-ben helyezt\u00e9k el az akkori piact\u00e9ren.<\/p>\n\n\n\n<p>A korm\u00e1ny d\u00f6nt\u00e9se alapj\u00e1n 1964-ben \u00e1thelyez\u00e9k az Avilai Szent Ter\u00e9z Sz\u00e9kesegyh\u00e1z \u00e9s a Szabadkai Egyh\u00e1zmegye \u00e9p\u00fclete k\u00f6z\u00e9, ahol eg\u00e9szen 2014-ig \u00e1llt, amelyet k\u00f6vet\u0151en a Magyar Nemzeti Tan\u00e1cs kezdem\u00e9nyez\u00e9s\u00e9re megkezdt\u00e9k annak fel\u00faj\u00edt\u00e1s\u00e1t. 2016-ban a szobrot visszahelyezt\u00e9k els\u0151dleges hely\u00e9re.<\/p>\n\n\n\n<p>A Szenth\u00e1roms\u00e1g-szobor az Eur\u00f3p\u00e1hoz val\u00f3 tartoz\u00e1s szimb\u00f3luma, a toleranci\u00e1t hangs\u00falyoz\u00f3 \u00e9rt\u00e9kek \u00e9s a meg\u00e9rt\u00e9s jelk\u00e9pe \u00e9s nem a diszkrimin\u00e1ci\u00f3r\u00f3l sz\u00f3l.<\/p>\n\n\n\n<figure class=\"wp-block-gallery columns-3 is-cropped wp-block-gallery-1 is-layout-flex wp-block-gallery-is-layout-flex\"><ul class=\"blocks-gallery-grid\"><li class=\"blocks-gallery-item\"><figure><img decoding=\"async\" width=\"683\" height=\"1024\" src=\"http:\/\/visitsubotica.rs\/wp-content\/uploads\/2019\/10\/Trojstvo-2-683x1024.jpg\" alt=\"\" data-id=\"5592\" data-link=\"http:\/\/visitsubotica.rs\/trojstvo-2\/\" class=\"wp-image-5592\" srcset=\"https:\/\/visitsubotica.rs\/wp-content\/uploads\/2019\/10\/Trojstvo-2-683x1024.jpg 683w, https:\/\/visitsubotica.rs\/wp-content\/uploads\/2019\/10\/Trojstvo-2-200x300.jpg 200w, https:\/\/visitsubotica.rs\/wp-content\/uploads\/2019\/10\/Trojstvo-2-768x1152.jpg 768w, https:\/\/visitsubotica.rs\/wp-content\/uploads\/2019\/10\/Trojstvo-2-125x187.jpg 125w, https:\/\/visitsubotica.rs\/wp-content\/uploads\/2019\/10\/Trojstvo-2-1170x1755.jpg 1170w, https:\/\/visitsubotica.rs\/wp-content\/uploads\/2019\/10\/Trojstvo-2.jpg 1280w\" sizes=\"(max-width: 683px) 100vw, 683px\" \/><\/figure><\/li><li class=\"blocks-gallery-item\"><figure><img decoding=\"async\" width=\"1024\" height=\"684\" src=\"http:\/\/visitsubotica.rs\/wp-content\/uploads\/2019\/10\/Trojstvo-3-1024x684.jpg\" alt=\"\" data-id=\"5593\" data-link=\"http:\/\/visitsubotica.rs\/trojstvo-3\/\" class=\"wp-image-5593\" srcset=\"https:\/\/visitsubotica.rs\/wp-content\/uploads\/2019\/10\/Trojstvo-3-1024x684.jpg 1024w, https:\/\/visitsubotica.rs\/wp-content\/uploads\/2019\/10\/Trojstvo-3-300x200.jpg 300w, https:\/\/visitsubotica.rs\/wp-content\/uploads\/2019\/10\/Trojstvo-3-768x513.jpg 768w, https:\/\/visitsubotica.rs\/wp-content\/uploads\/2019\/10\/Trojstvo-3-280x187.jpg 280w, https:\/\/visitsubotica.rs\/wp-content\/uploads\/2019\/10\/Trojstvo-3-1170x781.jpg 1170w, https:\/\/visitsubotica.rs\/wp-content\/uploads\/2019\/10\/Trojstvo-3.jpg 1920w\" sizes=\"(max-width: 1024px) 100vw, 1024px\" \/><\/figure><\/li><li class=\"blocks-gallery-item\"><figure><img decoding=\"async\" width=\"1024\" height=\"684\" src=\"http:\/\/visitsubotica.rs\/wp-content\/uploads\/2019\/10\/Trojstvo-4-1024x684.jpg\" alt=\"\" data-id=\"5594\" data-link=\"http:\/\/visitsubotica.rs\/trojstvo-4\/\" class=\"wp-image-5594\" srcset=\"https:\/\/visitsubotica.rs\/wp-content\/uploads\/2019\/10\/Trojstvo-4-1024x684.jpg 1024w, https:\/\/visitsubotica.rs\/wp-content\/uploads\/2019\/10\/Trojstvo-4-300x200.jpg 300w, https:\/\/visitsubotica.rs\/wp-content\/uploads\/2019\/10\/Trojstvo-4-768x513.jpg 768w, https:\/\/visitsubotica.rs\/wp-content\/uploads\/2019\/10\/Trojstvo-4-280x187.jpg 280w, https:\/\/visitsubotica.rs\/wp-content\/uploads\/2019\/10\/Trojstvo-4-1170x781.jpg 1170w, https:\/\/visitsubotica.rs\/wp-content\/uploads\/2019\/10\/Trojstvo-4.jpg 1920w\" sizes=\"(max-width: 1024px) 100vw, 1024px\" \/><\/figure><\/li><li class=\"blocks-gallery-item\"><figure><img decoding=\"async\" width=\"1024\" height=\"684\" src=\"http:\/\/visitsubotica.rs\/wp-content\/uploads\/2019\/10\/Trojstvo-5-1024x684.jpg\" alt=\"\" data-id=\"5595\" data-link=\"http:\/\/visitsubotica.rs\/trojstvo-5\/\" class=\"wp-image-5595\" srcset=\"https:\/\/visitsubotica.rs\/wp-content\/uploads\/2019\/10\/Trojstvo-5-1024x684.jpg 1024w, https:\/\/visitsubotica.rs\/wp-content\/uploads\/2019\/10\/Trojstvo-5-300x200.jpg 300w, https:\/\/visitsubotica.rs\/wp-content\/uploads\/2019\/10\/Trojstvo-5-768x513.jpg 768w, https:\/\/visitsubotica.rs\/wp-content\/uploads\/2019\/10\/Trojstvo-5-280x187.jpg 280w, https:\/\/visitsubotica.rs\/wp-content\/uploads\/2019\/10\/Trojstvo-5-1170x781.jpg 1170w, https:\/\/visitsubotica.rs\/wp-content\/uploads\/2019\/10\/Trojstvo-5.jpg 1920w\" sizes=\"(max-width: 1024px) 100vw, 1024px\" \/><\/figure><\/li><li class=\"blocks-gallery-item\"><figure><img decoding=\"async\" width=\"1024\" height=\"684\" src=\"http:\/\/visitsubotica.rs\/wp-content\/uploads\/2019\/10\/Trojstvo-6-1024x684.jpg\" alt=\"\" data-id=\"5596\" data-link=\"http:\/\/visitsubotica.rs\/trojstvo-6\/\" class=\"wp-image-5596\" srcset=\"https:\/\/visitsubotica.rs\/wp-content\/uploads\/2019\/10\/Trojstvo-6-1024x684.jpg 1024w, https:\/\/visitsubotica.rs\/wp-content\/uploads\/2019\/10\/Trojstvo-6-300x200.jpg 300w, https:\/\/visitsubotica.rs\/wp-content\/uploads\/2019\/10\/Trojstvo-6-768x513.jpg 768w, https:\/\/visitsubotica.rs\/wp-content\/uploads\/2019\/10\/Trojstvo-6-280x187.jpg 280w, https:\/\/visitsubotica.rs\/wp-content\/uploads\/2019\/10\/Trojstvo-6-1170x781.jpg 1170w, https:\/\/visitsubotica.rs\/wp-content\/uploads\/2019\/10\/Trojstvo-6.jpg 1920w\" sizes=\"(max-width: 1024px) 100vw, 1024px\" \/><\/figure><\/li><\/ul><\/figure>\n","protected":false},"excerpt":{"rendered":"<p>A Szenth\u00e1roms\u00e1g-szobor Karl Salzer m\u0171ve, \u00e9s 1815-ben helyezt\u00e9k el az akkori piact\u00e9ren. A korm\u00e1ny d\u00f6nt\u00e9se alapj\u00e1n 1964-ben \u00e1thelyez\u00e9k az Avilai Szent Ter\u00e9z Sz\u00e9kesegyh\u00e1z \u00e9s a Szabadkai Egyh\u00e1zmegye \u00e9p\u00fclete k\u00f6z\u00e9, ahol eg\u00e9szen 2014-ig \u00e1llt, amelyet k\u00f6vet\u0151en a Magyar Nemzeti Tan\u00e1cs kezdem\u00e9nyez\u00e9s\u00e9re megkezdt\u00e9k annak fel\u00faj\u00edt\u00e1s\u00e1t. 2016-ban a szobrot visszahelyezt\u00e9k els\u0151dleges hely\u00e9re. A Szenth\u00e1roms\u00e1g-szobor az Eur\u00f3p\u00e1hoz val\u00f3 tartoz\u00e1s<\/p>\n","protected":false},"featured_media":13406,"template":"","meta":{"footnotes":""},"tip_spomenika":[705],"class_list":["post-14276","spomenik","type-spomenik","status-publish","has-post-thumbnail","hentry"],"yoast_head":"<!-- This site is optimized with the Yoast SEO plugin v27.4 - https:\/\/yoast.com\/product\/yoast-seo-wordpress\/ -->\n<title>A SZENTH\u00c1ROMS\u00c1G-SZOBOR - Visit Subotica<\/title>\n<meta name=\"robots\" content=\"index, follow, max-snippet:-1, max-image-preview:large, max-video-preview:-1\" \/>\n<link rel=\"canonical\" href=\"https:\/\/visitsubotica.rs\/hu\/mit-latogassunk-meg\/kultur\u00e1lis-eml\u00e9k\/spomenik-svetog-trojstva\/\" \/>\n<meta property=\"og:locale\" content=\"hu_HU\" \/>\n<meta property=\"og:type\" content=\"article\" \/>\n<meta property=\"og:title\" content=\"A SZENTH\u00c1ROMS\u00c1G-SZOBOR - Visit Subotica\" \/>\n<meta property=\"og:description\" content=\"A Szenth\u00e1roms\u00e1g-szobor Karl Salzer m\u0171ve, \u00e9s 1815-ben helyezt\u00e9k el az akkori piact\u00e9ren. A korm\u00e1ny d\u00f6nt\u00e9se alapj\u00e1n 1964-ben \u00e1thelyez\u00e9k az Avilai Szent Ter\u00e9z Sz\u00e9kesegyh\u00e1z \u00e9s a Szabadkai Egyh\u00e1zmegye \u00e9p\u00fclete k\u00f6z\u00e9, ahol eg\u00e9szen 2014-ig \u00e1llt, amelyet k\u00f6vet\u0151en a Magyar Nemzeti Tan\u00e1cs kezdem\u00e9nyez\u00e9s\u00e9re megkezdt\u00e9k annak fel\u00faj\u00edt\u00e1s\u00e1t. 2016-ban a szobrot visszahelyezt\u00e9k els\u0151dleges hely\u00e9re. A Szenth\u00e1roms\u00e1g-szobor az Eur\u00f3p\u00e1hoz val\u00f3 tartoz\u00e1s\" \/>\n<meta property=\"og:url\" content=\"https:\/\/visitsubotica.rs\/hu\/mit-latogassunk-meg\/kultur\u00e1lis-eml\u00e9k\/spomenik-svetog-trojstva\/\" \/>\n<meta property=\"og:site_name\" content=\"Visit Subotica\" \/>\n<meta property=\"article:publisher\" content=\"https:\/\/www.facebook.com\/VisitSubotica.rs\/\" \/>\n<meta property=\"article:modified_time\" content=\"2020-02-09T10:50:12+00:00\" \/>\n<meta property=\"og:image\" content=\"https:\/\/visitsubotica.rs\/wp-content\/uploads\/2019\/10\/Trojstvo-1.jpg\" \/>\n\t<meta property=\"og:image:width\" content=\"1920\" \/>\n\t<meta property=\"og:image:height\" content=\"1282\" \/>\n\t<meta property=\"og:image:type\" content=\"image\/jpeg\" \/>\n<meta name=\"twitter:card\" content=\"summary_large_image\" \/>\n<meta name=\"twitter:site\" content=\"@visitsubotica\" \/>\n<meta name=\"twitter:label1\" content=\"Becs\u00fclt olvas\u00e1si id\u0151\" \/>\n\t<meta name=\"twitter:data1\" content=\"1 perc\" \/>\n<script type=\"application\/ld+json\" class=\"yoast-schema-graph\">{\"@context\":\"https:\\\/\\\/schema.org\",\"@graph\":[{\"@type\":\"WebPage\",\"@id\":\"https:\\\/\\\/visitsubotica.rs\\\/hu\\\/mit-latogassunk-meg\\\/kultur\u00e1lis-eml\u00e9k\\\/spomenik-svetog-trojstva\\\/\",\"url\":\"https:\\\/\\\/visitsubotica.rs\\\/hu\\\/mit-latogassunk-meg\\\/kultur\u00e1lis-eml\u00e9k\\\/spomenik-svetog-trojstva\\\/\",\"name\":\"A SZENTH\u00c1ROMS\u00c1G-SZOBOR - Visit Subotica\",\"isPartOf\":{\"@id\":\"https:\\\/\\\/visitsubotica.rs\\\/#website\"},\"primaryImageOfPage\":{\"@id\":\"https:\\\/\\\/visitsubotica.rs\\\/hu\\\/mit-latogassunk-meg\\\/kultur\u00e1lis-eml\u00e9k\\\/spomenik-svetog-trojstva\\\/#primaryimage\"},\"image\":{\"@id\":\"https:\\\/\\\/visitsubotica.rs\\\/hu\\\/mit-latogassunk-meg\\\/kultur\u00e1lis-eml\u00e9k\\\/spomenik-svetog-trojstva\\\/#primaryimage\"},\"thumbnailUrl\":\"https:\\\/\\\/visitsubotica.rs\\\/wp-content\\\/uploads\\\/2019\\\/10\\\/Trojstvo-1.jpg\",\"datePublished\":\"2019-07-14T20:34:46+00:00\",\"dateModified\":\"2020-02-09T10:50:12+00:00\",\"breadcrumb\":{\"@id\":\"https:\\\/\\\/visitsubotica.rs\\\/hu\\\/mit-latogassunk-meg\\\/kultur\u00e1lis-eml\u00e9k\\\/spomenik-svetog-trojstva\\\/#breadcrumb\"},\"inLanguage\":\"hu\",\"potentialAction\":[{\"@type\":\"ReadAction\",\"target\":[\"https:\\\/\\\/visitsubotica.rs\\\/hu\\\/mit-latogassunk-meg\\\/kultur\u00e1lis-eml\u00e9k\\\/spomenik-svetog-trojstva\\\/\"]}]},{\"@type\":\"ImageObject\",\"inLanguage\":\"hu\",\"@id\":\"https:\\\/\\\/visitsubotica.rs\\\/hu\\\/mit-latogassunk-meg\\\/kultur\u00e1lis-eml\u00e9k\\\/spomenik-svetog-trojstva\\\/#primaryimage\",\"url\":\"https:\\\/\\\/visitsubotica.rs\\\/wp-content\\\/uploads\\\/2019\\\/10\\\/Trojstvo-1.jpg\",\"contentUrl\":\"https:\\\/\\\/visitsubotica.rs\\\/wp-content\\\/uploads\\\/2019\\\/10\\\/Trojstvo-1.jpg\",\"width\":1920,\"height\":1282},{\"@type\":\"BreadcrumbList\",\"@id\":\"https:\\\/\\\/visitsubotica.rs\\\/hu\\\/mit-latogassunk-meg\\\/kultur\u00e1lis-eml\u00e9k\\\/spomenik-svetog-trojstva\\\/#breadcrumb\",\"itemListElement\":[{\"@type\":\"ListItem\",\"position\":1,\"name\":\"Home\",\"item\":\"https:\\\/\\\/visitsubotica.rs\\\/hu\\\/\"},{\"@type\":\"ListItem\",\"position\":2,\"name\":\"A SZENTH\u00c1ROMS\u00c1G-SZOBOR\"}]},{\"@type\":\"WebSite\",\"@id\":\"https:\\\/\\\/visitsubotica.rs\\\/#website\",\"url\":\"https:\\\/\\\/visitsubotica.rs\\\/\",\"name\":\"Visit Subotica\",\"description\":\"Turisti\u010dka organizacija grada Subotice\",\"potentialAction\":[{\"@type\":\"SearchAction\",\"target\":{\"@type\":\"EntryPoint\",\"urlTemplate\":\"https:\\\/\\\/visitsubotica.rs\\\/?s={search_term_string}\"},\"query-input\":{\"@type\":\"PropertyValueSpecification\",\"valueRequired\":true,\"valueName\":\"search_term_string\"}}],\"inLanguage\":\"hu\"}]}<\/script>\n<!-- \/ Yoast SEO plugin. -->","yoast_head_json":{"title":"A SZENTH\u00c1ROMS\u00c1G-SZOBOR - Visit Subotica","robots":{"index":"index","follow":"follow","max-snippet":"max-snippet:-1","max-image-preview":"max-image-preview:large","max-video-preview":"max-video-preview:-1"},"canonical":"https:\/\/visitsubotica.rs\/hu\/mit-latogassunk-meg\/kultur\u00e1lis-eml\u00e9k\/spomenik-svetog-trojstva\/","og_locale":"hu_HU","og_type":"article","og_title":"A SZENTH\u00c1ROMS\u00c1G-SZOBOR - Visit Subotica","og_description":"A Szenth\u00e1roms\u00e1g-szobor Karl Salzer m\u0171ve, \u00e9s 1815-ben helyezt\u00e9k el az akkori piact\u00e9ren. A korm\u00e1ny d\u00f6nt\u00e9se alapj\u00e1n 1964-ben \u00e1thelyez\u00e9k az Avilai Szent Ter\u00e9z Sz\u00e9kesegyh\u00e1z \u00e9s a Szabadkai Egyh\u00e1zmegye \u00e9p\u00fclete k\u00f6z\u00e9, ahol eg\u00e9szen 2014-ig \u00e1llt, amelyet k\u00f6vet\u0151en a Magyar Nemzeti Tan\u00e1cs kezdem\u00e9nyez\u00e9s\u00e9re megkezdt\u00e9k annak fel\u00faj\u00edt\u00e1s\u00e1t. 2016-ban a szobrot visszahelyezt\u00e9k els\u0151dleges hely\u00e9re. A Szenth\u00e1roms\u00e1g-szobor az Eur\u00f3p\u00e1hoz val\u00f3 tartoz\u00e1s","og_url":"https:\/\/visitsubotica.rs\/hu\/mit-latogassunk-meg\/kultur\u00e1lis-eml\u00e9k\/spomenik-svetog-trojstva\/","og_site_name":"Visit Subotica","article_publisher":"https:\/\/www.facebook.com\/VisitSubotica.rs\/","article_modified_time":"2020-02-09T10:50:12+00:00","og_image":[{"width":1920,"height":1282,"url":"https:\/\/visitsubotica.rs\/wp-content\/uploads\/2019\/10\/Trojstvo-1.jpg","type":"image\/jpeg"}],"twitter_card":"summary_large_image","twitter_site":"@visitsubotica","twitter_misc":{"Becs\u00fclt olvas\u00e1si id\u0151":"1 perc"},"schema":{"@context":"https:\/\/schema.org","@graph":[{"@type":"WebPage","@id":"https:\/\/visitsubotica.rs\/hu\/mit-latogassunk-meg\/kultur\u00e1lis-eml\u00e9k\/spomenik-svetog-trojstva\/","url":"https:\/\/visitsubotica.rs\/hu\/mit-latogassunk-meg\/kultur\u00e1lis-eml\u00e9k\/spomenik-svetog-trojstva\/","name":"A SZENTH\u00c1ROMS\u00c1G-SZOBOR - Visit Subotica","isPartOf":{"@id":"https:\/\/visitsubotica.rs\/#website"},"primaryImageOfPage":{"@id":"https:\/\/visitsubotica.rs\/hu\/mit-latogassunk-meg\/kultur\u00e1lis-eml\u00e9k\/spomenik-svetog-trojstva\/#primaryimage"},"image":{"@id":"https:\/\/visitsubotica.rs\/hu\/mit-latogassunk-meg\/kultur\u00e1lis-eml\u00e9k\/spomenik-svetog-trojstva\/#primaryimage"},"thumbnailUrl":"https:\/\/visitsubotica.rs\/wp-content\/uploads\/2019\/10\/Trojstvo-1.jpg","datePublished":"2019-07-14T20:34:46+00:00","dateModified":"2020-02-09T10:50:12+00:00","breadcrumb":{"@id":"https:\/\/visitsubotica.rs\/hu\/mit-latogassunk-meg\/kultur\u00e1lis-eml\u00e9k\/spomenik-svetog-trojstva\/#breadcrumb"},"inLanguage":"hu","potentialAction":[{"@type":"ReadAction","target":["https:\/\/visitsubotica.rs\/hu\/mit-latogassunk-meg\/kultur\u00e1lis-eml\u00e9k\/spomenik-svetog-trojstva\/"]}]},{"@type":"ImageObject","inLanguage":"hu","@id":"https:\/\/visitsubotica.rs\/hu\/mit-latogassunk-meg\/kultur\u00e1lis-eml\u00e9k\/spomenik-svetog-trojstva\/#primaryimage","url":"https:\/\/visitsubotica.rs\/wp-content\/uploads\/2019\/10\/Trojstvo-1.jpg","contentUrl":"https:\/\/visitsubotica.rs\/wp-content\/uploads\/2019\/10\/Trojstvo-1.jpg","width":1920,"height":1282},{"@type":"BreadcrumbList","@id":"https:\/\/visitsubotica.rs\/hu\/mit-latogassunk-meg\/kultur\u00e1lis-eml\u00e9k\/spomenik-svetog-trojstva\/#breadcrumb","itemListElement":[{"@type":"ListItem","position":1,"name":"Home","item":"https:\/\/visitsubotica.rs\/hu\/"},{"@type":"ListItem","position":2,"name":"A SZENTH\u00c1ROMS\u00c1G-SZOBOR"}]},{"@type":"WebSite","@id":"https:\/\/visitsubotica.rs\/#website","url":"https:\/\/visitsubotica.rs\/","name":"Visit Subotica","description":"Turisti\u010dka organizacija grada Subotice","potentialAction":[{"@type":"SearchAction","target":{"@type":"EntryPoint","urlTemplate":"https:\/\/visitsubotica.rs\/?s={search_term_string}"},"query-input":{"@type":"PropertyValueSpecification","valueRequired":true,"valueName":"search_term_string"}}],"inLanguage":"hu"}]}},"_links":{"self":[{"href":"https:\/\/visitsubotica.rs\/hu\/wp-json\/wp\/v2\/spomenik\/14276","targetHints":{"allow":["GET"]}}],"collection":[{"href":"https:\/\/visitsubotica.rs\/hu\/wp-json\/wp\/v2\/spomenik"}],"about":[{"href":"https:\/\/visitsubotica.rs\/hu\/wp-json\/wp\/v2\/types\/spomenik"}],"version-history":[{"count":0,"href":"https:\/\/visitsubotica.rs\/hu\/wp-json\/wp\/v2\/spomenik\/14276\/revisions"}],"wp:featuredmedia":[{"embeddable":true,"href":"https:\/\/visitsubotica.rs\/hu\/wp-json\/wp\/v2\/media\/13406"}],"wp:attachment":[{"href":"https:\/\/visitsubotica.rs\/hu\/wp-json\/wp\/v2\/media?parent=14276"}],"wp:term":[{"taxonomy":"tip_spomenika","embeddable":true,"href":"https:\/\/visitsubotica.rs\/hu\/wp-json\/wp\/v2\/tip_spomenika?post=14276"}],"curies":[{"name":"wp","href":"https:\/\/api.w.org\/{rel}","templated":true}]}}