{"id":14378,"date":"2019-07-14T22:34:46","date_gmt":"2019-07-14T20:34:46","guid":{"rendered":"http:\/\/visitsubotica.rs\/sta-videti\/secesijski-objekat\/palata-rajhl-ferenc\/"},"modified":"2020-03-03T20:22:45","modified_gmt":"2020-03-03T19:22:45","slug":"palata-rajhl-ferenc","status":"publish","type":"secesija","link":"https:\/\/visitsubotica.rs\/hu\/sta-videti\/secesijski-objekat\/palata-rajhl-ferenc\/","title":{"rendered":"RAICHLE-PALOTA"},"content":{"rendered":"\n<p>Raichle Ferenc \u00e9p\u00edt\u00e9sz saj\u00e1t j\u00f6vend\u0151beli otthon\u00e1hoz \u00e9s tervez\u0151i irod\u00e1j\u00e1hoz Szabadka egyik legszebb helysz\u00edn\u00e9t v\u00e1lasztotta. Saj\u00e1t mag\u00e1nak \u00e9s lelk\u00e9nek munk\u00e1lkodva, elvetett minden sablont \u00e9s b\u00e9kly\u00f3t a tervez\u00e9s sor\u00e1n, s \u00edgy megalkotta azt az \u00e9p\u00fcletet melynek mindenki csod\u00e1j\u00e1ra j\u00e1r. A Raichle-palota az els\u0151, amit a l\u00e1togat\u00f3 megpillanthat ha vonattal \u00e9rkezik Szabadk\u00e1ra, mely alakj\u00e1val \u00e9s dekor\u00e1ci\u00f3j\u00e1val gy\u00f6ny\u00f6rk\u00f6dtet, pomp\u00e1zatos sz\u00edneivel pedig elk\u00e1pr\u00e1ztat. A palota monument\u00e1lis bej\u00e1rata be \u00e1gyazva a homlokzat egy r\u00e9sz\u00e9be, mely stiliz\u00e1lt, fejjel lefel\u00e9 \u00e1ll\u00edtott sz\u00edv alakot form\u00e1l.<\/p>\n\n\n\n<p>A kov\u00e1csolt vaskapu szint\u00e9n sz\u00edv alak\u00fa. A balkon ker\u00edt\u00e9s dekor\u00e1ci\u00f3ja m\u00e9g elb\u0171v\u00f6l\u0151bb a f\u00f6ldszintin\u00e9l \u2013 stiliz\u00e1lt sz\u00edv mot\u00edvumokat visel. A sz\u00edv mot\u00edvum, legyen az kivitelezve ker\u00e1mi\u00e1b\u00f3l, murano mozaikb\u00f3l, kov\u00e1csolt vasb\u00f3l, illetve fametszetk\u00e9nt vagy vakolatk\u00e9nt \u2013 mindig \u00faj \u00e9s eredeti m\u00f3don van \u00e1br\u00e1zolva. Raichle saj\u00e1t otthon 1904-ben \u00e9p\u00edtette fel a szecesszi\u00f3 magyar v\u00e1ltozata alapj\u00e1n, Erd\u00e9ly n\u00e9pm\u0171v\u00e9szet\u00e9t\u0151l megihletve, annak tark\u00e1n festett falusi h\u00e1zaival, faragott fa kapuival, a kerti vir\u00e1gok mot\u00edvumaival \u00e9s term\u00e9szetesen \u2013 a sz\u00edvvel. A palota, a csal\u00e1d \u00e9let\u00e9nek tekintet\u00e9ben funkcion\u00e1lis \u00e9s k\u00e9nyelmes volt. A f\u00f6ldszinten volt tal\u00e1lhat\u00f3 Raichle Ferenc \u00e9p\u00edt\u00e9sz irod\u00e1ja, m\u00edg az emeleten a nagy eb\u00e9dl\u0151 helyezkedett el t\u00e9li kerttel, mely b\u00e1lteremk\u00e9nt is szolg\u00e1lt, valamint a f\u00e9rfi doh\u00e1nyz\u00f3 szalon \u2013 t\u00f6r\u00f6k szobak\u00e9nt berendezve, a n\u0151i szalon, a h\u00e1l\u00f3szoba, a f\u00fcrd\u0151szoba, a gardr\u00f3bszoba \u00e9s a gyermekszoba \u2013 avantg\u00e1rd a korban melyben \u00e9p\u00fclt. Raichle nem \u00e9lvezhette sok\u00e1ig otthona k\u00e9nyelm\u00e9t, mivel a bek\u00f6lt\u00f6z\u00e9st k\u00f6vet\u0151 4. \u00e9vben cs\u0151dbe jutott, palot\u00e1ja pedig a b\u00fatorokkal, dr\u00e1ga t\u00e1rgyakkal \u00e9s m\u0171alkot\u00e1sokkal egy\u00fctt, licit\u00e1ci\u00f3n elkeltek. Ma itt tal\u00e1lhat\u00f3 a Szabadkai Kort\u00e1rs Gal\u00e9ria, a palota udvar\u00e1ban pedig egy ismert k\u00e1v\u00e9z\u00f3. A bej\u00e1ratt\u00f3l balra tal\u00e1lhat\u00f3 Raichle b\u00e9rpalot\u00e1ja, mely m\u00e9reteiben, dekor\u00e1ci\u00f3ival \u00e9s sz\u00edneivel kapcsol\u00f3dik a lak\u00f3palot\u00e1hoz, \u00e1m att\u00f3l sokkal szer\u00e9nyebb kivitelez\u00e9sben.<\/p>\n\n\n\n<figure class=\"wp-block-gallery columns-3 is-cropped wp-block-gallery-1 is-layout-flex wp-block-gallery-is-layout-flex\"><ul class=\"blocks-gallery-grid\"><li class=\"blocks-gallery-item\"><figure><img decoding=\"async\" width=\"683\" height=\"1024\" src=\"http:\/\/visitsubotica.rs\/wp-content\/uploads\/2019\/10\/Rajhl-palata-2-683x1024.jpg\" alt=\"\" data-id=\"5232\" data-link=\"http:\/\/visitsubotica.rs\/rajhl-palata-2\/\" class=\"wp-image-5232\" srcset=\"https:\/\/visitsubotica.rs\/wp-content\/uploads\/2019\/10\/Rajhl-palata-2-683x1024.jpg 683w, https:\/\/visitsubotica.rs\/wp-content\/uploads\/2019\/10\/Rajhl-palata-2-200x300.jpg 200w, https:\/\/visitsubotica.rs\/wp-content\/uploads\/2019\/10\/Rajhl-palata-2-768x1152.jpg 768w, https:\/\/visitsubotica.rs\/wp-content\/uploads\/2019\/10\/Rajhl-palata-2-125x187.jpg 125w, https:\/\/visitsubotica.rs\/wp-content\/uploads\/2019\/10\/Rajhl-palata-2-1170x1755.jpg 1170w, https:\/\/visitsubotica.rs\/wp-content\/uploads\/2019\/10\/Rajhl-palata-2.jpg 1280w\" sizes=\"(max-width: 683px) 100vw, 683px\" \/><\/figure><\/li><li class=\"blocks-gallery-item\"><figure><img decoding=\"async\" width=\"683\" height=\"1024\" src=\"http:\/\/visitsubotica.rs\/wp-content\/uploads\/2019\/10\/Rajhl-palata-28-683x1024.jpg\" alt=\"\" data-id=\"5258\" data-link=\"http:\/\/visitsubotica.rs\/rajhl-palata-28\/\" class=\"wp-image-5258\" srcset=\"https:\/\/visitsubotica.rs\/wp-content\/uploads\/2019\/10\/Rajhl-palata-28-683x1024.jpg 683w, https:\/\/visitsubotica.rs\/wp-content\/uploads\/2019\/10\/Rajhl-palata-28-200x300.jpg 200w, https:\/\/visitsubotica.rs\/wp-content\/uploads\/2019\/10\/Rajhl-palata-28-768x1152.jpg 768w, https:\/\/visitsubotica.rs\/wp-content\/uploads\/2019\/10\/Rajhl-palata-28-125x187.jpg 125w, https:\/\/visitsubotica.rs\/wp-content\/uploads\/2019\/10\/Rajhl-palata-28-1170x1755.jpg 1170w, https:\/\/visitsubotica.rs\/wp-content\/uploads\/2019\/10\/Rajhl-palata-28.jpg 1280w\" sizes=\"(max-width: 683px) 100vw, 683px\" \/><\/figure><\/li><li class=\"blocks-gallery-item\"><figure><img decoding=\"async\" width=\"1024\" height=\"683\" src=\"http:\/\/visitsubotica.rs\/wp-content\/uploads\/2019\/10\/Rajhl-palata-27-1024x683.jpg\" alt=\"\" data-id=\"5257\" data-link=\"http:\/\/visitsubotica.rs\/rajhl-palata-27\/\" class=\"wp-image-5257\" srcset=\"https:\/\/visitsubotica.rs\/wp-content\/uploads\/2019\/10\/Rajhl-palata-27-1024x683.jpg 1024w, https:\/\/visitsubotica.rs\/wp-content\/uploads\/2019\/10\/Rajhl-palata-27-300x200.jpg 300w, https:\/\/visitsubotica.rs\/wp-content\/uploads\/2019\/10\/Rajhl-palata-27-768x512.jpg 768w, https:\/\/visitsubotica.rs\/wp-content\/uploads\/2019\/10\/Rajhl-palata-27-280x187.jpg 280w, https:\/\/visitsubotica.rs\/wp-content\/uploads\/2019\/10\/Rajhl-palata-27-1170x780.jpg 1170w, https:\/\/visitsubotica.rs\/wp-content\/uploads\/2019\/10\/Rajhl-palata-27.jpg 1920w\" sizes=\"(max-width: 1024px) 100vw, 1024px\" \/><\/figure><\/li><li class=\"blocks-gallery-item\"><figure><img decoding=\"async\" width=\"1024\" height=\"683\" src=\"http:\/\/visitsubotica.rs\/wp-content\/uploads\/2019\/10\/Rajhl-palata-25-1024x683.jpg\" alt=\"\" data-id=\"5255\" data-link=\"http:\/\/visitsubotica.rs\/rajhl-palata-25\/\" class=\"wp-image-5255\" srcset=\"https:\/\/visitsubotica.rs\/wp-content\/uploads\/2019\/10\/Rajhl-palata-25-1024x683.jpg 1024w, https:\/\/visitsubotica.rs\/wp-content\/uploads\/2019\/10\/Rajhl-palata-25-300x200.jpg 300w, https:\/\/visitsubotica.rs\/wp-content\/uploads\/2019\/10\/Rajhl-palata-25-768x512.jpg 768w, https:\/\/visitsubotica.rs\/wp-content\/uploads\/2019\/10\/Rajhl-palata-25-280x187.jpg 280w, https:\/\/visitsubotica.rs\/wp-content\/uploads\/2019\/10\/Rajhl-palata-25-1170x780.jpg 1170w, https:\/\/visitsubotica.rs\/wp-content\/uploads\/2019\/10\/Rajhl-palata-25.jpg 1920w\" sizes=\"(max-width: 1024px) 100vw, 1024px\" \/><\/figure><\/li><li class=\"blocks-gallery-item\"><figure><img decoding=\"async\" width=\"1024\" height=\"683\" src=\"http:\/\/visitsubotica.rs\/wp-content\/uploads\/2019\/10\/Rajhl-palata-24-1024x683.jpg\" alt=\"\" data-id=\"5254\" data-link=\"http:\/\/visitsubotica.rs\/rajhl-palata-24\/\" class=\"wp-image-5254\" srcset=\"https:\/\/visitsubotica.rs\/wp-content\/uploads\/2019\/10\/Rajhl-palata-24-1024x683.jpg 1024w, https:\/\/visitsubotica.rs\/wp-content\/uploads\/2019\/10\/Rajhl-palata-24-300x200.jpg 300w, https:\/\/visitsubotica.rs\/wp-content\/uploads\/2019\/10\/Rajhl-palata-24-768x512.jpg 768w, https:\/\/visitsubotica.rs\/wp-content\/uploads\/2019\/10\/Rajhl-palata-24-280x187.jpg 280w, https:\/\/visitsubotica.rs\/wp-content\/uploads\/2019\/10\/Rajhl-palata-24-1170x780.jpg 1170w, https:\/\/visitsubotica.rs\/wp-content\/uploads\/2019\/10\/Rajhl-palata-24.jpg 1920w\" sizes=\"(max-width: 1024px) 100vw, 1024px\" \/><\/figure><\/li><li class=\"blocks-gallery-item\"><figure><img decoding=\"async\" width=\"683\" height=\"1024\" src=\"http:\/\/visitsubotica.rs\/wp-content\/uploads\/2019\/10\/Rajhl-palata-23-683x1024.jpg\" alt=\"\" data-id=\"5253\" data-link=\"http:\/\/visitsubotica.rs\/rajhl-palata-23\/\" class=\"wp-image-5253\" srcset=\"https:\/\/visitsubotica.rs\/wp-content\/uploads\/2019\/10\/Rajhl-palata-23-683x1024.jpg 683w, https:\/\/visitsubotica.rs\/wp-content\/uploads\/2019\/10\/Rajhl-palata-23-200x300.jpg 200w, https:\/\/visitsubotica.rs\/wp-content\/uploads\/2019\/10\/Rajhl-palata-23-768x1152.jpg 768w, https:\/\/visitsubotica.rs\/wp-content\/uploads\/2019\/10\/Rajhl-palata-23-125x187.jpg 125w, https:\/\/visitsubotica.rs\/wp-content\/uploads\/2019\/10\/Rajhl-palata-23-1170x1755.jpg 1170w, https:\/\/visitsubotica.rs\/wp-content\/uploads\/2019\/10\/Rajhl-palata-23.jpg 1280w\" sizes=\"(max-width: 683px) 100vw, 683px\" \/><\/figure><\/li><li class=\"blocks-gallery-item\"><figure><img decoding=\"async\" width=\"1024\" height=\"683\" src=\"http:\/\/visitsubotica.rs\/wp-content\/uploads\/2019\/10\/Rajhl-palata-22-1024x683.jpg\" alt=\"\" data-id=\"5252\" data-link=\"http:\/\/visitsubotica.rs\/rajhl-palata-22\/\" class=\"wp-image-5252\" srcset=\"https:\/\/visitsubotica.rs\/wp-content\/uploads\/2019\/10\/Rajhl-palata-22-1024x683.jpg 1024w, https:\/\/visitsubotica.rs\/wp-content\/uploads\/2019\/10\/Rajhl-palata-22-300x200.jpg 300w, https:\/\/visitsubotica.rs\/wp-content\/uploads\/2019\/10\/Rajhl-palata-22-768x512.jpg 768w, https:\/\/visitsubotica.rs\/wp-content\/uploads\/2019\/10\/Rajhl-palata-22-280x187.jpg 280w, https:\/\/visitsubotica.rs\/wp-content\/uploads\/2019\/10\/Rajhl-palata-22-1170x780.jpg 1170w, https:\/\/visitsubotica.rs\/wp-content\/uploads\/2019\/10\/Rajhl-palata-22.jpg 1920w\" sizes=\"(max-width: 1024px) 100vw, 1024px\" \/><\/figure><\/li><li class=\"blocks-gallery-item\"><figure><img decoding=\"async\" width=\"683\" height=\"1024\" src=\"http:\/\/visitsubotica.rs\/wp-content\/uploads\/2019\/10\/Rajhl-palata-21-683x1024.jpg\" alt=\"\" data-id=\"5251\" data-link=\"http:\/\/visitsubotica.rs\/rajhl-palata-21\/\" class=\"wp-image-5251\" srcset=\"https:\/\/visitsubotica.rs\/wp-content\/uploads\/2019\/10\/Rajhl-palata-21-683x1024.jpg 683w, https:\/\/visitsubotica.rs\/wp-content\/uploads\/2019\/10\/Rajhl-palata-21-200x300.jpg 200w, https:\/\/visitsubotica.rs\/wp-content\/uploads\/2019\/10\/Rajhl-palata-21-768x1152.jpg 768w, https:\/\/visitsubotica.rs\/wp-content\/uploads\/2019\/10\/Rajhl-palata-21-125x187.jpg 125w, https:\/\/visitsubotica.rs\/wp-content\/uploads\/2019\/10\/Rajhl-palata-21-1170x1755.jpg 1170w, https:\/\/visitsubotica.rs\/wp-content\/uploads\/2019\/10\/Rajhl-palata-21.jpg 1280w\" sizes=\"(max-width: 683px) 100vw, 683px\" \/><\/figure><\/li><li class=\"blocks-gallery-item\"><figure><img decoding=\"async\" width=\"1024\" height=\"683\" src=\"http:\/\/visitsubotica.rs\/wp-content\/uploads\/2019\/10\/Rajhl-palata-20-1024x683.jpg\" alt=\"\" data-id=\"5250\" data-link=\"http:\/\/visitsubotica.rs\/rajhl-palata-20\/\" class=\"wp-image-5250\" srcset=\"https:\/\/visitsubotica.rs\/wp-content\/uploads\/2019\/10\/Rajhl-palata-20-1024x683.jpg 1024w, https:\/\/visitsubotica.rs\/wp-content\/uploads\/2019\/10\/Rajhl-palata-20-300x200.jpg 300w, https:\/\/visitsubotica.rs\/wp-content\/uploads\/2019\/10\/Rajhl-palata-20-768x512.jpg 768w, https:\/\/visitsubotica.rs\/wp-content\/uploads\/2019\/10\/Rajhl-palata-20-280x187.jpg 280w, https:\/\/visitsubotica.rs\/wp-content\/uploads\/2019\/10\/Rajhl-palata-20-1170x780.jpg 1170w, https:\/\/visitsubotica.rs\/wp-content\/uploads\/2019\/10\/Rajhl-palata-20.jpg 1920w\" sizes=\"(max-width: 1024px) 100vw, 1024px\" \/><\/figure><\/li><li class=\"blocks-gallery-item\"><figure><img decoding=\"async\" width=\"683\" height=\"1024\" src=\"http:\/\/visitsubotica.rs\/wp-content\/uploads\/2019\/10\/Rajhl-palata-19-683x1024.jpg\" alt=\"\" data-id=\"5249\" data-link=\"http:\/\/visitsubotica.rs\/rajhl-palata-19\/\" class=\"wp-image-5249\" srcset=\"https:\/\/visitsubotica.rs\/wp-content\/uploads\/2019\/10\/Rajhl-palata-19-683x1024.jpg 683w, https:\/\/visitsubotica.rs\/wp-content\/uploads\/2019\/10\/Rajhl-palata-19-200x300.jpg 200w, https:\/\/visitsubotica.rs\/wp-content\/uploads\/2019\/10\/Rajhl-palata-19-768x1152.jpg 768w, https:\/\/visitsubotica.rs\/wp-content\/uploads\/2019\/10\/Rajhl-palata-19-125x187.jpg 125w, https:\/\/visitsubotica.rs\/wp-content\/uploads\/2019\/10\/Rajhl-palata-19-1170x1755.jpg 1170w, https:\/\/visitsubotica.rs\/wp-content\/uploads\/2019\/10\/Rajhl-palata-19.jpg 1280w\" sizes=\"(max-width: 683px) 100vw, 683px\" \/><\/figure><\/li><li class=\"blocks-gallery-item\"><figure><img decoding=\"async\" width=\"1024\" height=\"683\" src=\"http:\/\/visitsubotica.rs\/wp-content\/uploads\/2019\/10\/Rajhl-palata-18-1024x683.jpg\" alt=\"\" data-id=\"5248\" data-link=\"http:\/\/visitsubotica.rs\/rajhl-palata-18\/\" class=\"wp-image-5248\" srcset=\"https:\/\/visitsubotica.rs\/wp-content\/uploads\/2019\/10\/Rajhl-palata-18-1024x683.jpg 1024w, https:\/\/visitsubotica.rs\/wp-content\/uploads\/2019\/10\/Rajhl-palata-18-300x200.jpg 300w, https:\/\/visitsubotica.rs\/wp-content\/uploads\/2019\/10\/Rajhl-palata-18-768x512.jpg 768w, https:\/\/visitsubotica.rs\/wp-content\/uploads\/2019\/10\/Rajhl-palata-18-280x187.jpg 280w, https:\/\/visitsubotica.rs\/wp-content\/uploads\/2019\/10\/Rajhl-palata-18-1170x780.jpg 1170w, https:\/\/visitsubotica.rs\/wp-content\/uploads\/2019\/10\/Rajhl-palata-18.jpg 1920w\" sizes=\"(max-width: 1024px) 100vw, 1024px\" \/><\/figure><\/li><li class=\"blocks-gallery-item\"><figure><img decoding=\"async\" width=\"683\" height=\"1024\" src=\"http:\/\/visitsubotica.rs\/wp-content\/uploads\/2019\/10\/Rajhl-palata-17-683x1024.jpg\" alt=\"\" data-id=\"5247\" data-link=\"http:\/\/visitsubotica.rs\/rajhl-palata-17\/\" class=\"wp-image-5247\" srcset=\"https:\/\/visitsubotica.rs\/wp-content\/uploads\/2019\/10\/Rajhl-palata-17-683x1024.jpg 683w, https:\/\/visitsubotica.rs\/wp-content\/uploads\/2019\/10\/Rajhl-palata-17-200x300.jpg 200w, https:\/\/visitsubotica.rs\/wp-content\/uploads\/2019\/10\/Rajhl-palata-17-768x1152.jpg 768w, https:\/\/visitsubotica.rs\/wp-content\/uploads\/2019\/10\/Rajhl-palata-17-125x187.jpg 125w, https:\/\/visitsubotica.rs\/wp-content\/uploads\/2019\/10\/Rajhl-palata-17-1170x1755.jpg 1170w, https:\/\/visitsubotica.rs\/wp-content\/uploads\/2019\/10\/Rajhl-palata-17.jpg 1280w\" sizes=\"(max-width: 683px) 100vw, 683px\" \/><\/figure><\/li><li class=\"blocks-gallery-item\"><figure><img decoding=\"async\" width=\"1024\" height=\"683\" src=\"http:\/\/visitsubotica.rs\/wp-content\/uploads\/2019\/10\/Rajhl-palata-16-1024x683.jpg\" alt=\"\" data-id=\"5246\" data-link=\"http:\/\/visitsubotica.rs\/rajhl-palata-16\/\" class=\"wp-image-5246\" srcset=\"https:\/\/visitsubotica.rs\/wp-content\/uploads\/2019\/10\/Rajhl-palata-16-1024x683.jpg 1024w, https:\/\/visitsubotica.rs\/wp-content\/uploads\/2019\/10\/Rajhl-palata-16-300x200.jpg 300w, https:\/\/visitsubotica.rs\/wp-content\/uploads\/2019\/10\/Rajhl-palata-16-768x512.jpg 768w, https:\/\/visitsubotica.rs\/wp-content\/uploads\/2019\/10\/Rajhl-palata-16-280x187.jpg 280w, https:\/\/visitsubotica.rs\/wp-content\/uploads\/2019\/10\/Rajhl-palata-16-1170x780.jpg 1170w, https:\/\/visitsubotica.rs\/wp-content\/uploads\/2019\/10\/Rajhl-palata-16.jpg 1920w\" sizes=\"(max-width: 1024px) 100vw, 1024px\" \/><\/figure><\/li><li class=\"blocks-gallery-item\"><figure><img decoding=\"async\" width=\"684\" height=\"1024\" src=\"http:\/\/visitsubotica.rs\/wp-content\/uploads\/2019\/10\/Rajhl-palata-15-684x1024.jpg\" alt=\"\" data-id=\"5245\" data-link=\"http:\/\/visitsubotica.rs\/rajhl-palata-15\/\" class=\"wp-image-5245\" srcset=\"https:\/\/visitsubotica.rs\/wp-content\/uploads\/2019\/10\/Rajhl-palata-15-684x1024.jpg 684w, https:\/\/visitsubotica.rs\/wp-content\/uploads\/2019\/10\/Rajhl-palata-15-200x300.jpg 200w, https:\/\/visitsubotica.rs\/wp-content\/uploads\/2019\/10\/Rajhl-palata-15-768x1150.jpg 768w, https:\/\/visitsubotica.rs\/wp-content\/uploads\/2019\/10\/Rajhl-palata-15-125x187.jpg 125w, https:\/\/visitsubotica.rs\/wp-content\/uploads\/2019\/10\/Rajhl-palata-15-1170x1752.jpg 1170w, https:\/\/visitsubotica.rs\/wp-content\/uploads\/2019\/10\/Rajhl-palata-15.jpg 1282w\" sizes=\"(max-width: 684px) 100vw, 684px\" \/><\/figure><\/li><li class=\"blocks-gallery-item\"><figure><img decoding=\"async\" width=\"1024\" height=\"684\" src=\"http:\/\/visitsubotica.rs\/wp-content\/uploads\/2019\/10\/Rajhl-palata-13-1024x684.jpg\" alt=\"\" data-id=\"5243\" data-link=\"http:\/\/visitsubotica.rs\/rajhl-palata-13\/\" class=\"wp-image-5243\" srcset=\"https:\/\/visitsubotica.rs\/wp-content\/uploads\/2019\/10\/Rajhl-palata-13-1024x684.jpg 1024w, https:\/\/visitsubotica.rs\/wp-content\/uploads\/2019\/10\/Rajhl-palata-13-300x200.jpg 300w, https:\/\/visitsubotica.rs\/wp-content\/uploads\/2019\/10\/Rajhl-palata-13-768x513.jpg 768w, https:\/\/visitsubotica.rs\/wp-content\/uploads\/2019\/10\/Rajhl-palata-13-280x187.jpg 280w, https:\/\/visitsubotica.rs\/wp-content\/uploads\/2019\/10\/Rajhl-palata-13-1170x781.jpg 1170w, https:\/\/visitsubotica.rs\/wp-content\/uploads\/2019\/10\/Rajhl-palata-13.jpg 1920w\" sizes=\"(max-width: 1024px) 100vw, 1024px\" \/><\/figure><\/li><li class=\"blocks-gallery-item\"><figure><img decoding=\"async\" width=\"1024\" height=\"684\" src=\"http:\/\/visitsubotica.rs\/wp-content\/uploads\/2019\/10\/Rajhl-palata-12-1024x684.jpg\" alt=\"\" data-id=\"5242\" data-link=\"http:\/\/visitsubotica.rs\/rajhl-palata-12\/\" class=\"wp-image-5242\" srcset=\"https:\/\/visitsubotica.rs\/wp-content\/uploads\/2019\/10\/Rajhl-palata-12-1024x684.jpg 1024w, https:\/\/visitsubotica.rs\/wp-content\/uploads\/2019\/10\/Rajhl-palata-12-300x200.jpg 300w, https:\/\/visitsubotica.rs\/wp-content\/uploads\/2019\/10\/Rajhl-palata-12-768x513.jpg 768w, https:\/\/visitsubotica.rs\/wp-content\/uploads\/2019\/10\/Rajhl-palata-12-280x187.jpg 280w, https:\/\/visitsubotica.rs\/wp-content\/uploads\/2019\/10\/Rajhl-palata-12-1170x781.jpg 1170w, https:\/\/visitsubotica.rs\/wp-content\/uploads\/2019\/10\/Rajhl-palata-12.jpg 1920w\" sizes=\"(max-width: 1024px) 100vw, 1024px\" \/><\/figure><\/li><li class=\"blocks-gallery-item\"><figure><img decoding=\"async\" width=\"1024\" height=\"684\" src=\"http:\/\/visitsubotica.rs\/wp-content\/uploads\/2019\/10\/Rajhl-palata-11-1024x684.jpg\" alt=\"\" data-id=\"5241\" data-link=\"http:\/\/visitsubotica.rs\/rajhl-palata-11\/\" class=\"wp-image-5241\" srcset=\"https:\/\/visitsubotica.rs\/wp-content\/uploads\/2019\/10\/Rajhl-palata-11-1024x684.jpg 1024w, https:\/\/visitsubotica.rs\/wp-content\/uploads\/2019\/10\/Rajhl-palata-11-300x200.jpg 300w, https:\/\/visitsubotica.rs\/wp-content\/uploads\/2019\/10\/Rajhl-palata-11-768x513.jpg 768w, https:\/\/visitsubotica.rs\/wp-content\/uploads\/2019\/10\/Rajhl-palata-11-280x187.jpg 280w, https:\/\/visitsubotica.rs\/wp-content\/uploads\/2019\/10\/Rajhl-palata-11-1170x781.jpg 1170w, https:\/\/visitsubotica.rs\/wp-content\/uploads\/2019\/10\/Rajhl-palata-11.jpg 1920w\" sizes=\"(max-width: 1024px) 100vw, 1024px\" \/><\/figure><\/li><li class=\"blocks-gallery-item\"><figure><img decoding=\"async\" width=\"1024\" height=\"684\" src=\"http:\/\/visitsubotica.rs\/wp-content\/uploads\/2019\/10\/Rajhl-palata-10-1024x684.jpg\" alt=\"\" data-id=\"5240\" data-link=\"http:\/\/visitsubotica.rs\/rajhl-palata-10\/\" class=\"wp-image-5240\" srcset=\"https:\/\/visitsubotica.rs\/wp-content\/uploads\/2019\/10\/Rajhl-palata-10-1024x684.jpg 1024w, https:\/\/visitsubotica.rs\/wp-content\/uploads\/2019\/10\/Rajhl-palata-10-300x200.jpg 300w, https:\/\/visitsubotica.rs\/wp-content\/uploads\/2019\/10\/Rajhl-palata-10-768x513.jpg 768w, https:\/\/visitsubotica.rs\/wp-content\/uploads\/2019\/10\/Rajhl-palata-10-280x187.jpg 280w, https:\/\/visitsubotica.rs\/wp-content\/uploads\/2019\/10\/Rajhl-palata-10-1170x781.jpg 1170w, https:\/\/visitsubotica.rs\/wp-content\/uploads\/2019\/10\/Rajhl-palata-10.jpg 1920w\" sizes=\"(max-width: 1024px) 100vw, 1024px\" \/><\/figure><\/li><li class=\"blocks-gallery-item\"><figure><img decoding=\"async\" width=\"684\" height=\"1024\" src=\"http:\/\/visitsubotica.rs\/wp-content\/uploads\/2019\/10\/Rajhl-palata-9-684x1024.jpg\" alt=\"\" data-id=\"5239\" data-link=\"http:\/\/visitsubotica.rs\/rajhl-palata-9\/\" class=\"wp-image-5239\" srcset=\"https:\/\/visitsubotica.rs\/wp-content\/uploads\/2019\/10\/Rajhl-palata-9-684x1024.jpg 684w, https:\/\/visitsubotica.rs\/wp-content\/uploads\/2019\/10\/Rajhl-palata-9-200x300.jpg 200w, https:\/\/visitsubotica.rs\/wp-content\/uploads\/2019\/10\/Rajhl-palata-9-768x1150.jpg 768w, https:\/\/visitsubotica.rs\/wp-content\/uploads\/2019\/10\/Rajhl-palata-9-125x187.jpg 125w, https:\/\/visitsubotica.rs\/wp-content\/uploads\/2019\/10\/Rajhl-palata-9-1170x1752.jpg 1170w, https:\/\/visitsubotica.rs\/wp-content\/uploads\/2019\/10\/Rajhl-palata-9.jpg 1282w\" sizes=\"(max-width: 684px) 100vw, 684px\" \/><\/figure><\/li><li class=\"blocks-gallery-item\"><figure><img decoding=\"async\" width=\"1024\" height=\"684\" src=\"http:\/\/visitsubotica.rs\/wp-content\/uploads\/2019\/10\/Rajhl-palata-8-1024x684.jpg\" alt=\"\" data-id=\"5238\" data-link=\"http:\/\/visitsubotica.rs\/rajhl-palata-8\/\" class=\"wp-image-5238\" srcset=\"https:\/\/visitsubotica.rs\/wp-content\/uploads\/2019\/10\/Rajhl-palata-8-1024x684.jpg 1024w, https:\/\/visitsubotica.rs\/wp-content\/uploads\/2019\/10\/Rajhl-palata-8-300x200.jpg 300w, https:\/\/visitsubotica.rs\/wp-content\/uploads\/2019\/10\/Rajhl-palata-8-768x513.jpg 768w, https:\/\/visitsubotica.rs\/wp-content\/uploads\/2019\/10\/Rajhl-palata-8-280x187.jpg 280w, https:\/\/visitsubotica.rs\/wp-content\/uploads\/2019\/10\/Rajhl-palata-8-1170x781.jpg 1170w, https:\/\/visitsubotica.rs\/wp-content\/uploads\/2019\/10\/Rajhl-palata-8.jpg 1920w\" sizes=\"(max-width: 1024px) 100vw, 1024px\" \/><\/figure><\/li><li class=\"blocks-gallery-item\"><figure><img decoding=\"async\" width=\"683\" height=\"1024\" src=\"http:\/\/visitsubotica.rs\/wp-content\/uploads\/2019\/10\/Rajhl-palata-5-683x1024.jpg\" alt=\"\" data-id=\"5235\" data-link=\"http:\/\/visitsubotica.rs\/rajhl-palata-5\/\" class=\"wp-image-5235\" srcset=\"https:\/\/visitsubotica.rs\/wp-content\/uploads\/2019\/10\/Rajhl-palata-5-683x1024.jpg 683w, https:\/\/visitsubotica.rs\/wp-content\/uploads\/2019\/10\/Rajhl-palata-5-200x300.jpg 200w, https:\/\/visitsubotica.rs\/wp-content\/uploads\/2019\/10\/Rajhl-palata-5-768x1152.jpg 768w, https:\/\/visitsubotica.rs\/wp-content\/uploads\/2019\/10\/Rajhl-palata-5-125x187.jpg 125w, https:\/\/visitsubotica.rs\/wp-content\/uploads\/2019\/10\/Rajhl-palata-5-1170x1755.jpg 1170w, https:\/\/visitsubotica.rs\/wp-content\/uploads\/2019\/10\/Rajhl-palata-5.jpg 1280w\" sizes=\"(max-width: 683px) 100vw, 683px\" \/><\/figure><\/li><li class=\"blocks-gallery-item\"><figure><img decoding=\"async\" width=\"1024\" height=\"683\" src=\"http:\/\/visitsubotica.rs\/wp-content\/uploads\/2019\/10\/Rajhl-palata-4-1024x683.jpg\" alt=\"\" data-id=\"5234\" data-link=\"http:\/\/visitsubotica.rs\/rajhl-palata-4\/\" class=\"wp-image-5234\" srcset=\"https:\/\/visitsubotica.rs\/wp-content\/uploads\/2019\/10\/Rajhl-palata-4-1024x683.jpg 1024w, https:\/\/visitsubotica.rs\/wp-content\/uploads\/2019\/10\/Rajhl-palata-4-300x200.jpg 300w, https:\/\/visitsubotica.rs\/wp-content\/uploads\/2019\/10\/Rajhl-palata-4-768x512.jpg 768w, https:\/\/visitsubotica.rs\/wp-content\/uploads\/2019\/10\/Rajhl-palata-4-280x187.jpg 280w, https:\/\/visitsubotica.rs\/wp-content\/uploads\/2019\/10\/Rajhl-palata-4-1170x780.jpg 1170w, https:\/\/visitsubotica.rs\/wp-content\/uploads\/2019\/10\/Rajhl-palata-4.jpg 1920w\" sizes=\"(max-width: 1024px) 100vw, 1024px\" \/><\/figure><\/li><li class=\"blocks-gallery-item\"><figure><img decoding=\"async\" width=\"683\" height=\"1024\" src=\"http:\/\/visitsubotica.rs\/wp-content\/uploads\/2019\/10\/Rajhl-palata-3-683x1024.jpg\" alt=\"\" data-id=\"5233\" data-link=\"http:\/\/visitsubotica.rs\/rajhl-palata-3\/\" class=\"wp-image-5233\" srcset=\"https:\/\/visitsubotica.rs\/wp-content\/uploads\/2019\/10\/Rajhl-palata-3-683x1024.jpg 683w, https:\/\/visitsubotica.rs\/wp-content\/uploads\/2019\/10\/Rajhl-palata-3-200x300.jpg 200w, https:\/\/visitsubotica.rs\/wp-content\/uploads\/2019\/10\/Rajhl-palata-3-768x1152.jpg 768w, https:\/\/visitsubotica.rs\/wp-content\/uploads\/2019\/10\/Rajhl-palata-3-125x187.jpg 125w, https:\/\/visitsubotica.rs\/wp-content\/uploads\/2019\/10\/Rajhl-palata-3-1170x1755.jpg 1170w, https:\/\/visitsubotica.rs\/wp-content\/uploads\/2019\/10\/Rajhl-palata-3.jpg 1280w\" sizes=\"(max-width: 683px) 100vw, 683px\" \/><\/figure><\/li><\/ul><\/figure>\n","protected":false},"excerpt":{"rendered":"<p>Raichle Ferenc \u00e9p\u00edt\u00e9sz saj\u00e1t j\u00f6vend\u0151beli otthon\u00e1hoz \u00e9s tervez\u0151i irod\u00e1j\u00e1hoz Szabadka egyik legszebb helysz\u00edn\u00e9t v\u00e1lasztotta. Saj\u00e1t mag\u00e1nak \u00e9s lelk\u00e9nek munk\u00e1lkodva, elvetett minden sablont \u00e9s b\u00e9kly\u00f3t a tervez\u00e9s sor\u00e1n, s \u00edgy megalkotta azt az \u00e9p\u00fcletet melynek mindenki csod\u00e1j\u00e1ra j\u00e1r. A Raichle-palota az els\u0151, amit a l\u00e1togat\u00f3 megpillanthat ha vonattal \u00e9rkezik Szabadk\u00e1ra, mely alakj\u00e1val \u00e9s dekor\u00e1ci\u00f3j\u00e1val gy\u00f6ny\u00f6rk\u00f6dtet, pomp\u00e1zatos<\/p>\n","protected":false},"featured_media":13340,"template":"","meta":{"footnotes":""},"tip_secesijskog_objekta":[697],"class_list":["post-14378","secesija","type-secesija","status-publish","has-post-thumbnail","hentry"],"yoast_head":"<!-- This site is optimized with the Yoast SEO plugin v27.4 - https:\/\/yoast.com\/product\/yoast-seo-wordpress\/ -->\n<title>RAICHLE-PALOTA - Visit Subotica<\/title>\n<meta name=\"robots\" content=\"index, follow, max-snippet:-1, max-image-preview:large, max-video-preview:-1\" \/>\n<link rel=\"canonical\" href=\"https:\/\/visitsubotica.rs\/hu\/mit-latogassunk-meg\/szecesszio\/palata-rajhl-ferenc\/\" \/>\n<meta property=\"og:locale\" content=\"hu_HU\" \/>\n<meta property=\"og:type\" content=\"article\" \/>\n<meta property=\"og:title\" content=\"RAICHLE-PALOTA - Visit Subotica\" \/>\n<meta property=\"og:description\" content=\"Raichle Ferenc \u00e9p\u00edt\u00e9sz saj\u00e1t j\u00f6vend\u0151beli otthon\u00e1hoz \u00e9s tervez\u0151i irod\u00e1j\u00e1hoz Szabadka egyik legszebb helysz\u00edn\u00e9t v\u00e1lasztotta. Saj\u00e1t mag\u00e1nak \u00e9s lelk\u00e9nek munk\u00e1lkodva, elvetett minden sablont \u00e9s b\u00e9kly\u00f3t a tervez\u00e9s sor\u00e1n, s \u00edgy megalkotta azt az \u00e9p\u00fcletet melynek mindenki csod\u00e1j\u00e1ra j\u00e1r. A Raichle-palota az els\u0151, amit a l\u00e1togat\u00f3 megpillanthat ha vonattal \u00e9rkezik Szabadk\u00e1ra, mely alakj\u00e1val \u00e9s dekor\u00e1ci\u00f3j\u00e1val gy\u00f6ny\u00f6rk\u00f6dtet, pomp\u00e1zatos\" \/>\n<meta property=\"og:url\" content=\"https:\/\/visitsubotica.rs\/hu\/mit-latogassunk-meg\/szecesszio\/palata-rajhl-ferenc\/\" \/>\n<meta property=\"og:site_name\" content=\"Visit Subotica\" \/>\n<meta property=\"article:publisher\" content=\"https:\/\/www.facebook.com\/VisitSubotica.rs\/\" \/>\n<meta property=\"article:modified_time\" content=\"2020-03-03T19:22:45+00:00\" \/>\n<meta property=\"og:image\" content=\"https:\/\/visitsubotica.rs\/wp-content\/uploads\/2019\/10\/Rajhl-palata-1.jpg\" \/>\n\t<meta property=\"og:image:width\" content=\"1920\" \/>\n\t<meta property=\"og:image:height\" content=\"1440\" \/>\n\t<meta property=\"og:image:type\" content=\"image\/jpeg\" \/>\n<meta name=\"twitter:card\" content=\"summary_large_image\" \/>\n<meta name=\"twitter:site\" content=\"@visitsubotica\" \/>\n<meta name=\"twitter:label1\" content=\"Becs\u00fclt olvas\u00e1si id\u0151\" \/>\n\t<meta name=\"twitter:data1\" content=\"2 perc\" \/>\n<script type=\"application\/ld+json\" class=\"yoast-schema-graph\">{\"@context\":\"https:\\\/\\\/schema.org\",\"@graph\":[{\"@type\":\"WebPage\",\"@id\":\"https:\\\/\\\/visitsubotica.rs\\\/hu\\\/mit-latogassunk-meg\\\/szecesszio\\\/palata-rajhl-ferenc\\\/\",\"url\":\"https:\\\/\\\/visitsubotica.rs\\\/hu\\\/mit-latogassunk-meg\\\/szecesszio\\\/palata-rajhl-ferenc\\\/\",\"name\":\"RAICHLE-PALOTA - Visit Subotica\",\"isPartOf\":{\"@id\":\"https:\\\/\\\/visitsubotica.rs\\\/#website\"},\"primaryImageOfPage\":{\"@id\":\"https:\\\/\\\/visitsubotica.rs\\\/hu\\\/mit-latogassunk-meg\\\/szecesszio\\\/palata-rajhl-ferenc\\\/#primaryimage\"},\"image\":{\"@id\":\"https:\\\/\\\/visitsubotica.rs\\\/hu\\\/mit-latogassunk-meg\\\/szecesszio\\\/palata-rajhl-ferenc\\\/#primaryimage\"},\"thumbnailUrl\":\"https:\\\/\\\/visitsubotica.rs\\\/wp-content\\\/uploads\\\/2019\\\/10\\\/Rajhl-palata-1.jpg\",\"datePublished\":\"2019-07-14T20:34:46+00:00\",\"dateModified\":\"2020-03-03T19:22:45+00:00\",\"breadcrumb\":{\"@id\":\"https:\\\/\\\/visitsubotica.rs\\\/hu\\\/mit-latogassunk-meg\\\/szecesszio\\\/palata-rajhl-ferenc\\\/#breadcrumb\"},\"inLanguage\":\"hu\",\"potentialAction\":[{\"@type\":\"ReadAction\",\"target\":[\"https:\\\/\\\/visitsubotica.rs\\\/hu\\\/mit-latogassunk-meg\\\/szecesszio\\\/palata-rajhl-ferenc\\\/\"]}]},{\"@type\":\"ImageObject\",\"inLanguage\":\"hu\",\"@id\":\"https:\\\/\\\/visitsubotica.rs\\\/hu\\\/mit-latogassunk-meg\\\/szecesszio\\\/palata-rajhl-ferenc\\\/#primaryimage\",\"url\":\"https:\\\/\\\/visitsubotica.rs\\\/wp-content\\\/uploads\\\/2019\\\/10\\\/Rajhl-palata-1.jpg\",\"contentUrl\":\"https:\\\/\\\/visitsubotica.rs\\\/wp-content\\\/uploads\\\/2019\\\/10\\\/Rajhl-palata-1.jpg\",\"width\":1920,\"height\":1440},{\"@type\":\"BreadcrumbList\",\"@id\":\"https:\\\/\\\/visitsubotica.rs\\\/hu\\\/mit-latogassunk-meg\\\/szecesszio\\\/palata-rajhl-ferenc\\\/#breadcrumb\",\"itemListElement\":[{\"@type\":\"ListItem\",\"position\":1,\"name\":\"Home\",\"item\":\"https:\\\/\\\/visitsubotica.rs\\\/hu\\\/\"},{\"@type\":\"ListItem\",\"position\":2,\"name\":\"RAICHLE-PALOTA\"}]},{\"@type\":\"WebSite\",\"@id\":\"https:\\\/\\\/visitsubotica.rs\\\/#website\",\"url\":\"https:\\\/\\\/visitsubotica.rs\\\/\",\"name\":\"Visit Subotica\",\"description\":\"Turisti\u010dka organizacija grada Subotice\",\"potentialAction\":[{\"@type\":\"SearchAction\",\"target\":{\"@type\":\"EntryPoint\",\"urlTemplate\":\"https:\\\/\\\/visitsubotica.rs\\\/?s={search_term_string}\"},\"query-input\":{\"@type\":\"PropertyValueSpecification\",\"valueRequired\":true,\"valueName\":\"search_term_string\"}}],\"inLanguage\":\"hu\"}]}<\/script>\n<!-- \/ Yoast SEO plugin. -->","yoast_head_json":{"title":"RAICHLE-PALOTA - Visit Subotica","robots":{"index":"index","follow":"follow","max-snippet":"max-snippet:-1","max-image-preview":"max-image-preview:large","max-video-preview":"max-video-preview:-1"},"canonical":"https:\/\/visitsubotica.rs\/hu\/mit-latogassunk-meg\/szecesszio\/palata-rajhl-ferenc\/","og_locale":"hu_HU","og_type":"article","og_title":"RAICHLE-PALOTA - Visit Subotica","og_description":"Raichle Ferenc \u00e9p\u00edt\u00e9sz saj\u00e1t j\u00f6vend\u0151beli otthon\u00e1hoz \u00e9s tervez\u0151i irod\u00e1j\u00e1hoz Szabadka egyik legszebb helysz\u00edn\u00e9t v\u00e1lasztotta. Saj\u00e1t mag\u00e1nak \u00e9s lelk\u00e9nek munk\u00e1lkodva, elvetett minden sablont \u00e9s b\u00e9kly\u00f3t a tervez\u00e9s sor\u00e1n, s \u00edgy megalkotta azt az \u00e9p\u00fcletet melynek mindenki csod\u00e1j\u00e1ra j\u00e1r. A Raichle-palota az els\u0151, amit a l\u00e1togat\u00f3 megpillanthat ha vonattal \u00e9rkezik Szabadk\u00e1ra, mely alakj\u00e1val \u00e9s dekor\u00e1ci\u00f3j\u00e1val gy\u00f6ny\u00f6rk\u00f6dtet, pomp\u00e1zatos","og_url":"https:\/\/visitsubotica.rs\/hu\/mit-latogassunk-meg\/szecesszio\/palata-rajhl-ferenc\/","og_site_name":"Visit Subotica","article_publisher":"https:\/\/www.facebook.com\/VisitSubotica.rs\/","article_modified_time":"2020-03-03T19:22:45+00:00","og_image":[{"width":1920,"height":1440,"url":"https:\/\/visitsubotica.rs\/wp-content\/uploads\/2019\/10\/Rajhl-palata-1.jpg","type":"image\/jpeg"}],"twitter_card":"summary_large_image","twitter_site":"@visitsubotica","twitter_misc":{"Becs\u00fclt olvas\u00e1si id\u0151":"2 perc"},"schema":{"@context":"https:\/\/schema.org","@graph":[{"@type":"WebPage","@id":"https:\/\/visitsubotica.rs\/hu\/mit-latogassunk-meg\/szecesszio\/palata-rajhl-ferenc\/","url":"https:\/\/visitsubotica.rs\/hu\/mit-latogassunk-meg\/szecesszio\/palata-rajhl-ferenc\/","name":"RAICHLE-PALOTA - Visit Subotica","isPartOf":{"@id":"https:\/\/visitsubotica.rs\/#website"},"primaryImageOfPage":{"@id":"https:\/\/visitsubotica.rs\/hu\/mit-latogassunk-meg\/szecesszio\/palata-rajhl-ferenc\/#primaryimage"},"image":{"@id":"https:\/\/visitsubotica.rs\/hu\/mit-latogassunk-meg\/szecesszio\/palata-rajhl-ferenc\/#primaryimage"},"thumbnailUrl":"https:\/\/visitsubotica.rs\/wp-content\/uploads\/2019\/10\/Rajhl-palata-1.jpg","datePublished":"2019-07-14T20:34:46+00:00","dateModified":"2020-03-03T19:22:45+00:00","breadcrumb":{"@id":"https:\/\/visitsubotica.rs\/hu\/mit-latogassunk-meg\/szecesszio\/palata-rajhl-ferenc\/#breadcrumb"},"inLanguage":"hu","potentialAction":[{"@type":"ReadAction","target":["https:\/\/visitsubotica.rs\/hu\/mit-latogassunk-meg\/szecesszio\/palata-rajhl-ferenc\/"]}]},{"@type":"ImageObject","inLanguage":"hu","@id":"https:\/\/visitsubotica.rs\/hu\/mit-latogassunk-meg\/szecesszio\/palata-rajhl-ferenc\/#primaryimage","url":"https:\/\/visitsubotica.rs\/wp-content\/uploads\/2019\/10\/Rajhl-palata-1.jpg","contentUrl":"https:\/\/visitsubotica.rs\/wp-content\/uploads\/2019\/10\/Rajhl-palata-1.jpg","width":1920,"height":1440},{"@type":"BreadcrumbList","@id":"https:\/\/visitsubotica.rs\/hu\/mit-latogassunk-meg\/szecesszio\/palata-rajhl-ferenc\/#breadcrumb","itemListElement":[{"@type":"ListItem","position":1,"name":"Home","item":"https:\/\/visitsubotica.rs\/hu\/"},{"@type":"ListItem","position":2,"name":"RAICHLE-PALOTA"}]},{"@type":"WebSite","@id":"https:\/\/visitsubotica.rs\/#website","url":"https:\/\/visitsubotica.rs\/","name":"Visit Subotica","description":"Turisti\u010dka organizacija grada Subotice","potentialAction":[{"@type":"SearchAction","target":{"@type":"EntryPoint","urlTemplate":"https:\/\/visitsubotica.rs\/?s={search_term_string}"},"query-input":{"@type":"PropertyValueSpecification","valueRequired":true,"valueName":"search_term_string"}}],"inLanguage":"hu"}]}},"_links":{"self":[{"href":"https:\/\/visitsubotica.rs\/hu\/wp-json\/wp\/v2\/secesija\/14378","targetHints":{"allow":["GET"]}}],"collection":[{"href":"https:\/\/visitsubotica.rs\/hu\/wp-json\/wp\/v2\/secesija"}],"about":[{"href":"https:\/\/visitsubotica.rs\/hu\/wp-json\/wp\/v2\/types\/secesija"}],"version-history":[{"count":0,"href":"https:\/\/visitsubotica.rs\/hu\/wp-json\/wp\/v2\/secesija\/14378\/revisions"}],"wp:featuredmedia":[{"embeddable":true,"href":"https:\/\/visitsubotica.rs\/hu\/wp-json\/wp\/v2\/media\/13340"}],"wp:attachment":[{"href":"https:\/\/visitsubotica.rs\/hu\/wp-json\/wp\/v2\/media?parent=14378"}],"wp:term":[{"taxonomy":"tip_secesijskog_objekta","embeddable":true,"href":"https:\/\/visitsubotica.rs\/hu\/wp-json\/wp\/v2\/tip_secesijskog_objekta?post=14378"}],"curies":[{"name":"wp","href":"https:\/\/api.w.org\/{rel}","templated":true}]}}