{"id":14340,"date":"2019-07-14T22:34:46","date_gmt":"2019-07-14T20:34:46","guid":{"rendered":"http:\/\/visitsubotica.rs\/sta-videti\/secesijski-objekat\/gradska-kuca\/"},"modified":"2024-09-13T01:15:06","modified_gmt":"2024-09-12T23:15:06","slug":"gradska-kuca","status":"publish","type":"secesija","link":"https:\/\/visitsubotica.rs\/hu\/sta-videti\/secesijski-objekat\/gradska-kuca\/","title":{"rendered":"V\u00c1ROSH\u00c1ZA"},"content":{"rendered":"\n<p>Sok eur\u00f3pai v\u00e1rost\u00f3l elt\u00e9r\u0151en, Szabadka k\u00f6zpontj\u00e1ban nem katedr\u00e1lis vagy templom domin\u00e1l, hanem a v\u00e1rosh\u00e1za. Elhelyezked\u00e9s\u00e9vel, m\u00e9reteivel \u00e9s a szecesszi\u00f3 magyar v\u00e1ltozat\u00e1nak d\u00edszes \u00e9p\u00edt\u00e9szet\u00e9vel, a v\u00e1rosh\u00e1za a v\u00e1ros meghat\u00e1roz\u00f3j\u00e1v\u00e1 v\u00e1lt, Szabadka k\u00f6zpontj\u00e1va \u00e9s szimb\u00f3lum\u00e1v\u00e1. 1908 \u00e9s 1910 k\u00f6z\u00f6tt \u00e9p\u00fclt, a belt\u00e9r pedig 1912-ben k\u00e9sz\u00fclt el. Majdnem 6000 m\u00b2 ter\u00fcletet foglal el, 16.000 m\u00b2 haszn\u00e1lhat\u00f3 fel\u00fclettel. Tornya 76 m\u00e9ter magas, a kil\u00e1t\u00f3 pedig 45,5 m\u00e9ter magasan tal\u00e1lhat\u00f3, mely felejthetetlen kil\u00e1t\u00e1s ny\u00fajt Szabadk\u00e1ra \u00e9s k\u00f6rny\u00e9k\u00e9re. A v\u00e1rosh\u00e1z\u00e1t, a h\u00edres budapesti \u00e9p\u00edt\u00e9szek, Komor Marcell \u00e9s Jakab Dezs\u0151 tervezt\u00e9k.<\/p>\n\n\n\n<p>Szimmetrikus alappal rendelkezik, n\u00e9gy bels\u0151 udvarral \u00e9s n\u00e9gy bej\u00e1rattal. Az \u00e9szaki oldalon, ahol a gy\u00f6ny\u00f6r\u0171en rendezett park \u00e9s a K\u00e9k-sz\u0151k\u0151k\u00fat helyezkedik el, el\u0151csarnok tal\u00e1lhat\u00f3 \u00fcnnep\u00e9lyes m\u00e1rv\u00e1nyl\u00e9pcs\u0151kkel, mely az els\u0151 reprezentat\u00edv emeletre vezet. Itt h\u00e1rom d\u00edszterem tal\u00e1lhat\u00f3 \u2013 a Z\u00f6ld \u00e9s S\u00e1rga, melyeket a f\u0151isp\u00e1n \u00e9s a polg\u00e1rmester haszn\u00e1ltak, illetve a harmadik, k\u00f6zponti, legnagyobb \u00e9s legszebb \u2013 az \u00fcnnep\u00e9lyes Nagy d\u00edszterem, mely a v\u00e1rosh\u00e1za sz\u00edv\u00e9t k\u00e9pezi. Azt, a K\u00e9pvisel\u0151-test\u00fclet \u00fcl\u00e9seire, koncertekre, esk\u00fcv\u0151kre \u00e9s fontos \u00f6sszej\u00f6vetelekre haszn\u00e1lj\u00e1k. Itt tizenhat pomp\u00e1zatos \u00f3lom\u00fcveg tal\u00e1lhat\u00f3 k\u00e1pr\u00e1zatos sz\u00ednekben, melyek alkot\u00f3i R\u00f3th Miksa \u00e9s Nagy S\u00e1ndor fest\u0151, aki az oldals\u00f3 \u00f3lom\u00fcvegek alkot\u00f3ja, melyek k\u00fcl\u00f6nleges m\u0171alkot\u00e1sk\u00e9nt tekinthet\u0151k.<\/p>\n\n\n\n<p>A v\u00e1rosh\u00e1za, az id\u0151szak ig\u00e9nyeivel t\u00f6k\u00e9letesen \u00f6sszehangolva, ma is megfelel a v\u00e1ros sz\u00e1mos ig\u00e9ny\u00e9nek. A k\u00f6vetkez\u0151k tal\u00e1lhat\u00f3k meg benne: a polg\u00e1rmesteri kabinet, a V\u00e1rosi K\u00f6zigazgat\u00e1si hivatal \u00e9s a v\u00e1rosi hivatalok, a t\u00f6rt\u00e9nelmi arch\u00edvum, butikok, bankok&#8230; Funkcionalit\u00e1s \u00e9s moderns\u00e9g, valamint k\u00fcl\u00f6nb\u00f6z\u0151 m\u0171v\u00e9szeti \u00e1gazatok szint\u00e9zise, mint az \u00e9p\u00edt\u00e9szet, fest\u00e9szet \u00e9s az alkalmazott m\u0171v\u00e9szetek, val\u00f3sz\u00edn\u0171leg ezen objektum legnagyobb \u00e9rt\u00e9kei, de az amit\u0151l a l\u00e1togat\u00f3knak m\u00e9g a l\u00e9legzete is el\u00e1ll, mindenk\u00e9pp a gazdag d\u00edsz\u00edt\u00e9s. A szecesszi\u00f3 dekor\u00e1ci\u00f3k, a magyar n\u00e9pm\u0171v\u00e9szet romantikus \u00e1rnyalat\u00e1val van kieg\u00e9sz\u00fclve, a ker\u00e1mi\u00e1b\u00f3l \u00e9s kov\u00e1csoltvasb\u00f3l k\u00e9sz\u00fclt stiliz\u00e1lt vir\u00e1gok \u00e9s vir\u00e1gos \u00e9kszerek tarkas\u00e1ga \u00e1ltal. A faragott fa, a s\u00e1rgar\u00e9z vasalatok, a l\u00e1mp\u00e1k, a ker\u00e1mia eozin csemp\u00e9k mind hozz\u00e1j\u00e1rulnak ezen egyedi \u00e9p\u00fclet m\u0171\u00e9rt\u00e9k\u00e9hez&nbsp; \u00e9s pomp\u00e1j\u00e1hoz.<\/p>\n\n\n\n<figure class=\"wp-block-gallery has-nested-images columns-default is-cropped wp-block-gallery-1 is-layout-flex wp-block-gallery-is-layout-flex\">\n<figure class=\"wp-block-image size-large\"><img decoding=\"async\" width=\"1024\" height=\"683\" data-id=\"5203\" src=\"https:\/\/visitsubotica.rs\/wp-content\/uploads\/2019\/10\/Gradska-kuca-39-1024x683.jpg\" alt=\"\" class=\"wp-image-5203\" srcset=\"https:\/\/visitsubotica.rs\/wp-content\/uploads\/2019\/10\/Gradska-kuca-39-1024x683.jpg 1024w, https:\/\/visitsubotica.rs\/wp-content\/uploads\/2019\/10\/Gradska-kuca-39-300x200.jpg 300w, https:\/\/visitsubotica.rs\/wp-content\/uploads\/2019\/10\/Gradska-kuca-39-768x512.jpg 768w, https:\/\/visitsubotica.rs\/wp-content\/uploads\/2019\/10\/Gradska-kuca-39-280x187.jpg 280w, https:\/\/visitsubotica.rs\/wp-content\/uploads\/2019\/10\/Gradska-kuca-39-1170x780.jpg 1170w, https:\/\/visitsubotica.rs\/wp-content\/uploads\/2019\/10\/Gradska-kuca-39.jpg 1920w\" sizes=\"(max-width: 1024px) 100vw, 1024px\" \/><\/figure>\n\n\n\n<figure class=\"wp-block-image size-large\"><img decoding=\"async\" width=\"1024\" height=\"683\" data-id=\"5202\" src=\"https:\/\/visitsubotica.rs\/wp-content\/uploads\/2019\/10\/Gradska-kuca-38-1024x683.jpg\" alt=\"\" class=\"wp-image-5202\" srcset=\"https:\/\/visitsubotica.rs\/wp-content\/uploads\/2019\/10\/Gradska-kuca-38-1024x683.jpg 1024w, https:\/\/visitsubotica.rs\/wp-content\/uploads\/2019\/10\/Gradska-kuca-38-300x200.jpg 300w, https:\/\/visitsubotica.rs\/wp-content\/uploads\/2019\/10\/Gradska-kuca-38-768x512.jpg 768w, https:\/\/visitsubotica.rs\/wp-content\/uploads\/2019\/10\/Gradska-kuca-38-280x187.jpg 280w, https:\/\/visitsubotica.rs\/wp-content\/uploads\/2019\/10\/Gradska-kuca-38-1170x780.jpg 1170w, https:\/\/visitsubotica.rs\/wp-content\/uploads\/2019\/10\/Gradska-kuca-38.jpg 1920w\" sizes=\"(max-width: 1024px) 100vw, 1024px\" \/><\/figure>\n\n\n\n<figure class=\"wp-block-image size-large\"><img decoding=\"async\" width=\"1024\" height=\"683\" data-id=\"5201\" src=\"https:\/\/visitsubotica.rs\/wp-content\/uploads\/2019\/10\/Gradska-kuca-37-1024x683.jpg\" alt=\"\" class=\"wp-image-5201\" srcset=\"https:\/\/visitsubotica.rs\/wp-content\/uploads\/2019\/10\/Gradska-kuca-37-1024x683.jpg 1024w, https:\/\/visitsubotica.rs\/wp-content\/uploads\/2019\/10\/Gradska-kuca-37-300x200.jpg 300w, https:\/\/visitsubotica.rs\/wp-content\/uploads\/2019\/10\/Gradska-kuca-37-768x512.jpg 768w, https:\/\/visitsubotica.rs\/wp-content\/uploads\/2019\/10\/Gradska-kuca-37-280x187.jpg 280w, https:\/\/visitsubotica.rs\/wp-content\/uploads\/2019\/10\/Gradska-kuca-37-1170x780.jpg 1170w, https:\/\/visitsubotica.rs\/wp-content\/uploads\/2019\/10\/Gradska-kuca-37.jpg 1920w\" sizes=\"(max-width: 1024px) 100vw, 1024px\" \/><\/figure>\n\n\n\n<figure class=\"wp-block-image size-large\"><img decoding=\"async\" width=\"1024\" height=\"682\" data-id=\"5200\" src=\"https:\/\/visitsubotica.rs\/wp-content\/uploads\/2019\/10\/Gradska-kuca-36-1024x682.jpg\" alt=\"\" class=\"wp-image-5200\" srcset=\"https:\/\/visitsubotica.rs\/wp-content\/uploads\/2019\/10\/Gradska-kuca-36-1024x682.jpg 1024w, https:\/\/visitsubotica.rs\/wp-content\/uploads\/2019\/10\/Gradska-kuca-36-300x200.jpg 300w, https:\/\/visitsubotica.rs\/wp-content\/uploads\/2019\/10\/Gradska-kuca-36-768x511.jpg 768w, https:\/\/visitsubotica.rs\/wp-content\/uploads\/2019\/10\/Gradska-kuca-36-280x187.jpg 280w, https:\/\/visitsubotica.rs\/wp-content\/uploads\/2019\/10\/Gradska-kuca-36-1170x779.jpg 1170w, https:\/\/visitsubotica.rs\/wp-content\/uploads\/2019\/10\/Gradska-kuca-36.jpg 1920w\" sizes=\"(max-width: 1024px) 100vw, 1024px\" \/><\/figure>\n\n\n\n<figure class=\"wp-block-image size-large\"><img decoding=\"async\" width=\"684\" height=\"1024\" data-id=\"5199\" src=\"https:\/\/visitsubotica.rs\/wp-content\/uploads\/2019\/10\/Gradska-kuca-35-684x1024.jpg\" alt=\"Secesija\" class=\"wp-image-5199\" srcset=\"https:\/\/visitsubotica.rs\/wp-content\/uploads\/2019\/10\/Gradska-kuca-35-684x1024.jpg 684w, https:\/\/visitsubotica.rs\/wp-content\/uploads\/2019\/10\/Gradska-kuca-35-200x300.jpg 200w, https:\/\/visitsubotica.rs\/wp-content\/uploads\/2019\/10\/Gradska-kuca-35-768x1150.jpg 768w, https:\/\/visitsubotica.rs\/wp-content\/uploads\/2019\/10\/Gradska-kuca-35-125x187.jpg 125w, https:\/\/visitsubotica.rs\/wp-content\/uploads\/2019\/10\/Gradska-kuca-35-1170x1752.jpg 1170w, https:\/\/visitsubotica.rs\/wp-content\/uploads\/2019\/10\/Gradska-kuca-35.jpg 1282w\" sizes=\"(max-width: 684px) 100vw, 684px\" \/><\/figure>\n\n\n\n<figure class=\"wp-block-image size-large\"><img decoding=\"async\" width=\"1024\" height=\"684\" data-id=\"5198\" src=\"https:\/\/visitsubotica.rs\/wp-content\/uploads\/2019\/10\/Gradska-kuca-34-1024x684.jpg\" alt=\"\" class=\"wp-image-5198\" srcset=\"https:\/\/visitsubotica.rs\/wp-content\/uploads\/2019\/10\/Gradska-kuca-34-1024x684.jpg 1024w, https:\/\/visitsubotica.rs\/wp-content\/uploads\/2019\/10\/Gradska-kuca-34-300x200.jpg 300w, https:\/\/visitsubotica.rs\/wp-content\/uploads\/2019\/10\/Gradska-kuca-34-768x513.jpg 768w, https:\/\/visitsubotica.rs\/wp-content\/uploads\/2019\/10\/Gradska-kuca-34-280x187.jpg 280w, https:\/\/visitsubotica.rs\/wp-content\/uploads\/2019\/10\/Gradska-kuca-34-1170x781.jpg 1170w, https:\/\/visitsubotica.rs\/wp-content\/uploads\/2019\/10\/Gradska-kuca-34.jpg 1920w\" sizes=\"(max-width: 1024px) 100vw, 1024px\" \/><\/figure>\n\n\n\n<figure class=\"wp-block-image size-large\"><img decoding=\"async\" width=\"1024\" height=\"683\" data-id=\"5197\" src=\"https:\/\/visitsubotica.rs\/wp-content\/uploads\/2019\/10\/Gradska-kuca-33-1024x683.jpg\" alt=\"\" class=\"wp-image-5197\" srcset=\"https:\/\/visitsubotica.rs\/wp-content\/uploads\/2019\/10\/Gradska-kuca-33-1024x683.jpg 1024w, https:\/\/visitsubotica.rs\/wp-content\/uploads\/2019\/10\/Gradska-kuca-33-300x200.jpg 300w, https:\/\/visitsubotica.rs\/wp-content\/uploads\/2019\/10\/Gradska-kuca-33-768x512.jpg 768w, https:\/\/visitsubotica.rs\/wp-content\/uploads\/2019\/10\/Gradska-kuca-33-280x187.jpg 280w, https:\/\/visitsubotica.rs\/wp-content\/uploads\/2019\/10\/Gradska-kuca-33-1170x780.jpg 1170w, https:\/\/visitsubotica.rs\/wp-content\/uploads\/2019\/10\/Gradska-kuca-33.jpg 1920w\" sizes=\"(max-width: 1024px) 100vw, 1024px\" \/><\/figure>\n\n\n\n<figure class=\"wp-block-image size-large\"><img decoding=\"async\" width=\"1024\" height=\"683\" data-id=\"5196\" src=\"https:\/\/visitsubotica.rs\/wp-content\/uploads\/2019\/10\/Gradska-kuca-32-1024x683.jpg\" alt=\"\" class=\"wp-image-5196\" srcset=\"https:\/\/visitsubotica.rs\/wp-content\/uploads\/2019\/10\/Gradska-kuca-32-1024x683.jpg 1024w, https:\/\/visitsubotica.rs\/wp-content\/uploads\/2019\/10\/Gradska-kuca-32-300x200.jpg 300w, https:\/\/visitsubotica.rs\/wp-content\/uploads\/2019\/10\/Gradska-kuca-32-768x512.jpg 768w, https:\/\/visitsubotica.rs\/wp-content\/uploads\/2019\/10\/Gradska-kuca-32-280x187.jpg 280w, https:\/\/visitsubotica.rs\/wp-content\/uploads\/2019\/10\/Gradska-kuca-32-1170x780.jpg 1170w, https:\/\/visitsubotica.rs\/wp-content\/uploads\/2019\/10\/Gradska-kuca-32.jpg 1920w\" sizes=\"(max-width: 1024px) 100vw, 1024px\" \/><\/figure>\n\n\n\n<figure class=\"wp-block-image size-large\"><img decoding=\"async\" width=\"1024\" height=\"683\" data-id=\"5193\" src=\"https:\/\/visitsubotica.rs\/wp-content\/uploads\/2019\/10\/Gradska-kuca-29-1024x683.jpg\" alt=\"\" class=\"wp-image-5193\" srcset=\"https:\/\/visitsubotica.rs\/wp-content\/uploads\/2019\/10\/Gradska-kuca-29-1024x683.jpg 1024w, https:\/\/visitsubotica.rs\/wp-content\/uploads\/2019\/10\/Gradska-kuca-29-300x200.jpg 300w, https:\/\/visitsubotica.rs\/wp-content\/uploads\/2019\/10\/Gradska-kuca-29-768x512.jpg 768w, https:\/\/visitsubotica.rs\/wp-content\/uploads\/2019\/10\/Gradska-kuca-29-280x187.jpg 280w, https:\/\/visitsubotica.rs\/wp-content\/uploads\/2019\/10\/Gradska-kuca-29-1170x780.jpg 1170w, https:\/\/visitsubotica.rs\/wp-content\/uploads\/2019\/10\/Gradska-kuca-29.jpg 1920w\" sizes=\"(max-width: 1024px) 100vw, 1024px\" \/><\/figure>\n\n\n\n<figure class=\"wp-block-image size-large\"><img decoding=\"async\" width=\"1024\" height=\"683\" data-id=\"5189\" src=\"https:\/\/visitsubotica.rs\/wp-content\/uploads\/2019\/10\/Gradska-kuca-25-1024x683.jpg\" alt=\"\" class=\"wp-image-5189\" srcset=\"https:\/\/visitsubotica.rs\/wp-content\/uploads\/2019\/10\/Gradska-kuca-25-1024x683.jpg 1024w, https:\/\/visitsubotica.rs\/wp-content\/uploads\/2019\/10\/Gradska-kuca-25-300x200.jpg 300w, https:\/\/visitsubotica.rs\/wp-content\/uploads\/2019\/10\/Gradska-kuca-25-768x512.jpg 768w, https:\/\/visitsubotica.rs\/wp-content\/uploads\/2019\/10\/Gradska-kuca-25-280x187.jpg 280w, https:\/\/visitsubotica.rs\/wp-content\/uploads\/2019\/10\/Gradska-kuca-25-1170x780.jpg 1170w, https:\/\/visitsubotica.rs\/wp-content\/uploads\/2019\/10\/Gradska-kuca-25.jpg 1920w\" sizes=\"(max-width: 1024px) 100vw, 1024px\" \/><\/figure>\n\n\n\n<figure class=\"wp-block-image size-large\"><img decoding=\"async\" width=\"1024\" height=\"683\" data-id=\"5139\" src=\"https:\/\/visitsubotica.rs\/wp-content\/uploads\/2019\/10\/Gradska-kuca-24-1024x683.jpg\" alt=\"\" class=\"wp-image-5139\" srcset=\"https:\/\/visitsubotica.rs\/wp-content\/uploads\/2019\/10\/Gradska-kuca-24-1024x683.jpg 1024w, https:\/\/visitsubotica.rs\/wp-content\/uploads\/2019\/10\/Gradska-kuca-24-300x200.jpg 300w, https:\/\/visitsubotica.rs\/wp-content\/uploads\/2019\/10\/Gradska-kuca-24-768x512.jpg 768w, https:\/\/visitsubotica.rs\/wp-content\/uploads\/2019\/10\/Gradska-kuca-24-280x187.jpg 280w, https:\/\/visitsubotica.rs\/wp-content\/uploads\/2019\/10\/Gradska-kuca-24-1170x780.jpg 1170w, https:\/\/visitsubotica.rs\/wp-content\/uploads\/2019\/10\/Gradska-kuca-24.jpg 1920w\" sizes=\"(max-width: 1024px) 100vw, 1024px\" \/><\/figure>\n\n\n\n<figure class=\"wp-block-image size-large\"><img decoding=\"async\" width=\"1024\" height=\"683\" data-id=\"5138\" src=\"https:\/\/visitsubotica.rs\/wp-content\/uploads\/2019\/10\/Gradska-kuca-23-1024x683.jpg\" alt=\"\" class=\"wp-image-5138\" srcset=\"https:\/\/visitsubotica.rs\/wp-content\/uploads\/2019\/10\/Gradska-kuca-23-1024x683.jpg 1024w, https:\/\/visitsubotica.rs\/wp-content\/uploads\/2019\/10\/Gradska-kuca-23-300x200.jpg 300w, https:\/\/visitsubotica.rs\/wp-content\/uploads\/2019\/10\/Gradska-kuca-23-768x512.jpg 768w, https:\/\/visitsubotica.rs\/wp-content\/uploads\/2019\/10\/Gradska-kuca-23-280x187.jpg 280w, https:\/\/visitsubotica.rs\/wp-content\/uploads\/2019\/10\/Gradska-kuca-23-1170x780.jpg 1170w, https:\/\/visitsubotica.rs\/wp-content\/uploads\/2019\/10\/Gradska-kuca-23.jpg 1920w\" sizes=\"(max-width: 1024px) 100vw, 1024px\" \/><\/figure>\n\n\n\n<figure class=\"wp-block-image size-large\"><img decoding=\"async\" width=\"1024\" height=\"683\" data-id=\"5137\" src=\"https:\/\/visitsubotica.rs\/wp-content\/uploads\/2019\/10\/Gradska-kuca-22-1024x683.jpg\" alt=\"\" class=\"wp-image-5137\" srcset=\"https:\/\/visitsubotica.rs\/wp-content\/uploads\/2019\/10\/Gradska-kuca-22-1024x683.jpg 1024w, https:\/\/visitsubotica.rs\/wp-content\/uploads\/2019\/10\/Gradska-kuca-22-300x200.jpg 300w, https:\/\/visitsubotica.rs\/wp-content\/uploads\/2019\/10\/Gradska-kuca-22-768x512.jpg 768w, https:\/\/visitsubotica.rs\/wp-content\/uploads\/2019\/10\/Gradska-kuca-22-280x187.jpg 280w, https:\/\/visitsubotica.rs\/wp-content\/uploads\/2019\/10\/Gradska-kuca-22-1170x780.jpg 1170w, https:\/\/visitsubotica.rs\/wp-content\/uploads\/2019\/10\/Gradska-kuca-22.jpg 1920w\" sizes=\"(max-width: 1024px) 100vw, 1024px\" \/><\/figure>\n\n\n\n<figure class=\"wp-block-image size-large\"><img decoding=\"async\" width=\"1024\" height=\"683\" data-id=\"5136\" src=\"https:\/\/visitsubotica.rs\/wp-content\/uploads\/2019\/10\/Gradska-kuca-21-1024x683.jpg\" alt=\"\" class=\"wp-image-5136\" srcset=\"https:\/\/visitsubotica.rs\/wp-content\/uploads\/2019\/10\/Gradska-kuca-21-1024x683.jpg 1024w, https:\/\/visitsubotica.rs\/wp-content\/uploads\/2019\/10\/Gradska-kuca-21-300x200.jpg 300w, https:\/\/visitsubotica.rs\/wp-content\/uploads\/2019\/10\/Gradska-kuca-21-768x512.jpg 768w, https:\/\/visitsubotica.rs\/wp-content\/uploads\/2019\/10\/Gradska-kuca-21-280x187.jpg 280w, https:\/\/visitsubotica.rs\/wp-content\/uploads\/2019\/10\/Gradska-kuca-21-1170x780.jpg 1170w, https:\/\/visitsubotica.rs\/wp-content\/uploads\/2019\/10\/Gradska-kuca-21.jpg 1920w\" sizes=\"(max-width: 1024px) 100vw, 1024px\" \/><\/figure>\n\n\n\n<figure class=\"wp-block-image size-large\"><img decoding=\"async\" width=\"1024\" height=\"683\" data-id=\"5134\" src=\"https:\/\/visitsubotica.rs\/wp-content\/uploads\/2019\/10\/Gradska-kuca-19-1024x683.jpg\" alt=\"\" class=\"wp-image-5134\" srcset=\"https:\/\/visitsubotica.rs\/wp-content\/uploads\/2019\/10\/Gradska-kuca-19-1024x683.jpg 1024w, https:\/\/visitsubotica.rs\/wp-content\/uploads\/2019\/10\/Gradska-kuca-19-300x200.jpg 300w, https:\/\/visitsubotica.rs\/wp-content\/uploads\/2019\/10\/Gradska-kuca-19-768x512.jpg 768w, https:\/\/visitsubotica.rs\/wp-content\/uploads\/2019\/10\/Gradska-kuca-19-280x187.jpg 280w, https:\/\/visitsubotica.rs\/wp-content\/uploads\/2019\/10\/Gradska-kuca-19-1170x780.jpg 1170w, https:\/\/visitsubotica.rs\/wp-content\/uploads\/2019\/10\/Gradska-kuca-19.jpg 1920w\" sizes=\"(max-width: 1024px) 100vw, 1024px\" \/><\/figure>\n\n\n\n<figure class=\"wp-block-image size-large\"><img decoding=\"async\" width=\"1024\" height=\"683\" data-id=\"5133\" src=\"https:\/\/visitsubotica.rs\/wp-content\/uploads\/2019\/10\/Gradska-kuca-18-1024x683.jpg\" alt=\"\" class=\"wp-image-5133\" srcset=\"https:\/\/visitsubotica.rs\/wp-content\/uploads\/2019\/10\/Gradska-kuca-18-1024x683.jpg 1024w, https:\/\/visitsubotica.rs\/wp-content\/uploads\/2019\/10\/Gradska-kuca-18-300x200.jpg 300w, https:\/\/visitsubotica.rs\/wp-content\/uploads\/2019\/10\/Gradska-kuca-18-768x512.jpg 768w, https:\/\/visitsubotica.rs\/wp-content\/uploads\/2019\/10\/Gradska-kuca-18-280x187.jpg 280w, https:\/\/visitsubotica.rs\/wp-content\/uploads\/2019\/10\/Gradska-kuca-18-1170x780.jpg 1170w, https:\/\/visitsubotica.rs\/wp-content\/uploads\/2019\/10\/Gradska-kuca-18.jpg 1920w\" sizes=\"(max-width: 1024px) 100vw, 1024px\" \/><\/figure>\n\n\n\n<figure class=\"wp-block-image size-large\"><img decoding=\"async\" width=\"1024\" height=\"683\" data-id=\"5132\" src=\"https:\/\/visitsubotica.rs\/wp-content\/uploads\/2019\/10\/Gradska-kuca-17-1024x683.jpg\" alt=\"\" class=\"wp-image-5132\" srcset=\"https:\/\/visitsubotica.rs\/wp-content\/uploads\/2019\/10\/Gradska-kuca-17-1024x683.jpg 1024w, https:\/\/visitsubotica.rs\/wp-content\/uploads\/2019\/10\/Gradska-kuca-17-300x200.jpg 300w, https:\/\/visitsubotica.rs\/wp-content\/uploads\/2019\/10\/Gradska-kuca-17-768x512.jpg 768w, https:\/\/visitsubotica.rs\/wp-content\/uploads\/2019\/10\/Gradska-kuca-17-280x187.jpg 280w, https:\/\/visitsubotica.rs\/wp-content\/uploads\/2019\/10\/Gradska-kuca-17-1170x780.jpg 1170w, https:\/\/visitsubotica.rs\/wp-content\/uploads\/2019\/10\/Gradska-kuca-17.jpg 1920w\" sizes=\"(max-width: 1024px) 100vw, 1024px\" \/><\/figure>\n\n\n\n<figure class=\"wp-block-image size-large\"><img decoding=\"async\" width=\"1024\" height=\"683\" data-id=\"5128\" src=\"https:\/\/visitsubotica.rs\/wp-content\/uploads\/2019\/10\/Gradska-kuca-13-1024x683.jpg\" alt=\"\" class=\"wp-image-5128\" srcset=\"https:\/\/visitsubotica.rs\/wp-content\/uploads\/2019\/10\/Gradska-kuca-13-1024x683.jpg 1024w, https:\/\/visitsubotica.rs\/wp-content\/uploads\/2019\/10\/Gradska-kuca-13-300x200.jpg 300w, https:\/\/visitsubotica.rs\/wp-content\/uploads\/2019\/10\/Gradska-kuca-13-768x512.jpg 768w, https:\/\/visitsubotica.rs\/wp-content\/uploads\/2019\/10\/Gradska-kuca-13-280x187.jpg 280w, https:\/\/visitsubotica.rs\/wp-content\/uploads\/2019\/10\/Gradska-kuca-13-1170x780.jpg 1170w, https:\/\/visitsubotica.rs\/wp-content\/uploads\/2019\/10\/Gradska-kuca-13.jpg 1920w\" sizes=\"(max-width: 1024px) 100vw, 1024px\" \/><\/figure>\n\n\n\n<figure class=\"wp-block-image size-large\"><img decoding=\"async\" width=\"1024\" height=\"683\" data-id=\"5126\" src=\"https:\/\/visitsubotica.rs\/wp-content\/uploads\/2019\/10\/Gradska-kuca-11-1024x683.jpg\" alt=\"\" class=\"wp-image-5126\" srcset=\"https:\/\/visitsubotica.rs\/wp-content\/uploads\/2019\/10\/Gradska-kuca-11-1024x683.jpg 1024w, https:\/\/visitsubotica.rs\/wp-content\/uploads\/2019\/10\/Gradska-kuca-11-300x200.jpg 300w, https:\/\/visitsubotica.rs\/wp-content\/uploads\/2019\/10\/Gradska-kuca-11-768x512.jpg 768w, https:\/\/visitsubotica.rs\/wp-content\/uploads\/2019\/10\/Gradska-kuca-11-280x187.jpg 280w, https:\/\/visitsubotica.rs\/wp-content\/uploads\/2019\/10\/Gradska-kuca-11-1170x780.jpg 1170w, https:\/\/visitsubotica.rs\/wp-content\/uploads\/2019\/10\/Gradska-kuca-11.jpg 1920w\" sizes=\"(max-width: 1024px) 100vw, 1024px\" \/><\/figure>\n\n\n\n<figure class=\"wp-block-image size-large\"><img decoding=\"async\" width=\"1024\" height=\"683\" data-id=\"5123\" src=\"https:\/\/visitsubotica.rs\/wp-content\/uploads\/2019\/10\/Gradska-kuca-8-1024x683.jpg\" alt=\"Gradska kuca (8)\" class=\"wp-image-5123\" srcset=\"https:\/\/visitsubotica.rs\/wp-content\/uploads\/2019\/10\/Gradska-kuca-8-1024x683.jpg 1024w, https:\/\/visitsubotica.rs\/wp-content\/uploads\/2019\/10\/Gradska-kuca-8-300x200.jpg 300w, https:\/\/visitsubotica.rs\/wp-content\/uploads\/2019\/10\/Gradska-kuca-8-768x512.jpg 768w, https:\/\/visitsubotica.rs\/wp-content\/uploads\/2019\/10\/Gradska-kuca-8-280x187.jpg 280w, https:\/\/visitsubotica.rs\/wp-content\/uploads\/2019\/10\/Gradska-kuca-8-1170x780.jpg 1170w, https:\/\/visitsubotica.rs\/wp-content\/uploads\/2019\/10\/Gradska-kuca-8.jpg 1920w\" sizes=\"(max-width: 1024px) 100vw, 1024px\" \/><\/figure>\n\n\n\n<figure class=\"wp-block-image size-large\"><img decoding=\"async\" width=\"1024\" height=\"683\" data-id=\"5121\" src=\"https:\/\/visitsubotica.rs\/wp-content\/uploads\/2019\/10\/Gradska-kuca-7-1024x683.jpg\" alt=\"\" class=\"wp-image-5121\" srcset=\"https:\/\/visitsubotica.rs\/wp-content\/uploads\/2019\/10\/Gradska-kuca-7-1024x683.jpg 1024w, https:\/\/visitsubotica.rs\/wp-content\/uploads\/2019\/10\/Gradska-kuca-7-300x200.jpg 300w, https:\/\/visitsubotica.rs\/wp-content\/uploads\/2019\/10\/Gradska-kuca-7-768x512.jpg 768w, https:\/\/visitsubotica.rs\/wp-content\/uploads\/2019\/10\/Gradska-kuca-7-280x187.jpg 280w, https:\/\/visitsubotica.rs\/wp-content\/uploads\/2019\/10\/Gradska-kuca-7-1170x780.jpg 1170w, https:\/\/visitsubotica.rs\/wp-content\/uploads\/2019\/10\/Gradska-kuca-7.jpg 1920w\" sizes=\"(max-width: 1024px) 100vw, 1024px\" \/><\/figure>\n\n\n\n<figure class=\"wp-block-image size-large\"><img decoding=\"async\" width=\"683\" height=\"1024\" data-id=\"5118\" src=\"https:\/\/visitsubotica.rs\/wp-content\/uploads\/2019\/10\/Gradska-kuca-4-683x1024.jpg\" alt=\"\" class=\"wp-image-5118\" srcset=\"https:\/\/visitsubotica.rs\/wp-content\/uploads\/2019\/10\/Gradska-kuca-4-683x1024.jpg 683w, https:\/\/visitsubotica.rs\/wp-content\/uploads\/2019\/10\/Gradska-kuca-4-200x300.jpg 200w, https:\/\/visitsubotica.rs\/wp-content\/uploads\/2019\/10\/Gradska-kuca-4-768x1152.jpg 768w, https:\/\/visitsubotica.rs\/wp-content\/uploads\/2019\/10\/Gradska-kuca-4-125x187.jpg 125w, https:\/\/visitsubotica.rs\/wp-content\/uploads\/2019\/10\/Gradska-kuca-4-1170x1755.jpg 1170w, https:\/\/visitsubotica.rs\/wp-content\/uploads\/2019\/10\/Gradska-kuca-4.jpg 1280w\" sizes=\"(max-width: 683px) 100vw, 683px\" \/><\/figure>\n<\/figure>\n","protected":false},"excerpt":{"rendered":"<p>Sok eur\u00f3pai v\u00e1rost\u00f3l elt\u00e9r\u0151en, Szabadka k\u00f6zpontj\u00e1ban nem katedr\u00e1lis vagy templom domin\u00e1l, hanem a v\u00e1rosh\u00e1za. Elhelyezked\u00e9s\u00e9vel, m\u00e9reteivel \u00e9s a szecesszi\u00f3 magyar v\u00e1ltozat\u00e1nak d\u00edszes \u00e9p\u00edt\u00e9szet\u00e9vel, a v\u00e1rosh\u00e1za a v\u00e1ros meghat\u00e1roz\u00f3j\u00e1v\u00e1 v\u00e1lt, Szabadka k\u00f6zpontj\u00e1va \u00e9s szimb\u00f3lum\u00e1v\u00e1. 1908 \u00e9s 1910 k\u00f6z\u00f6tt \u00e9p\u00fclt, a belt\u00e9r pedig 1912-ben k\u00e9sz\u00fclt el. Majdnem 6000 m\u00b2 ter\u00fcletet foglal el, 16.000 m\u00b2 haszn\u00e1lhat\u00f3 fel\u00fclettel. Tornya<\/p>\n","protected":false},"featured_media":32378,"template":"","meta":{"footnotes":""},"tip_secesijskog_objekta":[697],"class_list":["post-14340","secesija","type-secesija","status-publish","has-post-thumbnail","hentry"],"yoast_head":"<!-- This site is optimized with the Yoast SEO plugin v27.4 - https:\/\/yoast.com\/product\/yoast-seo-wordpress\/ -->\n<title>V\u00c1ROSH\u00c1ZA - Visit Subotica<\/title>\n<meta name=\"robots\" content=\"index, follow, max-snippet:-1, max-image-preview:large, max-video-preview:-1\" \/>\n<link rel=\"canonical\" href=\"https:\/\/visitsubotica.rs\/hu\/mit-latogassunk-meg\/szecesszio\/gradska-kuca\/\" \/>\n<meta property=\"og:locale\" content=\"hu_HU\" \/>\n<meta property=\"og:type\" content=\"article\" \/>\n<meta property=\"og:title\" content=\"V\u00c1ROSH\u00c1ZA - Visit Subotica\" \/>\n<meta property=\"og:description\" content=\"Sok eur\u00f3pai v\u00e1rost\u00f3l elt\u00e9r\u0151en, Szabadka k\u00f6zpontj\u00e1ban nem katedr\u00e1lis vagy templom domin\u00e1l, hanem a v\u00e1rosh\u00e1za. Elhelyezked\u00e9s\u00e9vel, m\u00e9reteivel \u00e9s a szecesszi\u00f3 magyar v\u00e1ltozat\u00e1nak d\u00edszes \u00e9p\u00edt\u00e9szet\u00e9vel, a v\u00e1rosh\u00e1za a v\u00e1ros meghat\u00e1roz\u00f3j\u00e1v\u00e1 v\u00e1lt, Szabadka k\u00f6zpontj\u00e1va \u00e9s szimb\u00f3lum\u00e1v\u00e1. 1908 \u00e9s 1910 k\u00f6z\u00f6tt \u00e9p\u00fclt, a belt\u00e9r pedig 1912-ben k\u00e9sz\u00fclt el. Majdnem 6000 m\u00b2 ter\u00fcletet foglal el, 16.000 m\u00b2 haszn\u00e1lhat\u00f3 fel\u00fclettel. Tornya\" \/>\n<meta property=\"og:url\" content=\"https:\/\/visitsubotica.rs\/hu\/mit-latogassunk-meg\/szecesszio\/gradska-kuca\/\" \/>\n<meta property=\"og:site_name\" content=\"Visit Subotica\" \/>\n<meta property=\"article:publisher\" content=\"https:\/\/www.facebook.com\/VisitSubotica.rs\/\" \/>\n<meta property=\"article:modified_time\" content=\"2024-09-12T23:15:06+00:00\" \/>\n<meta property=\"og:image\" content=\"https:\/\/visitsubotica.rs\/wp-content\/uploads\/2024\/09\/gradska-kuca-naslovna.webp\" \/>\n\t<meta property=\"og:image:width\" content=\"1920\" \/>\n\t<meta property=\"og:image:height\" content=\"1280\" \/>\n\t<meta property=\"og:image:type\" content=\"image\/webp\" \/>\n<meta name=\"twitter:card\" content=\"summary_large_image\" \/>\n<meta name=\"twitter:site\" content=\"@visitsubotica\" \/>\n<meta name=\"twitter:label1\" content=\"Becs\u00fclt olvas\u00e1si id\u0151\" \/>\n\t<meta name=\"twitter:data1\" content=\"1 perc\" \/>\n<script type=\"application\/ld+json\" class=\"yoast-schema-graph\">{\"@context\":\"https:\\\/\\\/schema.org\",\"@graph\":[{\"@type\":\"WebPage\",\"@id\":\"https:\\\/\\\/visitsubotica.rs\\\/hu\\\/mit-latogassunk-meg\\\/szecesszio\\\/gradska-kuca\\\/\",\"url\":\"https:\\\/\\\/visitsubotica.rs\\\/hu\\\/mit-latogassunk-meg\\\/szecesszio\\\/gradska-kuca\\\/\",\"name\":\"V\u00c1ROSH\u00c1ZA - Visit Subotica\",\"isPartOf\":{\"@id\":\"https:\\\/\\\/visitsubotica.rs\\\/#website\"},\"primaryImageOfPage\":{\"@id\":\"https:\\\/\\\/visitsubotica.rs\\\/hu\\\/mit-latogassunk-meg\\\/szecesszio\\\/gradska-kuca\\\/#primaryimage\"},\"image\":{\"@id\":\"https:\\\/\\\/visitsubotica.rs\\\/hu\\\/mit-latogassunk-meg\\\/szecesszio\\\/gradska-kuca\\\/#primaryimage\"},\"thumbnailUrl\":\"https:\\\/\\\/visitsubotica.rs\\\/wp-content\\\/uploads\\\/2024\\\/09\\\/gradska-kuca-naslovna.webp\",\"datePublished\":\"2019-07-14T20:34:46+00:00\",\"dateModified\":\"2024-09-12T23:15:06+00:00\",\"breadcrumb\":{\"@id\":\"https:\\\/\\\/visitsubotica.rs\\\/hu\\\/mit-latogassunk-meg\\\/szecesszio\\\/gradska-kuca\\\/#breadcrumb\"},\"inLanguage\":\"hu\",\"potentialAction\":[{\"@type\":\"ReadAction\",\"target\":[\"https:\\\/\\\/visitsubotica.rs\\\/hu\\\/mit-latogassunk-meg\\\/szecesszio\\\/gradska-kuca\\\/\"]}]},{\"@type\":\"ImageObject\",\"inLanguage\":\"hu\",\"@id\":\"https:\\\/\\\/visitsubotica.rs\\\/hu\\\/mit-latogassunk-meg\\\/szecesszio\\\/gradska-kuca\\\/#primaryimage\",\"url\":\"https:\\\/\\\/visitsubotica.rs\\\/wp-content\\\/uploads\\\/2024\\\/09\\\/gradska-kuca-naslovna.webp\",\"contentUrl\":\"https:\\\/\\\/visitsubotica.rs\\\/wp-content\\\/uploads\\\/2024\\\/09\\\/gradska-kuca-naslovna.webp\",\"width\":1920,\"height\":1280},{\"@type\":\"BreadcrumbList\",\"@id\":\"https:\\\/\\\/visitsubotica.rs\\\/hu\\\/mit-latogassunk-meg\\\/szecesszio\\\/gradska-kuca\\\/#breadcrumb\",\"itemListElement\":[{\"@type\":\"ListItem\",\"position\":1,\"name\":\"Home\",\"item\":\"https:\\\/\\\/visitsubotica.rs\\\/hu\\\/\"},{\"@type\":\"ListItem\",\"position\":2,\"name\":\"V\u00c1ROSH\u00c1ZA\"}]},{\"@type\":\"WebSite\",\"@id\":\"https:\\\/\\\/visitsubotica.rs\\\/#website\",\"url\":\"https:\\\/\\\/visitsubotica.rs\\\/\",\"name\":\"Visit Subotica\",\"description\":\"Turisti\u010dka organizacija grada Subotice\",\"potentialAction\":[{\"@type\":\"SearchAction\",\"target\":{\"@type\":\"EntryPoint\",\"urlTemplate\":\"https:\\\/\\\/visitsubotica.rs\\\/?s={search_term_string}\"},\"query-input\":{\"@type\":\"PropertyValueSpecification\",\"valueRequired\":true,\"valueName\":\"search_term_string\"}}],\"inLanguage\":\"hu\"}]}<\/script>\n<!-- \/ Yoast SEO plugin. -->","yoast_head_json":{"title":"V\u00c1ROSH\u00c1ZA - Visit Subotica","robots":{"index":"index","follow":"follow","max-snippet":"max-snippet:-1","max-image-preview":"max-image-preview:large","max-video-preview":"max-video-preview:-1"},"canonical":"https:\/\/visitsubotica.rs\/hu\/mit-latogassunk-meg\/szecesszio\/gradska-kuca\/","og_locale":"hu_HU","og_type":"article","og_title":"V\u00c1ROSH\u00c1ZA - Visit Subotica","og_description":"Sok eur\u00f3pai v\u00e1rost\u00f3l elt\u00e9r\u0151en, Szabadka k\u00f6zpontj\u00e1ban nem katedr\u00e1lis vagy templom domin\u00e1l, hanem a v\u00e1rosh\u00e1za. Elhelyezked\u00e9s\u00e9vel, m\u00e9reteivel \u00e9s a szecesszi\u00f3 magyar v\u00e1ltozat\u00e1nak d\u00edszes \u00e9p\u00edt\u00e9szet\u00e9vel, a v\u00e1rosh\u00e1za a v\u00e1ros meghat\u00e1roz\u00f3j\u00e1v\u00e1 v\u00e1lt, Szabadka k\u00f6zpontj\u00e1va \u00e9s szimb\u00f3lum\u00e1v\u00e1. 1908 \u00e9s 1910 k\u00f6z\u00f6tt \u00e9p\u00fclt, a belt\u00e9r pedig 1912-ben k\u00e9sz\u00fclt el. Majdnem 6000 m\u00b2 ter\u00fcletet foglal el, 16.000 m\u00b2 haszn\u00e1lhat\u00f3 fel\u00fclettel. Tornya","og_url":"https:\/\/visitsubotica.rs\/hu\/mit-latogassunk-meg\/szecesszio\/gradska-kuca\/","og_site_name":"Visit Subotica","article_publisher":"https:\/\/www.facebook.com\/VisitSubotica.rs\/","article_modified_time":"2024-09-12T23:15:06+00:00","og_image":[{"width":1920,"height":1280,"url":"https:\/\/visitsubotica.rs\/wp-content\/uploads\/2024\/09\/gradska-kuca-naslovna.webp","type":"image\/webp"}],"twitter_card":"summary_large_image","twitter_site":"@visitsubotica","twitter_misc":{"Becs\u00fclt olvas\u00e1si id\u0151":"1 perc"},"schema":{"@context":"https:\/\/schema.org","@graph":[{"@type":"WebPage","@id":"https:\/\/visitsubotica.rs\/hu\/mit-latogassunk-meg\/szecesszio\/gradska-kuca\/","url":"https:\/\/visitsubotica.rs\/hu\/mit-latogassunk-meg\/szecesszio\/gradska-kuca\/","name":"V\u00c1ROSH\u00c1ZA - Visit Subotica","isPartOf":{"@id":"https:\/\/visitsubotica.rs\/#website"},"primaryImageOfPage":{"@id":"https:\/\/visitsubotica.rs\/hu\/mit-latogassunk-meg\/szecesszio\/gradska-kuca\/#primaryimage"},"image":{"@id":"https:\/\/visitsubotica.rs\/hu\/mit-latogassunk-meg\/szecesszio\/gradska-kuca\/#primaryimage"},"thumbnailUrl":"https:\/\/visitsubotica.rs\/wp-content\/uploads\/2024\/09\/gradska-kuca-naslovna.webp","datePublished":"2019-07-14T20:34:46+00:00","dateModified":"2024-09-12T23:15:06+00:00","breadcrumb":{"@id":"https:\/\/visitsubotica.rs\/hu\/mit-latogassunk-meg\/szecesszio\/gradska-kuca\/#breadcrumb"},"inLanguage":"hu","potentialAction":[{"@type":"ReadAction","target":["https:\/\/visitsubotica.rs\/hu\/mit-latogassunk-meg\/szecesszio\/gradska-kuca\/"]}]},{"@type":"ImageObject","inLanguage":"hu","@id":"https:\/\/visitsubotica.rs\/hu\/mit-latogassunk-meg\/szecesszio\/gradska-kuca\/#primaryimage","url":"https:\/\/visitsubotica.rs\/wp-content\/uploads\/2024\/09\/gradska-kuca-naslovna.webp","contentUrl":"https:\/\/visitsubotica.rs\/wp-content\/uploads\/2024\/09\/gradska-kuca-naslovna.webp","width":1920,"height":1280},{"@type":"BreadcrumbList","@id":"https:\/\/visitsubotica.rs\/hu\/mit-latogassunk-meg\/szecesszio\/gradska-kuca\/#breadcrumb","itemListElement":[{"@type":"ListItem","position":1,"name":"Home","item":"https:\/\/visitsubotica.rs\/hu\/"},{"@type":"ListItem","position":2,"name":"V\u00c1ROSH\u00c1ZA"}]},{"@type":"WebSite","@id":"https:\/\/visitsubotica.rs\/#website","url":"https:\/\/visitsubotica.rs\/","name":"Visit Subotica","description":"Turisti\u010dka organizacija grada Subotice","potentialAction":[{"@type":"SearchAction","target":{"@type":"EntryPoint","urlTemplate":"https:\/\/visitsubotica.rs\/?s={search_term_string}"},"query-input":{"@type":"PropertyValueSpecification","valueRequired":true,"valueName":"search_term_string"}}],"inLanguage":"hu"}]}},"_links":{"self":[{"href":"https:\/\/visitsubotica.rs\/hu\/wp-json\/wp\/v2\/secesija\/14340","targetHints":{"allow":["GET"]}}],"collection":[{"href":"https:\/\/visitsubotica.rs\/hu\/wp-json\/wp\/v2\/secesija"}],"about":[{"href":"https:\/\/visitsubotica.rs\/hu\/wp-json\/wp\/v2\/types\/secesija"}],"version-history":[{"count":0,"href":"https:\/\/visitsubotica.rs\/hu\/wp-json\/wp\/v2\/secesija\/14340\/revisions"}],"wp:featuredmedia":[{"embeddable":true,"href":"https:\/\/visitsubotica.rs\/hu\/wp-json\/wp\/v2\/media\/32378"}],"wp:attachment":[{"href":"https:\/\/visitsubotica.rs\/hu\/wp-json\/wp\/v2\/media?parent=14340"}],"wp:term":[{"taxonomy":"tip_secesijskog_objekta","embeddable":true,"href":"https:\/\/visitsubotica.rs\/hu\/wp-json\/wp\/v2\/tip_secesijskog_objekta?post=14340"}],"curies":[{"name":"wp","href":"https:\/\/api.w.org\/{rel}","templated":true}]}}