{"id":14562,"date":"2019-07-14T22:34:46","date_gmt":"2019-07-14T20:34:46","guid":{"rendered":"http:\/\/visitsubotica.rs\/sta-raditi\/salas-vinarija\/vinarija-reljic\/"},"modified":"2023-09-13T11:40:16","modified_gmt":"2023-09-13T09:40:16","slug":"vinarija-reljic","status":"publish","type":"salas-vinarija","link":"https:\/\/visitsubotica.rs\/hu\/sta-raditi\/salas-vinarija\/vinarija-reljic\/","title":{"rendered":"Relji\u0107 bor\u00e1szat"},"content":{"rendered":"\n<p>A Relji\u0107 <a>bor\u00e1szat <\/a>egy kis csal\u00e1di bor\u00e1szat. Az Omladinsko \u00e9s Palicsi tavak k\u00f6zel\u00e9ben tal\u00e1lhat\u00f3. 2015-ben alakult, amikor a bork\u00e9sz\u00edt\u00e9s ir\u00e1nti szeretet egyre n\u00f6vekv\u0151 hobbija lett tulajdonos\u00e1nak \u00e9s alap\u00edt\u00f3j\u00e1nak. Ez\u00e9rt d\u00f6nt\u00f6tt \u00fagy, hogy magasabb szintre emeli a termel\u00e9st.<\/p>\n\n\n\n<p>A bor\u00e1szat \u00faj bor\u00e1szati elj\u00e1r\u00e1sokat k\u00f6vetve k\u00e9sz\u00edti borait a legmodernebb bork\u00e9sz\u00edt\u00e9si \u00e9s \u00e9rlel\u00e9si berendez\u00e9sekkel. A kis csal\u00e1di pinc\u00e9szet k\u00edn\u00e1lat\u00e1ban feh\u00e9r-, roz\u00e9- \u00e9s v\u00f6r\u00f6sborok tal\u00e1lhat\u00f3k. Boraik kezdett\u0151l fogva elnyert\u00e9k a legrangosabb borversenyek legjobb d\u00edjait.<\/p>\n\n\n\n<p>A bor\u00e1szat egy modern megjelen\u00e9s\u0171 \u00e9p\u00fclet \u00e9p\u00edt\u00e9s\u00e9t tervezi, melyben k\u00f3stol\u00f3terem, termel\u0151csarnok, bor\u00e9rlel\u0151 barrique pince \u00e9s sz\u0151l\u0151re n\u00e9z\u0151 terasz tal\u00e1lhat\u00f3. A k\u00f3stol\u00f3 terem kapacit\u00e1sa t\u00e9len 80, ny\u00e1ron 120 f\u00e9r\u0151hely, plusz tov\u00e1bbi 30 f\u00e9r\u0151hely a teraszon kisebb csoportok sz\u00e1m\u00e1ra. Az \u00e9p\u00fclet v\u00e1rhat\u00f3an 2023 k\u00f6zep\u00e9re k\u00e9sz\u00fcl el. Az \u00e9p\u00fclet elk\u00e9sz\u00fclt\u00e9ig mag\u00e1n a sz\u0151l\u0151ben szerveznek k\u00f3stol\u00f3kat.<\/p>\n\n\n\n<p>A Relji\u0107 bor\u00e1szat borait Rebusnak h\u00edvj\u00e1k, mivel az \u00f6tlet m\u00e1s cuv\u00e9\u00e9 k\u00e9sz\u00edt\u00e9se (sz\u0151l\u0151fajt\u00e1k \u00e9s\/vagy azok sz\u00e1zal\u00e9kos ar\u00e1nya), de st\u00edlusosan a pinc\u00e9szet mindig a hasonl\u00f3 borokra t\u00f6rekszik. A pinc\u00e9szet emellett \u00faj c\u00edmk\u00e9kkel, \u00faj nevekkel \u00e9s st\u00edlusokkal b\u0151v\u00edti a k\u00edn\u00e1lat\u00e1t.<\/p>\n\n\n\n<p><\/p>\n\n\n\n<p>L\u00c1TOGAT\u00c1SOK<\/p>\n\n\n\n<p>El\u0151zetes egyeztet\u00e9s alapj\u00e1n v\u00e1rjuk a vend\u00e9geket!<\/p>\n\n\n\n<p>A l\u00e1togat\u00f3k maxim\u00e1lis sz\u00e1ma (egyel\u0151re) 10.<\/p>\n\n\n\n<figure class=\"wp-block-gallery has-nested-images columns-default is-cropped wp-block-gallery-1 is-layout-flex wp-block-gallery-is-layout-flex\">\n<figure class=\"wp-block-image size-large\"><img decoding=\"async\" width=\"1024\" height=\"684\" data-id=\"24116\" src=\"https:\/\/visitsubotica.rs\/wp-content\/uploads\/2023\/09\/BSF_0005-1024x684.jpg\" alt=\"\" class=\"wp-image-24116\" srcset=\"https:\/\/visitsubotica.rs\/wp-content\/uploads\/2023\/09\/BSF_0005-1024x684.jpg 1024w, https:\/\/visitsubotica.rs\/wp-content\/uploads\/2023\/09\/BSF_0005-300x200.jpg 300w, https:\/\/visitsubotica.rs\/wp-content\/uploads\/2023\/09\/BSF_0005-768x513.jpg 768w, https:\/\/visitsubotica.rs\/wp-content\/uploads\/2023\/09\/BSF_0005-1536x1025.jpg 1536w, https:\/\/visitsubotica.rs\/wp-content\/uploads\/2023\/09\/BSF_0005-2048x1367.jpg 2048w, https:\/\/visitsubotica.rs\/wp-content\/uploads\/2023\/09\/BSF_0005-280x187.jpg 280w, https:\/\/visitsubotica.rs\/wp-content\/uploads\/2023\/09\/BSF_0005-1170x781.jpg 1170w\" sizes=\"(max-width: 1024px) 100vw, 1024px\" \/><\/figure>\n\n\n\n<figure class=\"wp-block-image size-large\"><img decoding=\"async\" width=\"819\" height=\"1024\" data-id=\"24119\" src=\"https:\/\/visitsubotica.rs\/wp-content\/uploads\/2023\/09\/AIP-16-2-819x1024.jpg\" alt=\"\" class=\"wp-image-24119\" srcset=\"https:\/\/visitsubotica.rs\/wp-content\/uploads\/2023\/09\/AIP-16-2-819x1024.jpg 819w, https:\/\/visitsubotica.rs\/wp-content\/uploads\/2023\/09\/AIP-16-2-240x300.jpg 240w, https:\/\/visitsubotica.rs\/wp-content\/uploads\/2023\/09\/AIP-16-2-768x960.jpg 768w, https:\/\/visitsubotica.rs\/wp-content\/uploads\/2023\/09\/AIP-16-2-1229x1536.jpg 1229w, https:\/\/visitsubotica.rs\/wp-content\/uploads\/2023\/09\/AIP-16-2-1638x2048.jpg 1638w, https:\/\/visitsubotica.rs\/wp-content\/uploads\/2023\/09\/AIP-16-2-150x187.jpg 150w, https:\/\/visitsubotica.rs\/wp-content\/uploads\/2023\/09\/AIP-16-2-1170x1463.jpg 1170w, https:\/\/visitsubotica.rs\/wp-content\/uploads\/2023\/09\/AIP-16-2-scaled.jpg 2048w\" sizes=\"(max-width: 819px) 100vw, 819px\" \/><\/figure>\n\n\n\n<figure class=\"wp-block-image size-large\"><img decoding=\"async\" width=\"1024\" height=\"684\" data-id=\"24128\" src=\"https:\/\/visitsubotica.rs\/wp-content\/uploads\/2023\/09\/BSF_0004-2-1024x684.jpg\" alt=\"\" class=\"wp-image-24128\" srcset=\"https:\/\/visitsubotica.rs\/wp-content\/uploads\/2023\/09\/BSF_0004-2-1024x684.jpg 1024w, https:\/\/visitsubotica.rs\/wp-content\/uploads\/2023\/09\/BSF_0004-2-300x200.jpg 300w, https:\/\/visitsubotica.rs\/wp-content\/uploads\/2023\/09\/BSF_0004-2-768x513.jpg 768w, https:\/\/visitsubotica.rs\/wp-content\/uploads\/2023\/09\/BSF_0004-2-1536x1025.jpg 1536w, https:\/\/visitsubotica.rs\/wp-content\/uploads\/2023\/09\/BSF_0004-2-2048x1367.jpg 2048w, https:\/\/visitsubotica.rs\/wp-content\/uploads\/2023\/09\/BSF_0004-2-280x187.jpg 280w, https:\/\/visitsubotica.rs\/wp-content\/uploads\/2023\/09\/BSF_0004-2-1170x781.jpg 1170w\" sizes=\"(max-width: 1024px) 100vw, 1024px\" \/><\/figure>\n\n\n\n<figure class=\"wp-block-image size-large\"><img decoding=\"async\" width=\"1024\" height=\"684\" data-id=\"24122\" src=\"https:\/\/visitsubotica.rs\/wp-content\/uploads\/2023\/09\/BSF_0051-1024x684.jpg\" alt=\"\" class=\"wp-image-24122\" srcset=\"https:\/\/visitsubotica.rs\/wp-content\/uploads\/2023\/09\/BSF_0051-1024x684.jpg 1024w, https:\/\/visitsubotica.rs\/wp-content\/uploads\/2023\/09\/BSF_0051-300x200.jpg 300w, https:\/\/visitsubotica.rs\/wp-content\/uploads\/2023\/09\/BSF_0051-768x513.jpg 768w, https:\/\/visitsubotica.rs\/wp-content\/uploads\/2023\/09\/BSF_0051-1536x1025.jpg 1536w, https:\/\/visitsubotica.rs\/wp-content\/uploads\/2023\/09\/BSF_0051-2048x1367.jpg 2048w, https:\/\/visitsubotica.rs\/wp-content\/uploads\/2023\/09\/BSF_0051-280x187.jpg 280w, https:\/\/visitsubotica.rs\/wp-content\/uploads\/2023\/09\/BSF_0051-1170x781.jpg 1170w\" sizes=\"(max-width: 1024px) 100vw, 1024px\" \/><\/figure>\n\n\n\n<figure class=\"wp-block-image size-large\"><img decoding=\"async\" width=\"1024\" height=\"682\" data-id=\"24131\" src=\"https:\/\/visitsubotica.rs\/wp-content\/uploads\/2023\/09\/naslovna-1024x682.jpg\" alt=\"\" class=\"wp-image-24131\" srcset=\"https:\/\/visitsubotica.rs\/wp-content\/uploads\/2023\/09\/naslovna-1024x682.jpg 1024w, https:\/\/visitsubotica.rs\/wp-content\/uploads\/2023\/09\/naslovna-300x200.jpg 300w, https:\/\/visitsubotica.rs\/wp-content\/uploads\/2023\/09\/naslovna-768x512.jpg 768w, https:\/\/visitsubotica.rs\/wp-content\/uploads\/2023\/09\/naslovna-1536x1023.jpg 1536w, https:\/\/visitsubotica.rs\/wp-content\/uploads\/2023\/09\/naslovna-2048x1364.jpg 2048w, https:\/\/visitsubotica.rs\/wp-content\/uploads\/2023\/09\/naslovna-280x187.jpg 280w, https:\/\/visitsubotica.rs\/wp-content\/uploads\/2023\/09\/naslovna-1170x780.jpg 1170w\" sizes=\"(max-width: 1024px) 100vw, 1024px\" \/><\/figure>\n\n\n\n<figure class=\"wp-block-image size-large\"><img decoding=\"async\" width=\"1024\" height=\"684\" data-id=\"24125\" src=\"https:\/\/visitsubotica.rs\/wp-content\/uploads\/2023\/09\/Photo-83-2-1024x684.jpg\" alt=\"\" class=\"wp-image-24125\" srcset=\"https:\/\/visitsubotica.rs\/wp-content\/uploads\/2023\/09\/Photo-83-2-1024x684.jpg 1024w, https:\/\/visitsubotica.rs\/wp-content\/uploads\/2023\/09\/Photo-83-2-300x200.jpg 300w, https:\/\/visitsubotica.rs\/wp-content\/uploads\/2023\/09\/Photo-83-2-768x513.jpg 768w, https:\/\/visitsubotica.rs\/wp-content\/uploads\/2023\/09\/Photo-83-2-1536x1025.jpg 1536w, https:\/\/visitsubotica.rs\/wp-content\/uploads\/2023\/09\/Photo-83-2-2048x1367.jpg 2048w, https:\/\/visitsubotica.rs\/wp-content\/uploads\/2023\/09\/Photo-83-2-280x187.jpg 280w, https:\/\/visitsubotica.rs\/wp-content\/uploads\/2023\/09\/Photo-83-2-1170x781.jpg 1170w\" sizes=\"(max-width: 1024px) 100vw, 1024px\" \/><\/figure>\n<\/figure>\n","protected":false},"excerpt":{"rendered":"<p>A Relji\u0107 bor\u00e1szat egy kis csal\u00e1di bor\u00e1szat. Az Omladinsko \u00e9s Palicsi tavak k\u00f6zel\u00e9ben tal\u00e1lhat\u00f3. 2015-ben alakult, amikor a bork\u00e9sz\u00edt\u00e9s ir\u00e1nti szeretet egyre n\u00f6vekv\u0151 hobbija lett tulajdonos\u00e1nak \u00e9s alap\u00edt\u00f3j\u00e1nak. Ez\u00e9rt d\u00f6nt\u00f6tt \u00fagy, hogy magasabb szintre emeli a termel\u00e9st. A bor\u00e1szat \u00faj bor\u00e1szati elj\u00e1r\u00e1sokat k\u00f6vetve k\u00e9sz\u00edti borait a legmodernebb bork\u00e9sz\u00edt\u00e9si \u00e9s \u00e9rlel\u00e9si berendez\u00e9sekkel. A kis csal\u00e1di pinc\u00e9szet<\/p>\n","protected":false},"featured_media":24086,"template":"","meta":{"footnotes":""},"tip_salasa_vinarije":[686],"class_list":["post-14562","salas-vinarija","type-salas-vinarija","status-publish","has-post-thumbnail","hentry"],"yoast_head":"<!-- This site is optimized with the Yoast SEO plugin v27.4 - https:\/\/yoast.com\/product\/yoast-seo-wordpress\/ -->\n<title>Relji\u0107 bor\u00e1szat - Visit Subotica<\/title>\n<meta name=\"robots\" content=\"index, follow, max-snippet:-1, max-image-preview:large, max-video-preview:-1\" \/>\n<link rel=\"canonical\" href=\"https:\/\/visitsubotica.rs\/hu\/mit-lehet-csinalni\/salas\/vinarija-reljic\/\" \/>\n<meta property=\"og:locale\" content=\"hu_HU\" \/>\n<meta property=\"og:type\" content=\"article\" \/>\n<meta property=\"og:title\" content=\"Relji\u0107 bor\u00e1szat - Visit Subotica\" \/>\n<meta property=\"og:description\" content=\"A Relji\u0107 bor\u00e1szat egy kis csal\u00e1di bor\u00e1szat. Az Omladinsko \u00e9s Palicsi tavak k\u00f6zel\u00e9ben tal\u00e1lhat\u00f3. 2015-ben alakult, amikor a bork\u00e9sz\u00edt\u00e9s ir\u00e1nti szeretet egyre n\u00f6vekv\u0151 hobbija lett tulajdonos\u00e1nak \u00e9s alap\u00edt\u00f3j\u00e1nak. Ez\u00e9rt d\u00f6nt\u00f6tt \u00fagy, hogy magasabb szintre emeli a termel\u00e9st. A bor\u00e1szat \u00faj bor\u00e1szati elj\u00e1r\u00e1sokat k\u00f6vetve k\u00e9sz\u00edti borait a legmodernebb bork\u00e9sz\u00edt\u00e9si \u00e9s \u00e9rlel\u00e9si berendez\u00e9sekkel. A kis csal\u00e1di pinc\u00e9szet\" \/>\n<meta property=\"og:url\" content=\"https:\/\/visitsubotica.rs\/hu\/mit-lehet-csinalni\/salas\/vinarija-reljic\/\" \/>\n<meta property=\"og:site_name\" content=\"Visit Subotica\" \/>\n<meta property=\"article:publisher\" content=\"https:\/\/www.facebook.com\/VisitSubotica.rs\/\" \/>\n<meta property=\"article:modified_time\" content=\"2023-09-13T09:40:16+00:00\" \/>\n<meta property=\"og:image\" content=\"https:\/\/visitsubotica.rs\/wp-content\/uploads\/2019\/07\/DT-51-scaled-e1694519034857.jpg\" \/>\n\t<meta property=\"og:image:width\" content=\"2560\" \/>\n\t<meta property=\"og:image:height\" content=\"1706\" \/>\n\t<meta property=\"og:image:type\" content=\"image\/jpeg\" \/>\n<meta name=\"twitter:card\" content=\"summary_large_image\" \/>\n<meta name=\"twitter:site\" content=\"@visitsubotica\" \/>\n<meta name=\"twitter:label1\" content=\"Becs\u00fclt olvas\u00e1si id\u0151\" \/>\n\t<meta name=\"twitter:data1\" content=\"3 perc\" \/>\n<script type=\"application\/ld+json\" class=\"yoast-schema-graph\">{\"@context\":\"https:\\\/\\\/schema.org\",\"@graph\":[{\"@type\":\"WebPage\",\"@id\":\"https:\\\/\\\/visitsubotica.rs\\\/hu\\\/mit-lehet-csinalni\\\/salas\\\/vinarija-reljic\\\/\",\"url\":\"https:\\\/\\\/visitsubotica.rs\\\/hu\\\/mit-lehet-csinalni\\\/salas\\\/vinarija-reljic\\\/\",\"name\":\"Relji\u0107 bor\u00e1szat - Visit Subotica\",\"isPartOf\":{\"@id\":\"https:\\\/\\\/visitsubotica.rs\\\/#website\"},\"primaryImageOfPage\":{\"@id\":\"https:\\\/\\\/visitsubotica.rs\\\/hu\\\/mit-lehet-csinalni\\\/salas\\\/vinarija-reljic\\\/#primaryimage\"},\"image\":{\"@id\":\"https:\\\/\\\/visitsubotica.rs\\\/hu\\\/mit-lehet-csinalni\\\/salas\\\/vinarija-reljic\\\/#primaryimage\"},\"thumbnailUrl\":\"https:\\\/\\\/visitsubotica.rs\\\/wp-content\\\/uploads\\\/2019\\\/07\\\/DT-51-scaled-e1694519034857.jpg\",\"datePublished\":\"2019-07-14T20:34:46+00:00\",\"dateModified\":\"2023-09-13T09:40:16+00:00\",\"breadcrumb\":{\"@id\":\"https:\\\/\\\/visitsubotica.rs\\\/hu\\\/mit-lehet-csinalni\\\/salas\\\/vinarija-reljic\\\/#breadcrumb\"},\"inLanguage\":\"hu\",\"potentialAction\":[{\"@type\":\"ReadAction\",\"target\":[\"https:\\\/\\\/visitsubotica.rs\\\/hu\\\/mit-lehet-csinalni\\\/salas\\\/vinarija-reljic\\\/\"]}]},{\"@type\":\"ImageObject\",\"inLanguage\":\"hu\",\"@id\":\"https:\\\/\\\/visitsubotica.rs\\\/hu\\\/mit-lehet-csinalni\\\/salas\\\/vinarija-reljic\\\/#primaryimage\",\"url\":\"https:\\\/\\\/visitsubotica.rs\\\/wp-content\\\/uploads\\\/2019\\\/07\\\/DT-51-scaled-e1694519034857.jpg\",\"contentUrl\":\"https:\\\/\\\/visitsubotica.rs\\\/wp-content\\\/uploads\\\/2019\\\/07\\\/DT-51-scaled-e1694519034857.jpg\",\"width\":2560,\"height\":1706},{\"@type\":\"BreadcrumbList\",\"@id\":\"https:\\\/\\\/visitsubotica.rs\\\/hu\\\/mit-lehet-csinalni\\\/salas\\\/vinarija-reljic\\\/#breadcrumb\",\"itemListElement\":[{\"@type\":\"ListItem\",\"position\":1,\"name\":\"Home\",\"item\":\"https:\\\/\\\/visitsubotica.rs\\\/hu\\\/\"},{\"@type\":\"ListItem\",\"position\":2,\"name\":\"Relji\u0107 bor\u00e1szat\"}]},{\"@type\":\"WebSite\",\"@id\":\"https:\\\/\\\/visitsubotica.rs\\\/#website\",\"url\":\"https:\\\/\\\/visitsubotica.rs\\\/\",\"name\":\"Visit Subotica\",\"description\":\"Turisti\u010dka organizacija grada Subotice\",\"potentialAction\":[{\"@type\":\"SearchAction\",\"target\":{\"@type\":\"EntryPoint\",\"urlTemplate\":\"https:\\\/\\\/visitsubotica.rs\\\/?s={search_term_string}\"},\"query-input\":{\"@type\":\"PropertyValueSpecification\",\"valueRequired\":true,\"valueName\":\"search_term_string\"}}],\"inLanguage\":\"hu\"}]}<\/script>\n<!-- \/ Yoast SEO plugin. -->","yoast_head_json":{"title":"Relji\u0107 bor\u00e1szat - Visit Subotica","robots":{"index":"index","follow":"follow","max-snippet":"max-snippet:-1","max-image-preview":"max-image-preview:large","max-video-preview":"max-video-preview:-1"},"canonical":"https:\/\/visitsubotica.rs\/hu\/mit-lehet-csinalni\/salas\/vinarija-reljic\/","og_locale":"hu_HU","og_type":"article","og_title":"Relji\u0107 bor\u00e1szat - Visit Subotica","og_description":"A Relji\u0107 bor\u00e1szat egy kis csal\u00e1di bor\u00e1szat. Az Omladinsko \u00e9s Palicsi tavak k\u00f6zel\u00e9ben tal\u00e1lhat\u00f3. 2015-ben alakult, amikor a bork\u00e9sz\u00edt\u00e9s ir\u00e1nti szeretet egyre n\u00f6vekv\u0151 hobbija lett tulajdonos\u00e1nak \u00e9s alap\u00edt\u00f3j\u00e1nak. Ez\u00e9rt d\u00f6nt\u00f6tt \u00fagy, hogy magasabb szintre emeli a termel\u00e9st. A bor\u00e1szat \u00faj bor\u00e1szati elj\u00e1r\u00e1sokat k\u00f6vetve k\u00e9sz\u00edti borait a legmodernebb bork\u00e9sz\u00edt\u00e9si \u00e9s \u00e9rlel\u00e9si berendez\u00e9sekkel. A kis csal\u00e1di pinc\u00e9szet","og_url":"https:\/\/visitsubotica.rs\/hu\/mit-lehet-csinalni\/salas\/vinarija-reljic\/","og_site_name":"Visit Subotica","article_publisher":"https:\/\/www.facebook.com\/VisitSubotica.rs\/","article_modified_time":"2023-09-13T09:40:16+00:00","og_image":[{"width":2560,"height":1706,"url":"https:\/\/visitsubotica.rs\/wp-content\/uploads\/2019\/07\/DT-51-scaled-e1694519034857.jpg","type":"image\/jpeg"}],"twitter_card":"summary_large_image","twitter_site":"@visitsubotica","twitter_misc":{"Becs\u00fclt olvas\u00e1si id\u0151":"3 perc"},"schema":{"@context":"https:\/\/schema.org","@graph":[{"@type":"WebPage","@id":"https:\/\/visitsubotica.rs\/hu\/mit-lehet-csinalni\/salas\/vinarija-reljic\/","url":"https:\/\/visitsubotica.rs\/hu\/mit-lehet-csinalni\/salas\/vinarija-reljic\/","name":"Relji\u0107 bor\u00e1szat - Visit Subotica","isPartOf":{"@id":"https:\/\/visitsubotica.rs\/#website"},"primaryImageOfPage":{"@id":"https:\/\/visitsubotica.rs\/hu\/mit-lehet-csinalni\/salas\/vinarija-reljic\/#primaryimage"},"image":{"@id":"https:\/\/visitsubotica.rs\/hu\/mit-lehet-csinalni\/salas\/vinarija-reljic\/#primaryimage"},"thumbnailUrl":"https:\/\/visitsubotica.rs\/wp-content\/uploads\/2019\/07\/DT-51-scaled-e1694519034857.jpg","datePublished":"2019-07-14T20:34:46+00:00","dateModified":"2023-09-13T09:40:16+00:00","breadcrumb":{"@id":"https:\/\/visitsubotica.rs\/hu\/mit-lehet-csinalni\/salas\/vinarija-reljic\/#breadcrumb"},"inLanguage":"hu","potentialAction":[{"@type":"ReadAction","target":["https:\/\/visitsubotica.rs\/hu\/mit-lehet-csinalni\/salas\/vinarija-reljic\/"]}]},{"@type":"ImageObject","inLanguage":"hu","@id":"https:\/\/visitsubotica.rs\/hu\/mit-lehet-csinalni\/salas\/vinarija-reljic\/#primaryimage","url":"https:\/\/visitsubotica.rs\/wp-content\/uploads\/2019\/07\/DT-51-scaled-e1694519034857.jpg","contentUrl":"https:\/\/visitsubotica.rs\/wp-content\/uploads\/2019\/07\/DT-51-scaled-e1694519034857.jpg","width":2560,"height":1706},{"@type":"BreadcrumbList","@id":"https:\/\/visitsubotica.rs\/hu\/mit-lehet-csinalni\/salas\/vinarija-reljic\/#breadcrumb","itemListElement":[{"@type":"ListItem","position":1,"name":"Home","item":"https:\/\/visitsubotica.rs\/hu\/"},{"@type":"ListItem","position":2,"name":"Relji\u0107 bor\u00e1szat"}]},{"@type":"WebSite","@id":"https:\/\/visitsubotica.rs\/#website","url":"https:\/\/visitsubotica.rs\/","name":"Visit Subotica","description":"Turisti\u010dka organizacija grada Subotice","potentialAction":[{"@type":"SearchAction","target":{"@type":"EntryPoint","urlTemplate":"https:\/\/visitsubotica.rs\/?s={search_term_string}"},"query-input":{"@type":"PropertyValueSpecification","valueRequired":true,"valueName":"search_term_string"}}],"inLanguage":"hu"}]}},"_links":{"self":[{"href":"https:\/\/visitsubotica.rs\/hu\/wp-json\/wp\/v2\/salas-vinarija\/14562","targetHints":{"allow":["GET"]}}],"collection":[{"href":"https:\/\/visitsubotica.rs\/hu\/wp-json\/wp\/v2\/salas-vinarija"}],"about":[{"href":"https:\/\/visitsubotica.rs\/hu\/wp-json\/wp\/v2\/types\/salas-vinarija"}],"version-history":[{"count":0,"href":"https:\/\/visitsubotica.rs\/hu\/wp-json\/wp\/v2\/salas-vinarija\/14562\/revisions"}],"wp:featuredmedia":[{"embeddable":true,"href":"https:\/\/visitsubotica.rs\/hu\/wp-json\/wp\/v2\/media\/24086"}],"wp:attachment":[{"href":"https:\/\/visitsubotica.rs\/hu\/wp-json\/wp\/v2\/media?parent=14562"}],"wp:term":[{"taxonomy":"tip_salasa_vinarije","embeddable":true,"href":"https:\/\/visitsubotica.rs\/hu\/wp-json\/wp\/v2\/tip_salasa_vinarije?post=14562"}],"curies":[{"name":"wp","href":"https:\/\/api.w.org\/{rel}","templated":true}]}}