{"id":14550,"date":"2019-07-14T22:34:46","date_gmt":"2019-07-14T20:34:46","guid":{"rendered":"http:\/\/visitsubotica.rs\/sta-raditi\/salas-vinarija\/salas-zvonko-bogdan\/"},"modified":"2020-10-28T14:29:17","modified_gmt":"2020-10-28T13:29:17","slug":"salas-zvonko-bogdan","status":"publish","type":"salas-vinarija","link":"https:\/\/visitsubotica.rs\/hu\/sta-raditi\/salas-vinarija\/salas-zvonko-bogdan\/","title":{"rendered":"Zvonko Bogdan tanya"},"content":{"rendered":"\n<p>A Ludasi-t\u00f3 k\u00f6zel\u00e9ben, Szabadk\u00e1t\u00f3l nem vessze, viszont a zajt\u00f3l \u00e9s rohan\u00f3 vil\u00e1gt\u00f3l elszigetelve tal\u00e1lhat\u00f3 a Zvonko Bogdan tany\u00e1ja. A tanya a valamikori vajdas\u00e1gi \u00e9letm\u00f3d m\u00fazeumj\u00e1t k\u00e9pezi, Zvonko Bogdan \u00far \u00e9let\u00e9t \u00e9s karrierj\u00e9t mutatja be, nyugalmat \u00e9s b\u00e9k\u00e9t \u00e1raszt, \u00e9s az emberek ezen a helyen megfeledkeznek a mindennapi \u00e9let terheir\u0151l \u00e9s \u00e9lvezz\u00e9k ezt a jellegzetes antistressz ter\u00e1pi\u00e1t.<\/p>\n\n\n\n<p>Az \u00e9telk\u00edn\u00e1lat az, ami a romantikus k\u00f6rnyezet mellett m\u00e9ly nyomot hagy a vend\u00e9gekben: a h\u00e1zi gy\u00f6ngyty\u00fak leves, a kemenc\u00e9ben s\u00fclt \u00e9telek, valamint a m\u00e1kos, meggyes \u00e9s di\u00f3s bejgli.<\/p>\n\n\n\n<p>Zvonko Bogdan tany\u00e1ja egy 180 \u00fcl\u0151helyes nagy \u00e9tteremmel felszerelt teremmel, egy kisebb, 50 f\u0151t vend\u00e9g\u00fcl l\u00e1t\u00f3 teremmel, valamint 250 f\u0151re elegend\u0151 udvari ter\u00fclettel van felszerelve.<\/p>\n\n\n\n<p><em>Amennyiben szeretn\u00e9k megl\u00e1togatni a tany\u00e1t, el\u0151zetes egyeztet\u00e9s sz\u00fcks\u00e9ges.<\/em><\/p>\n\n\n\n<figure class=\"wp-block-gallery columns-3 is-cropped wp-block-gallery-1 is-layout-flex wp-block-gallery-is-layout-flex\"><ul class=\"blocks-gallery-grid\"><li class=\"blocks-gallery-item\"><figure><img decoding=\"async\" width=\"1024\" height=\"683\" src=\"http:\/\/visitsubotica.rs\/wp-content\/uploads\/2019\/09\/Salas-Zvonko-Bogdan-2-1024x683.jpg\" alt=\"\" data-id=\"4776\" data-link=\"http:\/\/visitsubotica.rs\/salas-zvonko-bogdan-2\/\" class=\"wp-image-4776\" srcset=\"https:\/\/visitsubotica.rs\/wp-content\/uploads\/2019\/09\/Salas-Zvonko-Bogdan-2-1024x683.jpg 1024w, https:\/\/visitsubotica.rs\/wp-content\/uploads\/2019\/09\/Salas-Zvonko-Bogdan-2-300x200.jpg 300w, https:\/\/visitsubotica.rs\/wp-content\/uploads\/2019\/09\/Salas-Zvonko-Bogdan-2-768x512.jpg 768w, https:\/\/visitsubotica.rs\/wp-content\/uploads\/2019\/09\/Salas-Zvonko-Bogdan-2-280x187.jpg 280w, https:\/\/visitsubotica.rs\/wp-content\/uploads\/2019\/09\/Salas-Zvonko-Bogdan-2-1170x780.jpg 1170w\" sizes=\"(max-width: 1024px) 100vw, 1024px\" \/><\/figure><\/li><li class=\"blocks-gallery-item\"><figure><img decoding=\"async\" width=\"1024\" height=\"654\" src=\"http:\/\/visitsubotica.rs\/wp-content\/uploads\/2019\/09\/Salas-Zvonko-Bogdan-3-1024x654.jpg\" alt=\"\" data-id=\"4777\" data-link=\"http:\/\/visitsubotica.rs\/salas-zvonko-bogdan-3\/\" class=\"wp-image-4777\" srcset=\"https:\/\/visitsubotica.rs\/wp-content\/uploads\/2019\/09\/Salas-Zvonko-Bogdan-3-1024x654.jpg 1024w, https:\/\/visitsubotica.rs\/wp-content\/uploads\/2019\/09\/Salas-Zvonko-Bogdan-3-300x192.jpg 300w, https:\/\/visitsubotica.rs\/wp-content\/uploads\/2019\/09\/Salas-Zvonko-Bogdan-3-768x490.jpg 768w, https:\/\/visitsubotica.rs\/wp-content\/uploads\/2019\/09\/Salas-Zvonko-Bogdan-3-280x179.jpg 280w, https:\/\/visitsubotica.rs\/wp-content\/uploads\/2019\/09\/Salas-Zvonko-Bogdan-3-1170x747.jpg 1170w, https:\/\/visitsubotica.rs\/wp-content\/uploads\/2019\/09\/Salas-Zvonko-Bogdan-3.jpg 2000w\" sizes=\"(max-width: 1024px) 100vw, 1024px\" \/><\/figure><\/li><li class=\"blocks-gallery-item\"><figure><img decoding=\"async\" width=\"1024\" height=\"682\" src=\"http:\/\/visitsubotica.rs\/wp-content\/uploads\/2019\/09\/Salas-Zvonko-Bogdan-4-1024x682.jpg\" alt=\"\" data-id=\"4778\" data-link=\"http:\/\/visitsubotica.rs\/salas-zvonko-bogdan-4\/\" class=\"wp-image-4778\" srcset=\"https:\/\/visitsubotica.rs\/wp-content\/uploads\/2019\/09\/Salas-Zvonko-Bogdan-4-1024x682.jpg 1024w, https:\/\/visitsubotica.rs\/wp-content\/uploads\/2019\/09\/Salas-Zvonko-Bogdan-4-300x200.jpg 300w, https:\/\/visitsubotica.rs\/wp-content\/uploads\/2019\/09\/Salas-Zvonko-Bogdan-4-768x512.jpg 768w, https:\/\/visitsubotica.rs\/wp-content\/uploads\/2019\/09\/Salas-Zvonko-Bogdan-4-280x187.jpg 280w, https:\/\/visitsubotica.rs\/wp-content\/uploads\/2019\/09\/Salas-Zvonko-Bogdan-4-1170x780.jpg 1170w, https:\/\/visitsubotica.rs\/wp-content\/uploads\/2019\/09\/Salas-Zvonko-Bogdan-4.jpg 2000w\" sizes=\"(max-width: 1024px) 100vw, 1024px\" \/><\/figure><\/li><li class=\"blocks-gallery-item\"><figure><img decoding=\"async\" width=\"1024\" height=\"683\" src=\"http:\/\/visitsubotica.rs\/wp-content\/uploads\/2019\/09\/Salas-Zvonko-Bogdan-5-1024x683.jpg\" alt=\"\" data-id=\"4779\" data-link=\"http:\/\/visitsubotica.rs\/salas-zvonko-bogdan-5\/\" class=\"wp-image-4779\" srcset=\"https:\/\/visitsubotica.rs\/wp-content\/uploads\/2019\/09\/Salas-Zvonko-Bogdan-5-1024x683.jpg 1024w, https:\/\/visitsubotica.rs\/wp-content\/uploads\/2019\/09\/Salas-Zvonko-Bogdan-5-300x200.jpg 300w, https:\/\/visitsubotica.rs\/wp-content\/uploads\/2019\/09\/Salas-Zvonko-Bogdan-5-768x512.jpg 768w, https:\/\/visitsubotica.rs\/wp-content\/uploads\/2019\/09\/Salas-Zvonko-Bogdan-5-280x187.jpg 280w, https:\/\/visitsubotica.rs\/wp-content\/uploads\/2019\/09\/Salas-Zvonko-Bogdan-5-1170x780.jpg 1170w, https:\/\/visitsubotica.rs\/wp-content\/uploads\/2019\/09\/Salas-Zvonko-Bogdan-5.jpg 2010w\" sizes=\"(max-width: 1024px) 100vw, 1024px\" \/><\/figure><\/li><li class=\"blocks-gallery-item\"><figure><img decoding=\"async\" width=\"1024\" height=\"682\" src=\"http:\/\/visitsubotica.rs\/wp-content\/uploads\/2019\/09\/Salas-Zvonko-Bogdan-6-1024x682.jpg\" alt=\"\" data-id=\"4780\" data-link=\"http:\/\/visitsubotica.rs\/salas-zvonko-bogdan-6\/\" class=\"wp-image-4780\" srcset=\"https:\/\/visitsubotica.rs\/wp-content\/uploads\/2019\/09\/Salas-Zvonko-Bogdan-6-1024x682.jpg 1024w, https:\/\/visitsubotica.rs\/wp-content\/uploads\/2019\/09\/Salas-Zvonko-Bogdan-6-300x200.jpg 300w, https:\/\/visitsubotica.rs\/wp-content\/uploads\/2019\/09\/Salas-Zvonko-Bogdan-6-768x512.jpg 768w, https:\/\/visitsubotica.rs\/wp-content\/uploads\/2019\/09\/Salas-Zvonko-Bogdan-6-280x187.jpg 280w, https:\/\/visitsubotica.rs\/wp-content\/uploads\/2019\/09\/Salas-Zvonko-Bogdan-6-1170x780.jpg 1170w, https:\/\/visitsubotica.rs\/wp-content\/uploads\/2019\/09\/Salas-Zvonko-Bogdan-6.jpg 2000w\" sizes=\"(max-width: 1024px) 100vw, 1024px\" \/><\/figure><\/li><\/ul><\/figure>\n","protected":false},"excerpt":{"rendered":"<p>A Ludasi-t\u00f3 k\u00f6zel\u00e9ben, Szabadk\u00e1t\u00f3l nem vessze, viszont a zajt\u00f3l \u00e9s rohan\u00f3 vil\u00e1gt\u00f3l elszigetelve tal\u00e1lhat\u00f3 a Zvonko Bogdan tany\u00e1ja. A tanya a valamikori vajdas\u00e1gi \u00e9letm\u00f3d m\u00fazeumj\u00e1t k\u00e9pezi, Zvonko Bogdan \u00far \u00e9let\u00e9t \u00e9s karrierj\u00e9t mutatja be, nyugalmat \u00e9s b\u00e9k\u00e9t \u00e1raszt, \u00e9s az emberek ezen a helyen megfeledkeznek a mindennapi \u00e9let terheir\u0151l \u00e9s \u00e9lvezz\u00e9k ezt a jellegzetes antistressz<\/p>\n","protected":false},"featured_media":13195,"template":"","meta":{"footnotes":""},"tip_salasa_vinarije":[687],"class_list":["post-14550","salas-vinarija","type-salas-vinarija","status-publish","has-post-thumbnail","hentry"],"yoast_head":"<!-- This site is optimized with the Yoast SEO plugin v27.4 - https:\/\/yoast.com\/product\/yoast-seo-wordpress\/ -->\n<title>Zvonko Bogdan tanya - Visit Subotica<\/title>\n<meta name=\"robots\" content=\"index, follow, max-snippet:-1, max-image-preview:large, max-video-preview:-1\" \/>\n<link rel=\"canonical\" href=\"https:\/\/visitsubotica.rs\/hu\/mit-lehet-csinalni\/salas\/salas-zvonko-bogdan\/\" \/>\n<meta property=\"og:locale\" content=\"hu_HU\" \/>\n<meta property=\"og:type\" content=\"article\" \/>\n<meta property=\"og:title\" content=\"Zvonko Bogdan tanya - Visit Subotica\" \/>\n<meta property=\"og:description\" content=\"A Ludasi-t\u00f3 k\u00f6zel\u00e9ben, Szabadk\u00e1t\u00f3l nem vessze, viszont a zajt\u00f3l \u00e9s rohan\u00f3 vil\u00e1gt\u00f3l elszigetelve tal\u00e1lhat\u00f3 a Zvonko Bogdan tany\u00e1ja. A tanya a valamikori vajdas\u00e1gi \u00e9letm\u00f3d m\u00fazeumj\u00e1t k\u00e9pezi, Zvonko Bogdan \u00far \u00e9let\u00e9t \u00e9s karrierj\u00e9t mutatja be, nyugalmat \u00e9s b\u00e9k\u00e9t \u00e1raszt, \u00e9s az emberek ezen a helyen megfeledkeznek a mindennapi \u00e9let terheir\u0151l \u00e9s \u00e9lvezz\u00e9k ezt a jellegzetes antistressz\" \/>\n<meta property=\"og:url\" content=\"https:\/\/visitsubotica.rs\/hu\/mit-lehet-csinalni\/salas\/salas-zvonko-bogdan\/\" \/>\n<meta property=\"og:site_name\" content=\"Visit Subotica\" \/>\n<meta property=\"article:publisher\" content=\"https:\/\/www.facebook.com\/VisitSubotica.rs\/\" \/>\n<meta property=\"article:modified_time\" content=\"2020-10-28T13:29:17+00:00\" \/>\n<meta property=\"og:image\" content=\"https:\/\/visitsubotica.rs\/wp-content\/uploads\/2019\/09\/Salas-Zvonko-Bogdan-1.jpg\" \/>\n\t<meta property=\"og:image:width\" content=\"2448\" \/>\n\t<meta property=\"og:image:height\" content=\"1374\" \/>\n\t<meta property=\"og:image:type\" content=\"image\/jpeg\" \/>\n<meta name=\"twitter:card\" content=\"summary_large_image\" \/>\n<meta name=\"twitter:site\" content=\"@visitsubotica\" \/>\n<meta name=\"twitter:label1\" content=\"Becs\u00fclt olvas\u00e1si id\u0151\" \/>\n\t<meta name=\"twitter:data1\" content=\"1 perc\" \/>\n<script type=\"application\/ld+json\" class=\"yoast-schema-graph\">{\"@context\":\"https:\\\/\\\/schema.org\",\"@graph\":[{\"@type\":\"WebPage\",\"@id\":\"https:\\\/\\\/visitsubotica.rs\\\/hu\\\/mit-lehet-csinalni\\\/salas\\\/salas-zvonko-bogdan\\\/\",\"url\":\"https:\\\/\\\/visitsubotica.rs\\\/hu\\\/mit-lehet-csinalni\\\/salas\\\/salas-zvonko-bogdan\\\/\",\"name\":\"Zvonko Bogdan tanya - Visit Subotica\",\"isPartOf\":{\"@id\":\"https:\\\/\\\/visitsubotica.rs\\\/#website\"},\"primaryImageOfPage\":{\"@id\":\"https:\\\/\\\/visitsubotica.rs\\\/hu\\\/mit-lehet-csinalni\\\/salas\\\/salas-zvonko-bogdan\\\/#primaryimage\"},\"image\":{\"@id\":\"https:\\\/\\\/visitsubotica.rs\\\/hu\\\/mit-lehet-csinalni\\\/salas\\\/salas-zvonko-bogdan\\\/#primaryimage\"},\"thumbnailUrl\":\"https:\\\/\\\/visitsubotica.rs\\\/wp-content\\\/uploads\\\/2019\\\/09\\\/Salas-Zvonko-Bogdan-1.jpg\",\"datePublished\":\"2019-07-14T20:34:46+00:00\",\"dateModified\":\"2020-10-28T13:29:17+00:00\",\"breadcrumb\":{\"@id\":\"https:\\\/\\\/visitsubotica.rs\\\/hu\\\/mit-lehet-csinalni\\\/salas\\\/salas-zvonko-bogdan\\\/#breadcrumb\"},\"inLanguage\":\"hu\",\"potentialAction\":[{\"@type\":\"ReadAction\",\"target\":[\"https:\\\/\\\/visitsubotica.rs\\\/hu\\\/mit-lehet-csinalni\\\/salas\\\/salas-zvonko-bogdan\\\/\"]}]},{\"@type\":\"ImageObject\",\"inLanguage\":\"hu\",\"@id\":\"https:\\\/\\\/visitsubotica.rs\\\/hu\\\/mit-lehet-csinalni\\\/salas\\\/salas-zvonko-bogdan\\\/#primaryimage\",\"url\":\"https:\\\/\\\/visitsubotica.rs\\\/wp-content\\\/uploads\\\/2019\\\/09\\\/Salas-Zvonko-Bogdan-1.jpg\",\"contentUrl\":\"https:\\\/\\\/visitsubotica.rs\\\/wp-content\\\/uploads\\\/2019\\\/09\\\/Salas-Zvonko-Bogdan-1.jpg\",\"width\":2448,\"height\":1374},{\"@type\":\"BreadcrumbList\",\"@id\":\"https:\\\/\\\/visitsubotica.rs\\\/hu\\\/mit-lehet-csinalni\\\/salas\\\/salas-zvonko-bogdan\\\/#breadcrumb\",\"itemListElement\":[{\"@type\":\"ListItem\",\"position\":1,\"name\":\"Home\",\"item\":\"https:\\\/\\\/visitsubotica.rs\\\/hu\\\/\"},{\"@type\":\"ListItem\",\"position\":2,\"name\":\"Zvonko Bogdan tanya\"}]},{\"@type\":\"WebSite\",\"@id\":\"https:\\\/\\\/visitsubotica.rs\\\/#website\",\"url\":\"https:\\\/\\\/visitsubotica.rs\\\/\",\"name\":\"Visit Subotica\",\"description\":\"Turisti\u010dka organizacija grada Subotice\",\"potentialAction\":[{\"@type\":\"SearchAction\",\"target\":{\"@type\":\"EntryPoint\",\"urlTemplate\":\"https:\\\/\\\/visitsubotica.rs\\\/?s={search_term_string}\"},\"query-input\":{\"@type\":\"PropertyValueSpecification\",\"valueRequired\":true,\"valueName\":\"search_term_string\"}}],\"inLanguage\":\"hu\"}]}<\/script>\n<!-- \/ Yoast SEO plugin. -->","yoast_head_json":{"title":"Zvonko Bogdan tanya - Visit Subotica","robots":{"index":"index","follow":"follow","max-snippet":"max-snippet:-1","max-image-preview":"max-image-preview:large","max-video-preview":"max-video-preview:-1"},"canonical":"https:\/\/visitsubotica.rs\/hu\/mit-lehet-csinalni\/salas\/salas-zvonko-bogdan\/","og_locale":"hu_HU","og_type":"article","og_title":"Zvonko Bogdan tanya - Visit Subotica","og_description":"A Ludasi-t\u00f3 k\u00f6zel\u00e9ben, Szabadk\u00e1t\u00f3l nem vessze, viszont a zajt\u00f3l \u00e9s rohan\u00f3 vil\u00e1gt\u00f3l elszigetelve tal\u00e1lhat\u00f3 a Zvonko Bogdan tany\u00e1ja. A tanya a valamikori vajdas\u00e1gi \u00e9letm\u00f3d m\u00fazeumj\u00e1t k\u00e9pezi, Zvonko Bogdan \u00far \u00e9let\u00e9t \u00e9s karrierj\u00e9t mutatja be, nyugalmat \u00e9s b\u00e9k\u00e9t \u00e1raszt, \u00e9s az emberek ezen a helyen megfeledkeznek a mindennapi \u00e9let terheir\u0151l \u00e9s \u00e9lvezz\u00e9k ezt a jellegzetes antistressz","og_url":"https:\/\/visitsubotica.rs\/hu\/mit-lehet-csinalni\/salas\/salas-zvonko-bogdan\/","og_site_name":"Visit Subotica","article_publisher":"https:\/\/www.facebook.com\/VisitSubotica.rs\/","article_modified_time":"2020-10-28T13:29:17+00:00","og_image":[{"width":2448,"height":1374,"url":"https:\/\/visitsubotica.rs\/wp-content\/uploads\/2019\/09\/Salas-Zvonko-Bogdan-1.jpg","type":"image\/jpeg"}],"twitter_card":"summary_large_image","twitter_site":"@visitsubotica","twitter_misc":{"Becs\u00fclt olvas\u00e1si id\u0151":"1 perc"},"schema":{"@context":"https:\/\/schema.org","@graph":[{"@type":"WebPage","@id":"https:\/\/visitsubotica.rs\/hu\/mit-lehet-csinalni\/salas\/salas-zvonko-bogdan\/","url":"https:\/\/visitsubotica.rs\/hu\/mit-lehet-csinalni\/salas\/salas-zvonko-bogdan\/","name":"Zvonko Bogdan tanya - Visit Subotica","isPartOf":{"@id":"https:\/\/visitsubotica.rs\/#website"},"primaryImageOfPage":{"@id":"https:\/\/visitsubotica.rs\/hu\/mit-lehet-csinalni\/salas\/salas-zvonko-bogdan\/#primaryimage"},"image":{"@id":"https:\/\/visitsubotica.rs\/hu\/mit-lehet-csinalni\/salas\/salas-zvonko-bogdan\/#primaryimage"},"thumbnailUrl":"https:\/\/visitsubotica.rs\/wp-content\/uploads\/2019\/09\/Salas-Zvonko-Bogdan-1.jpg","datePublished":"2019-07-14T20:34:46+00:00","dateModified":"2020-10-28T13:29:17+00:00","breadcrumb":{"@id":"https:\/\/visitsubotica.rs\/hu\/mit-lehet-csinalni\/salas\/salas-zvonko-bogdan\/#breadcrumb"},"inLanguage":"hu","potentialAction":[{"@type":"ReadAction","target":["https:\/\/visitsubotica.rs\/hu\/mit-lehet-csinalni\/salas\/salas-zvonko-bogdan\/"]}]},{"@type":"ImageObject","inLanguage":"hu","@id":"https:\/\/visitsubotica.rs\/hu\/mit-lehet-csinalni\/salas\/salas-zvonko-bogdan\/#primaryimage","url":"https:\/\/visitsubotica.rs\/wp-content\/uploads\/2019\/09\/Salas-Zvonko-Bogdan-1.jpg","contentUrl":"https:\/\/visitsubotica.rs\/wp-content\/uploads\/2019\/09\/Salas-Zvonko-Bogdan-1.jpg","width":2448,"height":1374},{"@type":"BreadcrumbList","@id":"https:\/\/visitsubotica.rs\/hu\/mit-lehet-csinalni\/salas\/salas-zvonko-bogdan\/#breadcrumb","itemListElement":[{"@type":"ListItem","position":1,"name":"Home","item":"https:\/\/visitsubotica.rs\/hu\/"},{"@type":"ListItem","position":2,"name":"Zvonko Bogdan tanya"}]},{"@type":"WebSite","@id":"https:\/\/visitsubotica.rs\/#website","url":"https:\/\/visitsubotica.rs\/","name":"Visit Subotica","description":"Turisti\u010dka organizacija grada Subotice","potentialAction":[{"@type":"SearchAction","target":{"@type":"EntryPoint","urlTemplate":"https:\/\/visitsubotica.rs\/?s={search_term_string}"},"query-input":{"@type":"PropertyValueSpecification","valueRequired":true,"valueName":"search_term_string"}}],"inLanguage":"hu"}]}},"_links":{"self":[{"href":"https:\/\/visitsubotica.rs\/hu\/wp-json\/wp\/v2\/salas-vinarija\/14550","targetHints":{"allow":["GET"]}}],"collection":[{"href":"https:\/\/visitsubotica.rs\/hu\/wp-json\/wp\/v2\/salas-vinarija"}],"about":[{"href":"https:\/\/visitsubotica.rs\/hu\/wp-json\/wp\/v2\/types\/salas-vinarija"}],"version-history":[{"count":0,"href":"https:\/\/visitsubotica.rs\/hu\/wp-json\/wp\/v2\/salas-vinarija\/14550\/revisions"}],"wp:featuredmedia":[{"embeddable":true,"href":"https:\/\/visitsubotica.rs\/hu\/wp-json\/wp\/v2\/media\/13195"}],"wp:attachment":[{"href":"https:\/\/visitsubotica.rs\/hu\/wp-json\/wp\/v2\/media?parent=14550"}],"wp:term":[{"taxonomy":"tip_salasa_vinarije","embeddable":true,"href":"https:\/\/visitsubotica.rs\/hu\/wp-json\/wp\/v2\/tip_salasa_vinarije?post=14550"}],"curies":[{"name":"wp","href":"https:\/\/api.w.org\/{rel}","templated":true}]}}