{"id":14540,"date":"2019-07-14T22:34:46","date_gmt":"2019-07-14T20:34:46","guid":{"rendered":"http:\/\/visitsubotica.rs\/sta-raditi\/salas-vinarija\/pivciji-salas\/"},"modified":"2020-02-09T22:51:15","modified_gmt":"2020-02-09T21:51:15","slug":"pivciji-salas","status":"publish","type":"salas-vinarija","link":"https:\/\/visitsubotica.rs\/hu\/sta-raditi\/salas-vinarija\/pivciji-salas\/","title":{"rendered":"Kakas tanya"},"content":{"rendered":"\n<p>Szabadk\u00e1t\u00f3l nem messze tal\u00e1lhat\u00f3 B\u00e9kova, az a telep\u00fcl\u00e9s, amelyben egy szabadkai fiatalember n\u00e9h\u00e1ny \u00e9vvel ezel\u0151tt megkezdte munk\u00e1j\u00e1t, \u00e9s ezzel megmutatta, hogy rengeteg er\u0151fesz\u00edt\u00e9ssel, akarattal \u00e9s igyekezettel sikeress\u00e9 lehet v\u00e1lni.<\/p>\n\n\n\n<p>Miut\u00e1n megv\u00e1s\u00e1rolta \u00e9s fel\u00faj\u00edtotta a csal\u00e1di tany\u00e1t, \u00e1tnevezte azt Kakas tany\u00e1ra, amelyen mindennem\u0171 sz\u00e1rnyas \u00e1llat, k\u00fcl\u00f6nb\u00f6z\u0151 z\u00f6lds\u00e9g \u00e9s gy\u00fcm\u00f6lcs is megtal\u00e1lhat\u00f3.<\/p>\n\n\n\n<p>A tany\u00e1n, amely Szabadka k\u00f6zpontj\u00e1t\u00f3l nyolc kilom\u00e9terre tal\u00e1lhat\u00f3, minden nap szorgalmas munka megy v\u00e9gbe, eg\u00e9szen Szilveszter napj\u00e1ig, amikor m\u00e1rcius elsej\u00e9ig tart\u00f3 sz\u00fcnetet tartanak.<\/p>\n\n\n\n<p>Tervben van a sz\u00e1ll\u00e1segys\u00e9g megnyit\u00e1sa is, amely a turist\u00e1k rendelkez\u00e9s\u00e9re \u00e1ll majd.<\/p>\n\n\n\n<p><em>Amennyiben szeretn\u00e9k megl\u00e1togatni a tany\u00e1t, el\u0151zetes egyeztet\u00e9s sz\u00fcks\u00e9ges hozz\u00e1.<\/em><\/p>\n\n\n\n<figure class=\"wp-block-gallery columns-2 is-cropped wp-block-gallery-1 is-layout-flex wp-block-gallery-is-layout-flex\"><ul class=\"blocks-gallery-grid\"><li class=\"blocks-gallery-item\"><figure><img decoding=\"async\" width=\"1024\" height=\"576\" src=\"http:\/\/visitsubotica.rs\/wp-content\/uploads\/2019\/09\/Pivciji-Salas-2-1024x576.jpg\" alt=\"\" data-id=\"4787\" data-link=\"http:\/\/visitsubotica.rs\/pivciji-salas-2\/\" class=\"wp-image-4787\" srcset=\"https:\/\/visitsubotica.rs\/wp-content\/uploads\/2019\/09\/Pivciji-Salas-2-1024x576.jpg 1024w, https:\/\/visitsubotica.rs\/wp-content\/uploads\/2019\/09\/Pivciji-Salas-2-300x169.jpg 300w, https:\/\/visitsubotica.rs\/wp-content\/uploads\/2019\/09\/Pivciji-Salas-2-768x432.jpg 768w, https:\/\/visitsubotica.rs\/wp-content\/uploads\/2019\/09\/Pivciji-Salas-2-280x158.jpg 280w, https:\/\/visitsubotica.rs\/wp-content\/uploads\/2019\/09\/Pivciji-Salas-2-1170x658.jpg 1170w, https:\/\/visitsubotica.rs\/wp-content\/uploads\/2019\/09\/Pivciji-Salas-2.jpg 2016w\" sizes=\"(max-width: 1024px) 100vw, 1024px\" \/><\/figure><\/li><li class=\"blocks-gallery-item\"><figure><img decoding=\"async\" width=\"1024\" height=\"576\" src=\"http:\/\/visitsubotica.rs\/wp-content\/uploads\/2019\/09\/Pivciji-Salas-3-1024x576.jpg\" alt=\"\" data-id=\"4788\" data-link=\"http:\/\/visitsubotica.rs\/pivciji-salas-3\/\" class=\"wp-image-4788\" srcset=\"https:\/\/visitsubotica.rs\/wp-content\/uploads\/2019\/09\/Pivciji-Salas-3-1024x576.jpg 1024w, https:\/\/visitsubotica.rs\/wp-content\/uploads\/2019\/09\/Pivciji-Salas-3-300x169.jpg 300w, https:\/\/visitsubotica.rs\/wp-content\/uploads\/2019\/09\/Pivciji-Salas-3-768x432.jpg 768w, https:\/\/visitsubotica.rs\/wp-content\/uploads\/2019\/09\/Pivciji-Salas-3-280x158.jpg 280w, https:\/\/visitsubotica.rs\/wp-content\/uploads\/2019\/09\/Pivciji-Salas-3-1170x658.jpg 1170w, https:\/\/visitsubotica.rs\/wp-content\/uploads\/2019\/09\/Pivciji-Salas-3.jpg 2016w\" sizes=\"(max-width: 1024px) 100vw, 1024px\" \/><\/figure><\/li><li class=\"blocks-gallery-item\"><figure><img decoding=\"async\" width=\"1024\" height=\"576\" src=\"http:\/\/visitsubotica.rs\/wp-content\/uploads\/2019\/09\/Pivciji-Salas-4-1024x576.jpg\" alt=\"\" data-id=\"4789\" data-link=\"http:\/\/visitsubotica.rs\/pivciji-salas-4\/\" class=\"wp-image-4789\" srcset=\"https:\/\/visitsubotica.rs\/wp-content\/uploads\/2019\/09\/Pivciji-Salas-4-1024x576.jpg 1024w, https:\/\/visitsubotica.rs\/wp-content\/uploads\/2019\/09\/Pivciji-Salas-4-300x169.jpg 300w, https:\/\/visitsubotica.rs\/wp-content\/uploads\/2019\/09\/Pivciji-Salas-4-768x432.jpg 768w, https:\/\/visitsubotica.rs\/wp-content\/uploads\/2019\/09\/Pivciji-Salas-4-280x158.jpg 280w, https:\/\/visitsubotica.rs\/wp-content\/uploads\/2019\/09\/Pivciji-Salas-4-1170x658.jpg 1170w, https:\/\/visitsubotica.rs\/wp-content\/uploads\/2019\/09\/Pivciji-Salas-4.jpg 2016w\" sizes=\"(max-width: 1024px) 100vw, 1024px\" \/><\/figure><\/li><\/ul><\/figure>\n","protected":false},"excerpt":{"rendered":"<p>Szabadk\u00e1t\u00f3l nem messze tal\u00e1lhat\u00f3 B\u00e9kova, az a telep\u00fcl\u00e9s, amelyben egy szabadkai fiatalember n\u00e9h\u00e1ny \u00e9vvel ezel\u0151tt megkezdte munk\u00e1j\u00e1t, \u00e9s ezzel megmutatta, hogy rengeteg er\u0151fesz\u00edt\u00e9ssel, akarattal \u00e9s igyekezettel sikeress\u00e9 lehet v\u00e1lni. Miut\u00e1n megv\u00e1s\u00e1rolta \u00e9s fel\u00faj\u00edtotta a csal\u00e1di tany\u00e1t, \u00e1tnevezte azt Kakas tany\u00e1ra, amelyen mindennem\u0171 sz\u00e1rnyas \u00e1llat, k\u00fcl\u00f6nb\u00f6z\u0151 z\u00f6lds\u00e9g \u00e9s gy\u00fcm\u00f6lcs is megtal\u00e1lhat\u00f3. A tany\u00e1n, amely Szabadka k\u00f6zpontj\u00e1t\u00f3l<\/p>\n","protected":false},"featured_media":13179,"template":"","meta":{"footnotes":""},"tip_salasa_vinarije":[687],"class_list":["post-14540","salas-vinarija","type-salas-vinarija","status-publish","has-post-thumbnail","hentry"],"yoast_head":"<!-- This site is optimized with the Yoast SEO plugin v27.4 - https:\/\/yoast.com\/product\/yoast-seo-wordpress\/ -->\n<title>Kakas tanya - Visit Subotica<\/title>\n<meta name=\"robots\" content=\"index, follow, max-snippet:-1, max-image-preview:large, max-video-preview:-1\" \/>\n<link rel=\"canonical\" href=\"https:\/\/visitsubotica.rs\/hu\/mit-lehet-csinalni\/salas\/pivciji-salas\/\" \/>\n<meta property=\"og:locale\" content=\"hu_HU\" \/>\n<meta property=\"og:type\" content=\"article\" \/>\n<meta property=\"og:title\" content=\"Kakas tanya - Visit Subotica\" \/>\n<meta property=\"og:description\" content=\"Szabadk\u00e1t\u00f3l nem messze tal\u00e1lhat\u00f3 B\u00e9kova, az a telep\u00fcl\u00e9s, amelyben egy szabadkai fiatalember n\u00e9h\u00e1ny \u00e9vvel ezel\u0151tt megkezdte munk\u00e1j\u00e1t, \u00e9s ezzel megmutatta, hogy rengeteg er\u0151fesz\u00edt\u00e9ssel, akarattal \u00e9s igyekezettel sikeress\u00e9 lehet v\u00e1lni. Miut\u00e1n megv\u00e1s\u00e1rolta \u00e9s fel\u00faj\u00edtotta a csal\u00e1di tany\u00e1t, \u00e1tnevezte azt Kakas tany\u00e1ra, amelyen mindennem\u0171 sz\u00e1rnyas \u00e1llat, k\u00fcl\u00f6nb\u00f6z\u0151 z\u00f6lds\u00e9g \u00e9s gy\u00fcm\u00f6lcs is megtal\u00e1lhat\u00f3. A tany\u00e1n, amely Szabadka k\u00f6zpontj\u00e1t\u00f3l\" \/>\n<meta property=\"og:url\" content=\"https:\/\/visitsubotica.rs\/hu\/mit-lehet-csinalni\/salas\/pivciji-salas\/\" \/>\n<meta property=\"og:site_name\" content=\"Visit Subotica\" \/>\n<meta property=\"article:publisher\" content=\"https:\/\/www.facebook.com\/VisitSubotica.rs\/\" \/>\n<meta property=\"article:modified_time\" content=\"2020-02-09T21:51:15+00:00\" \/>\n<meta property=\"og:image\" content=\"https:\/\/visitsubotica.rs\/wp-content\/uploads\/2019\/09\/Pivciji-Salas-1.jpg\" \/>\n\t<meta property=\"og:image:width\" content=\"2016\" \/>\n\t<meta property=\"og:image:height\" content=\"1134\" \/>\n\t<meta property=\"og:image:type\" content=\"image\/jpeg\" \/>\n<meta name=\"twitter:card\" content=\"summary_large_image\" \/>\n<meta name=\"twitter:site\" content=\"@visitsubotica\" \/>\n<meta name=\"twitter:label1\" content=\"Becs\u00fclt olvas\u00e1si id\u0151\" \/>\n\t<meta name=\"twitter:data1\" content=\"1 perc\" \/>\n<script type=\"application\/ld+json\" class=\"yoast-schema-graph\">{\"@context\":\"https:\\\/\\\/schema.org\",\"@graph\":[{\"@type\":\"WebPage\",\"@id\":\"https:\\\/\\\/visitsubotica.rs\\\/hu\\\/mit-lehet-csinalni\\\/salas\\\/pivciji-salas\\\/\",\"url\":\"https:\\\/\\\/visitsubotica.rs\\\/hu\\\/mit-lehet-csinalni\\\/salas\\\/pivciji-salas\\\/\",\"name\":\"Kakas tanya - Visit Subotica\",\"isPartOf\":{\"@id\":\"https:\\\/\\\/visitsubotica.rs\\\/#website\"},\"primaryImageOfPage\":{\"@id\":\"https:\\\/\\\/visitsubotica.rs\\\/hu\\\/mit-lehet-csinalni\\\/salas\\\/pivciji-salas\\\/#primaryimage\"},\"image\":{\"@id\":\"https:\\\/\\\/visitsubotica.rs\\\/hu\\\/mit-lehet-csinalni\\\/salas\\\/pivciji-salas\\\/#primaryimage\"},\"thumbnailUrl\":\"https:\\\/\\\/visitsubotica.rs\\\/wp-content\\\/uploads\\\/2019\\\/09\\\/Pivciji-Salas-1.jpg\",\"datePublished\":\"2019-07-14T20:34:46+00:00\",\"dateModified\":\"2020-02-09T21:51:15+00:00\",\"breadcrumb\":{\"@id\":\"https:\\\/\\\/visitsubotica.rs\\\/hu\\\/mit-lehet-csinalni\\\/salas\\\/pivciji-salas\\\/#breadcrumb\"},\"inLanguage\":\"hu\",\"potentialAction\":[{\"@type\":\"ReadAction\",\"target\":[\"https:\\\/\\\/visitsubotica.rs\\\/hu\\\/mit-lehet-csinalni\\\/salas\\\/pivciji-salas\\\/\"]}]},{\"@type\":\"ImageObject\",\"inLanguage\":\"hu\",\"@id\":\"https:\\\/\\\/visitsubotica.rs\\\/hu\\\/mit-lehet-csinalni\\\/salas\\\/pivciji-salas\\\/#primaryimage\",\"url\":\"https:\\\/\\\/visitsubotica.rs\\\/wp-content\\\/uploads\\\/2019\\\/09\\\/Pivciji-Salas-1.jpg\",\"contentUrl\":\"https:\\\/\\\/visitsubotica.rs\\\/wp-content\\\/uploads\\\/2019\\\/09\\\/Pivciji-Salas-1.jpg\",\"width\":2016,\"height\":1134},{\"@type\":\"BreadcrumbList\",\"@id\":\"https:\\\/\\\/visitsubotica.rs\\\/hu\\\/mit-lehet-csinalni\\\/salas\\\/pivciji-salas\\\/#breadcrumb\",\"itemListElement\":[{\"@type\":\"ListItem\",\"position\":1,\"name\":\"Home\",\"item\":\"https:\\\/\\\/visitsubotica.rs\\\/hu\\\/\"},{\"@type\":\"ListItem\",\"position\":2,\"name\":\"Kakas tanya\"}]},{\"@type\":\"WebSite\",\"@id\":\"https:\\\/\\\/visitsubotica.rs\\\/#website\",\"url\":\"https:\\\/\\\/visitsubotica.rs\\\/\",\"name\":\"Visit Subotica\",\"description\":\"Turisti\u010dka organizacija grada Subotice\",\"potentialAction\":[{\"@type\":\"SearchAction\",\"target\":{\"@type\":\"EntryPoint\",\"urlTemplate\":\"https:\\\/\\\/visitsubotica.rs\\\/?s={search_term_string}\"},\"query-input\":{\"@type\":\"PropertyValueSpecification\",\"valueRequired\":true,\"valueName\":\"search_term_string\"}}],\"inLanguage\":\"hu\"}]}<\/script>\n<!-- \/ Yoast SEO plugin. -->","yoast_head_json":{"title":"Kakas tanya - Visit Subotica","robots":{"index":"index","follow":"follow","max-snippet":"max-snippet:-1","max-image-preview":"max-image-preview:large","max-video-preview":"max-video-preview:-1"},"canonical":"https:\/\/visitsubotica.rs\/hu\/mit-lehet-csinalni\/salas\/pivciji-salas\/","og_locale":"hu_HU","og_type":"article","og_title":"Kakas tanya - Visit Subotica","og_description":"Szabadk\u00e1t\u00f3l nem messze tal\u00e1lhat\u00f3 B\u00e9kova, az a telep\u00fcl\u00e9s, amelyben egy szabadkai fiatalember n\u00e9h\u00e1ny \u00e9vvel ezel\u0151tt megkezdte munk\u00e1j\u00e1t, \u00e9s ezzel megmutatta, hogy rengeteg er\u0151fesz\u00edt\u00e9ssel, akarattal \u00e9s igyekezettel sikeress\u00e9 lehet v\u00e1lni. Miut\u00e1n megv\u00e1s\u00e1rolta \u00e9s fel\u00faj\u00edtotta a csal\u00e1di tany\u00e1t, \u00e1tnevezte azt Kakas tany\u00e1ra, amelyen mindennem\u0171 sz\u00e1rnyas \u00e1llat, k\u00fcl\u00f6nb\u00f6z\u0151 z\u00f6lds\u00e9g \u00e9s gy\u00fcm\u00f6lcs is megtal\u00e1lhat\u00f3. A tany\u00e1n, amely Szabadka k\u00f6zpontj\u00e1t\u00f3l","og_url":"https:\/\/visitsubotica.rs\/hu\/mit-lehet-csinalni\/salas\/pivciji-salas\/","og_site_name":"Visit Subotica","article_publisher":"https:\/\/www.facebook.com\/VisitSubotica.rs\/","article_modified_time":"2020-02-09T21:51:15+00:00","og_image":[{"width":2016,"height":1134,"url":"https:\/\/visitsubotica.rs\/wp-content\/uploads\/2019\/09\/Pivciji-Salas-1.jpg","type":"image\/jpeg"}],"twitter_card":"summary_large_image","twitter_site":"@visitsubotica","twitter_misc":{"Becs\u00fclt olvas\u00e1si id\u0151":"1 perc"},"schema":{"@context":"https:\/\/schema.org","@graph":[{"@type":"WebPage","@id":"https:\/\/visitsubotica.rs\/hu\/mit-lehet-csinalni\/salas\/pivciji-salas\/","url":"https:\/\/visitsubotica.rs\/hu\/mit-lehet-csinalni\/salas\/pivciji-salas\/","name":"Kakas tanya - Visit Subotica","isPartOf":{"@id":"https:\/\/visitsubotica.rs\/#website"},"primaryImageOfPage":{"@id":"https:\/\/visitsubotica.rs\/hu\/mit-lehet-csinalni\/salas\/pivciji-salas\/#primaryimage"},"image":{"@id":"https:\/\/visitsubotica.rs\/hu\/mit-lehet-csinalni\/salas\/pivciji-salas\/#primaryimage"},"thumbnailUrl":"https:\/\/visitsubotica.rs\/wp-content\/uploads\/2019\/09\/Pivciji-Salas-1.jpg","datePublished":"2019-07-14T20:34:46+00:00","dateModified":"2020-02-09T21:51:15+00:00","breadcrumb":{"@id":"https:\/\/visitsubotica.rs\/hu\/mit-lehet-csinalni\/salas\/pivciji-salas\/#breadcrumb"},"inLanguage":"hu","potentialAction":[{"@type":"ReadAction","target":["https:\/\/visitsubotica.rs\/hu\/mit-lehet-csinalni\/salas\/pivciji-salas\/"]}]},{"@type":"ImageObject","inLanguage":"hu","@id":"https:\/\/visitsubotica.rs\/hu\/mit-lehet-csinalni\/salas\/pivciji-salas\/#primaryimage","url":"https:\/\/visitsubotica.rs\/wp-content\/uploads\/2019\/09\/Pivciji-Salas-1.jpg","contentUrl":"https:\/\/visitsubotica.rs\/wp-content\/uploads\/2019\/09\/Pivciji-Salas-1.jpg","width":2016,"height":1134},{"@type":"BreadcrumbList","@id":"https:\/\/visitsubotica.rs\/hu\/mit-lehet-csinalni\/salas\/pivciji-salas\/#breadcrumb","itemListElement":[{"@type":"ListItem","position":1,"name":"Home","item":"https:\/\/visitsubotica.rs\/hu\/"},{"@type":"ListItem","position":2,"name":"Kakas tanya"}]},{"@type":"WebSite","@id":"https:\/\/visitsubotica.rs\/#website","url":"https:\/\/visitsubotica.rs\/","name":"Visit Subotica","description":"Turisti\u010dka organizacija grada Subotice","potentialAction":[{"@type":"SearchAction","target":{"@type":"EntryPoint","urlTemplate":"https:\/\/visitsubotica.rs\/?s={search_term_string}"},"query-input":{"@type":"PropertyValueSpecification","valueRequired":true,"valueName":"search_term_string"}}],"inLanguage":"hu"}]}},"_links":{"self":[{"href":"https:\/\/visitsubotica.rs\/hu\/wp-json\/wp\/v2\/salas-vinarija\/14540","targetHints":{"allow":["GET"]}}],"collection":[{"href":"https:\/\/visitsubotica.rs\/hu\/wp-json\/wp\/v2\/salas-vinarija"}],"about":[{"href":"https:\/\/visitsubotica.rs\/hu\/wp-json\/wp\/v2\/types\/salas-vinarija"}],"version-history":[{"count":0,"href":"https:\/\/visitsubotica.rs\/hu\/wp-json\/wp\/v2\/salas-vinarija\/14540\/revisions"}],"wp:featuredmedia":[{"embeddable":true,"href":"https:\/\/visitsubotica.rs\/hu\/wp-json\/wp\/v2\/media\/13179"}],"wp:attachment":[{"href":"https:\/\/visitsubotica.rs\/hu\/wp-json\/wp\/v2\/media?parent=14540"}],"wp:term":[{"taxonomy":"tip_salasa_vinarije","embeddable":true,"href":"https:\/\/visitsubotica.rs\/hu\/wp-json\/wp\/v2\/tip_salasa_vinarije?post=14540"}],"curies":[{"name":"wp","href":"https:\/\/api.w.org\/{rel}","templated":true}]}}