{"id":14538,"date":"2019-07-14T22:34:46","date_gmt":"2019-07-14T20:34:46","guid":{"rendered":"http:\/\/visitsubotica.rs\/sta-raditi\/salas-vinarija\/vinarija-zvonko-bogdan\/"},"modified":"2020-02-09T22:59:17","modified_gmt":"2020-02-09T21:59:17","slug":"vinarija-zvonko-bogdan","status":"publish","type":"salas-vinarija","link":"https:\/\/visitsubotica.rs\/hu\/sta-raditi\/salas-vinarija\/vinarija-zvonko-bogdan\/","title":{"rendered":"Zvonko Bogdan Bor\u00e1szat"},"content":{"rendered":"\n<p>A Zvonko Bogdan Bor\u00e1szat t\u00f6rt\u00e9nete 2008-ban kezd\u0151dik, amikor egyes\u00edtve a palicsi sz\u0151l\u0151\u00fcltetv\u00e9nyek jellegzetess\u00e9g\u00e9t \u00e9s hagyom\u00e1nyait \u00e9s a legkorszer\u0171bb francia technol\u00f3gi\u00e1t azon c\u00e9lt t\u0171zte ki maga el\u00e9, hogy cs\u00facsmin\u0151s\u00e9g\u0171 borokat gy\u00e1rtson, \u00e9s ezen borok oltalom alatt \u00e1ll\u00f3 f\u00f6ldrajzi jelz\u00e9ssel rendelkeznek.<\/p>\n\n\n\n<p> A sz\u0151l\u0151\u00fcltetv\u00e9nyek tenger\u00e9ben, a Palicsi-t\u00f3 Keleti partj\u00e1n, Szerbia leg\u00e9szakibb r\u00e9sz\u00e9n, a Bor\u00e1szat szecesszi\u00f3s st\u00edlusban \u00e9p\u00fclt, amely Palics \u00e9s a k\u00f6zeli Szabadka hagyom\u00e1nyos \u00e9p\u00edt\u00e9szeti st\u00edlus\u00e1t id\u00e9zi.<\/p>\n\n\n\n<p>A Bor\u00e1szat magasztos \u00e9p\u00edt\u00e9szete egy\u00e9rtelm\u0171en utal a bor \u00e9s m\u0171v\u00e9szet \u00f6tv\u00f6zet\u00e9re, \u00e9s m\u00e9lt\u00f3 mened\u00e9kek\u00e9nt szolg\u00e1l az egyre h\u00edresebb \u00e9s elismertebb boroknak, de kiv\u00e1l\u00f3 h\u00e1zigazd\u00e1ja mindazoknak, akik szeretn\u00e9k l\u00e1tni \u00e9s meg\u00e9lni azt, hogyan j\u00f6n mindez l\u00e9tre.<\/p>\n\n\n\n<p>A Bor\u00e1szat az ismert n\u00f3ta\u00e9nekes Zvonko Bogdan \u00far nev\u00e9t viseli, akinek a neve a cs\u00facsmin\u0151s\u00e9g\u0171 \u00e9lm\u00e9ny szinonim\u00e1ja, \u00e9s ezt az \u00e9lm\u00e9nyt a Zvonko Bogdan Bor\u00e1szat borai is biztos\u00edtj\u00e1k.<\/p>\n\n\n\n<p>A Bor\u00e1szat kapui t\u00e1rva nyitva \u00e1llnak minden borim\u00e1d\u00f3 turisztikai l\u00e1togat\u00f3 r\u00e9sz\u00e9re, akik szeretn\u00e9k meg\u00e9lni a bortermel\u00e9s var\u00e1zs\u00e1t, \u00e9s a bork\u00f3stol\u00f3 terem gy\u00f6ny\u00f6r\u0171 k\u00f6rnyezetben szeretn\u00e9k \u00e9lvezni a zamatos borokat.<\/p>\n\n\n\n<p>A Zvonko Bogdan Bor\u00e1szat a k\u00f6vetkez\u0151 l\u00e1togat\u00e1sokat szervezi:<\/p>\n\n\n\n<ul class=\"wp-block-list\"><li>STANDARD L\u00c1TOGAT\u00c1S \u2013 A pinc\u00e9szet k\u00f6rbej\u00e1r\u00e1sa 3 fajta bor k\u00f3stol\u00e1s\u00e1val &#8211; Classic line\u2026.800,00 rsd<\/li><li>PREMIUM L\u00c1TOGAT\u00c1S &#8211; A pinc\u00e9szet k\u00f6rbej\u00e1r\u00e1sa 4 fajta bor k\u00f3stol\u00e1s\u00e1val &#8211; Premium line\u20261200,00 rsd<\/li><li>LUX L\u00c1TOGAT\u00c1S- A pinc\u00e9szet k\u00f6rbej\u00e1r\u00e1sa 6 fajta bor k\u00f3stol\u00e1s\u00e1val &#8211; Premium \u00e9s Icon line\u2026. 1700,00 rsd<\/li><\/ul>\n\n\n\n<p>A bork\u00f3stol\u00e1s az \u00d6n\u00f6k k\u00edv\u00e1ns\u00e1ga szerint kieg\u00e9sz\u00edthet\u0151 k\u00fcl\u00f6nb\u00f6z\u0151 bor t\u00e1lakkal is.<\/p>\n\n\n\n<p><em>A pinc\u00e9szet bej\u00e1r\u00e1sa \u00e9s a bork\u00f3stol\u00e1s szerb, magyar \u00e9s angol nyelv\u0171 szakmai idegenvezet\u0151 k\u00eds\u00e9ret\u00e9ben t\u00f6rt\u00e9nik \u00e9s el\u0151zetes id\u0151pont egyeztet\u00e9s aj\u00e1nlott.<\/em><\/p>\n\n\n\n<figure class=\"wp-block-gallery columns-3 is-cropped wp-block-gallery-1 is-layout-flex wp-block-gallery-is-layout-flex\"><ul class=\"blocks-gallery-grid\"><li class=\"blocks-gallery-item\"><figure><img decoding=\"async\" width=\"1024\" height=\"686\" src=\"http:\/\/visitsubotica.esy.es\/wp-content\/uploads\/2019\/09\/Vinarija-Zvonko-Bogdan-1-1024x686.jpg\" alt=\"\" data-id=\"4641\" data-link=\"http:\/\/visitsubotica.esy.es\/vinarija-zvonko-bogdan-1\/\" class=\"wp-image-4641\" srcset=\"https:\/\/visitsubotica.rs\/wp-content\/uploads\/2019\/09\/Vinarija-Zvonko-Bogdan-1-1024x686.jpg 1024w, https:\/\/visitsubotica.rs\/wp-content\/uploads\/2019\/09\/Vinarija-Zvonko-Bogdan-1-300x201.jpg 300w, https:\/\/visitsubotica.rs\/wp-content\/uploads\/2019\/09\/Vinarija-Zvonko-Bogdan-1-768x514.jpg 768w, https:\/\/visitsubotica.rs\/wp-content\/uploads\/2019\/09\/Vinarija-Zvonko-Bogdan-1-280x187.jpg 280w, https:\/\/visitsubotica.rs\/wp-content\/uploads\/2019\/09\/Vinarija-Zvonko-Bogdan-1-1170x784.jpg 1170w, https:\/\/visitsubotica.rs\/wp-content\/uploads\/2019\/09\/Vinarija-Zvonko-Bogdan-1.jpg 1311w\" sizes=\"(max-width: 1024px) 100vw, 1024px\" \/><\/figure><\/li><li class=\"blocks-gallery-item\"><figure><img decoding=\"async\" width=\"1024\" height=\"683\" src=\"http:\/\/visitsubotica.esy.es\/wp-content\/uploads\/2019\/09\/Vinarija-Zvonko-Bogdan-4-1024x683.jpg\" alt=\"\" data-id=\"4596\" data-link=\"http:\/\/visitsubotica.esy.es\/vinarija-zvonko-bogdan-4\/\" class=\"wp-image-4596\" srcset=\"https:\/\/visitsubotica.rs\/wp-content\/uploads\/2019\/09\/Vinarija-Zvonko-Bogdan-4-1024x683.jpg 1024w, https:\/\/visitsubotica.rs\/wp-content\/uploads\/2019\/09\/Vinarija-Zvonko-Bogdan-4-300x200.jpg 300w, https:\/\/visitsubotica.rs\/wp-content\/uploads\/2019\/09\/Vinarija-Zvonko-Bogdan-4-768x512.jpg 768w, https:\/\/visitsubotica.rs\/wp-content\/uploads\/2019\/09\/Vinarija-Zvonko-Bogdan-4-280x187.jpg 280w, https:\/\/visitsubotica.rs\/wp-content\/uploads\/2019\/09\/Vinarija-Zvonko-Bogdan-4-1170x780.jpg 1170w\" sizes=\"(max-width: 1024px) 100vw, 1024px\" \/><\/figure><\/li><li class=\"blocks-gallery-item\"><figure><img decoding=\"async\" width=\"1024\" height=\"683\" src=\"http:\/\/visitsubotica.esy.es\/wp-content\/uploads\/2019\/09\/Vinarija-Zvonko-Bogdan-3-1024x683.jpg\" alt=\"\" data-id=\"4595\" data-link=\"http:\/\/visitsubotica.esy.es\/vinarija-zvonko-bogdan-3\/\" class=\"wp-image-4595\" srcset=\"https:\/\/visitsubotica.rs\/wp-content\/uploads\/2019\/09\/Vinarija-Zvonko-Bogdan-3-1024x683.jpg 1024w, https:\/\/visitsubotica.rs\/wp-content\/uploads\/2019\/09\/Vinarija-Zvonko-Bogdan-3-300x200.jpg 300w, https:\/\/visitsubotica.rs\/wp-content\/uploads\/2019\/09\/Vinarija-Zvonko-Bogdan-3-768x512.jpg 768w, https:\/\/visitsubotica.rs\/wp-content\/uploads\/2019\/09\/Vinarija-Zvonko-Bogdan-3-280x187.jpg 280w, https:\/\/visitsubotica.rs\/wp-content\/uploads\/2019\/09\/Vinarija-Zvonko-Bogdan-3-1170x780.jpg 1170w\" sizes=\"(max-width: 1024px) 100vw, 1024px\" \/><\/figure><\/li><li class=\"blocks-gallery-item\"><figure><img decoding=\"async\" width=\"1024\" height=\"689\" src=\"http:\/\/visitsubotica.esy.es\/wp-content\/uploads\/2019\/09\/Vinarija-Zvonko-Bogdan-5-1024x689.jpg\" alt=\"\" data-id=\"4597\" data-link=\"http:\/\/visitsubotica.esy.es\/vinarija-zvonko-bogdan-5\/\" class=\"wp-image-4597\" srcset=\"https:\/\/visitsubotica.rs\/wp-content\/uploads\/2019\/09\/Vinarija-Zvonko-Bogdan-5-1024x689.jpg 1024w, https:\/\/visitsubotica.rs\/wp-content\/uploads\/2019\/09\/Vinarija-Zvonko-Bogdan-5-300x202.jpg 300w, https:\/\/visitsubotica.rs\/wp-content\/uploads\/2019\/09\/Vinarija-Zvonko-Bogdan-5-768x517.jpg 768w, https:\/\/visitsubotica.rs\/wp-content\/uploads\/2019\/09\/Vinarija-Zvonko-Bogdan-5-278x187.jpg 278w, https:\/\/visitsubotica.rs\/wp-content\/uploads\/2019\/09\/Vinarija-Zvonko-Bogdan-5-1170x787.jpg 1170w, https:\/\/visitsubotica.rs\/wp-content\/uploads\/2019\/09\/Vinarija-Zvonko-Bogdan-5.jpg 2043w\" sizes=\"(max-width: 1024px) 100vw, 1024px\" \/><\/figure><\/li><li class=\"blocks-gallery-item\"><figure><img decoding=\"async\" width=\"1024\" height=\"676\" src=\"http:\/\/visitsubotica.esy.es\/wp-content\/uploads\/2019\/07\/Vinarija-Zvonko-Bogdan-2-1024x676.jpg\" alt=\"\" data-id=\"4647\" data-link=\"http:\/\/visitsubotica.esy.es\/salas-vinarija\/vinarija-zvonko-bogdan\/vinarija-zvonko-bogdan-2\/\" class=\"wp-image-4647\" srcset=\"https:\/\/visitsubotica.rs\/wp-content\/uploads\/2019\/07\/Vinarija-Zvonko-Bogdan-2-1024x676.jpg 1024w, https:\/\/visitsubotica.rs\/wp-content\/uploads\/2019\/07\/Vinarija-Zvonko-Bogdan-2-300x198.jpg 300w, https:\/\/visitsubotica.rs\/wp-content\/uploads\/2019\/07\/Vinarija-Zvonko-Bogdan-2-768x507.jpg 768w, https:\/\/visitsubotica.rs\/wp-content\/uploads\/2019\/07\/Vinarija-Zvonko-Bogdan-2-280x185.jpg 280w, https:\/\/visitsubotica.rs\/wp-content\/uploads\/2019\/07\/Vinarija-Zvonko-Bogdan-2-1170x772.jpg 1170w, https:\/\/visitsubotica.rs\/wp-content\/uploads\/2019\/07\/Vinarija-Zvonko-Bogdan-2.jpg 1397w\" sizes=\"(max-width: 1024px) 100vw, 1024px\" \/><\/figure><\/li><\/ul><\/figure>\n","protected":false},"excerpt":{"rendered":"<p>A Zvonko Bogdan Bor\u00e1szat t\u00f6rt\u00e9nete 2008-ban kezd\u0151dik, amikor egyes\u00edtve a palicsi sz\u0151l\u0151\u00fcltetv\u00e9nyek jellegzetess\u00e9g\u00e9t \u00e9s hagyom\u00e1nyait \u00e9s a legkorszer\u0171bb francia technol\u00f3gi\u00e1t azon c\u00e9lt t\u0171zte ki maga el\u00e9, hogy cs\u00facsmin\u0151s\u00e9g\u0171 borokat gy\u00e1rtson, \u00e9s ezen borok oltalom alatt \u00e1ll\u00f3 f\u00f6ldrajzi jelz\u00e9ssel rendelkeznek. A sz\u0151l\u0151\u00fcltetv\u00e9nyek tenger\u00e9ben, a Palicsi-t\u00f3 Keleti partj\u00e1n, Szerbia leg\u00e9szakibb r\u00e9sz\u00e9n, a Bor\u00e1szat szecesszi\u00f3s st\u00edlusban \u00e9p\u00fclt, amely<\/p>\n","protected":false},"featured_media":13176,"template":"","meta":{"footnotes":""},"tip_salasa_vinarije":[686],"class_list":["post-14538","salas-vinarija","type-salas-vinarija","status-publish","has-post-thumbnail","hentry"],"yoast_head":"<!-- This site is optimized with the Yoast SEO plugin v27.4 - https:\/\/yoast.com\/product\/yoast-seo-wordpress\/ -->\n<title>Zvonko Bogdan Bor\u00e1szat - Visit Subotica<\/title>\n<meta name=\"robots\" content=\"index, follow, max-snippet:-1, max-image-preview:large, max-video-preview:-1\" \/>\n<link rel=\"canonical\" href=\"https:\/\/visitsubotica.rs\/hu\/mit-lehet-csinalni\/salas\/vinarija-zvonko-bogdan\/\" \/>\n<meta property=\"og:locale\" content=\"hu_HU\" \/>\n<meta property=\"og:type\" content=\"article\" \/>\n<meta property=\"og:title\" content=\"Zvonko Bogdan Bor\u00e1szat - Visit Subotica\" \/>\n<meta property=\"og:description\" content=\"A Zvonko Bogdan Bor\u00e1szat t\u00f6rt\u00e9nete 2008-ban kezd\u0151dik, amikor egyes\u00edtve a palicsi sz\u0151l\u0151\u00fcltetv\u00e9nyek jellegzetess\u00e9g\u00e9t \u00e9s hagyom\u00e1nyait \u00e9s a legkorszer\u0171bb francia technol\u00f3gi\u00e1t azon c\u00e9lt t\u0171zte ki maga el\u00e9, hogy cs\u00facsmin\u0151s\u00e9g\u0171 borokat gy\u00e1rtson, \u00e9s ezen borok oltalom alatt \u00e1ll\u00f3 f\u00f6ldrajzi jelz\u00e9ssel rendelkeznek. A sz\u0151l\u0151\u00fcltetv\u00e9nyek tenger\u00e9ben, a Palicsi-t\u00f3 Keleti partj\u00e1n, Szerbia leg\u00e9szakibb r\u00e9sz\u00e9n, a Bor\u00e1szat szecesszi\u00f3s st\u00edlusban \u00e9p\u00fclt, amely\" \/>\n<meta property=\"og:url\" content=\"https:\/\/visitsubotica.rs\/hu\/mit-lehet-csinalni\/salas\/vinarija-zvonko-bogdan\/\" \/>\n<meta property=\"og:site_name\" content=\"Visit Subotica\" \/>\n<meta property=\"article:publisher\" content=\"https:\/\/www.facebook.com\/VisitSubotica.rs\/\" \/>\n<meta property=\"article:modified_time\" content=\"2020-02-09T21:59:17+00:00\" \/>\n<meta property=\"og:image\" content=\"https:\/\/visitsubotica.rs\/wp-content\/uploads\/2019\/09\/Vinarija-Zvonko-Bogdan-1.jpg\" \/>\n\t<meta property=\"og:image:width\" content=\"1311\" \/>\n\t<meta property=\"og:image:height\" content=\"878\" \/>\n\t<meta property=\"og:image:type\" content=\"image\/jpeg\" \/>\n<meta name=\"twitter:card\" content=\"summary_large_image\" \/>\n<meta name=\"twitter:site\" content=\"@visitsubotica\" \/>\n<meta name=\"twitter:label1\" content=\"Becs\u00fclt olvas\u00e1si id\u0151\" \/>\n\t<meta name=\"twitter:data1\" content=\"2 perc\" \/>\n<script type=\"application\/ld+json\" class=\"yoast-schema-graph\">{\"@context\":\"https:\\\/\\\/schema.org\",\"@graph\":[{\"@type\":\"WebPage\",\"@id\":\"https:\\\/\\\/visitsubotica.rs\\\/hu\\\/mit-lehet-csinalni\\\/salas\\\/vinarija-zvonko-bogdan\\\/\",\"url\":\"https:\\\/\\\/visitsubotica.rs\\\/hu\\\/mit-lehet-csinalni\\\/salas\\\/vinarija-zvonko-bogdan\\\/\",\"name\":\"Zvonko Bogdan Bor\u00e1szat - Visit Subotica\",\"isPartOf\":{\"@id\":\"https:\\\/\\\/visitsubotica.rs\\\/#website\"},\"primaryImageOfPage\":{\"@id\":\"https:\\\/\\\/visitsubotica.rs\\\/hu\\\/mit-lehet-csinalni\\\/salas\\\/vinarija-zvonko-bogdan\\\/#primaryimage\"},\"image\":{\"@id\":\"https:\\\/\\\/visitsubotica.rs\\\/hu\\\/mit-lehet-csinalni\\\/salas\\\/vinarija-zvonko-bogdan\\\/#primaryimage\"},\"thumbnailUrl\":\"https:\\\/\\\/visitsubotica.rs\\\/wp-content\\\/uploads\\\/2019\\\/09\\\/Vinarija-Zvonko-Bogdan-1.jpg\",\"datePublished\":\"2019-07-14T20:34:46+00:00\",\"dateModified\":\"2020-02-09T21:59:17+00:00\",\"breadcrumb\":{\"@id\":\"https:\\\/\\\/visitsubotica.rs\\\/hu\\\/mit-lehet-csinalni\\\/salas\\\/vinarija-zvonko-bogdan\\\/#breadcrumb\"},\"inLanguage\":\"hu\",\"potentialAction\":[{\"@type\":\"ReadAction\",\"target\":[\"https:\\\/\\\/visitsubotica.rs\\\/hu\\\/mit-lehet-csinalni\\\/salas\\\/vinarija-zvonko-bogdan\\\/\"]}]},{\"@type\":\"ImageObject\",\"inLanguage\":\"hu\",\"@id\":\"https:\\\/\\\/visitsubotica.rs\\\/hu\\\/mit-lehet-csinalni\\\/salas\\\/vinarija-zvonko-bogdan\\\/#primaryimage\",\"url\":\"https:\\\/\\\/visitsubotica.rs\\\/wp-content\\\/uploads\\\/2019\\\/09\\\/Vinarija-Zvonko-Bogdan-1.jpg\",\"contentUrl\":\"https:\\\/\\\/visitsubotica.rs\\\/wp-content\\\/uploads\\\/2019\\\/09\\\/Vinarija-Zvonko-Bogdan-1.jpg\",\"width\":1311,\"height\":878},{\"@type\":\"BreadcrumbList\",\"@id\":\"https:\\\/\\\/visitsubotica.rs\\\/hu\\\/mit-lehet-csinalni\\\/salas\\\/vinarija-zvonko-bogdan\\\/#breadcrumb\",\"itemListElement\":[{\"@type\":\"ListItem\",\"position\":1,\"name\":\"Home\",\"item\":\"https:\\\/\\\/visitsubotica.rs\\\/hu\\\/\"},{\"@type\":\"ListItem\",\"position\":2,\"name\":\"Zvonko Bogdan Bor\u00e1szat\"}]},{\"@type\":\"WebSite\",\"@id\":\"https:\\\/\\\/visitsubotica.rs\\\/#website\",\"url\":\"https:\\\/\\\/visitsubotica.rs\\\/\",\"name\":\"Visit Subotica\",\"description\":\"Turisti\u010dka organizacija grada Subotice\",\"potentialAction\":[{\"@type\":\"SearchAction\",\"target\":{\"@type\":\"EntryPoint\",\"urlTemplate\":\"https:\\\/\\\/visitsubotica.rs\\\/?s={search_term_string}\"},\"query-input\":{\"@type\":\"PropertyValueSpecification\",\"valueRequired\":true,\"valueName\":\"search_term_string\"}}],\"inLanguage\":\"hu\"}]}<\/script>\n<!-- \/ Yoast SEO plugin. -->","yoast_head_json":{"title":"Zvonko Bogdan Bor\u00e1szat - Visit Subotica","robots":{"index":"index","follow":"follow","max-snippet":"max-snippet:-1","max-image-preview":"max-image-preview:large","max-video-preview":"max-video-preview:-1"},"canonical":"https:\/\/visitsubotica.rs\/hu\/mit-lehet-csinalni\/salas\/vinarija-zvonko-bogdan\/","og_locale":"hu_HU","og_type":"article","og_title":"Zvonko Bogdan Bor\u00e1szat - Visit Subotica","og_description":"A Zvonko Bogdan Bor\u00e1szat t\u00f6rt\u00e9nete 2008-ban kezd\u0151dik, amikor egyes\u00edtve a palicsi sz\u0151l\u0151\u00fcltetv\u00e9nyek jellegzetess\u00e9g\u00e9t \u00e9s hagyom\u00e1nyait \u00e9s a legkorszer\u0171bb francia technol\u00f3gi\u00e1t azon c\u00e9lt t\u0171zte ki maga el\u00e9, hogy cs\u00facsmin\u0151s\u00e9g\u0171 borokat gy\u00e1rtson, \u00e9s ezen borok oltalom alatt \u00e1ll\u00f3 f\u00f6ldrajzi jelz\u00e9ssel rendelkeznek. A sz\u0151l\u0151\u00fcltetv\u00e9nyek tenger\u00e9ben, a Palicsi-t\u00f3 Keleti partj\u00e1n, Szerbia leg\u00e9szakibb r\u00e9sz\u00e9n, a Bor\u00e1szat szecesszi\u00f3s st\u00edlusban \u00e9p\u00fclt, amely","og_url":"https:\/\/visitsubotica.rs\/hu\/mit-lehet-csinalni\/salas\/vinarija-zvonko-bogdan\/","og_site_name":"Visit Subotica","article_publisher":"https:\/\/www.facebook.com\/VisitSubotica.rs\/","article_modified_time":"2020-02-09T21:59:17+00:00","og_image":[{"width":1311,"height":878,"url":"https:\/\/visitsubotica.rs\/wp-content\/uploads\/2019\/09\/Vinarija-Zvonko-Bogdan-1.jpg","type":"image\/jpeg"}],"twitter_card":"summary_large_image","twitter_site":"@visitsubotica","twitter_misc":{"Becs\u00fclt olvas\u00e1si id\u0151":"2 perc"},"schema":{"@context":"https:\/\/schema.org","@graph":[{"@type":"WebPage","@id":"https:\/\/visitsubotica.rs\/hu\/mit-lehet-csinalni\/salas\/vinarija-zvonko-bogdan\/","url":"https:\/\/visitsubotica.rs\/hu\/mit-lehet-csinalni\/salas\/vinarija-zvonko-bogdan\/","name":"Zvonko Bogdan Bor\u00e1szat - Visit Subotica","isPartOf":{"@id":"https:\/\/visitsubotica.rs\/#website"},"primaryImageOfPage":{"@id":"https:\/\/visitsubotica.rs\/hu\/mit-lehet-csinalni\/salas\/vinarija-zvonko-bogdan\/#primaryimage"},"image":{"@id":"https:\/\/visitsubotica.rs\/hu\/mit-lehet-csinalni\/salas\/vinarija-zvonko-bogdan\/#primaryimage"},"thumbnailUrl":"https:\/\/visitsubotica.rs\/wp-content\/uploads\/2019\/09\/Vinarija-Zvonko-Bogdan-1.jpg","datePublished":"2019-07-14T20:34:46+00:00","dateModified":"2020-02-09T21:59:17+00:00","breadcrumb":{"@id":"https:\/\/visitsubotica.rs\/hu\/mit-lehet-csinalni\/salas\/vinarija-zvonko-bogdan\/#breadcrumb"},"inLanguage":"hu","potentialAction":[{"@type":"ReadAction","target":["https:\/\/visitsubotica.rs\/hu\/mit-lehet-csinalni\/salas\/vinarija-zvonko-bogdan\/"]}]},{"@type":"ImageObject","inLanguage":"hu","@id":"https:\/\/visitsubotica.rs\/hu\/mit-lehet-csinalni\/salas\/vinarija-zvonko-bogdan\/#primaryimage","url":"https:\/\/visitsubotica.rs\/wp-content\/uploads\/2019\/09\/Vinarija-Zvonko-Bogdan-1.jpg","contentUrl":"https:\/\/visitsubotica.rs\/wp-content\/uploads\/2019\/09\/Vinarija-Zvonko-Bogdan-1.jpg","width":1311,"height":878},{"@type":"BreadcrumbList","@id":"https:\/\/visitsubotica.rs\/hu\/mit-lehet-csinalni\/salas\/vinarija-zvonko-bogdan\/#breadcrumb","itemListElement":[{"@type":"ListItem","position":1,"name":"Home","item":"https:\/\/visitsubotica.rs\/hu\/"},{"@type":"ListItem","position":2,"name":"Zvonko Bogdan Bor\u00e1szat"}]},{"@type":"WebSite","@id":"https:\/\/visitsubotica.rs\/#website","url":"https:\/\/visitsubotica.rs\/","name":"Visit Subotica","description":"Turisti\u010dka organizacija grada Subotice","potentialAction":[{"@type":"SearchAction","target":{"@type":"EntryPoint","urlTemplate":"https:\/\/visitsubotica.rs\/?s={search_term_string}"},"query-input":{"@type":"PropertyValueSpecification","valueRequired":true,"valueName":"search_term_string"}}],"inLanguage":"hu"}]}},"_links":{"self":[{"href":"https:\/\/visitsubotica.rs\/hu\/wp-json\/wp\/v2\/salas-vinarija\/14538","targetHints":{"allow":["GET"]}}],"collection":[{"href":"https:\/\/visitsubotica.rs\/hu\/wp-json\/wp\/v2\/salas-vinarija"}],"about":[{"href":"https:\/\/visitsubotica.rs\/hu\/wp-json\/wp\/v2\/types\/salas-vinarija"}],"version-history":[{"count":0,"href":"https:\/\/visitsubotica.rs\/hu\/wp-json\/wp\/v2\/salas-vinarija\/14538\/revisions"}],"wp:featuredmedia":[{"embeddable":true,"href":"https:\/\/visitsubotica.rs\/hu\/wp-json\/wp\/v2\/media\/13176"}],"wp:attachment":[{"href":"https:\/\/visitsubotica.rs\/hu\/wp-json\/wp\/v2\/media?parent=14538"}],"wp:term":[{"taxonomy":"tip_salasa_vinarije","embeddable":true,"href":"https:\/\/visitsubotica.rs\/hu\/wp-json\/wp\/v2\/tip_salasa_vinarije?post=14538"}],"curies":[{"name":"wp","href":"https:\/\/api.w.org\/{rel}","templated":true}]}}