{"id":14531,"date":"2019-07-14T22:34:46","date_gmt":"2019-07-14T20:34:46","guid":{"rendered":"http:\/\/visitsubotica.rs\/sta-raditi\/salas-vinarija\/vinarija-maurer\/"},"modified":"2020-02-09T23:03:30","modified_gmt":"2020-02-09T22:03:30","slug":"vinarija-maurer","status":"publish","type":"salas-vinarija","link":"https:\/\/visitsubotica.rs\/hu\/sta-raditi\/salas-vinarija\/vinarija-maurer\/","title":{"rendered":"Maurer Bor\u00e1szat"},"content":{"rendered":"\n<p>A Maurer Bor\u00e1szat a Szabadkai homokvid\u00e9ken tal\u00e1lhat\u00f3, a Palicsi- \u00e9s a Ludasi-t\u00f3t\u00f3l keletre. A sz\u0151l\u0151skertet klasszikus m\u00f3don k\u00e9zzel vagy lovak seg\u00edts\u00e9g\u00e9vel kap\u00e1lj\u00e1k, a bor \u00e9rlel\u00e9se is term\u00e9szetes m\u00f3don, vad\u00e9leszt\u0151 seg\u00edts\u00e9g\u00e9vel t\u00f6rt\u00e9n\u0151 term\u00e9szetes erjed\u00e9ssel v\u00e9gzik.<\/p>\n\n\n\n<p>A Maurer Bor\u00e1szat borainak \u00edz\u00e9t a terroir- a vir\u00e1gok \u00e9s f\u00fcvek illatjai \u00e9s \u00edzei hat\u00e1rozz\u00e1k meg, amelyek a sz\u0151l\u0151skertben n\u0151nek. Rengeteg befektetett munk\u00e1val \u00e9s szeretettel cs\u00facsmin\u0151s\u00e9g\u0171 borok j\u00f6nnek itt l\u00e9tre. Ezen bor\u00e1szat borai sz\u00e1mos d\u00edjat szereztek, a fogyaszt\u00f3k sz\u00e1ma egyre csak n\u00f6vekszik, \u00e9s jelenleg 16 orsz\u00e1g sz\u00e1mos elit \u00e9tterm\u00e9ben \u00e9s borszak\u00fczlet\u00e9ben vannak jelen.\u00a0 A jelenlegi tulajdonosok a bor\u00e1szok h\u00edres csal\u00e1dj\u00e1nak negyedik gener\u00e1ci\u00f3ja. Ebb\u0151l kifoly\u00f3lag itt megtal\u00e1lhat\u00f3ak r\u00e9gi sz\u0151l\u0151fajt\u00e1k is, amelyek egyben \u0151shonosak is.<\/p>\n\n\n\n<p><em>Amennyiben \u00e9rdekeltek a bork\u00f3stol\u00e1s ir\u00e1nt, el\u0151zetes id\u0151pont egyeztet\u00e9s sz\u00fcks\u00e9ges.<\/em><\/p>\n\n\n\n<figure class=\"wp-block-gallery columns-3 is-cropped wp-block-gallery-1 is-layout-flex wp-block-gallery-is-layout-flex\"><ul class=\"blocks-gallery-grid\"><li class=\"blocks-gallery-item\"><figure><img decoding=\"async\" width=\"568\" height=\"568\" src=\"http:\/\/visitsubotica.esy.es\/wp-content\/uploads\/2019\/09\/Vinarija-Maurer-2.jpg\" alt=\"\" data-id=\"4599\" data-link=\"http:\/\/visitsubotica.esy.es\/vinarija-maurer-2\/\" class=\"wp-image-4599\" srcset=\"https:\/\/visitsubotica.rs\/wp-content\/uploads\/2019\/09\/Vinarija-Maurer-2.jpg 568w, https:\/\/visitsubotica.rs\/wp-content\/uploads\/2019\/09\/Vinarija-Maurer-2-150x150.jpg 150w, https:\/\/visitsubotica.rs\/wp-content\/uploads\/2019\/09\/Vinarija-Maurer-2-300x300.jpg 300w, https:\/\/visitsubotica.rs\/wp-content\/uploads\/2019\/09\/Vinarija-Maurer-2-187x187.jpg 187w\" sizes=\"(max-width: 568px) 100vw, 568px\" \/><\/figure><\/li><li class=\"blocks-gallery-item\"><figure><img decoding=\"async\" width=\"568\" height=\"568\" src=\"http:\/\/visitsubotica.esy.es\/wp-content\/uploads\/2019\/09\/Vinarija-Maurer-3.jpg\" alt=\"\" data-id=\"4600\" data-link=\"http:\/\/visitsubotica.esy.es\/vinarija-maurer-3\/\" class=\"wp-image-4600\" srcset=\"https:\/\/visitsubotica.rs\/wp-content\/uploads\/2019\/09\/Vinarija-Maurer-3.jpg 568w, https:\/\/visitsubotica.rs\/wp-content\/uploads\/2019\/09\/Vinarija-Maurer-3-150x150.jpg 150w, https:\/\/visitsubotica.rs\/wp-content\/uploads\/2019\/09\/Vinarija-Maurer-3-300x300.jpg 300w, https:\/\/visitsubotica.rs\/wp-content\/uploads\/2019\/09\/Vinarija-Maurer-3-187x187.jpg 187w\" sizes=\"(max-width: 568px) 100vw, 568px\" \/><\/figure><\/li><li class=\"blocks-gallery-item\"><figure><img decoding=\"async\" width=\"590\" height=\"393\" src=\"http:\/\/visitsubotica.esy.es\/wp-content\/uploads\/2019\/09\/Vinarija-Maurer-4.jpg\" alt=\"\" data-id=\"4601\" data-link=\"http:\/\/visitsubotica.esy.es\/vinarija-maurer-4\/\" class=\"wp-image-4601\" srcset=\"https:\/\/visitsubotica.rs\/wp-content\/uploads\/2019\/09\/Vinarija-Maurer-4.jpg 590w, https:\/\/visitsubotica.rs\/wp-content\/uploads\/2019\/09\/Vinarija-Maurer-4-300x200.jpg 300w, https:\/\/visitsubotica.rs\/wp-content\/uploads\/2019\/09\/Vinarija-Maurer-4-280x187.jpg 280w\" sizes=\"(max-width: 590px) 100vw, 590px\" \/><\/figure><\/li><li class=\"blocks-gallery-item\"><figure><img decoding=\"async\" width=\"568\" height=\"568\" src=\"http:\/\/visitsubotica.esy.es\/wp-content\/uploads\/2019\/09\/Vinarija-Maurer-5.jpg\" alt=\"\" data-id=\"4634\" data-link=\"http:\/\/visitsubotica.esy.es\/vinarija-maurer-5\/\" class=\"wp-image-4634\" srcset=\"https:\/\/visitsubotica.rs\/wp-content\/uploads\/2019\/09\/Vinarija-Maurer-5.jpg 568w, https:\/\/visitsubotica.rs\/wp-content\/uploads\/2019\/09\/Vinarija-Maurer-5-150x150.jpg 150w, https:\/\/visitsubotica.rs\/wp-content\/uploads\/2019\/09\/Vinarija-Maurer-5-300x300.jpg 300w, https:\/\/visitsubotica.rs\/wp-content\/uploads\/2019\/09\/Vinarija-Maurer-5-187x187.jpg 187w\" sizes=\"(max-width: 568px) 100vw, 568px\" \/><\/figure><\/li><\/ul><\/figure>\n","protected":false},"excerpt":{"rendered":"<p>A Maurer Bor\u00e1szat a Szabadkai homokvid\u00e9ken tal\u00e1lhat\u00f3, a Palicsi- \u00e9s a Ludasi-t\u00f3t\u00f3l keletre. A sz\u0151l\u0151skertet klasszikus m\u00f3don k\u00e9zzel vagy lovak seg\u00edts\u00e9g\u00e9vel kap\u00e1lj\u00e1k, a bor \u00e9rlel\u00e9se is term\u00e9szetes m\u00f3don, vad\u00e9leszt\u0151 seg\u00edts\u00e9g\u00e9vel t\u00f6rt\u00e9n\u0151 term\u00e9szetes erjed\u00e9ssel v\u00e9gzik. A Maurer Bor\u00e1szat borainak \u00edz\u00e9t a terroir- a vir\u00e1gok \u00e9s f\u00fcvek illatjai \u00e9s \u00edzei hat\u00e1rozz\u00e1k meg, amelyek a sz\u0151l\u0151skertben n\u0151nek. Rengeteg<\/p>\n","protected":false},"featured_media":13156,"template":"","meta":{"footnotes":""},"tip_salasa_vinarije":[686],"class_list":["post-14531","salas-vinarija","type-salas-vinarija","status-publish","has-post-thumbnail","hentry"],"yoast_head":"<!-- This site is optimized with the Yoast SEO plugin v27.4 - https:\/\/yoast.com\/product\/yoast-seo-wordpress\/ -->\n<title>Maurer Bor\u00e1szat - Visit Subotica<\/title>\n<meta name=\"robots\" content=\"index, follow, max-snippet:-1, max-image-preview:large, max-video-preview:-1\" \/>\n<link rel=\"canonical\" href=\"https:\/\/visitsubotica.rs\/hu\/mit-lehet-csinalni\/salas\/vinarija-maurer\/\" \/>\n<meta property=\"og:locale\" content=\"hu_HU\" \/>\n<meta property=\"og:type\" content=\"article\" \/>\n<meta property=\"og:title\" content=\"Maurer Bor\u00e1szat - Visit Subotica\" \/>\n<meta property=\"og:description\" content=\"A Maurer Bor\u00e1szat a Szabadkai homokvid\u00e9ken tal\u00e1lhat\u00f3, a Palicsi- \u00e9s a Ludasi-t\u00f3t\u00f3l keletre. A sz\u0151l\u0151skertet klasszikus m\u00f3don k\u00e9zzel vagy lovak seg\u00edts\u00e9g\u00e9vel kap\u00e1lj\u00e1k, a bor \u00e9rlel\u00e9se is term\u00e9szetes m\u00f3don, vad\u00e9leszt\u0151 seg\u00edts\u00e9g\u00e9vel t\u00f6rt\u00e9n\u0151 term\u00e9szetes erjed\u00e9ssel v\u00e9gzik. A Maurer Bor\u00e1szat borainak \u00edz\u00e9t a terroir- a vir\u00e1gok \u00e9s f\u00fcvek illatjai \u00e9s \u00edzei hat\u00e1rozz\u00e1k meg, amelyek a sz\u0151l\u0151skertben n\u0151nek. Rengeteg\" \/>\n<meta property=\"og:url\" content=\"https:\/\/visitsubotica.rs\/hu\/mit-lehet-csinalni\/salas\/vinarija-maurer\/\" \/>\n<meta property=\"og:site_name\" content=\"Visit Subotica\" \/>\n<meta property=\"article:publisher\" content=\"https:\/\/www.facebook.com\/VisitSubotica.rs\/\" \/>\n<meta property=\"article:modified_time\" content=\"2020-02-09T22:03:30+00:00\" \/>\n<meta property=\"og:image\" content=\"https:\/\/visitsubotica.rs\/wp-content\/uploads\/2019\/09\/Vinarija-Maurer-1.jpg\" \/>\n\t<meta property=\"og:image:width\" content=\"1200\" \/>\n\t<meta property=\"og:image:height\" content=\"801\" \/>\n\t<meta property=\"og:image:type\" content=\"image\/jpeg\" \/>\n<meta name=\"twitter:card\" content=\"summary_large_image\" \/>\n<meta name=\"twitter:site\" content=\"@visitsubotica\" \/>\n<meta name=\"twitter:label1\" content=\"Becs\u00fclt olvas\u00e1si id\u0151\" \/>\n\t<meta name=\"twitter:data1\" content=\"1 perc\" \/>\n<script type=\"application\/ld+json\" class=\"yoast-schema-graph\">{\"@context\":\"https:\\\/\\\/schema.org\",\"@graph\":[{\"@type\":\"WebPage\",\"@id\":\"https:\\\/\\\/visitsubotica.rs\\\/hu\\\/mit-lehet-csinalni\\\/salas\\\/vinarija-maurer\\\/\",\"url\":\"https:\\\/\\\/visitsubotica.rs\\\/hu\\\/mit-lehet-csinalni\\\/salas\\\/vinarija-maurer\\\/\",\"name\":\"Maurer Bor\u00e1szat - Visit Subotica\",\"isPartOf\":{\"@id\":\"https:\\\/\\\/visitsubotica.rs\\\/#website\"},\"primaryImageOfPage\":{\"@id\":\"https:\\\/\\\/visitsubotica.rs\\\/hu\\\/mit-lehet-csinalni\\\/salas\\\/vinarija-maurer\\\/#primaryimage\"},\"image\":{\"@id\":\"https:\\\/\\\/visitsubotica.rs\\\/hu\\\/mit-lehet-csinalni\\\/salas\\\/vinarija-maurer\\\/#primaryimage\"},\"thumbnailUrl\":\"https:\\\/\\\/visitsubotica.rs\\\/wp-content\\\/uploads\\\/2019\\\/09\\\/Vinarija-Maurer-1.jpg\",\"datePublished\":\"2019-07-14T20:34:46+00:00\",\"dateModified\":\"2020-02-09T22:03:30+00:00\",\"breadcrumb\":{\"@id\":\"https:\\\/\\\/visitsubotica.rs\\\/hu\\\/mit-lehet-csinalni\\\/salas\\\/vinarija-maurer\\\/#breadcrumb\"},\"inLanguage\":\"hu\",\"potentialAction\":[{\"@type\":\"ReadAction\",\"target\":[\"https:\\\/\\\/visitsubotica.rs\\\/hu\\\/mit-lehet-csinalni\\\/salas\\\/vinarija-maurer\\\/\"]}]},{\"@type\":\"ImageObject\",\"inLanguage\":\"hu\",\"@id\":\"https:\\\/\\\/visitsubotica.rs\\\/hu\\\/mit-lehet-csinalni\\\/salas\\\/vinarija-maurer\\\/#primaryimage\",\"url\":\"https:\\\/\\\/visitsubotica.rs\\\/wp-content\\\/uploads\\\/2019\\\/09\\\/Vinarija-Maurer-1.jpg\",\"contentUrl\":\"https:\\\/\\\/visitsubotica.rs\\\/wp-content\\\/uploads\\\/2019\\\/09\\\/Vinarija-Maurer-1.jpg\",\"width\":1200,\"height\":801},{\"@type\":\"BreadcrumbList\",\"@id\":\"https:\\\/\\\/visitsubotica.rs\\\/hu\\\/mit-lehet-csinalni\\\/salas\\\/vinarija-maurer\\\/#breadcrumb\",\"itemListElement\":[{\"@type\":\"ListItem\",\"position\":1,\"name\":\"Home\",\"item\":\"https:\\\/\\\/visitsubotica.rs\\\/hu\\\/\"},{\"@type\":\"ListItem\",\"position\":2,\"name\":\"Maurer Bor\u00e1szat\"}]},{\"@type\":\"WebSite\",\"@id\":\"https:\\\/\\\/visitsubotica.rs\\\/#website\",\"url\":\"https:\\\/\\\/visitsubotica.rs\\\/\",\"name\":\"Visit Subotica\",\"description\":\"Turisti\u010dka organizacija grada Subotice\",\"potentialAction\":[{\"@type\":\"SearchAction\",\"target\":{\"@type\":\"EntryPoint\",\"urlTemplate\":\"https:\\\/\\\/visitsubotica.rs\\\/?s={search_term_string}\"},\"query-input\":{\"@type\":\"PropertyValueSpecification\",\"valueRequired\":true,\"valueName\":\"search_term_string\"}}],\"inLanguage\":\"hu\"}]}<\/script>\n<!-- \/ Yoast SEO plugin. -->","yoast_head_json":{"title":"Maurer Bor\u00e1szat - Visit Subotica","robots":{"index":"index","follow":"follow","max-snippet":"max-snippet:-1","max-image-preview":"max-image-preview:large","max-video-preview":"max-video-preview:-1"},"canonical":"https:\/\/visitsubotica.rs\/hu\/mit-lehet-csinalni\/salas\/vinarija-maurer\/","og_locale":"hu_HU","og_type":"article","og_title":"Maurer Bor\u00e1szat - Visit Subotica","og_description":"A Maurer Bor\u00e1szat a Szabadkai homokvid\u00e9ken tal\u00e1lhat\u00f3, a Palicsi- \u00e9s a Ludasi-t\u00f3t\u00f3l keletre. A sz\u0151l\u0151skertet klasszikus m\u00f3don k\u00e9zzel vagy lovak seg\u00edts\u00e9g\u00e9vel kap\u00e1lj\u00e1k, a bor \u00e9rlel\u00e9se is term\u00e9szetes m\u00f3don, vad\u00e9leszt\u0151 seg\u00edts\u00e9g\u00e9vel t\u00f6rt\u00e9n\u0151 term\u00e9szetes erjed\u00e9ssel v\u00e9gzik. A Maurer Bor\u00e1szat borainak \u00edz\u00e9t a terroir- a vir\u00e1gok \u00e9s f\u00fcvek illatjai \u00e9s \u00edzei hat\u00e1rozz\u00e1k meg, amelyek a sz\u0151l\u0151skertben n\u0151nek. Rengeteg","og_url":"https:\/\/visitsubotica.rs\/hu\/mit-lehet-csinalni\/salas\/vinarija-maurer\/","og_site_name":"Visit Subotica","article_publisher":"https:\/\/www.facebook.com\/VisitSubotica.rs\/","article_modified_time":"2020-02-09T22:03:30+00:00","og_image":[{"width":1200,"height":801,"url":"https:\/\/visitsubotica.rs\/wp-content\/uploads\/2019\/09\/Vinarija-Maurer-1.jpg","type":"image\/jpeg"}],"twitter_card":"summary_large_image","twitter_site":"@visitsubotica","twitter_misc":{"Becs\u00fclt olvas\u00e1si id\u0151":"1 perc"},"schema":{"@context":"https:\/\/schema.org","@graph":[{"@type":"WebPage","@id":"https:\/\/visitsubotica.rs\/hu\/mit-lehet-csinalni\/salas\/vinarija-maurer\/","url":"https:\/\/visitsubotica.rs\/hu\/mit-lehet-csinalni\/salas\/vinarija-maurer\/","name":"Maurer Bor\u00e1szat - Visit Subotica","isPartOf":{"@id":"https:\/\/visitsubotica.rs\/#website"},"primaryImageOfPage":{"@id":"https:\/\/visitsubotica.rs\/hu\/mit-lehet-csinalni\/salas\/vinarija-maurer\/#primaryimage"},"image":{"@id":"https:\/\/visitsubotica.rs\/hu\/mit-lehet-csinalni\/salas\/vinarija-maurer\/#primaryimage"},"thumbnailUrl":"https:\/\/visitsubotica.rs\/wp-content\/uploads\/2019\/09\/Vinarija-Maurer-1.jpg","datePublished":"2019-07-14T20:34:46+00:00","dateModified":"2020-02-09T22:03:30+00:00","breadcrumb":{"@id":"https:\/\/visitsubotica.rs\/hu\/mit-lehet-csinalni\/salas\/vinarija-maurer\/#breadcrumb"},"inLanguage":"hu","potentialAction":[{"@type":"ReadAction","target":["https:\/\/visitsubotica.rs\/hu\/mit-lehet-csinalni\/salas\/vinarija-maurer\/"]}]},{"@type":"ImageObject","inLanguage":"hu","@id":"https:\/\/visitsubotica.rs\/hu\/mit-lehet-csinalni\/salas\/vinarija-maurer\/#primaryimage","url":"https:\/\/visitsubotica.rs\/wp-content\/uploads\/2019\/09\/Vinarija-Maurer-1.jpg","contentUrl":"https:\/\/visitsubotica.rs\/wp-content\/uploads\/2019\/09\/Vinarija-Maurer-1.jpg","width":1200,"height":801},{"@type":"BreadcrumbList","@id":"https:\/\/visitsubotica.rs\/hu\/mit-lehet-csinalni\/salas\/vinarija-maurer\/#breadcrumb","itemListElement":[{"@type":"ListItem","position":1,"name":"Home","item":"https:\/\/visitsubotica.rs\/hu\/"},{"@type":"ListItem","position":2,"name":"Maurer Bor\u00e1szat"}]},{"@type":"WebSite","@id":"https:\/\/visitsubotica.rs\/#website","url":"https:\/\/visitsubotica.rs\/","name":"Visit Subotica","description":"Turisti\u010dka organizacija grada Subotice","potentialAction":[{"@type":"SearchAction","target":{"@type":"EntryPoint","urlTemplate":"https:\/\/visitsubotica.rs\/?s={search_term_string}"},"query-input":{"@type":"PropertyValueSpecification","valueRequired":true,"valueName":"search_term_string"}}],"inLanguage":"hu"}]}},"_links":{"self":[{"href":"https:\/\/visitsubotica.rs\/hu\/wp-json\/wp\/v2\/salas-vinarija\/14531","targetHints":{"allow":["GET"]}}],"collection":[{"href":"https:\/\/visitsubotica.rs\/hu\/wp-json\/wp\/v2\/salas-vinarija"}],"about":[{"href":"https:\/\/visitsubotica.rs\/hu\/wp-json\/wp\/v2\/types\/salas-vinarija"}],"version-history":[{"count":0,"href":"https:\/\/visitsubotica.rs\/hu\/wp-json\/wp\/v2\/salas-vinarija\/14531\/revisions"}],"wp:featuredmedia":[{"embeddable":true,"href":"https:\/\/visitsubotica.rs\/hu\/wp-json\/wp\/v2\/media\/13156"}],"wp:attachment":[{"href":"https:\/\/visitsubotica.rs\/hu\/wp-json\/wp\/v2\/media?parent=14531"}],"wp:term":[{"taxonomy":"tip_salasa_vinarije","embeddable":true,"href":"https:\/\/visitsubotica.rs\/hu\/wp-json\/wp\/v2\/tip_salasa_vinarije?post=14531"}],"curies":[{"name":"wp","href":"https:\/\/api.w.org\/{rel}","templated":true}]}}