{"id":14521,"date":"2019-07-14T22:34:46","date_gmt":"2019-07-14T20:34:46","guid":{"rendered":"http:\/\/visitsubotica.rs\/sta-raditi\/salas-vinarija\/vinski-salas-cuvardic\/"},"modified":"2020-02-09T23:08:41","modified_gmt":"2020-02-09T22:08:41","slug":"vinski-salas-cuvardic","status":"publish","type":"salas-vinarija","link":"https:\/\/visitsubotica.rs\/hu\/sta-raditi\/salas-vinarija\/vinski-salas-cuvardic\/","title":{"rendered":"\u010cuvardi\u0107 Bortanya"},"content":{"rendered":"\n<p>A \u010cuvardi\u0107 Bortanya egy r\u00e9gi csal\u00e1di sz\u0151l\u0151skert tany\u00e1j\u00e1n tal\u00e1lhat\u00f3. A sz\u0151l\u0151cs\u0151sz h\u00e1za mellett, itt tal\u00e1lhat\u00f3 a r\u00e9gi, 1928-ban \u00e9p\u00fclt \u00e9s az \u00faj borpince is. A jelenlegi tulajdonosok a harmadik bor\u00e1sz-gener\u00e1ci\u00f3, ami az igazi borok ir\u00e1nti szeretet \u00e9s tud\u00e1s z\u00e1loga is egyben. A bor\u00e1szat a r\u00e9gi, \u0151shonos \u00e9s \u00faj fajta borok pazar v\u00e1laszt\u00e9k\u00e1t k\u00edn\u00e1lja.<\/p>\n\n\n\n<p>A \u010cuvardi\u0107 Bor\u00e1szat sz\u00e1mos \u00e9rmet \u00e9s d\u00edjat kapott borai\u00e9rt. A min\u0151s\u00e9gi borok mellett, a sz\u00e9p k\u00f6rnyezet \u00e9s a kiv\u00e1l\u00f3 h\u00e1zigazd\u00e1k is kellenek a felejthetetlen \u00e9lm\u00e9ny el\u00e9r\u00e9s\u00e9hez \u2013 az eml\u00edtettekben pedig ez a tanya nem sz\u0171k\u00f6lk\u00f6dik. A bork\u00f3stol\u00f3t a rusztikus kialak\u00edt\u00e1s\u00fa sz\u0151l\u0151cs\u0151sz-h\u00e1zban, vagy pedig annak kertj\u00e9ben szervezik.<\/p>\n\n\n\n<p>Az el\u0151re bejelentkez\u0151 csoportok sz\u00e1m\u00e1ra bork\u00f3stol\u00f3t szerveznek, melyhez r\u00e9gi, h\u00e1zi k\u00e9sz\u00edt\u00e9s\u0171 \u00e9teleket k\u00edn\u00e1lnak, s megbesz\u00e9l\u00e9s szerint, tamburazenekar sz\u00f3rakoztatja a vend\u00e9geket. Akik az igazi tanyasi hangulatot is \u00e1t szeretn\u00e9k \u00e9lni, azok sz\u00e1m\u00e1ra a tulajdonosok sz\u00e1ll\u00e1st biztos\u00edtanak a legkisebb r\u00e9szletekig autentikusan kialak\u00edtott, r\u00e9gi tanya \u00e9p\u00fclet\u00e9ben.<\/p>\n\n\n\n<p><em>Amennyiben \u00e9rdekeltek a bork\u00f3stol\u00f3 ir\u00e1nt, el\u0151zetes id\u0151pont egyeztet\u00e9s sz\u00fcks\u00e9ges.<\/em><\/p>\n\n\n\n<figure class=\"wp-block-gallery columns-3 is-cropped wp-block-gallery-1 is-layout-flex wp-block-gallery-is-layout-flex\"><ul class=\"blocks-gallery-grid\"><li class=\"blocks-gallery-item\"><figure><img decoding=\"async\" width=\"1024\" height=\"768\" src=\"http:\/\/visitsubotica.esy.es\/wp-content\/uploads\/2019\/09\/Cuvardic-2-1024x768.jpg\" alt=\"\" data-id=\"4604\" data-link=\"http:\/\/visitsubotica.esy.es\/cuvardic-2\/\" class=\"wp-image-4604\" srcset=\"https:\/\/visitsubotica.rs\/wp-content\/uploads\/2019\/09\/Cuvardic-2.jpg 1024w, https:\/\/visitsubotica.rs\/wp-content\/uploads\/2019\/09\/Cuvardic-2-300x225.jpg 300w, https:\/\/visitsubotica.rs\/wp-content\/uploads\/2019\/09\/Cuvardic-2-768x576.jpg 768w, https:\/\/visitsubotica.rs\/wp-content\/uploads\/2019\/09\/Cuvardic-2-249x187.jpg 249w\" sizes=\"(max-width: 1024px) 100vw, 1024px\" \/><\/figure><\/li><li class=\"blocks-gallery-item\"><figure><img decoding=\"async\" width=\"1024\" height=\"683\" src=\"http:\/\/visitsubotica.esy.es\/wp-content\/uploads\/2019\/09\/Cuvardic-3-1024x683.jpg\" alt=\"\" data-id=\"4605\" data-link=\"http:\/\/visitsubotica.esy.es\/cuvardic-3\/\" class=\"wp-image-4605\" srcset=\"https:\/\/visitsubotica.rs\/wp-content\/uploads\/2019\/09\/Cuvardic-3-1024x683.jpg 1024w, https:\/\/visitsubotica.rs\/wp-content\/uploads\/2019\/09\/Cuvardic-3-300x200.jpg 300w, https:\/\/visitsubotica.rs\/wp-content\/uploads\/2019\/09\/Cuvardic-3-768x512.jpg 768w, https:\/\/visitsubotica.rs\/wp-content\/uploads\/2019\/09\/Cuvardic-3-280x187.jpg 280w, https:\/\/visitsubotica.rs\/wp-content\/uploads\/2019\/09\/Cuvardic-3-1170x780.jpg 1170w, https:\/\/visitsubotica.rs\/wp-content\/uploads\/2019\/09\/Cuvardic-3.jpg 1200w\" sizes=\"(max-width: 1024px) 100vw, 1024px\" \/><\/figure><\/li><li class=\"blocks-gallery-item\"><figure><img decoding=\"async\" width=\"960\" height=\"620\" src=\"http:\/\/visitsubotica.esy.es\/wp-content\/uploads\/2019\/09\/Cuvardic-4.jpg\" alt=\"\" data-id=\"4606\" data-link=\"http:\/\/visitsubotica.esy.es\/cuvardic-4\/\" class=\"wp-image-4606\" srcset=\"https:\/\/visitsubotica.rs\/wp-content\/uploads\/2019\/09\/Cuvardic-4.jpg 960w, https:\/\/visitsubotica.rs\/wp-content\/uploads\/2019\/09\/Cuvardic-4-300x194.jpg 300w, https:\/\/visitsubotica.rs\/wp-content\/uploads\/2019\/09\/Cuvardic-4-768x496.jpg 768w, https:\/\/visitsubotica.rs\/wp-content\/uploads\/2019\/09\/Cuvardic-4-280x181.jpg 280w\" sizes=\"(max-width: 960px) 100vw, 960px\" \/><\/figure><\/li><li class=\"blocks-gallery-item\"><figure><img decoding=\"async\" width=\"800\" height=\"600\" src=\"http:\/\/visitsubotica.esy.es\/wp-content\/uploads\/2019\/09\/Cuvardic-5.jpg\" alt=\"\" data-id=\"4607\" data-link=\"http:\/\/visitsubotica.esy.es\/cuvardic-5\/\" class=\"wp-image-4607\" srcset=\"https:\/\/visitsubotica.rs\/wp-content\/uploads\/2019\/09\/Cuvardic-5.jpg 800w, https:\/\/visitsubotica.rs\/wp-content\/uploads\/2019\/09\/Cuvardic-5-300x225.jpg 300w, https:\/\/visitsubotica.rs\/wp-content\/uploads\/2019\/09\/Cuvardic-5-768x576.jpg 768w, https:\/\/visitsubotica.rs\/wp-content\/uploads\/2019\/09\/Cuvardic-5-249x187.jpg 249w\" sizes=\"(max-width: 800px) 100vw, 800px\" \/><\/figure><\/li><\/ul><\/figure>\n","protected":false},"excerpt":{"rendered":"<p>A \u010cuvardi\u0107 Bortanya egy r\u00e9gi csal\u00e1di sz\u0151l\u0151skert tany\u00e1j\u00e1n tal\u00e1lhat\u00f3. A sz\u0151l\u0151cs\u0151sz h\u00e1za mellett, itt tal\u00e1lhat\u00f3 a r\u00e9gi, 1928-ban \u00e9p\u00fclt \u00e9s az \u00faj borpince is. A jelenlegi tulajdonosok a harmadik bor\u00e1sz-gener\u00e1ci\u00f3, ami az igazi borok ir\u00e1nti szeretet \u00e9s tud\u00e1s z\u00e1loga is egyben. A bor\u00e1szat a r\u00e9gi, \u0151shonos \u00e9s \u00faj fajta borok pazar v\u00e1laszt\u00e9k\u00e1t k\u00edn\u00e1lja. A \u010cuvardi\u0107<\/p>\n","protected":false},"featured_media":13169,"template":"","meta":{"footnotes":""},"tip_salasa_vinarije":[686],"class_list":["post-14521","salas-vinarija","type-salas-vinarija","status-publish","has-post-thumbnail","hentry"],"yoast_head":"<!-- This site is optimized with the Yoast SEO plugin v27.4 - https:\/\/yoast.com\/product\/yoast-seo-wordpress\/ -->\n<title>\u010cuvardi\u0107 Bortanya - Visit Subotica<\/title>\n<meta name=\"robots\" content=\"index, follow, max-snippet:-1, max-image-preview:large, max-video-preview:-1\" \/>\n<link rel=\"canonical\" href=\"https:\/\/visitsubotica.rs\/hu\/mit-lehet-csinalni\/salas\/vinski-salas-cuvardic\/\" \/>\n<meta property=\"og:locale\" content=\"hu_HU\" \/>\n<meta property=\"og:type\" content=\"article\" \/>\n<meta property=\"og:title\" content=\"\u010cuvardi\u0107 Bortanya - Visit Subotica\" \/>\n<meta property=\"og:description\" content=\"A \u010cuvardi\u0107 Bortanya egy r\u00e9gi csal\u00e1di sz\u0151l\u0151skert tany\u00e1j\u00e1n tal\u00e1lhat\u00f3. A sz\u0151l\u0151cs\u0151sz h\u00e1za mellett, itt tal\u00e1lhat\u00f3 a r\u00e9gi, 1928-ban \u00e9p\u00fclt \u00e9s az \u00faj borpince is. A jelenlegi tulajdonosok a harmadik bor\u00e1sz-gener\u00e1ci\u00f3, ami az igazi borok ir\u00e1nti szeretet \u00e9s tud\u00e1s z\u00e1loga is egyben. A bor\u00e1szat a r\u00e9gi, \u0151shonos \u00e9s \u00faj fajta borok pazar v\u00e1laszt\u00e9k\u00e1t k\u00edn\u00e1lja. A \u010cuvardi\u0107\" \/>\n<meta property=\"og:url\" content=\"https:\/\/visitsubotica.rs\/hu\/mit-lehet-csinalni\/salas\/vinski-salas-cuvardic\/\" \/>\n<meta property=\"og:site_name\" content=\"Visit Subotica\" \/>\n<meta property=\"article:publisher\" content=\"https:\/\/www.facebook.com\/VisitSubotica.rs\/\" \/>\n<meta property=\"article:modified_time\" content=\"2020-02-09T22:08:41+00:00\" \/>\n<meta property=\"og:image\" content=\"https:\/\/visitsubotica.rs\/wp-content\/uploads\/2019\/09\/Cuvardic-1.jpg\" \/>\n\t<meta property=\"og:image:width\" content=\"2272\" \/>\n\t<meta property=\"og:image:height\" content=\"1704\" \/>\n\t<meta property=\"og:image:type\" content=\"image\/jpeg\" \/>\n<meta name=\"twitter:card\" content=\"summary_large_image\" \/>\n<meta name=\"twitter:site\" content=\"@visitsubotica\" \/>\n<meta name=\"twitter:label1\" content=\"Becs\u00fclt olvas\u00e1si id\u0151\" \/>\n\t<meta name=\"twitter:data1\" content=\"1 perc\" \/>\n<script type=\"application\/ld+json\" class=\"yoast-schema-graph\">{\"@context\":\"https:\\\/\\\/schema.org\",\"@graph\":[{\"@type\":\"WebPage\",\"@id\":\"https:\\\/\\\/visitsubotica.rs\\\/hu\\\/mit-lehet-csinalni\\\/salas\\\/vinski-salas-cuvardic\\\/\",\"url\":\"https:\\\/\\\/visitsubotica.rs\\\/hu\\\/mit-lehet-csinalni\\\/salas\\\/vinski-salas-cuvardic\\\/\",\"name\":\"\u010cuvardi\u0107 Bortanya - Visit Subotica\",\"isPartOf\":{\"@id\":\"https:\\\/\\\/visitsubotica.rs\\\/#website\"},\"primaryImageOfPage\":{\"@id\":\"https:\\\/\\\/visitsubotica.rs\\\/hu\\\/mit-lehet-csinalni\\\/salas\\\/vinski-salas-cuvardic\\\/#primaryimage\"},\"image\":{\"@id\":\"https:\\\/\\\/visitsubotica.rs\\\/hu\\\/mit-lehet-csinalni\\\/salas\\\/vinski-salas-cuvardic\\\/#primaryimage\"},\"thumbnailUrl\":\"https:\\\/\\\/visitsubotica.rs\\\/wp-content\\\/uploads\\\/2019\\\/09\\\/Cuvardic-1.jpg\",\"datePublished\":\"2019-07-14T20:34:46+00:00\",\"dateModified\":\"2020-02-09T22:08:41+00:00\",\"breadcrumb\":{\"@id\":\"https:\\\/\\\/visitsubotica.rs\\\/hu\\\/mit-lehet-csinalni\\\/salas\\\/vinski-salas-cuvardic\\\/#breadcrumb\"},\"inLanguage\":\"hu\",\"potentialAction\":[{\"@type\":\"ReadAction\",\"target\":[\"https:\\\/\\\/visitsubotica.rs\\\/hu\\\/mit-lehet-csinalni\\\/salas\\\/vinski-salas-cuvardic\\\/\"]}]},{\"@type\":\"ImageObject\",\"inLanguage\":\"hu\",\"@id\":\"https:\\\/\\\/visitsubotica.rs\\\/hu\\\/mit-lehet-csinalni\\\/salas\\\/vinski-salas-cuvardic\\\/#primaryimage\",\"url\":\"https:\\\/\\\/visitsubotica.rs\\\/wp-content\\\/uploads\\\/2019\\\/09\\\/Cuvardic-1.jpg\",\"contentUrl\":\"https:\\\/\\\/visitsubotica.rs\\\/wp-content\\\/uploads\\\/2019\\\/09\\\/Cuvardic-1.jpg\",\"width\":2272,\"height\":1704},{\"@type\":\"BreadcrumbList\",\"@id\":\"https:\\\/\\\/visitsubotica.rs\\\/hu\\\/mit-lehet-csinalni\\\/salas\\\/vinski-salas-cuvardic\\\/#breadcrumb\",\"itemListElement\":[{\"@type\":\"ListItem\",\"position\":1,\"name\":\"Home\",\"item\":\"https:\\\/\\\/visitsubotica.rs\\\/hu\\\/\"},{\"@type\":\"ListItem\",\"position\":2,\"name\":\"\u010cuvardi\u0107 Bortanya\"}]},{\"@type\":\"WebSite\",\"@id\":\"https:\\\/\\\/visitsubotica.rs\\\/#website\",\"url\":\"https:\\\/\\\/visitsubotica.rs\\\/\",\"name\":\"Visit Subotica\",\"description\":\"Turisti\u010dka organizacija grada Subotice\",\"potentialAction\":[{\"@type\":\"SearchAction\",\"target\":{\"@type\":\"EntryPoint\",\"urlTemplate\":\"https:\\\/\\\/visitsubotica.rs\\\/?s={search_term_string}\"},\"query-input\":{\"@type\":\"PropertyValueSpecification\",\"valueRequired\":true,\"valueName\":\"search_term_string\"}}],\"inLanguage\":\"hu\"}]}<\/script>\n<!-- \/ Yoast SEO plugin. -->","yoast_head_json":{"title":"\u010cuvardi\u0107 Bortanya - Visit Subotica","robots":{"index":"index","follow":"follow","max-snippet":"max-snippet:-1","max-image-preview":"max-image-preview:large","max-video-preview":"max-video-preview:-1"},"canonical":"https:\/\/visitsubotica.rs\/hu\/mit-lehet-csinalni\/salas\/vinski-salas-cuvardic\/","og_locale":"hu_HU","og_type":"article","og_title":"\u010cuvardi\u0107 Bortanya - Visit Subotica","og_description":"A \u010cuvardi\u0107 Bortanya egy r\u00e9gi csal\u00e1di sz\u0151l\u0151skert tany\u00e1j\u00e1n tal\u00e1lhat\u00f3. A sz\u0151l\u0151cs\u0151sz h\u00e1za mellett, itt tal\u00e1lhat\u00f3 a r\u00e9gi, 1928-ban \u00e9p\u00fclt \u00e9s az \u00faj borpince is. A jelenlegi tulajdonosok a harmadik bor\u00e1sz-gener\u00e1ci\u00f3, ami az igazi borok ir\u00e1nti szeretet \u00e9s tud\u00e1s z\u00e1loga is egyben. A bor\u00e1szat a r\u00e9gi, \u0151shonos \u00e9s \u00faj fajta borok pazar v\u00e1laszt\u00e9k\u00e1t k\u00edn\u00e1lja. A \u010cuvardi\u0107","og_url":"https:\/\/visitsubotica.rs\/hu\/mit-lehet-csinalni\/salas\/vinski-salas-cuvardic\/","og_site_name":"Visit Subotica","article_publisher":"https:\/\/www.facebook.com\/VisitSubotica.rs\/","article_modified_time":"2020-02-09T22:08:41+00:00","og_image":[{"width":2272,"height":1704,"url":"https:\/\/visitsubotica.rs\/wp-content\/uploads\/2019\/09\/Cuvardic-1.jpg","type":"image\/jpeg"}],"twitter_card":"summary_large_image","twitter_site":"@visitsubotica","twitter_misc":{"Becs\u00fclt olvas\u00e1si id\u0151":"1 perc"},"schema":{"@context":"https:\/\/schema.org","@graph":[{"@type":"WebPage","@id":"https:\/\/visitsubotica.rs\/hu\/mit-lehet-csinalni\/salas\/vinski-salas-cuvardic\/","url":"https:\/\/visitsubotica.rs\/hu\/mit-lehet-csinalni\/salas\/vinski-salas-cuvardic\/","name":"\u010cuvardi\u0107 Bortanya - Visit Subotica","isPartOf":{"@id":"https:\/\/visitsubotica.rs\/#website"},"primaryImageOfPage":{"@id":"https:\/\/visitsubotica.rs\/hu\/mit-lehet-csinalni\/salas\/vinski-salas-cuvardic\/#primaryimage"},"image":{"@id":"https:\/\/visitsubotica.rs\/hu\/mit-lehet-csinalni\/salas\/vinski-salas-cuvardic\/#primaryimage"},"thumbnailUrl":"https:\/\/visitsubotica.rs\/wp-content\/uploads\/2019\/09\/Cuvardic-1.jpg","datePublished":"2019-07-14T20:34:46+00:00","dateModified":"2020-02-09T22:08:41+00:00","breadcrumb":{"@id":"https:\/\/visitsubotica.rs\/hu\/mit-lehet-csinalni\/salas\/vinski-salas-cuvardic\/#breadcrumb"},"inLanguage":"hu","potentialAction":[{"@type":"ReadAction","target":["https:\/\/visitsubotica.rs\/hu\/mit-lehet-csinalni\/salas\/vinski-salas-cuvardic\/"]}]},{"@type":"ImageObject","inLanguage":"hu","@id":"https:\/\/visitsubotica.rs\/hu\/mit-lehet-csinalni\/salas\/vinski-salas-cuvardic\/#primaryimage","url":"https:\/\/visitsubotica.rs\/wp-content\/uploads\/2019\/09\/Cuvardic-1.jpg","contentUrl":"https:\/\/visitsubotica.rs\/wp-content\/uploads\/2019\/09\/Cuvardic-1.jpg","width":2272,"height":1704},{"@type":"BreadcrumbList","@id":"https:\/\/visitsubotica.rs\/hu\/mit-lehet-csinalni\/salas\/vinski-salas-cuvardic\/#breadcrumb","itemListElement":[{"@type":"ListItem","position":1,"name":"Home","item":"https:\/\/visitsubotica.rs\/hu\/"},{"@type":"ListItem","position":2,"name":"\u010cuvardi\u0107 Bortanya"}]},{"@type":"WebSite","@id":"https:\/\/visitsubotica.rs\/#website","url":"https:\/\/visitsubotica.rs\/","name":"Visit Subotica","description":"Turisti\u010dka organizacija grada Subotice","potentialAction":[{"@type":"SearchAction","target":{"@type":"EntryPoint","urlTemplate":"https:\/\/visitsubotica.rs\/?s={search_term_string}"},"query-input":{"@type":"PropertyValueSpecification","valueRequired":true,"valueName":"search_term_string"}}],"inLanguage":"hu"}]}},"_links":{"self":[{"href":"https:\/\/visitsubotica.rs\/hu\/wp-json\/wp\/v2\/salas-vinarija\/14521","targetHints":{"allow":["GET"]}}],"collection":[{"href":"https:\/\/visitsubotica.rs\/hu\/wp-json\/wp\/v2\/salas-vinarija"}],"about":[{"href":"https:\/\/visitsubotica.rs\/hu\/wp-json\/wp\/v2\/types\/salas-vinarija"}],"version-history":[{"count":0,"href":"https:\/\/visitsubotica.rs\/hu\/wp-json\/wp\/v2\/salas-vinarija\/14521\/revisions"}],"wp:featuredmedia":[{"embeddable":true,"href":"https:\/\/visitsubotica.rs\/hu\/wp-json\/wp\/v2\/media\/13169"}],"wp:attachment":[{"href":"https:\/\/visitsubotica.rs\/hu\/wp-json\/wp\/v2\/media?parent=14521"}],"wp:term":[{"taxonomy":"tip_salasa_vinarije","embeddable":true,"href":"https:\/\/visitsubotica.rs\/hu\/wp-json\/wp\/v2\/tip_salasa_vinarije?post=14521"}],"curies":[{"name":"wp","href":"https:\/\/api.w.org\/{rel}","templated":true}]}}