{"id":23859,"date":"2022-10-03T10:55:41","date_gmt":"2022-10-03T08:55:41","guid":{"rendered":"https:\/\/visitsubotica.rs\/sta-videti\/muzej-galerija\/muzej-porcelana\/"},"modified":"2023-02-20T10:57:53","modified_gmt":"2023-02-20T09:57:53","slug":"muzej-porcelana","status":"publish","type":"muzej-galerija","link":"https:\/\/visitsubotica.rs\/hu\/sta-videti\/muzej-galerija\/muzej-porcelana\/","title":{"rendered":"Porcel\u00e1nm\u00fazeum"},"content":{"rendered":"\n<p>Bel\u00e9p\u0151d\u00edj: egy\u00e9ni 300 rd, csoportos 200 rd, \u00e1ltal\u00e1nos iskol\u00e1soknak ingyenes.<\/p>\n\n\n\n<p>A r\u00e9gi\u00f3ban egyed\u00fcl\u00e1ll\u00f3 Porcel\u00e1nm\u00fazeum rendk\u00edv\u00fcli m\u00f3don j\u00e1rul hozz\u00e1 v\u00e1rosunk turisztikai \u00e9s kultur\u00e1lis k\u00edn\u00e1lat\u00e1hoz. 116 n\u00e9gyzetm\u00e9teres ter\u00fcleten, Szabadka egyik legh\u00edresebb utc\u00e1j\u00e1ban, a Matija Corvina 11. sz\u00e1m alatt t\u00f6bb mint 2000 ki\u00e1ll\u00edt\u00e1si t\u00e1rgy l\u00e1that\u00f3.<\/p>\n\n\n\n<p>A porcel\u00e1n, amelyet a l\u00e1togat\u00f3k megtekinthetnek ebben az egyed\u00fcl\u00e1ll\u00f3 m\u00fazeumban, ak\u00e1r 200 \u00e9ves is lehet.<\/p>\n\n\n\n<p>Megfelel\u0151 aj\u00e1nd\u00e9k \u00e9s tea porcel\u00e1npoh\u00e1rb\u00f3l minden l\u00e1togat\u00f3nak!<\/p>\n\n\n\n<figure class=\"wp-block-gallery has-nested-images columns-default is-cropped wp-block-gallery-1 is-layout-flex wp-block-gallery-is-layout-flex\">\n<figure class=\"wp-block-image\"><img decoding=\"async\" width=\"1600\" height=\"1200\" data-id=\"23839\" src=\"https:\/\/visitsubotica.rs\/wp-content\/uploads\/2022\/10\/muzej-porcelana-subotica-3.jpg\" alt=\"\" class=\"wp-image-23839\" srcset=\"https:\/\/visitsubotica.rs\/wp-content\/uploads\/2022\/10\/muzej-porcelana-subotica-3.jpg 1600w, https:\/\/visitsubotica.rs\/wp-content\/uploads\/2022\/10\/muzej-porcelana-subotica-3-300x225.jpg 300w, https:\/\/visitsubotica.rs\/wp-content\/uploads\/2022\/10\/muzej-porcelana-subotica-3-1024x768.jpg 1024w, https:\/\/visitsubotica.rs\/wp-content\/uploads\/2022\/10\/muzej-porcelana-subotica-3-768x576.jpg 768w, https:\/\/visitsubotica.rs\/wp-content\/uploads\/2022\/10\/muzej-porcelana-subotica-3-1536x1152.jpg 1536w, https:\/\/visitsubotica.rs\/wp-content\/uploads\/2022\/10\/muzej-porcelana-subotica-3-249x187.jpg 249w, https:\/\/visitsubotica.rs\/wp-content\/uploads\/2022\/10\/muzej-porcelana-subotica-3-1170x878.jpg 1170w\" sizes=\"(max-width: 1600px) 100vw, 1600px\" \/><\/figure>\n\n\n\n<figure class=\"wp-block-image\"><img decoding=\"async\" width=\"1600\" height=\"1200\" data-id=\"23833\" src=\"https:\/\/visitsubotica.rs\/wp-content\/uploads\/2022\/10\/muzej-porcelana-subotica-1.jpg\" alt=\"\" class=\"wp-image-23833\" srcset=\"https:\/\/visitsubotica.rs\/wp-content\/uploads\/2022\/10\/muzej-porcelana-subotica-1.jpg 1600w, https:\/\/visitsubotica.rs\/wp-content\/uploads\/2022\/10\/muzej-porcelana-subotica-1-300x225.jpg 300w, https:\/\/visitsubotica.rs\/wp-content\/uploads\/2022\/10\/muzej-porcelana-subotica-1-1024x768.jpg 1024w, https:\/\/visitsubotica.rs\/wp-content\/uploads\/2022\/10\/muzej-porcelana-subotica-1-768x576.jpg 768w, https:\/\/visitsubotica.rs\/wp-content\/uploads\/2022\/10\/muzej-porcelana-subotica-1-1536x1152.jpg 1536w, https:\/\/visitsubotica.rs\/wp-content\/uploads\/2022\/10\/muzej-porcelana-subotica-1-249x187.jpg 249w, https:\/\/visitsubotica.rs\/wp-content\/uploads\/2022\/10\/muzej-porcelana-subotica-1-1170x878.jpg 1170w\" sizes=\"(max-width: 1600px) 100vw, 1600px\" \/><\/figure>\n\n\n\n<figure class=\"wp-block-image\"><img decoding=\"async\" width=\"1067\" height=\"1600\" data-id=\"23842\" src=\"https:\/\/visitsubotica.rs\/wp-content\/uploads\/2022\/10\/muzej-porcelana-subotica-4.jpg\" alt=\"\" class=\"wp-image-23842\" srcset=\"https:\/\/visitsubotica.rs\/wp-content\/uploads\/2022\/10\/muzej-porcelana-subotica-4.jpg 1067w, https:\/\/visitsubotica.rs\/wp-content\/uploads\/2022\/10\/muzej-porcelana-subotica-4-200x300.jpg 200w, https:\/\/visitsubotica.rs\/wp-content\/uploads\/2022\/10\/muzej-porcelana-subotica-4-683x1024.jpg 683w, https:\/\/visitsubotica.rs\/wp-content\/uploads\/2022\/10\/muzej-porcelana-subotica-4-768x1152.jpg 768w, https:\/\/visitsubotica.rs\/wp-content\/uploads\/2022\/10\/muzej-porcelana-subotica-4-1024x1536.jpg 1024w, https:\/\/visitsubotica.rs\/wp-content\/uploads\/2022\/10\/muzej-porcelana-subotica-4-125x187.jpg 125w\" sizes=\"(max-width: 1067px) 100vw, 1067px\" \/><\/figure>\n<\/figure>\n\n\n\n<p><\/p>\n","protected":false},"excerpt":{"rendered":"<p>Bel\u00e9p\u0151d\u00edj: egy\u00e9ni 300 rd, csoportos 200 rd, \u00e1ltal\u00e1nos iskol\u00e1soknak ingyenes. A r\u00e9gi\u00f3ban egyed\u00fcl\u00e1ll\u00f3 Porcel\u00e1nm\u00fazeum rendk\u00edv\u00fcli m\u00f3don j\u00e1rul hozz\u00e1 v\u00e1rosunk turisztikai \u00e9s kultur\u00e1lis k\u00edn\u00e1lat\u00e1hoz. 116 n\u00e9gyzetm\u00e9teres ter\u00fcleten, Szabadka egyik legh\u00edresebb utc\u00e1j\u00e1ban, a Matija Corvina 11. sz\u00e1m alatt t\u00f6bb mint 2000 ki\u00e1ll\u00edt\u00e1si t\u00e1rgy l\u00e1that\u00f3. A porcel\u00e1n, amelyet a l\u00e1togat\u00f3k megtekinthetnek ebben az egyed\u00fcl\u00e1ll\u00f3 m\u00fazeumban, ak\u00e1r 200 \u00e9ves<\/p>\n","protected":false},"featured_media":23838,"template":"","meta":{"footnotes":""},"tip_muzeja_galerije":[700],"class_list":["post-23859","muzej-galerija","type-muzej-galerija","status-publish","has-post-thumbnail","hentry"],"yoast_head":"<!-- This site is optimized with the Yoast SEO plugin v27.4 - https:\/\/yoast.com\/product\/yoast-seo-wordpress\/ -->\n<title>Porcel\u00e1nm\u00fazeum - Visit Subotica<\/title>\n<meta name=\"robots\" content=\"index, follow, max-snippet:-1, max-image-preview:large, max-video-preview:-1\" \/>\n<link rel=\"canonical\" href=\"https:\/\/visitsubotica.rs\/hu\/mit-latogassunk-meg\/m\u00fazeum-gal\u00e9ria\/muzej-porcelana\/\" \/>\n<meta property=\"og:locale\" content=\"hu_HU\" \/>\n<meta property=\"og:type\" content=\"article\" \/>\n<meta property=\"og:title\" content=\"Porcel\u00e1nm\u00fazeum - Visit Subotica\" \/>\n<meta property=\"og:description\" content=\"Bel\u00e9p\u0151d\u00edj: egy\u00e9ni 300 rd, csoportos 200 rd, \u00e1ltal\u00e1nos iskol\u00e1soknak ingyenes. A r\u00e9gi\u00f3ban egyed\u00fcl\u00e1ll\u00f3 Porcel\u00e1nm\u00fazeum rendk\u00edv\u00fcli m\u00f3don j\u00e1rul hozz\u00e1 v\u00e1rosunk turisztikai \u00e9s kultur\u00e1lis k\u00edn\u00e1lat\u00e1hoz. 116 n\u00e9gyzetm\u00e9teres ter\u00fcleten, Szabadka egyik legh\u00edresebb utc\u00e1j\u00e1ban, a Matija Corvina 11. sz\u00e1m alatt t\u00f6bb mint 2000 ki\u00e1ll\u00edt\u00e1si t\u00e1rgy l\u00e1that\u00f3. A porcel\u00e1n, amelyet a l\u00e1togat\u00f3k megtekinthetnek ebben az egyed\u00fcl\u00e1ll\u00f3 m\u00fazeumban, ak\u00e1r 200 \u00e9ves\" \/>\n<meta property=\"og:url\" content=\"https:\/\/visitsubotica.rs\/hu\/mit-latogassunk-meg\/m\u00fazeum-gal\u00e9ria\/muzej-porcelana\/\" \/>\n<meta property=\"og:site_name\" content=\"Visit Subotica\" \/>\n<meta property=\"article:publisher\" content=\"https:\/\/www.facebook.com\/VisitSubotica.rs\/\" \/>\n<meta property=\"article:modified_time\" content=\"2023-02-20T09:57:53+00:00\" \/>\n<meta property=\"og:image\" content=\"https:\/\/visitsubotica.rs\/wp-content\/uploads\/2022\/10\/muzej-porcelana-subotica-2.jpg\" \/>\n\t<meta property=\"og:image:width\" content=\"1601\" \/>\n\t<meta property=\"og:image:height\" content=\"1067\" \/>\n\t<meta property=\"og:image:type\" content=\"image\/jpeg\" \/>\n<meta name=\"twitter:card\" content=\"summary_large_image\" \/>\n<meta name=\"twitter:site\" content=\"@visitsubotica\" \/>\n<meta name=\"twitter:label1\" content=\"Becs\u00fclt olvas\u00e1si id\u0151\" \/>\n\t<meta name=\"twitter:data1\" content=\"1 perc\" \/>\n<script type=\"application\/ld+json\" class=\"yoast-schema-graph\">{\"@context\":\"https:\\\/\\\/schema.org\",\"@graph\":[{\"@type\":\"WebPage\",\"@id\":\"https:\\\/\\\/visitsubotica.rs\\\/hu\\\/mit-latogassunk-meg\\\/m\u00fazeum-gal\u00e9ria\\\/muzej-porcelana\\\/\",\"url\":\"https:\\\/\\\/visitsubotica.rs\\\/hu\\\/mit-latogassunk-meg\\\/m\u00fazeum-gal\u00e9ria\\\/muzej-porcelana\\\/\",\"name\":\"Porcel\u00e1nm\u00fazeum - Visit Subotica\",\"isPartOf\":{\"@id\":\"https:\\\/\\\/visitsubotica.rs\\\/#website\"},\"primaryImageOfPage\":{\"@id\":\"https:\\\/\\\/visitsubotica.rs\\\/hu\\\/mit-latogassunk-meg\\\/m\u00fazeum-gal\u00e9ria\\\/muzej-porcelana\\\/#primaryimage\"},\"image\":{\"@id\":\"https:\\\/\\\/visitsubotica.rs\\\/hu\\\/mit-latogassunk-meg\\\/m\u00fazeum-gal\u00e9ria\\\/muzej-porcelana\\\/#primaryimage\"},\"thumbnailUrl\":\"https:\\\/\\\/visitsubotica.rs\\\/wp-content\\\/uploads\\\/2022\\\/10\\\/muzej-porcelana-subotica-2.jpg\",\"datePublished\":\"2022-10-03T08:55:41+00:00\",\"dateModified\":\"2023-02-20T09:57:53+00:00\",\"breadcrumb\":{\"@id\":\"https:\\\/\\\/visitsubotica.rs\\\/hu\\\/mit-latogassunk-meg\\\/m\u00fazeum-gal\u00e9ria\\\/muzej-porcelana\\\/#breadcrumb\"},\"inLanguage\":\"hu\",\"potentialAction\":[{\"@type\":\"ReadAction\",\"target\":[\"https:\\\/\\\/visitsubotica.rs\\\/hu\\\/mit-latogassunk-meg\\\/m\u00fazeum-gal\u00e9ria\\\/muzej-porcelana\\\/\"]}]},{\"@type\":\"ImageObject\",\"inLanguage\":\"hu\",\"@id\":\"https:\\\/\\\/visitsubotica.rs\\\/hu\\\/mit-latogassunk-meg\\\/m\u00fazeum-gal\u00e9ria\\\/muzej-porcelana\\\/#primaryimage\",\"url\":\"https:\\\/\\\/visitsubotica.rs\\\/wp-content\\\/uploads\\\/2022\\\/10\\\/muzej-porcelana-subotica-2.jpg\",\"contentUrl\":\"https:\\\/\\\/visitsubotica.rs\\\/wp-content\\\/uploads\\\/2022\\\/10\\\/muzej-porcelana-subotica-2.jpg\",\"width\":1601,\"height\":1067},{\"@type\":\"BreadcrumbList\",\"@id\":\"https:\\\/\\\/visitsubotica.rs\\\/hu\\\/mit-latogassunk-meg\\\/m\u00fazeum-gal\u00e9ria\\\/muzej-porcelana\\\/#breadcrumb\",\"itemListElement\":[{\"@type\":\"ListItem\",\"position\":1,\"name\":\"Home\",\"item\":\"https:\\\/\\\/visitsubotica.rs\\\/hu\\\/\"},{\"@type\":\"ListItem\",\"position\":2,\"name\":\"Porcel\u00e1nm\u00fazeum\"}]},{\"@type\":\"WebSite\",\"@id\":\"https:\\\/\\\/visitsubotica.rs\\\/#website\",\"url\":\"https:\\\/\\\/visitsubotica.rs\\\/\",\"name\":\"Visit Subotica\",\"description\":\"Turisti\u010dka organizacija grada Subotice\",\"potentialAction\":[{\"@type\":\"SearchAction\",\"target\":{\"@type\":\"EntryPoint\",\"urlTemplate\":\"https:\\\/\\\/visitsubotica.rs\\\/?s={search_term_string}\"},\"query-input\":{\"@type\":\"PropertyValueSpecification\",\"valueRequired\":true,\"valueName\":\"search_term_string\"}}],\"inLanguage\":\"hu\"}]}<\/script>\n<!-- \/ Yoast SEO plugin. -->","yoast_head_json":{"title":"Porcel\u00e1nm\u00fazeum - Visit Subotica","robots":{"index":"index","follow":"follow","max-snippet":"max-snippet:-1","max-image-preview":"max-image-preview:large","max-video-preview":"max-video-preview:-1"},"canonical":"https:\/\/visitsubotica.rs\/hu\/mit-latogassunk-meg\/m\u00fazeum-gal\u00e9ria\/muzej-porcelana\/","og_locale":"hu_HU","og_type":"article","og_title":"Porcel\u00e1nm\u00fazeum - Visit Subotica","og_description":"Bel\u00e9p\u0151d\u00edj: egy\u00e9ni 300 rd, csoportos 200 rd, \u00e1ltal\u00e1nos iskol\u00e1soknak ingyenes. A r\u00e9gi\u00f3ban egyed\u00fcl\u00e1ll\u00f3 Porcel\u00e1nm\u00fazeum rendk\u00edv\u00fcli m\u00f3don j\u00e1rul hozz\u00e1 v\u00e1rosunk turisztikai \u00e9s kultur\u00e1lis k\u00edn\u00e1lat\u00e1hoz. 116 n\u00e9gyzetm\u00e9teres ter\u00fcleten, Szabadka egyik legh\u00edresebb utc\u00e1j\u00e1ban, a Matija Corvina 11. sz\u00e1m alatt t\u00f6bb mint 2000 ki\u00e1ll\u00edt\u00e1si t\u00e1rgy l\u00e1that\u00f3. A porcel\u00e1n, amelyet a l\u00e1togat\u00f3k megtekinthetnek ebben az egyed\u00fcl\u00e1ll\u00f3 m\u00fazeumban, ak\u00e1r 200 \u00e9ves","og_url":"https:\/\/visitsubotica.rs\/hu\/mit-latogassunk-meg\/m\u00fazeum-gal\u00e9ria\/muzej-porcelana\/","og_site_name":"Visit Subotica","article_publisher":"https:\/\/www.facebook.com\/VisitSubotica.rs\/","article_modified_time":"2023-02-20T09:57:53+00:00","og_image":[{"width":1601,"height":1067,"url":"https:\/\/visitsubotica.rs\/wp-content\/uploads\/2022\/10\/muzej-porcelana-subotica-2.jpg","type":"image\/jpeg"}],"twitter_card":"summary_large_image","twitter_site":"@visitsubotica","twitter_misc":{"Becs\u00fclt olvas\u00e1si id\u0151":"1 perc"},"schema":{"@context":"https:\/\/schema.org","@graph":[{"@type":"WebPage","@id":"https:\/\/visitsubotica.rs\/hu\/mit-latogassunk-meg\/m\u00fazeum-gal\u00e9ria\/muzej-porcelana\/","url":"https:\/\/visitsubotica.rs\/hu\/mit-latogassunk-meg\/m\u00fazeum-gal\u00e9ria\/muzej-porcelana\/","name":"Porcel\u00e1nm\u00fazeum - Visit Subotica","isPartOf":{"@id":"https:\/\/visitsubotica.rs\/#website"},"primaryImageOfPage":{"@id":"https:\/\/visitsubotica.rs\/hu\/mit-latogassunk-meg\/m\u00fazeum-gal\u00e9ria\/muzej-porcelana\/#primaryimage"},"image":{"@id":"https:\/\/visitsubotica.rs\/hu\/mit-latogassunk-meg\/m\u00fazeum-gal\u00e9ria\/muzej-porcelana\/#primaryimage"},"thumbnailUrl":"https:\/\/visitsubotica.rs\/wp-content\/uploads\/2022\/10\/muzej-porcelana-subotica-2.jpg","datePublished":"2022-10-03T08:55:41+00:00","dateModified":"2023-02-20T09:57:53+00:00","breadcrumb":{"@id":"https:\/\/visitsubotica.rs\/hu\/mit-latogassunk-meg\/m\u00fazeum-gal\u00e9ria\/muzej-porcelana\/#breadcrumb"},"inLanguage":"hu","potentialAction":[{"@type":"ReadAction","target":["https:\/\/visitsubotica.rs\/hu\/mit-latogassunk-meg\/m\u00fazeum-gal\u00e9ria\/muzej-porcelana\/"]}]},{"@type":"ImageObject","inLanguage":"hu","@id":"https:\/\/visitsubotica.rs\/hu\/mit-latogassunk-meg\/m\u00fazeum-gal\u00e9ria\/muzej-porcelana\/#primaryimage","url":"https:\/\/visitsubotica.rs\/wp-content\/uploads\/2022\/10\/muzej-porcelana-subotica-2.jpg","contentUrl":"https:\/\/visitsubotica.rs\/wp-content\/uploads\/2022\/10\/muzej-porcelana-subotica-2.jpg","width":1601,"height":1067},{"@type":"BreadcrumbList","@id":"https:\/\/visitsubotica.rs\/hu\/mit-latogassunk-meg\/m\u00fazeum-gal\u00e9ria\/muzej-porcelana\/#breadcrumb","itemListElement":[{"@type":"ListItem","position":1,"name":"Home","item":"https:\/\/visitsubotica.rs\/hu\/"},{"@type":"ListItem","position":2,"name":"Porcel\u00e1nm\u00fazeum"}]},{"@type":"WebSite","@id":"https:\/\/visitsubotica.rs\/#website","url":"https:\/\/visitsubotica.rs\/","name":"Visit Subotica","description":"Turisti\u010dka organizacija grada Subotice","potentialAction":[{"@type":"SearchAction","target":{"@type":"EntryPoint","urlTemplate":"https:\/\/visitsubotica.rs\/?s={search_term_string}"},"query-input":{"@type":"PropertyValueSpecification","valueRequired":true,"valueName":"search_term_string"}}],"inLanguage":"hu"}]}},"_links":{"self":[{"href":"https:\/\/visitsubotica.rs\/hu\/wp-json\/wp\/v2\/muzej-galerija\/23859","targetHints":{"allow":["GET"]}}],"collection":[{"href":"https:\/\/visitsubotica.rs\/hu\/wp-json\/wp\/v2\/muzej-galerija"}],"about":[{"href":"https:\/\/visitsubotica.rs\/hu\/wp-json\/wp\/v2\/types\/muzej-galerija"}],"version-history":[{"count":0,"href":"https:\/\/visitsubotica.rs\/hu\/wp-json\/wp\/v2\/muzej-galerija\/23859\/revisions"}],"wp:featuredmedia":[{"embeddable":true,"href":"https:\/\/visitsubotica.rs\/hu\/wp-json\/wp\/v2\/media\/23838"}],"wp:attachment":[{"href":"https:\/\/visitsubotica.rs\/hu\/wp-json\/wp\/v2\/media?parent=23859"}],"wp:term":[{"taxonomy":"tip_muzeja_galerije","embeddable":true,"href":"https:\/\/visitsubotica.rs\/hu\/wp-json\/wp\/v2\/tip_muzeja_galerije?post=23859"}],"curies":[{"name":"wp","href":"https:\/\/api.w.org\/{rel}","templated":true}]}}