{"id":14337,"date":"2019-07-14T22:34:46","date_gmt":"2019-07-14T20:34:46","guid":{"rendered":"http:\/\/visitsubotica.rs\/sta-videti\/muzej-galerija\/gradski-muzej\/"},"modified":"2020-02-09T13:33:49","modified_gmt":"2020-02-09T12:33:49","slug":"gradski-muzej","status":"publish","type":"muzej-galerija","link":"https:\/\/visitsubotica.rs\/hu\/sta-videti\/muzej-galerija\/gradski-muzej\/","title":{"rendered":"V\u00c1ROSI M\u00daZEUM"},"content":{"rendered":"\n<p>A Szabadkai V\u00e1rosi M\u00fazeum, k\u00fcl\u00f6n\u00f6s jelent\u0151s\u00e9g\u0171 kultur\u00e1lis int\u00e9zm\u00e9ny, melyet 1892-ben alap\u00edtottak \u00e9s 1948-ban alap\u00edtottak \u00fajra. A v\u00e1rosi m\u00fazeum hivatalos alap\u00edt\u00f3ja Szabadka K\u00e9pvisel\u0151-test\u00fclete volt. Ezen int\u00e9zm\u00e9ny f\u0151 feladata a r\u00e9g\u00e9szeti, antropol\u00f3giai, t\u00f6rt\u00e9nelmi, pedag\u00f3giai, n\u00e9prajzi, term\u00e9szeti \u00e9s m\u0171v\u00e9szett\u00f6rt\u00e9neti \u00e9rt\u00e9kek meg\u0151rz\u00e9se \u00e9s bemutat\u00e1sa.<\/p>\n\n\n\n<p>A k\u00f6nyvt\u00e1r, valamint a szervez\u00e9ssel \u00e9s pedag\u00f3giai munk\u00e1val foglalkoz\u00f3 r\u00e9szleg mellett, a fent eml\u00edtett tematikus egys\u00e9gek alapj\u00e1n megszervez\u00e9sre ker\u00fcltek a m\u00fazeumi r\u00e9szlegek is \u00e9s azok gy\u0171jtem\u00e9nyei is. A m\u00fazeum a 2008-as \u00e9vt\u0151l, Miksa D\u00f6m\u00f6t\u00f6r 18. sz\u00e1zadi b\u00e9rh\u00e1z\u00e1ba lett k\u00f6lt\u00f6ztetve, b\u00e1mulatos kin\u00e9zettel szecesszi\u00f3s st\u00edlusban d\u00edsz\u00edtve.<\/p>\n\n\n\n<figure class=\"wp-block-gallery columns-2 is-cropped wp-block-gallery-1 is-layout-flex wp-block-gallery-is-layout-flex\"><ul class=\"blocks-gallery-grid\"><li class=\"blocks-gallery-item\"><figure><img decoding=\"async\" width=\"1024\" height=\"683\" src=\"http:\/\/visitsubotica.rs\/wp-content\/uploads\/2019\/10\/Gradski-muzej-2-1024x683.jpg\" alt=\"\" data-id=\"5551\" data-link=\"http:\/\/visitsubotica.rs\/gradski-muzej-2\/\" class=\"wp-image-5551\" srcset=\"https:\/\/visitsubotica.rs\/wp-content\/uploads\/2019\/10\/Gradski-muzej-2-1024x683.jpg 1024w, https:\/\/visitsubotica.rs\/wp-content\/uploads\/2019\/10\/Gradski-muzej-2-300x200.jpg 300w, https:\/\/visitsubotica.rs\/wp-content\/uploads\/2019\/10\/Gradski-muzej-2-768x512.jpg 768w, https:\/\/visitsubotica.rs\/wp-content\/uploads\/2019\/10\/Gradski-muzej-2-280x187.jpg 280w, https:\/\/visitsubotica.rs\/wp-content\/uploads\/2019\/10\/Gradski-muzej-2-1170x780.jpg 1170w, https:\/\/visitsubotica.rs\/wp-content\/uploads\/2019\/10\/Gradski-muzej-2.jpg 1920w\" sizes=\"(max-width: 1024px) 100vw, 1024px\" \/><\/figure><\/li><li class=\"blocks-gallery-item\"><figure><img decoding=\"async\" width=\"1024\" height=\"683\" src=\"http:\/\/visitsubotica.rs\/wp-content\/uploads\/2019\/10\/2.-GRADSKI-MUZEJ-1024x683.jpg\" alt=\"\" data-id=\"6305\" data-link=\"http:\/\/visitsubotica.rs\/2-gradski-muzej\/\" class=\"wp-image-6305\" srcset=\"https:\/\/visitsubotica.rs\/wp-content\/uploads\/2019\/10\/2.-GRADSKI-MUZEJ-1024x683.jpg 1024w, https:\/\/visitsubotica.rs\/wp-content\/uploads\/2019\/10\/2.-GRADSKI-MUZEJ-300x200.jpg 300w, https:\/\/visitsubotica.rs\/wp-content\/uploads\/2019\/10\/2.-GRADSKI-MUZEJ-768x512.jpg 768w, https:\/\/visitsubotica.rs\/wp-content\/uploads\/2019\/10\/2.-GRADSKI-MUZEJ-280x187.jpg 280w, https:\/\/visitsubotica.rs\/wp-content\/uploads\/2019\/10\/2.-GRADSKI-MUZEJ-1170x780.jpg 1170w, https:\/\/visitsubotica.rs\/wp-content\/uploads\/2019\/10\/2.-GRADSKI-MUZEJ.jpg 1920w\" sizes=\"(max-width: 1024px) 100vw, 1024px\" \/><\/figure><\/li><\/ul><\/figure>\n","protected":false},"excerpt":{"rendered":"<p>A Szabadkai V\u00e1rosi M\u00fazeum, k\u00fcl\u00f6n\u00f6s jelent\u0151s\u00e9g\u0171 kultur\u00e1lis int\u00e9zm\u00e9ny, melyet 1892-ben alap\u00edtottak \u00e9s 1948-ban alap\u00edtottak \u00fajra. A v\u00e1rosi m\u00fazeum hivatalos alap\u00edt\u00f3ja Szabadka K\u00e9pvisel\u0151-test\u00fclete volt. Ezen int\u00e9zm\u00e9ny f\u0151 feladata a r\u00e9g\u00e9szeti, antropol\u00f3giai, t\u00f6rt\u00e9nelmi, pedag\u00f3giai, n\u00e9prajzi, term\u00e9szeti \u00e9s m\u0171v\u00e9szett\u00f6rt\u00e9neti \u00e9rt\u00e9kek meg\u0151rz\u00e9se \u00e9s bemutat\u00e1sa. A k\u00f6nyvt\u00e1r, valamint a szervez\u00e9ssel \u00e9s pedag\u00f3giai munk\u00e1val foglalkoz\u00f3 r\u00e9szleg mellett, a fent eml\u00edtett tematikus<\/p>\n","protected":false},"featured_media":13363,"template":"","meta":{"footnotes":""},"tip_muzeja_galerije":[700],"class_list":["post-14337","muzej-galerija","type-muzej-galerija","status-publish","has-post-thumbnail","hentry"],"yoast_head":"<!-- This site is optimized with the Yoast SEO plugin v27.4 - https:\/\/yoast.com\/product\/yoast-seo-wordpress\/ -->\n<title>V\u00c1ROSI M\u00daZEUM - Visit Subotica<\/title>\n<meta name=\"robots\" content=\"index, follow, max-snippet:-1, max-image-preview:large, max-video-preview:-1\" \/>\n<link rel=\"canonical\" href=\"https:\/\/visitsubotica.rs\/hu\/mit-latogassunk-meg\/m\u00fazeum-gal\u00e9ria\/gradski-muzej\/\" \/>\n<meta property=\"og:locale\" content=\"hu_HU\" \/>\n<meta property=\"og:type\" content=\"article\" \/>\n<meta property=\"og:title\" content=\"V\u00c1ROSI M\u00daZEUM - Visit Subotica\" \/>\n<meta property=\"og:description\" content=\"A Szabadkai V\u00e1rosi M\u00fazeum, k\u00fcl\u00f6n\u00f6s jelent\u0151s\u00e9g\u0171 kultur\u00e1lis int\u00e9zm\u00e9ny, melyet 1892-ben alap\u00edtottak \u00e9s 1948-ban alap\u00edtottak \u00fajra. A v\u00e1rosi m\u00fazeum hivatalos alap\u00edt\u00f3ja Szabadka K\u00e9pvisel\u0151-test\u00fclete volt. Ezen int\u00e9zm\u00e9ny f\u0151 feladata a r\u00e9g\u00e9szeti, antropol\u00f3giai, t\u00f6rt\u00e9nelmi, pedag\u00f3giai, n\u00e9prajzi, term\u00e9szeti \u00e9s m\u0171v\u00e9szett\u00f6rt\u00e9neti \u00e9rt\u00e9kek meg\u0151rz\u00e9se \u00e9s bemutat\u00e1sa. A k\u00f6nyvt\u00e1r, valamint a szervez\u00e9ssel \u00e9s pedag\u00f3giai munk\u00e1val foglalkoz\u00f3 r\u00e9szleg mellett, a fent eml\u00edtett tematikus\" \/>\n<meta property=\"og:url\" content=\"https:\/\/visitsubotica.rs\/hu\/mit-latogassunk-meg\/m\u00fazeum-gal\u00e9ria\/gradski-muzej\/\" \/>\n<meta property=\"og:site_name\" content=\"Visit Subotica\" \/>\n<meta property=\"article:publisher\" content=\"https:\/\/www.facebook.com\/VisitSubotica.rs\/\" \/>\n<meta property=\"article:modified_time\" content=\"2020-02-09T12:33:49+00:00\" \/>\n<meta property=\"og:image\" content=\"https:\/\/visitsubotica.rs\/wp-content\/uploads\/2019\/10\/Gradski-muzej-1.jpg\" \/>\n\t<meta property=\"og:image:width\" content=\"1920\" \/>\n\t<meta property=\"og:image:height\" content=\"1280\" \/>\n\t<meta property=\"og:image:type\" content=\"image\/jpeg\" \/>\n<meta name=\"twitter:card\" content=\"summary_large_image\" \/>\n<meta name=\"twitter:site\" content=\"@visitsubotica\" \/>\n<meta name=\"twitter:label1\" content=\"Becs\u00fclt olvas\u00e1si id\u0151\" \/>\n\t<meta name=\"twitter:data1\" content=\"1 perc\" \/>\n<script type=\"application\/ld+json\" class=\"yoast-schema-graph\">{\"@context\":\"https:\\\/\\\/schema.org\",\"@graph\":[{\"@type\":\"WebPage\",\"@id\":\"https:\\\/\\\/visitsubotica.rs\\\/hu\\\/mit-latogassunk-meg\\\/m\u00fazeum-gal\u00e9ria\\\/gradski-muzej\\\/\",\"url\":\"https:\\\/\\\/visitsubotica.rs\\\/hu\\\/mit-latogassunk-meg\\\/m\u00fazeum-gal\u00e9ria\\\/gradski-muzej\\\/\",\"name\":\"V\u00c1ROSI M\u00daZEUM - Visit Subotica\",\"isPartOf\":{\"@id\":\"https:\\\/\\\/visitsubotica.rs\\\/#website\"},\"primaryImageOfPage\":{\"@id\":\"https:\\\/\\\/visitsubotica.rs\\\/hu\\\/mit-latogassunk-meg\\\/m\u00fazeum-gal\u00e9ria\\\/gradski-muzej\\\/#primaryimage\"},\"image\":{\"@id\":\"https:\\\/\\\/visitsubotica.rs\\\/hu\\\/mit-latogassunk-meg\\\/m\u00fazeum-gal\u00e9ria\\\/gradski-muzej\\\/#primaryimage\"},\"thumbnailUrl\":\"https:\\\/\\\/visitsubotica.rs\\\/wp-content\\\/uploads\\\/2019\\\/10\\\/Gradski-muzej-1.jpg\",\"datePublished\":\"2019-07-14T20:34:46+00:00\",\"dateModified\":\"2020-02-09T12:33:49+00:00\",\"breadcrumb\":{\"@id\":\"https:\\\/\\\/visitsubotica.rs\\\/hu\\\/mit-latogassunk-meg\\\/m\u00fazeum-gal\u00e9ria\\\/gradski-muzej\\\/#breadcrumb\"},\"inLanguage\":\"hu\",\"potentialAction\":[{\"@type\":\"ReadAction\",\"target\":[\"https:\\\/\\\/visitsubotica.rs\\\/hu\\\/mit-latogassunk-meg\\\/m\u00fazeum-gal\u00e9ria\\\/gradski-muzej\\\/\"]}]},{\"@type\":\"ImageObject\",\"inLanguage\":\"hu\",\"@id\":\"https:\\\/\\\/visitsubotica.rs\\\/hu\\\/mit-latogassunk-meg\\\/m\u00fazeum-gal\u00e9ria\\\/gradski-muzej\\\/#primaryimage\",\"url\":\"https:\\\/\\\/visitsubotica.rs\\\/wp-content\\\/uploads\\\/2019\\\/10\\\/Gradski-muzej-1.jpg\",\"contentUrl\":\"https:\\\/\\\/visitsubotica.rs\\\/wp-content\\\/uploads\\\/2019\\\/10\\\/Gradski-muzej-1.jpg\",\"width\":1920,\"height\":1280},{\"@type\":\"BreadcrumbList\",\"@id\":\"https:\\\/\\\/visitsubotica.rs\\\/hu\\\/mit-latogassunk-meg\\\/m\u00fazeum-gal\u00e9ria\\\/gradski-muzej\\\/#breadcrumb\",\"itemListElement\":[{\"@type\":\"ListItem\",\"position\":1,\"name\":\"Home\",\"item\":\"https:\\\/\\\/visitsubotica.rs\\\/hu\\\/\"},{\"@type\":\"ListItem\",\"position\":2,\"name\":\"V\u00c1ROSI M\u00daZEUM\"}]},{\"@type\":\"WebSite\",\"@id\":\"https:\\\/\\\/visitsubotica.rs\\\/#website\",\"url\":\"https:\\\/\\\/visitsubotica.rs\\\/\",\"name\":\"Visit Subotica\",\"description\":\"Turisti\u010dka organizacija grada Subotice\",\"potentialAction\":[{\"@type\":\"SearchAction\",\"target\":{\"@type\":\"EntryPoint\",\"urlTemplate\":\"https:\\\/\\\/visitsubotica.rs\\\/?s={search_term_string}\"},\"query-input\":{\"@type\":\"PropertyValueSpecification\",\"valueRequired\":true,\"valueName\":\"search_term_string\"}}],\"inLanguage\":\"hu\"}]}<\/script>\n<!-- \/ Yoast SEO plugin. -->","yoast_head_json":{"title":"V\u00c1ROSI M\u00daZEUM - Visit Subotica","robots":{"index":"index","follow":"follow","max-snippet":"max-snippet:-1","max-image-preview":"max-image-preview:large","max-video-preview":"max-video-preview:-1"},"canonical":"https:\/\/visitsubotica.rs\/hu\/mit-latogassunk-meg\/m\u00fazeum-gal\u00e9ria\/gradski-muzej\/","og_locale":"hu_HU","og_type":"article","og_title":"V\u00c1ROSI M\u00daZEUM - Visit Subotica","og_description":"A Szabadkai V\u00e1rosi M\u00fazeum, k\u00fcl\u00f6n\u00f6s jelent\u0151s\u00e9g\u0171 kultur\u00e1lis int\u00e9zm\u00e9ny, melyet 1892-ben alap\u00edtottak \u00e9s 1948-ban alap\u00edtottak \u00fajra. A v\u00e1rosi m\u00fazeum hivatalos alap\u00edt\u00f3ja Szabadka K\u00e9pvisel\u0151-test\u00fclete volt. Ezen int\u00e9zm\u00e9ny f\u0151 feladata a r\u00e9g\u00e9szeti, antropol\u00f3giai, t\u00f6rt\u00e9nelmi, pedag\u00f3giai, n\u00e9prajzi, term\u00e9szeti \u00e9s m\u0171v\u00e9szett\u00f6rt\u00e9neti \u00e9rt\u00e9kek meg\u0151rz\u00e9se \u00e9s bemutat\u00e1sa. A k\u00f6nyvt\u00e1r, valamint a szervez\u00e9ssel \u00e9s pedag\u00f3giai munk\u00e1val foglalkoz\u00f3 r\u00e9szleg mellett, a fent eml\u00edtett tematikus","og_url":"https:\/\/visitsubotica.rs\/hu\/mit-latogassunk-meg\/m\u00fazeum-gal\u00e9ria\/gradski-muzej\/","og_site_name":"Visit Subotica","article_publisher":"https:\/\/www.facebook.com\/VisitSubotica.rs\/","article_modified_time":"2020-02-09T12:33:49+00:00","og_image":[{"width":1920,"height":1280,"url":"https:\/\/visitsubotica.rs\/wp-content\/uploads\/2019\/10\/Gradski-muzej-1.jpg","type":"image\/jpeg"}],"twitter_card":"summary_large_image","twitter_site":"@visitsubotica","twitter_misc":{"Becs\u00fclt olvas\u00e1si id\u0151":"1 perc"},"schema":{"@context":"https:\/\/schema.org","@graph":[{"@type":"WebPage","@id":"https:\/\/visitsubotica.rs\/hu\/mit-latogassunk-meg\/m\u00fazeum-gal\u00e9ria\/gradski-muzej\/","url":"https:\/\/visitsubotica.rs\/hu\/mit-latogassunk-meg\/m\u00fazeum-gal\u00e9ria\/gradski-muzej\/","name":"V\u00c1ROSI M\u00daZEUM - Visit Subotica","isPartOf":{"@id":"https:\/\/visitsubotica.rs\/#website"},"primaryImageOfPage":{"@id":"https:\/\/visitsubotica.rs\/hu\/mit-latogassunk-meg\/m\u00fazeum-gal\u00e9ria\/gradski-muzej\/#primaryimage"},"image":{"@id":"https:\/\/visitsubotica.rs\/hu\/mit-latogassunk-meg\/m\u00fazeum-gal\u00e9ria\/gradski-muzej\/#primaryimage"},"thumbnailUrl":"https:\/\/visitsubotica.rs\/wp-content\/uploads\/2019\/10\/Gradski-muzej-1.jpg","datePublished":"2019-07-14T20:34:46+00:00","dateModified":"2020-02-09T12:33:49+00:00","breadcrumb":{"@id":"https:\/\/visitsubotica.rs\/hu\/mit-latogassunk-meg\/m\u00fazeum-gal\u00e9ria\/gradski-muzej\/#breadcrumb"},"inLanguage":"hu","potentialAction":[{"@type":"ReadAction","target":["https:\/\/visitsubotica.rs\/hu\/mit-latogassunk-meg\/m\u00fazeum-gal\u00e9ria\/gradski-muzej\/"]}]},{"@type":"ImageObject","inLanguage":"hu","@id":"https:\/\/visitsubotica.rs\/hu\/mit-latogassunk-meg\/m\u00fazeum-gal\u00e9ria\/gradski-muzej\/#primaryimage","url":"https:\/\/visitsubotica.rs\/wp-content\/uploads\/2019\/10\/Gradski-muzej-1.jpg","contentUrl":"https:\/\/visitsubotica.rs\/wp-content\/uploads\/2019\/10\/Gradski-muzej-1.jpg","width":1920,"height":1280},{"@type":"BreadcrumbList","@id":"https:\/\/visitsubotica.rs\/hu\/mit-latogassunk-meg\/m\u00fazeum-gal\u00e9ria\/gradski-muzej\/#breadcrumb","itemListElement":[{"@type":"ListItem","position":1,"name":"Home","item":"https:\/\/visitsubotica.rs\/hu\/"},{"@type":"ListItem","position":2,"name":"V\u00c1ROSI M\u00daZEUM"}]},{"@type":"WebSite","@id":"https:\/\/visitsubotica.rs\/#website","url":"https:\/\/visitsubotica.rs\/","name":"Visit Subotica","description":"Turisti\u010dka organizacija grada Subotice","potentialAction":[{"@type":"SearchAction","target":{"@type":"EntryPoint","urlTemplate":"https:\/\/visitsubotica.rs\/?s={search_term_string}"},"query-input":{"@type":"PropertyValueSpecification","valueRequired":true,"valueName":"search_term_string"}}],"inLanguage":"hu"}]}},"_links":{"self":[{"href":"https:\/\/visitsubotica.rs\/hu\/wp-json\/wp\/v2\/muzej-galerija\/14337","targetHints":{"allow":["GET"]}}],"collection":[{"href":"https:\/\/visitsubotica.rs\/hu\/wp-json\/wp\/v2\/muzej-galerija"}],"about":[{"href":"https:\/\/visitsubotica.rs\/hu\/wp-json\/wp\/v2\/types\/muzej-galerija"}],"version-history":[{"count":0,"href":"https:\/\/visitsubotica.rs\/hu\/wp-json\/wp\/v2\/muzej-galerija\/14337\/revisions"}],"wp:featuredmedia":[{"embeddable":true,"href":"https:\/\/visitsubotica.rs\/hu\/wp-json\/wp\/v2\/media\/13363"}],"wp:attachment":[{"href":"https:\/\/visitsubotica.rs\/hu\/wp-json\/wp\/v2\/media?parent=14337"}],"wp:term":[{"taxonomy":"tip_muzeja_galerije","embeddable":true,"href":"https:\/\/visitsubotica.rs\/hu\/wp-json\/wp\/v2\/tip_muzeja_galerije?post=14337"}],"curies":[{"name":"wp","href":"https:\/\/api.w.org\/{rel}","templated":true}]}}