{"id":14398,"date":"2019-07-14T22:34:46","date_gmt":"2019-07-14T20:34:46","guid":{"rendered":"http:\/\/visitsubotica.rs\/sta-raditi\/pozoriste-bioskop\/bioskop-abazija\/"},"modified":"2020-02-09T16:16:29","modified_gmt":"2020-02-09T15:16:29","slug":"bioskop-abazija","status":"publish","type":"bioskop-pozoriste","link":"https:\/\/visitsubotica.rs\/hu\/sta-raditi\/pozoriste-bioskop\/bioskop-abazija\/","title":{"rendered":"Abb\u00e1zia mozi"},"content":{"rendered":"\n<p>Az Art&amp;Popcorn filmm\u0171v\u00e9szeti k\u00f6zpont 2014-ben nyilv\u00e1nos p\u00e1ly\u00e1zat \u00fatj\u00e1n kib\u00e9relte az Abb\u00e1zia mozi romos \u00e9p\u00fclet\u00e9t azzal a c\u00e9llal, hogy a kultur\u00e1lis javakat szolg\u00e1l\u00f3 \u00e9p\u00fcletet teljes m\u00e9rt\u00e9kben fel\u00faj\u00edtsa, \u00e9s \u00e1talak\u00edtsa \u201cABB\u00c1ZIA- FILMM\u00daZEUMM\u00c1\u201d, amelynek t\u00f6bb jelent\u0151s\u00e9ge is van.<\/p>\n\n\n\n<p>Egyedi \u00e9p\u00edt\u00e9szeti l\u00e9tes\u00edtm\u00e9nyk\u00e9nt, \u00e9s a legr\u00e9gebbi akt\u00edv mozik\u00e9nt a volt Jugoszl\u00e1via ter\u00fclet\u00e9n, az Abb\u00e1zia mozi \u00e9p\u00fclete a Palicsi-t\u00f3 t\u00f6rv\u00e9nyileg v\u00e9dett \u00e9p\u00edt\u00e9szeti egys\u00e9gei k\u00f6z\u00e9 tartozik, emellett pedig nagy kultur\u00e1lis \u00e9s turisztikai potenci\u00e1l lakozik benne.<\/p>\n\n\n\n<p>Az \u00e9p\u00fclet teljes rekonstru\u00e1l\u00e1s\u00e1val biztos\u00edtott a rendszeres programvet\u00edt\u00e9s az eg\u00e9sz \u00e9v sor\u00e1n, amely az eur\u00f3pai kinematogr\u00e1fia promot\u00e1l\u00e1s\u00e1ra \u00e9s elhelyez\u00e9s\u00e9ire \u00f6sszpontos\u00edt, \u00e9s emellett hangs\u00falyt fektet Szerbia \u00e9s a nemzeti kisebbs\u00e9gek kinematogr\u00e1fi\u00e1j\u00e1ra is.<\/p>\n","protected":false},"excerpt":{"rendered":"<p>Az Art&amp;Popcorn filmm\u0171v\u00e9szeti k\u00f6zpont 2014-ben nyilv\u00e1nos p\u00e1ly\u00e1zat \u00fatj\u00e1n kib\u00e9relte az Abb\u00e1zia mozi romos \u00e9p\u00fclet\u00e9t azzal a c\u00e9llal, hogy a kultur\u00e1lis javakat szolg\u00e1l\u00f3 \u00e9p\u00fcletet teljes m\u00e9rt\u00e9kben fel\u00faj\u00edtsa, \u00e9s \u00e1talak\u00edtsa \u201cABB\u00c1ZIA- FILMM\u00daZEUMM\u00c1\u201d, amelynek t\u00f6bb jelent\u0151s\u00e9ge is van. Egyedi \u00e9p\u00edt\u00e9szeti l\u00e9tes\u00edtm\u00e9nyk\u00e9nt, \u00e9s a legr\u00e9gebbi akt\u00edv mozik\u00e9nt a volt Jugoszl\u00e1via ter\u00fclet\u00e9n, az Abb\u00e1zia mozi \u00e9p\u00fclete a Palicsi-t\u00f3 t\u00f6rv\u00e9nyileg v\u00e9dett<\/p>\n","protected":false},"featured_media":13283,"template":"","meta":{"footnotes":""},"tip_bioskopa_pozorista":[694],"class_list":["post-14398","bioskop-pozoriste","type-bioskop-pozoriste","status-publish","has-post-thumbnail","hentry"],"yoast_head":"<!-- This site is optimized with the Yoast SEO plugin v27.4 - https:\/\/yoast.com\/product\/yoast-seo-wordpress\/ -->\n<title>Abb\u00e1zia mozi - Visit Subotica<\/title>\n<meta name=\"robots\" content=\"index, follow, max-snippet:-1, max-image-preview:large, max-video-preview:-1\" \/>\n<link rel=\"canonical\" href=\"https:\/\/visitsubotica.rs\/hu\/mit-lehet-csinalni\/sz\u00ednh\u00e1zi-mozi\/bioskop-abazija\/\" \/>\n<meta property=\"og:locale\" content=\"hu_HU\" \/>\n<meta property=\"og:type\" content=\"article\" \/>\n<meta property=\"og:title\" content=\"Abb\u00e1zia mozi - Visit Subotica\" \/>\n<meta property=\"og:description\" content=\"Az Art&amp;Popcorn filmm\u0171v\u00e9szeti k\u00f6zpont 2014-ben nyilv\u00e1nos p\u00e1ly\u00e1zat \u00fatj\u00e1n kib\u00e9relte az Abb\u00e1zia mozi romos \u00e9p\u00fclet\u00e9t azzal a c\u00e9llal, hogy a kultur\u00e1lis javakat szolg\u00e1l\u00f3 \u00e9p\u00fcletet teljes m\u00e9rt\u00e9kben fel\u00faj\u00edtsa, \u00e9s \u00e1talak\u00edtsa \u201cABB\u00c1ZIA- FILMM\u00daZEUMM\u00c1\u201d, amelynek t\u00f6bb jelent\u0151s\u00e9ge is van. Egyedi \u00e9p\u00edt\u00e9szeti l\u00e9tes\u00edtm\u00e9nyk\u00e9nt, \u00e9s a legr\u00e9gebbi akt\u00edv mozik\u00e9nt a volt Jugoszl\u00e1via ter\u00fclet\u00e9n, az Abb\u00e1zia mozi \u00e9p\u00fclete a Palicsi-t\u00f3 t\u00f6rv\u00e9nyileg v\u00e9dett\" \/>\n<meta property=\"og:url\" content=\"https:\/\/visitsubotica.rs\/hu\/mit-lehet-csinalni\/sz\u00ednh\u00e1zi-mozi\/bioskop-abazija\/\" \/>\n<meta property=\"og:site_name\" content=\"Visit Subotica\" \/>\n<meta property=\"article:publisher\" content=\"https:\/\/www.facebook.com\/VisitSubotica.rs\/\" \/>\n<meta property=\"article:modified_time\" content=\"2020-02-09T15:16:29+00:00\" \/>\n<meta property=\"og:image\" content=\"https:\/\/visitsubotica.rs\/wp-content\/uploads\/2019\/09\/BIOSKOP-ABAZIJA.jpg\" \/>\n\t<meta property=\"og:image:width\" content=\"1500\" \/>\n\t<meta property=\"og:image:height\" content=\"1000\" \/>\n\t<meta property=\"og:image:type\" content=\"image\/jpeg\" \/>\n<meta name=\"twitter:card\" content=\"summary_large_image\" \/>\n<meta name=\"twitter:site\" content=\"@visitsubotica\" \/>\n<meta name=\"twitter:label1\" content=\"Becs\u00fclt olvas\u00e1si id\u0151\" \/>\n\t<meta name=\"twitter:data1\" content=\"1 perc\" \/>\n<script type=\"application\/ld+json\" class=\"yoast-schema-graph\">{\"@context\":\"https:\\\/\\\/schema.org\",\"@graph\":[{\"@type\":\"WebPage\",\"@id\":\"https:\\\/\\\/visitsubotica.rs\\\/hu\\\/mit-lehet-csinalni\\\/sz\u00ednh\u00e1zi-mozi\\\/bioskop-abazija\\\/\",\"url\":\"https:\\\/\\\/visitsubotica.rs\\\/hu\\\/mit-lehet-csinalni\\\/sz\u00ednh\u00e1zi-mozi\\\/bioskop-abazija\\\/\",\"name\":\"Abb\u00e1zia mozi - Visit Subotica\",\"isPartOf\":{\"@id\":\"https:\\\/\\\/visitsubotica.rs\\\/#website\"},\"primaryImageOfPage\":{\"@id\":\"https:\\\/\\\/visitsubotica.rs\\\/hu\\\/mit-lehet-csinalni\\\/sz\u00ednh\u00e1zi-mozi\\\/bioskop-abazija\\\/#primaryimage\"},\"image\":{\"@id\":\"https:\\\/\\\/visitsubotica.rs\\\/hu\\\/mit-lehet-csinalni\\\/sz\u00ednh\u00e1zi-mozi\\\/bioskop-abazija\\\/#primaryimage\"},\"thumbnailUrl\":\"https:\\\/\\\/visitsubotica.rs\\\/wp-content\\\/uploads\\\/2019\\\/09\\\/BIOSKOP-ABAZIJA.jpg\",\"datePublished\":\"2019-07-14T20:34:46+00:00\",\"dateModified\":\"2020-02-09T15:16:29+00:00\",\"breadcrumb\":{\"@id\":\"https:\\\/\\\/visitsubotica.rs\\\/hu\\\/mit-lehet-csinalni\\\/sz\u00ednh\u00e1zi-mozi\\\/bioskop-abazija\\\/#breadcrumb\"},\"inLanguage\":\"hu\",\"potentialAction\":[{\"@type\":\"ReadAction\",\"target\":[\"https:\\\/\\\/visitsubotica.rs\\\/hu\\\/mit-lehet-csinalni\\\/sz\u00ednh\u00e1zi-mozi\\\/bioskop-abazija\\\/\"]}]},{\"@type\":\"ImageObject\",\"inLanguage\":\"hu\",\"@id\":\"https:\\\/\\\/visitsubotica.rs\\\/hu\\\/mit-lehet-csinalni\\\/sz\u00ednh\u00e1zi-mozi\\\/bioskop-abazija\\\/#primaryimage\",\"url\":\"https:\\\/\\\/visitsubotica.rs\\\/wp-content\\\/uploads\\\/2019\\\/09\\\/BIOSKOP-ABAZIJA.jpg\",\"contentUrl\":\"https:\\\/\\\/visitsubotica.rs\\\/wp-content\\\/uploads\\\/2019\\\/09\\\/BIOSKOP-ABAZIJA.jpg\",\"width\":1500,\"height\":1000},{\"@type\":\"BreadcrumbList\",\"@id\":\"https:\\\/\\\/visitsubotica.rs\\\/hu\\\/mit-lehet-csinalni\\\/sz\u00ednh\u00e1zi-mozi\\\/bioskop-abazija\\\/#breadcrumb\",\"itemListElement\":[{\"@type\":\"ListItem\",\"position\":1,\"name\":\"Home\",\"item\":\"https:\\\/\\\/visitsubotica.rs\\\/hu\\\/\"},{\"@type\":\"ListItem\",\"position\":2,\"name\":\"Abb\u00e1zia mozi\"}]},{\"@type\":\"WebSite\",\"@id\":\"https:\\\/\\\/visitsubotica.rs\\\/#website\",\"url\":\"https:\\\/\\\/visitsubotica.rs\\\/\",\"name\":\"Visit Subotica\",\"description\":\"Turisti\u010dka organizacija grada Subotice\",\"potentialAction\":[{\"@type\":\"SearchAction\",\"target\":{\"@type\":\"EntryPoint\",\"urlTemplate\":\"https:\\\/\\\/visitsubotica.rs\\\/?s={search_term_string}\"},\"query-input\":{\"@type\":\"PropertyValueSpecification\",\"valueRequired\":true,\"valueName\":\"search_term_string\"}}],\"inLanguage\":\"hu\"}]}<\/script>\n<!-- \/ Yoast SEO plugin. -->","yoast_head_json":{"title":"Abb\u00e1zia mozi - Visit Subotica","robots":{"index":"index","follow":"follow","max-snippet":"max-snippet:-1","max-image-preview":"max-image-preview:large","max-video-preview":"max-video-preview:-1"},"canonical":"https:\/\/visitsubotica.rs\/hu\/mit-lehet-csinalni\/sz\u00ednh\u00e1zi-mozi\/bioskop-abazija\/","og_locale":"hu_HU","og_type":"article","og_title":"Abb\u00e1zia mozi - Visit Subotica","og_description":"Az Art&amp;Popcorn filmm\u0171v\u00e9szeti k\u00f6zpont 2014-ben nyilv\u00e1nos p\u00e1ly\u00e1zat \u00fatj\u00e1n kib\u00e9relte az Abb\u00e1zia mozi romos \u00e9p\u00fclet\u00e9t azzal a c\u00e9llal, hogy a kultur\u00e1lis javakat szolg\u00e1l\u00f3 \u00e9p\u00fcletet teljes m\u00e9rt\u00e9kben fel\u00faj\u00edtsa, \u00e9s \u00e1talak\u00edtsa \u201cABB\u00c1ZIA- FILMM\u00daZEUMM\u00c1\u201d, amelynek t\u00f6bb jelent\u0151s\u00e9ge is van. Egyedi \u00e9p\u00edt\u00e9szeti l\u00e9tes\u00edtm\u00e9nyk\u00e9nt, \u00e9s a legr\u00e9gebbi akt\u00edv mozik\u00e9nt a volt Jugoszl\u00e1via ter\u00fclet\u00e9n, az Abb\u00e1zia mozi \u00e9p\u00fclete a Palicsi-t\u00f3 t\u00f6rv\u00e9nyileg v\u00e9dett","og_url":"https:\/\/visitsubotica.rs\/hu\/mit-lehet-csinalni\/sz\u00ednh\u00e1zi-mozi\/bioskop-abazija\/","og_site_name":"Visit Subotica","article_publisher":"https:\/\/www.facebook.com\/VisitSubotica.rs\/","article_modified_time":"2020-02-09T15:16:29+00:00","og_image":[{"width":1500,"height":1000,"url":"https:\/\/visitsubotica.rs\/wp-content\/uploads\/2019\/09\/BIOSKOP-ABAZIJA.jpg","type":"image\/jpeg"}],"twitter_card":"summary_large_image","twitter_site":"@visitsubotica","twitter_misc":{"Becs\u00fclt olvas\u00e1si id\u0151":"1 perc"},"schema":{"@context":"https:\/\/schema.org","@graph":[{"@type":"WebPage","@id":"https:\/\/visitsubotica.rs\/hu\/mit-lehet-csinalni\/sz\u00ednh\u00e1zi-mozi\/bioskop-abazija\/","url":"https:\/\/visitsubotica.rs\/hu\/mit-lehet-csinalni\/sz\u00ednh\u00e1zi-mozi\/bioskop-abazija\/","name":"Abb\u00e1zia mozi - Visit Subotica","isPartOf":{"@id":"https:\/\/visitsubotica.rs\/#website"},"primaryImageOfPage":{"@id":"https:\/\/visitsubotica.rs\/hu\/mit-lehet-csinalni\/sz\u00ednh\u00e1zi-mozi\/bioskop-abazija\/#primaryimage"},"image":{"@id":"https:\/\/visitsubotica.rs\/hu\/mit-lehet-csinalni\/sz\u00ednh\u00e1zi-mozi\/bioskop-abazija\/#primaryimage"},"thumbnailUrl":"https:\/\/visitsubotica.rs\/wp-content\/uploads\/2019\/09\/BIOSKOP-ABAZIJA.jpg","datePublished":"2019-07-14T20:34:46+00:00","dateModified":"2020-02-09T15:16:29+00:00","breadcrumb":{"@id":"https:\/\/visitsubotica.rs\/hu\/mit-lehet-csinalni\/sz\u00ednh\u00e1zi-mozi\/bioskop-abazija\/#breadcrumb"},"inLanguage":"hu","potentialAction":[{"@type":"ReadAction","target":["https:\/\/visitsubotica.rs\/hu\/mit-lehet-csinalni\/sz\u00ednh\u00e1zi-mozi\/bioskop-abazija\/"]}]},{"@type":"ImageObject","inLanguage":"hu","@id":"https:\/\/visitsubotica.rs\/hu\/mit-lehet-csinalni\/sz\u00ednh\u00e1zi-mozi\/bioskop-abazija\/#primaryimage","url":"https:\/\/visitsubotica.rs\/wp-content\/uploads\/2019\/09\/BIOSKOP-ABAZIJA.jpg","contentUrl":"https:\/\/visitsubotica.rs\/wp-content\/uploads\/2019\/09\/BIOSKOP-ABAZIJA.jpg","width":1500,"height":1000},{"@type":"BreadcrumbList","@id":"https:\/\/visitsubotica.rs\/hu\/mit-lehet-csinalni\/sz\u00ednh\u00e1zi-mozi\/bioskop-abazija\/#breadcrumb","itemListElement":[{"@type":"ListItem","position":1,"name":"Home","item":"https:\/\/visitsubotica.rs\/hu\/"},{"@type":"ListItem","position":2,"name":"Abb\u00e1zia mozi"}]},{"@type":"WebSite","@id":"https:\/\/visitsubotica.rs\/#website","url":"https:\/\/visitsubotica.rs\/","name":"Visit Subotica","description":"Turisti\u010dka organizacija grada Subotice","potentialAction":[{"@type":"SearchAction","target":{"@type":"EntryPoint","urlTemplate":"https:\/\/visitsubotica.rs\/?s={search_term_string}"},"query-input":{"@type":"PropertyValueSpecification","valueRequired":true,"valueName":"search_term_string"}}],"inLanguage":"hu"}]}},"_links":{"self":[{"href":"https:\/\/visitsubotica.rs\/hu\/wp-json\/wp\/v2\/bioskop-pozoriste\/14398","targetHints":{"allow":["GET"]}}],"collection":[{"href":"https:\/\/visitsubotica.rs\/hu\/wp-json\/wp\/v2\/bioskop-pozoriste"}],"about":[{"href":"https:\/\/visitsubotica.rs\/hu\/wp-json\/wp\/v2\/types\/bioskop-pozoriste"}],"version-history":[{"count":0,"href":"https:\/\/visitsubotica.rs\/hu\/wp-json\/wp\/v2\/bioskop-pozoriste\/14398\/revisions"}],"wp:featuredmedia":[{"embeddable":true,"href":"https:\/\/visitsubotica.rs\/hu\/wp-json\/wp\/v2\/media\/13283"}],"wp:attachment":[{"href":"https:\/\/visitsubotica.rs\/hu\/wp-json\/wp\/v2\/media?parent=14398"}],"wp:term":[{"taxonomy":"tip_bioskopa_pozorista","embeddable":true,"href":"https:\/\/visitsubotica.rs\/hu\/wp-json\/wp\/v2\/tip_bioskopa_pozorista?post=14398"}],"curies":[{"name":"wp","href":"https:\/\/api.w.org\/{rel}","templated":true}]}}