{"id":14375,"date":"2019-07-14T22:34:46","date_gmt":"2019-07-14T20:34:46","guid":{"rendered":"http:\/\/visitsubotica.rs\/sta-videti\/secesijski-objekat\/zgrada-gradskog-muzeja\/"},"modified":"2020-03-03T20:23:28","modified_gmt":"2020-03-03T19:23:28","slug":"zgrada-gradskog-muzeja","status":"publish","type":"secesija","link":"https:\/\/visitsubotica.rs\/en\/sta-videti\/secesijski-objekat\/zgrada-gradskog-muzeja\/","title":{"rendered":"Miksa D\u00f6m\u00f6t\u00f6r tenement palace &#8211; city museum"},"content":{"rendered":"\n<p>Former owners and tenants of this palace have left a significant mark in medicine, journalism, entrepreneurship and art of Subotica. In 1906, the project for the palace was commissioned from Budapest architects, the V\u00e1g\u00f3 brothers, J\u00f3zsef and L\u00e1szl\u00f3 \u2013 by Dr. Miksa D\u00f6m\u00f6t\u00f6r &#8211; a physician and a multitalented intellectual.<\/p>\n\n\n\n<p>D\u00f6m\u00f6t\u00f6r palace was one of the first tenement palaces with geometric elements of the Viennese version of Art Nouveau \u2013 Vienna Secession in Subotica.<\/p>\n\n\n\n<p>In this palace there was a printing company for six decades and in 2008, the palace was reconstructed and from then on it has been the home of the City Museum of Subotica.<\/p>\n\n\n\n<figure class=\"wp-block-gallery columns-3 is-cropped wp-block-gallery-1 is-layout-flex wp-block-gallery-is-layout-flex\"><ul class=\"blocks-gallery-grid\"><li class=\"blocks-gallery-item\"><figure><img decoding=\"async\" width=\"1024\" height=\"684\" src=\"http:\/\/visitsubotica.rs\/wp-content\/uploads\/2019\/10\/Palata-Demeter-2-1024x684.jpg\" alt=\"\" data-id=\"5223\" data-link=\"http:\/\/visitsubotica.rs\/palata-demeter-2\/\" class=\"wp-image-5223\" srcset=\"https:\/\/visitsubotica.rs\/wp-content\/uploads\/2019\/10\/Palata-Demeter-2-1024x684.jpg 1024w, https:\/\/visitsubotica.rs\/wp-content\/uploads\/2019\/10\/Palata-Demeter-2-300x200.jpg 300w, https:\/\/visitsubotica.rs\/wp-content\/uploads\/2019\/10\/Palata-Demeter-2-768x513.jpg 768w, https:\/\/visitsubotica.rs\/wp-content\/uploads\/2019\/10\/Palata-Demeter-2-280x187.jpg 280w, https:\/\/visitsubotica.rs\/wp-content\/uploads\/2019\/10\/Palata-Demeter-2-1170x781.jpg 1170w, https:\/\/visitsubotica.rs\/wp-content\/uploads\/2019\/10\/Palata-Demeter-2.jpg 1920w\" sizes=\"(max-width: 1024px) 100vw, 1024px\" \/><\/figure><\/li><li class=\"blocks-gallery-item\"><figure><img decoding=\"async\" width=\"1024\" height=\"683\" src=\"http:\/\/visitsubotica.rs\/wp-content\/uploads\/2019\/10\/Palata-Demeter-5-1024x683.jpg\" alt=\"\" data-id=\"5226\" data-link=\"http:\/\/visitsubotica.rs\/palata-demeter-5\/\" class=\"wp-image-5226\" srcset=\"https:\/\/visitsubotica.rs\/wp-content\/uploads\/2019\/10\/Palata-Demeter-5-1024x683.jpg 1024w, https:\/\/visitsubotica.rs\/wp-content\/uploads\/2019\/10\/Palata-Demeter-5-300x200.jpg 300w, https:\/\/visitsubotica.rs\/wp-content\/uploads\/2019\/10\/Palata-Demeter-5-768x512.jpg 768w, https:\/\/visitsubotica.rs\/wp-content\/uploads\/2019\/10\/Palata-Demeter-5-280x187.jpg 280w, https:\/\/visitsubotica.rs\/wp-content\/uploads\/2019\/10\/Palata-Demeter-5-1170x780.jpg 1170w, https:\/\/visitsubotica.rs\/wp-content\/uploads\/2019\/10\/Palata-Demeter-5.jpg 1920w\" sizes=\"(max-width: 1024px) 100vw, 1024px\" \/><\/figure><\/li><li class=\"blocks-gallery-item\"><figure><img decoding=\"async\" width=\"1024\" height=\"684\" src=\"http:\/\/visitsubotica.rs\/wp-content\/uploads\/2019\/10\/Palata-Demeter-4-1024x684.jpg\" alt=\"\" data-id=\"5225\" data-link=\"http:\/\/visitsubotica.rs\/palata-demeter-4\/\" class=\"wp-image-5225\" srcset=\"https:\/\/visitsubotica.rs\/wp-content\/uploads\/2019\/10\/Palata-Demeter-4-1024x684.jpg 1024w, https:\/\/visitsubotica.rs\/wp-content\/uploads\/2019\/10\/Palata-Demeter-4-300x200.jpg 300w, https:\/\/visitsubotica.rs\/wp-content\/uploads\/2019\/10\/Palata-Demeter-4-768x513.jpg 768w, https:\/\/visitsubotica.rs\/wp-content\/uploads\/2019\/10\/Palata-Demeter-4-280x187.jpg 280w, https:\/\/visitsubotica.rs\/wp-content\/uploads\/2019\/10\/Palata-Demeter-4-1170x781.jpg 1170w, https:\/\/visitsubotica.rs\/wp-content\/uploads\/2019\/10\/Palata-Demeter-4.jpg 1920w\" sizes=\"(max-width: 1024px) 100vw, 1024px\" \/><\/figure><\/li><li class=\"blocks-gallery-item\"><figure><img decoding=\"async\" width=\"1024\" height=\"684\" src=\"http:\/\/visitsubotica.rs\/wp-content\/uploads\/2019\/10\/Palata-Demeter-3-1024x684.jpg\" alt=\"\" data-id=\"5224\" data-link=\"http:\/\/visitsubotica.rs\/palata-demeter-3\/\" class=\"wp-image-5224\" srcset=\"https:\/\/visitsubotica.rs\/wp-content\/uploads\/2019\/10\/Palata-Demeter-3-1024x684.jpg 1024w, https:\/\/visitsubotica.rs\/wp-content\/uploads\/2019\/10\/Palata-Demeter-3-300x200.jpg 300w, https:\/\/visitsubotica.rs\/wp-content\/uploads\/2019\/10\/Palata-Demeter-3-768x513.jpg 768w, https:\/\/visitsubotica.rs\/wp-content\/uploads\/2019\/10\/Palata-Demeter-3-280x187.jpg 280w, https:\/\/visitsubotica.rs\/wp-content\/uploads\/2019\/10\/Palata-Demeter-3-1170x781.jpg 1170w, https:\/\/visitsubotica.rs\/wp-content\/uploads\/2019\/10\/Palata-Demeter-3.jpg 1920w\" sizes=\"(max-width: 1024px) 100vw, 1024px\" \/><\/figure><\/li><\/ul><\/figure>\n","protected":false},"excerpt":{"rendered":"<p>Former owners and tenants of this palace have left a significant mark in medicine, journalism, entrepreneurship and art of Subotica. In 1906, the project for the palace was commissioned from Budapest architects, the V\u00e1g\u00f3 brothers, J\u00f3zsef and L\u00e1szl\u00f3 \u2013 by Dr. Miksa D\u00f6m\u00f6t\u00f6r &#8211; a physician and a multitalented intellectual. D\u00f6m\u00f6t\u00f6r palace was one of<\/p>\n","protected":false},"featured_media":10175,"template":"","meta":{"footnotes":""},"tip_secesijskog_objekta":[696],"class_list":["post-14375","secesija","type-secesija","status-publish","has-post-thumbnail","hentry"],"yoast_head":"<!-- This site is optimized with the Yoast SEO plugin v27.4 - https:\/\/yoast.com\/product\/yoast-seo-wordpress\/ -->\n<title>Miksa D\u00f6m\u00f6t\u00f6r tenement palace - city museum - Visit Subotica<\/title>\n<meta name=\"robots\" content=\"index, follow, max-snippet:-1, max-image-preview:large, max-video-preview:-1\" \/>\n<link rel=\"canonical\" href=\"https:\/\/visitsubotica.rs\/en\/see\/art-nouveau\/zgrada-gradskog-muzeja\/\" \/>\n<meta property=\"og:locale\" content=\"en_US\" \/>\n<meta property=\"og:type\" content=\"article\" \/>\n<meta property=\"og:title\" content=\"Miksa D\u00f6m\u00f6t\u00f6r tenement palace - city museum - Visit Subotica\" \/>\n<meta property=\"og:description\" content=\"Former owners and tenants of this palace have left a significant mark in medicine, journalism, entrepreneurship and art of Subotica. In 1906, the project for the palace was commissioned from Budapest architects, the V\u00e1g\u00f3 brothers, J\u00f3zsef and L\u00e1szl\u00f3 \u2013 by Dr. Miksa D\u00f6m\u00f6t\u00f6r &#8211; a physician and a multitalented intellectual. D\u00f6m\u00f6t\u00f6r palace was one of\" \/>\n<meta property=\"og:url\" content=\"https:\/\/visitsubotica.rs\/en\/see\/art-nouveau\/zgrada-gradskog-muzeja\/\" \/>\n<meta property=\"og:site_name\" content=\"Visit Subotica\" \/>\n<meta property=\"article:publisher\" content=\"https:\/\/www.facebook.com\/VisitSubotica.rs\/\" \/>\n<meta property=\"article:modified_time\" content=\"2020-03-03T19:23:28+00:00\" \/>\n<meta property=\"og:image\" content=\"https:\/\/visitsubotica.rs\/wp-content\/uploads\/2019\/10\/Palata-Demeter-1.jpg\" \/>\n\t<meta property=\"og:image:width\" content=\"1920\" \/>\n\t<meta property=\"og:image:height\" content=\"1282\" \/>\n\t<meta property=\"og:image:type\" content=\"image\/jpeg\" \/>\n<meta name=\"twitter:card\" content=\"summary_large_image\" \/>\n<meta name=\"twitter:site\" content=\"@visitsubotica\" \/>\n<meta name=\"twitter:label1\" content=\"Est. reading time\" \/>\n\t<meta name=\"twitter:data1\" content=\"1 minute\" \/>\n<script type=\"application\/ld+json\" class=\"yoast-schema-graph\">{\"@context\":\"https:\\\/\\\/schema.org\",\"@graph\":[{\"@type\":\"WebPage\",\"@id\":\"https:\\\/\\\/visitsubotica.rs\\\/en\\\/see\\\/art-nouveau\\\/zgrada-gradskog-muzeja\\\/\",\"url\":\"https:\\\/\\\/visitsubotica.rs\\\/en\\\/see\\\/art-nouveau\\\/zgrada-gradskog-muzeja\\\/\",\"name\":\"Miksa D\u00f6m\u00f6t\u00f6r tenement palace - city museum - Visit Subotica\",\"isPartOf\":{\"@id\":\"https:\\\/\\\/visitsubotica.rs\\\/#website\"},\"primaryImageOfPage\":{\"@id\":\"https:\\\/\\\/visitsubotica.rs\\\/en\\\/see\\\/art-nouveau\\\/zgrada-gradskog-muzeja\\\/#primaryimage\"},\"image\":{\"@id\":\"https:\\\/\\\/visitsubotica.rs\\\/en\\\/see\\\/art-nouveau\\\/zgrada-gradskog-muzeja\\\/#primaryimage\"},\"thumbnailUrl\":\"https:\\\/\\\/visitsubotica.rs\\\/wp-content\\\/uploads\\\/2019\\\/10\\\/Palata-Demeter-1.jpg\",\"datePublished\":\"2019-07-14T20:34:46+00:00\",\"dateModified\":\"2020-03-03T19:23:28+00:00\",\"breadcrumb\":{\"@id\":\"https:\\\/\\\/visitsubotica.rs\\\/en\\\/see\\\/art-nouveau\\\/zgrada-gradskog-muzeja\\\/#breadcrumb\"},\"inLanguage\":\"en-US\",\"potentialAction\":[{\"@type\":\"ReadAction\",\"target\":[\"https:\\\/\\\/visitsubotica.rs\\\/en\\\/see\\\/art-nouveau\\\/zgrada-gradskog-muzeja\\\/\"]}]},{\"@type\":\"ImageObject\",\"inLanguage\":\"en-US\",\"@id\":\"https:\\\/\\\/visitsubotica.rs\\\/en\\\/see\\\/art-nouveau\\\/zgrada-gradskog-muzeja\\\/#primaryimage\",\"url\":\"https:\\\/\\\/visitsubotica.rs\\\/wp-content\\\/uploads\\\/2019\\\/10\\\/Palata-Demeter-1.jpg\",\"contentUrl\":\"https:\\\/\\\/visitsubotica.rs\\\/wp-content\\\/uploads\\\/2019\\\/10\\\/Palata-Demeter-1.jpg\",\"width\":1920,\"height\":1282},{\"@type\":\"BreadcrumbList\",\"@id\":\"https:\\\/\\\/visitsubotica.rs\\\/en\\\/see\\\/art-nouveau\\\/zgrada-gradskog-muzeja\\\/#breadcrumb\",\"itemListElement\":[{\"@type\":\"ListItem\",\"position\":1,\"name\":\"Home\",\"item\":\"https:\\\/\\\/visitsubotica.rs\\\/en\\\/\"},{\"@type\":\"ListItem\",\"position\":2,\"name\":\"Miksa D\u00f6m\u00f6t\u00f6r tenement palace &#8211; city museum\"}]},{\"@type\":\"WebSite\",\"@id\":\"https:\\\/\\\/visitsubotica.rs\\\/#website\",\"url\":\"https:\\\/\\\/visitsubotica.rs\\\/\",\"name\":\"Visit Subotica\",\"description\":\"Turisti\u010dka organizacija grada Subotice\",\"potentialAction\":[{\"@type\":\"SearchAction\",\"target\":{\"@type\":\"EntryPoint\",\"urlTemplate\":\"https:\\\/\\\/visitsubotica.rs\\\/?s={search_term_string}\"},\"query-input\":{\"@type\":\"PropertyValueSpecification\",\"valueRequired\":true,\"valueName\":\"search_term_string\"}}],\"inLanguage\":\"en-US\"}]}<\/script>\n<!-- \/ Yoast SEO plugin. -->","yoast_head_json":{"title":"Miksa D\u00f6m\u00f6t\u00f6r tenement palace - city museum - Visit Subotica","robots":{"index":"index","follow":"follow","max-snippet":"max-snippet:-1","max-image-preview":"max-image-preview:large","max-video-preview":"max-video-preview:-1"},"canonical":"https:\/\/visitsubotica.rs\/en\/see\/art-nouveau\/zgrada-gradskog-muzeja\/","og_locale":"en_US","og_type":"article","og_title":"Miksa D\u00f6m\u00f6t\u00f6r tenement palace - city museum - Visit Subotica","og_description":"Former owners and tenants of this palace have left a significant mark in medicine, journalism, entrepreneurship and art of Subotica. In 1906, the project for the palace was commissioned from Budapest architects, the V\u00e1g\u00f3 brothers, J\u00f3zsef and L\u00e1szl\u00f3 \u2013 by Dr. Miksa D\u00f6m\u00f6t\u00f6r &#8211; a physician and a multitalented intellectual. D\u00f6m\u00f6t\u00f6r palace was one of","og_url":"https:\/\/visitsubotica.rs\/en\/see\/art-nouveau\/zgrada-gradskog-muzeja\/","og_site_name":"Visit Subotica","article_publisher":"https:\/\/www.facebook.com\/VisitSubotica.rs\/","article_modified_time":"2020-03-03T19:23:28+00:00","og_image":[{"width":1920,"height":1282,"url":"https:\/\/visitsubotica.rs\/wp-content\/uploads\/2019\/10\/Palata-Demeter-1.jpg","type":"image\/jpeg"}],"twitter_card":"summary_large_image","twitter_site":"@visitsubotica","twitter_misc":{"Est. reading time":"1 minute"},"schema":{"@context":"https:\/\/schema.org","@graph":[{"@type":"WebPage","@id":"https:\/\/visitsubotica.rs\/en\/see\/art-nouveau\/zgrada-gradskog-muzeja\/","url":"https:\/\/visitsubotica.rs\/en\/see\/art-nouveau\/zgrada-gradskog-muzeja\/","name":"Miksa D\u00f6m\u00f6t\u00f6r tenement palace - city museum - Visit Subotica","isPartOf":{"@id":"https:\/\/visitsubotica.rs\/#website"},"primaryImageOfPage":{"@id":"https:\/\/visitsubotica.rs\/en\/see\/art-nouveau\/zgrada-gradskog-muzeja\/#primaryimage"},"image":{"@id":"https:\/\/visitsubotica.rs\/en\/see\/art-nouveau\/zgrada-gradskog-muzeja\/#primaryimage"},"thumbnailUrl":"https:\/\/visitsubotica.rs\/wp-content\/uploads\/2019\/10\/Palata-Demeter-1.jpg","datePublished":"2019-07-14T20:34:46+00:00","dateModified":"2020-03-03T19:23:28+00:00","breadcrumb":{"@id":"https:\/\/visitsubotica.rs\/en\/see\/art-nouveau\/zgrada-gradskog-muzeja\/#breadcrumb"},"inLanguage":"en-US","potentialAction":[{"@type":"ReadAction","target":["https:\/\/visitsubotica.rs\/en\/see\/art-nouveau\/zgrada-gradskog-muzeja\/"]}]},{"@type":"ImageObject","inLanguage":"en-US","@id":"https:\/\/visitsubotica.rs\/en\/see\/art-nouveau\/zgrada-gradskog-muzeja\/#primaryimage","url":"https:\/\/visitsubotica.rs\/wp-content\/uploads\/2019\/10\/Palata-Demeter-1.jpg","contentUrl":"https:\/\/visitsubotica.rs\/wp-content\/uploads\/2019\/10\/Palata-Demeter-1.jpg","width":1920,"height":1282},{"@type":"BreadcrumbList","@id":"https:\/\/visitsubotica.rs\/en\/see\/art-nouveau\/zgrada-gradskog-muzeja\/#breadcrumb","itemListElement":[{"@type":"ListItem","position":1,"name":"Home","item":"https:\/\/visitsubotica.rs\/en\/"},{"@type":"ListItem","position":2,"name":"Miksa D\u00f6m\u00f6t\u00f6r tenement palace &#8211; city museum"}]},{"@type":"WebSite","@id":"https:\/\/visitsubotica.rs\/#website","url":"https:\/\/visitsubotica.rs\/","name":"Visit Subotica","description":"Turisti\u010dka organizacija grada Subotice","potentialAction":[{"@type":"SearchAction","target":{"@type":"EntryPoint","urlTemplate":"https:\/\/visitsubotica.rs\/?s={search_term_string}"},"query-input":{"@type":"PropertyValueSpecification","valueRequired":true,"valueName":"search_term_string"}}],"inLanguage":"en-US"}]}},"_links":{"self":[{"href":"https:\/\/visitsubotica.rs\/en\/wp-json\/wp\/v2\/secesija\/14375","targetHints":{"allow":["GET"]}}],"collection":[{"href":"https:\/\/visitsubotica.rs\/en\/wp-json\/wp\/v2\/secesija"}],"about":[{"href":"https:\/\/visitsubotica.rs\/en\/wp-json\/wp\/v2\/types\/secesija"}],"version-history":[{"count":0,"href":"https:\/\/visitsubotica.rs\/en\/wp-json\/wp\/v2\/secesija\/14375\/revisions"}],"wp:featuredmedia":[{"embeddable":true,"href":"https:\/\/visitsubotica.rs\/en\/wp-json\/wp\/v2\/media\/10175"}],"wp:attachment":[{"href":"https:\/\/visitsubotica.rs\/en\/wp-json\/wp\/v2\/media?parent=14375"}],"wp:term":[{"taxonomy":"tip_secesijskog_objekta","embeddable":true,"href":"https:\/\/visitsubotica.rs\/en\/wp-json\/wp\/v2\/tip_secesijskog_objekta?post=14375"}],"curies":[{"name":"wp","href":"https:\/\/api.w.org\/{rel}","templated":true}]}}